{"id":7969,"date":"2019-01-04T15:18:04","date_gmt":"2019-01-04T14:18:04","guid":{"rendered":"https:\/\/www.lactissima.com\/a-tire-d-ailes\/?page_id=7969"},"modified":"2022-03-08T09:35:22","modified_gmt":"2022-03-08T08:35:22","slug":"2019-2","status":"publish","type":"page","link":"https:\/\/www.lactissima.com\/a-tire-d-ailes\/liste-des-articles-2\/2019-2\/","title":{"rendered":"2019"},"content":{"rendered":"<p><img loading=\"lazy\" decoding=\"async\" class=\"alignright size-medium wp-image-7962\" src=\"https:\/\/www.lactissima.com\/a-tire-d-ailes\/wp-content\/uploads\/2019\/01\/anniversaire-10-ans-300x201.jpg\" alt=\"\" width=\"300\" height=\"201\" srcset=\"https:\/\/www.lactissima.com\/a-tire-d-ailes\/wp-content\/uploads\/2019\/01\/anniversaire-10-ans-300x201.jpg 300w, https:\/\/www.lactissima.com\/a-tire-d-ailes\/wp-content\/uploads\/2019\/01\/anniversaire-10-ans-140x94.jpg 140w, https:\/\/www.lactissima.com\/a-tire-d-ailes\/wp-content\/uploads\/2019\/01\/anniversaire-10-ans.jpg 474w\" sizes=\"(max-width: 300px) 100vw, 300px\" \/>Voici tous les articles pour concilier l&rsquo;allaitement au travail parus en 2019. Si vous ne trouvez pas ce que vous cherchez, n&rsquo;h\u00e9sitez pas \u00e0 utiliser l&rsquo;onglet de recherche.<\/p>\n<p><a href=\"https:\/\/www.lactissima.com\/a-tire-d-ailes\/pauses-dallaitement-pour-les-fonctionnaires-nouveautes\/\" target=\"_blank\" rel=\"noopener noreferrer\">Pauses d&rsquo;allaitement pour les fonctionnaires nouveaut\u00e9s<\/a><\/p>\n<p>La loi pr\u00e9voit maintenant des pauses allaitement pour les fonctionnaires.<\/p>\n<p><a href=\"https:\/\/www.lactissima.com\/a-tire-d-ailes\/les-coussinets-dallaitement\/\" target=\"_blank\" rel=\"noopener noreferrer\">Les coussinets d&rsquo;allaitement<\/a><\/p>\n<p>Choisir ses coussinets d&rsquo;allaitement pour \u00e9viter les fuites de lait au travail.<\/p>\n<p><a href=\"https:\/\/www.lactissima.com\/a-tire-d-ailes\/tirer-son-lait-en-mode-mains-libres\/\">Tirer son lait en mode mains-libres<\/a><\/p>\n<p>Toutes les mani\u00e8res de faire pour pouvoir tirer son lait en double pompage en mode mains-libres.<\/p>\n<p><a href=\"https:\/\/www.lactissima.com\/a-tire-d-ailes\/la-revue-de-presse-da-tire-dailes-95\/\">La revue de presse d\u2019A tire d\u2019Ailes (95)<\/a><\/p>\n<p>Une courte revue de presse ce mois-ci mais avec des videos craquantes&#8230;<\/p>\n<p><a href=\"https:\/\/www.lactissima.com\/a-tire-d-ailes\/?p=8219&amp;preview=true\">Allaiter et travailler : le t\u00e9moignage d\u2019Amandine<\/a><\/p>\n<p>Amandine a poursuivi son allaitement \u00e0 la reprise du travail et a allait\u00e9 sa fille jusqu\u2019\u00e0 ses 4 ans<\/p>\n<p><a href=\"https:\/\/www.lactissima.com\/a-tire-d-ailes\/?p=8212&amp;preview=true\">Allaiter et travailler : le t\u00e9moignage d\u2019Alice<\/a><\/p>\n<p>Alice a poursuivi son allaitement \u00e0 la reprise du travail et a allait\u00e9 son fils jusqu\u2019\u00e0 ses 3 ans<\/p>\n<p style=\"text-align: justify;\"><a href=\"https:\/\/www.lactissima.com\/a-tire-d-ailes\/comment-organiser-son-retour-au-travail\/\">Comment organiser son retour au travail ?<\/a><\/p>\n<p style=\"text-align: justify;\">Organiser son retour au travail demande un peu de rigueur pour \u00e9viter les mauvaises surprises&#8230;<\/p>\n<p style=\"text-align: justify;\"><a href=\"https:\/\/www.lactissima.com\/a-tire-d-ailes\/la-revue-de-presse-da-tire-dailes-94\/\">La revue de presse d\u2019A tire d\u2019Ailes (94)<\/a><\/p>\n<p style=\"text-align: justify;\">Beaucoup d&rsquo;allaitements animaliers dans cette revue de presse.<\/p>\n<p style=\"text-align: justify;\"><span style=\"color: #333333;\"><a style=\"color: #333333;\" href=\"https:\/\/www.lactissima.com\/a-tire-d-ailes\/travailler-et-allaiter-le-temoignage-de-amandine\/\" target=\"_blank\" rel=\"noopener noreferrer\">L\u2019allaitement sans a priori : le t\u00e9moignage d\u2019Amandine<\/a><\/span><\/p>\n<p style=\"text-align: justify;\">Amandine \u00e0 poursuivi son allaitement \u00e0 la reprise de son travail et allait\u00e9 sa fille jusqu&rsquo;\u00e0 ses 25 mois.<\/p>\n<p style=\"text-align: justify;\"><a href=\"https:\/\/www.lactissima.com\/a-tire-d-ailes\/travailler-et-allaiter-le-temoignage-de-marion\/\">Chaque allaitement est diff\u00e9rent : le t\u00e9moignage de Marion<\/a><\/p>\n<p style=\"text-align: justify;\">Marion vient de donner naissance \u00e0 son troisi\u00e8me enfant, le moment de passer en m\u00e9moire les deux allaitements pr\u00e9c\u00e9dents.<\/p>\n<p><a href=\"https:\/\/www.lactissima.com\/a-tire-d-ailes\/grossesse-allaitement-et-travail\/\">Grossesse, allaitement et travail<\/a><\/p>\n<p>Grossesse et allaitement ne sont pas incompatibles mais peuvent poser quelques soucis de quantit\u00e9 de lait&#8230;<\/p>\n<p><a href=\"https:\/\/www.lactissima.com\/a-tire-d-ailes\/la-revue-de-presse-da-tire-dailes-93\/\">La revue de presse d\u2019A tire d\u2019Ailes (93)<\/a><\/p>\n<p>R\u00e9galez-vous avec toutes les nouvelles sur l&rsquo;allaitement du mois d&rsquo;avril.<\/p>\n<p style=\"text-align: justify;\"><a href=\"https:\/\/www.lactissima.com\/a-tire-d-ailes\/allaiter-et-travailler-le-temoignage-de-malika\/\">Allaiter et travailler : le t\u00e9moignage de Malika<\/a><\/p>\n<p style=\"text-align: justify;\">Malika a poursuivi son allaitement \u00e0 la reprise du travail et a allait\u00e9 sa fille jusqu\u00e0 ses 2 ans et demi.<\/p>\n<p><a href=\"https:\/\/www.lactissima.com\/a-tire-d-ailes\/allaiter-et-travailler-le-temoignage-de-carine\/\">Allaiter et travailler : le t\u00e9moignage de Carine<\/a><\/p>\n<p>Carine a tir\u00e9 son lait au travail mais a parfois eu du mal \u00e0 obtenir les quantit\u00e9s souhait\u00e9es.<\/p>\n<p><a href=\"https:\/\/www.lactissima.com\/a-tire-d-ailes\/nouvelles-regles-de-remboursement-des-tire-lait\/\">Nouvelles r\u00e8gles de remboursement des tire-lait<\/a><\/p>\n<p>Les nouvelles r\u00e8gles de remboursement des tire-lait posent un certain nombre de probl\u00e8mes, cach\u00e9s derri\u00e8re la bonne nouvelle de la prise en charge compl\u00e8te pour les m\u00e8res.<\/p>\n<p><a href=\"https:\/\/www.lactissima.com\/a-tire-d-ailes\/la-revue-de-presse-da-tire-dailes-92\/\">La revue de presse d\u2019A tire d\u2019Ailes (92)<\/a><\/p>\n<p>Une revue de presse un peu all\u00e9g\u00e9e mais toujours int\u00e9ressante.<\/p>\n<p><a href=\"https:\/\/www.lactissima.com\/a-tire-d-ailes\/allaiter-et-travailler-le-temoignage-de-valentine\/\" target=\"_blank\" rel=\"noopener noreferrer\">Allaiter et travailler : le t\u00e9moignage de Valentine<\/a><\/p>\n<p>Valentine est enseignante et a r\u00e9ussi \u00e0 tirer son lait \u00e0 l&rsquo;\u00e9cole pour pouvoir poursuivre un allaitement exclusif.<\/p>\n<p><a href=\"https:\/\/www.lactissima.com\/a-tire-d-ailes\/allaiter-et-travailler-le-temoignage-de-dodie\/\" target=\"_blank\" rel=\"noopener noreferrer\">Allaiter et travailler : le t\u00e9moignage de Dodie<\/a><\/p>\n<p>Dodie n&rsquo;a pas fait les m\u00eames choix \u00e0 la reprise du travail pour chacun de ses enfants&#8230;<\/p>\n<p><a href=\"https:\/\/www.lactissima.com\/a-tire-d-ailes\/quand-on-narrive-vraiment-pas-a-tirer-son-lait\/\" target=\"_blank\" rel=\"noopener noreferrer\">Quand on n&rsquo;arrive vraiment pas \u00e0 tirer son lait<\/a><\/p>\n<p>Certaines femmes n&rsquo;arrivent jamais \u00e0 tirer leur lait&#8230;<\/p>\n<p><span style=\"text-decoration: underline;\"><a href=\"https:\/\/www.lactissima.com\/a-tire-d-ailes\/la-revue-de-presse-da-tire-dailes-91\/\">La revue de presse d\u2019A tire d\u2019Ailes (91)<\/a><\/span><\/p>\n<p>Tout savoir sur l&rsquo;actualit\u00e9 de l&rsquo;allaitement du mois de f\u00e9vrier ? C&rsquo;est par ici !<\/p>\n<p style=\"text-align: justify;\"><a href=\"https:\/\/www.lactissima.com\/a-tire-d-ailes\/allaiter-et-travailler-le-temoignage-de-cecile-3\/\" target=\"_blank\" rel=\"noopener noreferrer\">Allaiter et travailler : le t\u00e9moignage de C\u00e9cile<\/a><\/p>\n<p style=\"text-align: justify;\">C\u00e9cile a allait\u00e9 ses deux enfants en reprenant le travail tr\u00e8s t\u00f4t pour l\u2019a\u00een\u00e9e. Elle a ainsi pu continuer d&rsquo;allaiter autant que ses enfants l&rsquo;ont voulu.<\/p>\n<p><a href=\"https:\/\/www.lactissima.com\/a-tire-d-ailes\/quizz-etes-vous-au-point-sur-allaitement-et-reprise-du-travail\/\" target=\"_blank\" rel=\"noopener noreferrer\">Quizz : \u00eates-vous au point sur allaitement et reprise du travail ?<\/a><\/p>\n<p>Je vous propose aujourd&rsquo;hui un petit <span style=\"text-decoration: underline;\">quizz<\/span> pour tester vos connaissances&#8230;<\/p>\n<p><a href=\"https:\/\/www.lactissima.com\/a-tire-d-ailes\/travailler-et-allaiter-le-temoignage-de-delphine\/\" target=\"_blank\" rel=\"noopener noreferrer\">Travailler et allaiter : le t\u00e9moignage de Delphine<\/a><\/p>\n<p>Delphine a tir\u00e9 son lait en toutes circonstances lors de ses d\u00e9placements professionnels y compris en avion et dans les a\u00e9roports.<\/p>\n<p><a href=\"https:\/\/www.lactissima.com\/a-tire-d-ailes\/la-revue-de-presse-da-tire-dailes-90\/\" target=\"_blank\" rel=\"noopener noreferrer\">La revue de presse d\u2019A tire d\u2019Ailes (90)<\/a><\/p>\n<p>Une courte revue de presse car les f\u00eates sont pass\u00e9es par l\u00e0. Mais de nombreuses vid\u00e9os.<\/p>\n<p style=\"text-align: justify;\"><a href=\"https:\/\/www.lactissima.com\/a-tire-d-ailes\/voyage-professionnel-sans-bebe-et-poursuite-de-lallaitement-cest-possible\/\" target=\"_blank\" rel=\"noopener noreferrer\">Voyage professionnel sans b\u00e9b\u00e9 et poursuite de l\u2019allaitement, c\u2019est possible !<\/a><\/p>\n<p style=\"text-align: justify;\">Emmanuelle est partie 8 jours en Inde en d\u00e9placement professionnel et a maintenu son allaitement.<\/p>\n<p><a href=\"https:\/\/www.lactissima.com\/a-tire-d-ailes\/les-10-articles-les-plus-lus-en-10-ans\/\">Les 10 articles les plus lus en 10 ans<\/a><\/p>\n<p>Une compilation des dix articles les plus lus dans l&rsquo;histoire du blog.<\/p>\n<p><a href=\"https:\/\/www.lactissima.com\/a-tire-d-ailes\/ce-blog-a-10-ans\/\">Ce blog a 10 ans !<\/a><\/p>\n<p>Pour f\u00eater les 10 ans d&rsquo;A tire d&rsquo;Ailes, je vous invite au Centre allaitement V\u00e9ronique Darmangeat.<\/p>\n","protected":false},"excerpt":{"rendered":"<p>Voici tous les articles pour concilier l&rsquo;allaitement au travail parus en 2019. Si vous ne trouvez pas ce que vous cherchez, n&rsquo;h\u00e9sitez pas \u00e0 utiliser l&rsquo;onglet de recherche. Pauses d&rsquo;allaitement pour les fonctionnaires nouveaut\u00e9s La loi pr\u00e9voit maintenant des pauses allaitement pour les fonctionnaires. Les coussinets d&rsquo;allaitement Choisir ses coussinets d&rsquo;allaitement pour \u00e9viter les fuites [&hellip;]<\/p>\n","protected":false},"author":170,"featured_media":7962,"parent":2443,"menu_order":10,"comment_status":"closed","ping_status":"closed","template":"","meta":{"_et_pb_use_builder":"","_et_pb_old_content":"","_et_gb_content_width":"","footnotes":""},"class_list":["post-7969","page","type-page","status-publish","has-post-thumbnail","hentry"],"yoast_head":"<!-- This site is optimized with the Yoast SEO plugin v27.4 - https:\/\/yoast.com\/product\/yoast-seo-wordpress\/ -->\n<title>2019<\/title>\n<meta name=\"description\" content=\"Voici tous les articles pour concilier l&#039;allaitement au travail parus en 2019. Si vous ne trouvez pas ce que vous cherchez, n&#039;h\u00e9sitez pas \u00e0 utiliser\" \/>\n<meta name=\"robots\" content=\"index, follow, max-snippet:-1, max-image-preview:large, max-video-preview:-1\" \/>\n<link rel=\"canonical\" href=\"https:\/\/www.lactissima.com\/a-tire-d-ailes\/liste-des-articles-2\/2019-2\/\" \/>\n<meta property=\"og:locale\" content=\"fr_FR\" \/>\n<meta property=\"og:type\" content=\"article\" \/>\n<meta property=\"og:title\" content=\"2019\" \/>\n<meta property=\"og:description\" content=\"Voici tous les articles pour concilier l&#039;allaitement au travail parus en 2019. Si vous ne trouvez pas ce que vous cherchez, n&#039;h\u00e9sitez pas \u00e0 utiliser\" \/>\n<meta property=\"og:url\" content=\"https:\/\/www.lactissima.com\/a-tire-d-ailes\/liste-des-articles-2\/2019-2\/\" \/>\n<meta property=\"og:site_name\" content=\"A tire d&#039;Ailes\" \/>\n<meta property=\"article:publisher\" content=\"https:\/\/www.facebook.com\/consultante.en.lactation\" \/>\n<meta property=\"article:modified_time\" content=\"2022-03-08T08:35:22+00:00\" \/>\n<meta property=\"og:image\" content=\"https:\/\/www.lactissima.com\/a-tire-d-ailes\/wp-content\/uploads\/2019\/01\/anniversaire-10-ans.jpg\" \/>\n\t<meta property=\"og:image:width\" content=\"474\" \/>\n\t<meta property=\"og:image:height\" content=\"318\" \/>\n\t<meta property=\"og:image:type\" content=\"image\/jpeg\" \/>\n<meta name=\"twitter:card\" content=\"summary_large_image\" \/>\n<meta name=\"twitter:site\" content=\"@VeroniqueIBCLC\" \/>\n<meta name=\"twitter:label1\" content=\"Dur\u00e9e de lecture estim\u00e9e\" \/>\n\t<meta name=\"twitter:data1\" content=\"3 minutes\" \/>\n<script type=\"application\/ld+json\" class=\"yoast-schema-graph\">{\"@context\":\"https:\\\/\\\/schema.org\",\"@graph\":[{\"@type\":\"WebPage\",\"@id\":\"https:\\\/\\\/www.lactissima.com\\\/a-tire-d-ailes\\\/liste-des-articles-2\\\/2019-2\\\/\",\"url\":\"https:\\\/\\\/www.lactissima.com\\\/a-tire-d-ailes\\\/liste-des-articles-2\\\/2019-2\\\/\",\"name\":\"2019\",\"isPartOf\":{\"@id\":\"https:\\\/\\\/www.lactissima.com\\\/a-tire-d-ailes\\\/#website\"},\"primaryImageOfPage\":{\"@id\":\"https:\\\/\\\/www.lactissima.com\\\/a-tire-d-ailes\\\/liste-des-articles-2\\\/2019-2\\\/#primaryimage\"},\"image\":{\"@id\":\"https:\\\/\\\/www.lactissima.com\\\/a-tire-d-ailes\\\/liste-des-articles-2\\\/2019-2\\\/#primaryimage\"},\"thumbnailUrl\":\"https:\\\/\\\/www.lactissima.com\\\/a-tire-d-ailes\\\/wp-content\\\/uploads\\\/2019\\\/01\\\/anniversaire-10-ans.jpg\",\"datePublished\":\"2019-01-04T14:18:04+00:00\",\"dateModified\":\"2022-03-08T08:35:22+00:00\",\"description\":\"Voici tous les articles pour concilier l'allaitement au travail parus en 2019. Si vous ne trouvez pas ce que vous cherchez, n'h\u00e9sitez pas \u00e0 utiliser\",\"breadcrumb\":{\"@id\":\"https:\\\/\\\/www.lactissima.com\\\/a-tire-d-ailes\\\/liste-des-articles-2\\\/2019-2\\\/#breadcrumb\"},\"inLanguage\":\"fr-FR\",\"potentialAction\":[{\"@type\":\"ReadAction\",\"target\":[\"https:\\\/\\\/www.lactissima.com\\\/a-tire-d-ailes\\\/liste-des-articles-2\\\/2019-2\\\/\"]}]},{\"@type\":\"ImageObject\",\"inLanguage\":\"fr-FR\",\"@id\":\"https:\\\/\\\/www.lactissima.com\\\/a-tire-d-ailes\\\/liste-des-articles-2\\\/2019-2\\\/#primaryimage\",\"url\":\"https:\\\/\\\/www.lactissima.com\\\/a-tire-d-ailes\\\/wp-content\\\/uploads\\\/2019\\\/01\\\/anniversaire-10-ans.jpg\",\"contentUrl\":\"https:\\\/\\\/www.lactissima.com\\\/a-tire-d-ailes\\\/wp-content\\\/uploads\\\/2019\\\/01\\\/anniversaire-10-ans.jpg\",\"width\":474,\"height\":318},{\"@type\":\"BreadcrumbList\",\"@id\":\"https:\\\/\\\/www.lactissima.com\\\/a-tire-d-ailes\\\/liste-des-articles-2\\\/2019-2\\\/#breadcrumb\",\"itemListElement\":[{\"@type\":\"ListItem\",\"position\":1,\"name\":\"Accueil\",\"item\":\"https:\\\/\\\/www.lactissima.com\\\/a-tire-d-ailes\\\/\"},{\"@type\":\"ListItem\",\"position\":2,\"name\":\"Liste des articles\",\"item\":\"https:\\\/\\\/www.lactissima.com\\\/a-tire-d-ailes\\\/liste-des-articles-2\\\/\"},{\"@type\":\"ListItem\",\"position\":3,\"name\":\"2019\"}]},{\"@type\":\"WebSite\",\"@id\":\"https:\\\/\\\/www.lactissima.com\\\/a-tire-d-ailes\\\/#website\",\"url\":\"https:\\\/\\\/www.lactissima.com\\\/a-tire-d-ailes\\\/\",\"name\":\"A tire d&#039;Ailes\",\"description\":\"Le blog des femmes qui allaitent et travaillent.\",\"potentialAction\":[{\"@type\":\"SearchAction\",\"target\":{\"@type\":\"EntryPoint\",\"urlTemplate\":\"https:\\\/\\\/www.lactissima.com\\\/a-tire-d-ailes\\\/?s={search_term_string}\"},\"query-input\":{\"@type\":\"PropertyValueSpecification\",\"valueRequired\":true,\"valueName\":\"search_term_string\"}}],\"inLanguage\":\"fr-FR\"}]}<\/script>\n<!-- \/ Yoast SEO plugin. -->","yoast_head_json":{"title":"2019","description":"Voici tous les articles pour concilier l'allaitement au travail parus en 2019. Si vous ne trouvez pas ce que vous cherchez, n'h\u00e9sitez pas \u00e0 utiliser","robots":{"index":"index","follow":"follow","max-snippet":"max-snippet:-1","max-image-preview":"max-image-preview:large","max-video-preview":"max-video-preview:-1"},"canonical":"https:\/\/www.lactissima.com\/a-tire-d-ailes\/liste-des-articles-2\/2019-2\/","og_locale":"fr_FR","og_type":"article","og_title":"2019","og_description":"Voici tous les articles pour concilier l'allaitement au travail parus en 2019. Si vous ne trouvez pas ce que vous cherchez, n'h\u00e9sitez pas \u00e0 utiliser","og_url":"https:\/\/www.lactissima.com\/a-tire-d-ailes\/liste-des-articles-2\/2019-2\/","og_site_name":"A tire d&#039;Ailes","article_publisher":"https:\/\/www.facebook.com\/consultante.en.lactation","article_modified_time":"2022-03-08T08:35:22+00:00","og_image":[{"width":474,"height":318,"url":"https:\/\/www.lactissima.com\/a-tire-d-ailes\/wp-content\/uploads\/2019\/01\/anniversaire-10-ans.jpg","type":"image\/jpeg"}],"twitter_card":"summary_large_image","twitter_site":"@VeroniqueIBCLC","twitter_misc":{"Dur\u00e9e de lecture estim\u00e9e":"3 minutes"},"schema":{"@context":"https:\/\/schema.org","@graph":[{"@type":"WebPage","@id":"https:\/\/www.lactissima.com\/a-tire-d-ailes\/liste-des-articles-2\/2019-2\/","url":"https:\/\/www.lactissima.com\/a-tire-d-ailes\/liste-des-articles-2\/2019-2\/","name":"2019","isPartOf":{"@id":"https:\/\/www.lactissima.com\/a-tire-d-ailes\/#website"},"primaryImageOfPage":{"@id":"https:\/\/www.lactissima.com\/a-tire-d-ailes\/liste-des-articles-2\/2019-2\/#primaryimage"},"image":{"@id":"https:\/\/www.lactissima.com\/a-tire-d-ailes\/liste-des-articles-2\/2019-2\/#primaryimage"},"thumbnailUrl":"https:\/\/www.lactissima.com\/a-tire-d-ailes\/wp-content\/uploads\/2019\/01\/anniversaire-10-ans.jpg","datePublished":"2019-01-04T14:18:04+00:00","dateModified":"2022-03-08T08:35:22+00:00","description":"Voici tous les articles pour concilier l'allaitement au travail parus en 2019. Si vous ne trouvez pas ce que vous cherchez, n'h\u00e9sitez pas \u00e0 utiliser","breadcrumb":{"@id":"https:\/\/www.lactissima.com\/a-tire-d-ailes\/liste-des-articles-2\/2019-2\/#breadcrumb"},"inLanguage":"fr-FR","potentialAction":[{"@type":"ReadAction","target":["https:\/\/www.lactissima.com\/a-tire-d-ailes\/liste-des-articles-2\/2019-2\/"]}]},{"@type":"ImageObject","inLanguage":"fr-FR","@id":"https:\/\/www.lactissima.com\/a-tire-d-ailes\/liste-des-articles-2\/2019-2\/#primaryimage","url":"https:\/\/www.lactissima.com\/a-tire-d-ailes\/wp-content\/uploads\/2019\/01\/anniversaire-10-ans.jpg","contentUrl":"https:\/\/www.lactissima.com\/a-tire-d-ailes\/wp-content\/uploads\/2019\/01\/anniversaire-10-ans.jpg","width":474,"height":318},{"@type":"BreadcrumbList","@id":"https:\/\/www.lactissima.com\/a-tire-d-ailes\/liste-des-articles-2\/2019-2\/#breadcrumb","itemListElement":[{"@type":"ListItem","position":1,"name":"Accueil","item":"https:\/\/www.lactissima.com\/a-tire-d-ailes\/"},{"@type":"ListItem","position":2,"name":"Liste des articles","item":"https:\/\/www.lactissima.com\/a-tire-d-ailes\/liste-des-articles-2\/"},{"@type":"ListItem","position":3,"name":"2019"}]},{"@type":"WebSite","@id":"https:\/\/www.lactissima.com\/a-tire-d-ailes\/#website","url":"https:\/\/www.lactissima.com\/a-tire-d-ailes\/","name":"A tire d&#039;Ailes","description":"Le blog des femmes qui allaitent et travaillent.","potentialAction":[{"@type":"SearchAction","target":{"@type":"EntryPoint","urlTemplate":"https:\/\/www.lactissima.com\/a-tire-d-ailes\/?s={search_term_string}"},"query-input":{"@type":"PropertyValueSpecification","valueRequired":true,"valueName":"search_term_string"}}],"inLanguage":"fr-FR"}]}},"_links":{"self":[{"href":"https:\/\/www.lactissima.com\/a-tire-d-ailes\/wp-json\/wp\/v2\/pages\/7969","targetHints":{"allow":["GET"]}}],"collection":[{"href":"https:\/\/www.lactissima.com\/a-tire-d-ailes\/wp-json\/wp\/v2\/pages"}],"about":[{"href":"https:\/\/www.lactissima.com\/a-tire-d-ailes\/wp-json\/wp\/v2\/types\/page"}],"author":[{"embeddable":true,"href":"https:\/\/www.lactissima.com\/a-tire-d-ailes\/wp-json\/wp\/v2\/users\/170"}],"replies":[{"embeddable":true,"href":"https:\/\/www.lactissima.com\/a-tire-d-ailes\/wp-json\/wp\/v2\/comments?post=7969"}],"version-history":[{"count":39,"href":"https:\/\/www.lactissima.com\/a-tire-d-ailes\/wp-json\/wp\/v2\/pages\/7969\/revisions"}],"predecessor-version":[{"id":8645,"href":"https:\/\/www.lactissima.com\/a-tire-d-ailes\/wp-json\/wp\/v2\/pages\/7969\/revisions\/8645"}],"up":[{"embeddable":true,"href":"https:\/\/www.lactissima.com\/a-tire-d-ailes\/wp-json\/wp\/v2\/pages\/2443"}],"wp:featuredmedia":[{"embeddable":true,"href":"https:\/\/www.lactissima.com\/a-tire-d-ailes\/wp-json\/wp\/v2\/media\/7962"}],"wp:attachment":[{"href":"https:\/\/www.lactissima.com\/a-tire-d-ailes\/wp-json\/wp\/v2\/media?parent=7969"}],"curies":[{"name":"wp","href":"https:\/\/api.w.org\/{rel}","templated":true}]}}