{"id":7795,"date":"2018-07-18T14:27:19","date_gmt":"2018-07-18T12:27:19","guid":{"rendered":"https:\/\/www.lactissima.com\/a-tire-d-ailes\/?page_id=7795"},"modified":"2022-09-09T15:01:09","modified_gmt":"2022-09-09T13:01:09","slug":"mentions-legales","status":"publish","type":"page","link":"https:\/\/www.lactissima.com\/a-tire-d-ailes\/contact\/mentions-legales\/","title":{"rendered":"Mentions l\u00e9gales"},"content":{"rendered":"<h4><strong><span style=\"color: #ff6600;\">Responsabilit\u00e9s<\/span><\/strong><\/h4>\n<p style=\"padding-left: 30px; text-align: justify;\">Le blog \u00ab <span style=\"color: #ff6600;\"><b>A Tire d&rsquo;Ailes<\/b><\/span>\u00bb est un blog informatif. Il ne peut \u00eatre tenu pour responsable des dommages de quelque ordre que ce soit qui r\u00e9sulteraient des informations diffus\u00e9es sur ce blog, ni d\u2019erreurs, omissions ou fausses interpr\u00e9tations. La consultation du blog \u00ab <span style=\"color: #ff6600;\"><b>A Tire d&rsquo;Ailes<\/b><\/span>\u00bb\u00a0ne peut en aucun cas remplacer un avis personnalis\u00e9 pris aupr\u00e8s d\u2019un professionnel adapt\u00e9.<br \/>\nIl en est de m\u00eame pour tout site dont le lien est donn\u00e9 sur \u00ab <span style=\"color: #ff6600;\"><b>A Tire d&rsquo;Ailes<\/b><\/span>\u00a0\u00bb.<br \/>\nN\u2019h\u00e9sitez pas \u00e0\u00a0 nous signaler toute erreur, omission, lien bris\u00e9, etc.<\/p>\n<p><strong><span style=\"color: #ff6600;\">Droits d\u2019auteur<\/span><\/strong><\/p>\n<p style=\"padding-left: 30px; text-align: justify;\">Le nom \u00ab<strong> <span style=\"color: #ff6600;\"><b>A Tire d&rsquo;Ailes<\/b><\/span><\/strong>\u00bb est la propri\u00e9t\u00e9 de<strong>\u00a0<span style=\"color: #ff6600;\">V\u00e9ronique Darmangeat<\/span><\/strong>, ainsi que tout le texte du blog (sauf source mentionn\u00e9e).<\/p>\n<p><strong><span style=\"color: #ff6600;\">Protection de la vie priv\u00e9e<\/span><\/strong><\/p>\n<p style=\"padding-left: 30px; text-align: justify;\">Les informations personnelles concernant les visiteurs de \u00ab <span style=\"color: #ff6600;\"><b>A Tire d&rsquo;Ailes\u00a0<\/b><\/span>\u00bb, y compris leur identit\u00e9, sont confidentielles.<br \/>\nLe responsable du blog (V\u00e9ronique Darmangeat) s\u2019engage sur l\u2019honneur \u00e0\u00a0 respecter les conditions l\u00e9gales de confidentialit\u00e9 applicables en France et \u00e0\u00a0 ne pas divulguer ces informations \u00e0 des tiers.<\/p>\n<p><strong><span style=\"color: #ff6600;\">Utilisation des donn\u00e9es personnelles collect\u00e9es<\/span><\/strong><\/p>\n<p style=\"padding-left: 30px; text-align: justify;\">Si vous vous inscrivez \u00e0 la\u00a0<a href=\"https:\/\/www.lactissima.com\/a-tire-d-ailes\/inscription\/\" target=\"_blank\" rel=\"noopener\">lettre d\u2019information<\/a>, nous collectons vos noms, pr\u00e9noms et adresses mail afin de pouvoir vous envoyer les informations de parution de nouveaux articles. Nous conservons ces donn\u00e9es tant que nous publions cette lettre d\u2019information. Vous pouvez \u00e0 tout moment vous d\u00e9sinscrire et vos donn\u00e9es sont alors supprim\u00e9es.<\/p>\n<p style=\"padding-left: 30px; text-align: justify;\">Pour les donn\u00e9es personnelles collect\u00e9es, le responsable du traitement des donn\u00e9es personnelles est : V\u00e9ronique Darmangeat.<br \/>\nEn tant que responsable du traitement des donn\u00e9es qu\u2019il collecte, \u00ab <span style=\"color: #ff6600;\"><b>A Tire d&rsquo;Ailes<\/b><\/span>\u00a0\u00bb s\u2019engage \u00e0 respecter le cadre des dispositions l\u00e9gales en vigueur. Il lui appartient d\u2019\u00e9tablir les finalit\u00e9s de ses traitements de donn\u00e9es, de fournir \u00e0 ses prospects et clients, \u00e0 partir de la collecte de leurs consentements, une information compl\u00e8te sur le traitement de leurs donn\u00e9es personnelles et de maintenir un registre des traitements conforme \u00e0 la r\u00e9alit\u00e9. Chaque fois que \u00ab <span style=\"color: #ff6600;\"><b>A Tire d&rsquo;Ailes<\/b><\/span>\u00a0\u00bb traite des donn\u00e9es personnelles, \u00ab <span style=\"color: #ff6600;\"><b>A Tire d&rsquo;Ailes\u00a0<\/b><\/span>\u00bb prend toutes les mesures raisonnables pour s\u2019assurer de l\u2019exactitude et de la pertinence des donn\u00e9es personnelles au regard des finalit\u00e9s pour lesquelles \u00ab <span style=\"color: #ff6600;\"><b>A Tire d&rsquo;Ailes<\/b><\/span>\u00bb les traite.<br \/>\nConform\u00e9ment \u00e0 la r\u00e9glementation europ\u00e9enne en vigueur, les utilisateurs de \u00ab <span style=\"color: #ff6600;\"><b>A Tire d&rsquo;Ailes<\/b><\/span>\u00a0\u00bb disposent des droits suivants :<\/p>\n<ul style=\"text-align: justify;\">\n<li>droit d\u2019acc\u00e8s (article 15 RGPD) et de rectification (article 16 RGPD), de mise \u00e0 jour, de compl\u00e9tude des donn\u00e9es des utilisateurs, droit de verrouillage ou d\u2019effacement des donn\u00e9es des utilisateurs \u00e0 caract\u00e8re personnel (article 17 du RGPD), lorsqu\u2019elles sont inexactes, incompl\u00e8tes, \u00e9quivoques, p\u00e9rim\u00e9es, ou dont la collecte, l\u2019utilisation, la communication ou la conservation est interdite.<\/li>\n<li>droit de retirer \u00e0 tout moment un consentement (article 13-2c RGPD).<\/li>\n<li>droit \u00e0 la limitation du traitement des donn\u00e9es des utilisateurs (article 18 RGPD).<\/li>\n<li>droit d\u2019opposition au traitement des donn\u00e9es des utilisateurs (article 21 RGPD).<\/li>\n<li>droit \u00e0 la portabilit\u00e9 des donn\u00e9es que les utilisateurs auront fournies, lorsque ces donn\u00e9es font l\u2019objet de traitements automatis\u00e9s fond\u00e9s sur leur consentement ou sur un contrat (article 20 RGPD).<\/li>\n<li>droit de d\u00e9finir le sort des donn\u00e9es des utilisateurs apr\u00e8s leur mort et de choisir \u00e0 qui \u00ab <span style=\"color: #ff6600;\"><b>A Tire d&rsquo;Ailes<\/b><\/span>\u00a0\u00bb devra communiquer (ou non) ses donn\u00e9es \u00e0 un tiers qu\u2019ils aura pr\u00e9alablement d\u00e9sign\u00e9.<\/li>\n<li>D\u00e8s que \u00ab <span style=\"color: #ff6600;\"><b>A Tire d&rsquo;Ailes\u00a0<\/b><\/span>\u00bb a connaissance du d\u00e9c\u00e8s d\u2019un utilisateur et \u00e0 d\u00e9faut d\u2019instructions de sa part, \u00ab <span style=\"color: #ff6600;\"><b>A Tire d&rsquo;Ailes<\/b><\/span>\u00a0\u00bb s\u2019engage \u00e0 d\u00e9truire ses donn\u00e9es, sauf si leur conservation s\u2019av\u00e8re n\u00e9cessaire \u00e0 des fins probatoires ou pour r\u00e9pondre \u00e0 une obligation l\u00e9gale.<\/li>\n<\/ul>\n<p style=\"padding-left: 30px; text-align: justify;\">Si l\u2019utilisateur souhaite savoir comment \u00ab <span style=\"color: #ff6600;\"><b>A Tire d&rsquo;Ailes<\/b><\/span>\u00a0\u00bb utilise ses donn\u00e9es personnelles, demander \u00e0 les rectifier ou s\u2019oppose \u00e0 leur traitement, l\u2019utilisateur peut contacter \u00ab <span style=\"color: #ff6600;\"><b>A Tire d&rsquo;Ailes<\/b><\/span>\u00a0\u00bb par \u00e9crit \u00e0 l\u2019adresse suivante :<br \/>\nV\u00e9ronique Darmangeat<br \/>\n34 bd de Picpus 75012 Paris.<br \/>\nDans ce cas, l\u2019Utilisateur doit indiquer les donn\u00e9es personnelles qu\u2019il souhaiterait que \u00ab <span style=\"color: #ff6600;\"><b>A Tire d&rsquo;Ailes<\/b><\/span>\u00a0\u00bb corrige, mette \u00e0 jour ou supprime, en s\u2019identifiant pr\u00e9cis\u00e9ment avec une copie d\u2019une pi\u00e8ce d\u2019identit\u00e9 (carte d\u2019identit\u00e9 ou passeport).<\/p>\n<p style=\"padding-left: 30px; text-align: justify;\">Les demandes de suppression de donn\u00e9es personnelles seront soumises aux obligations qui sont impos\u00e9es \u00e0 \u00ab <span style=\"color: #ff6600;\"><b>A Tire d&rsquo;Ailes<\/b><\/span>\u00bb par la loi, notamment en mati\u00e8re de conservation ou d\u2019archivage des documents. Enfin, les utilisateurs de \u00ab <span style=\"color: #ff6600;\"><b>A Tire d&rsquo;Ailes<\/b><\/span>\u00a0\u00bb peuvent d\u00e9poser une r\u00e9clamation aupr\u00e8s des autorit\u00e9s de contr\u00f4le, et notamment de la CNIL (https:\/\/www.cnil.fr\/fr\/plaintes).<br \/>\n\u00ab <span style=\"color: #ff6600;\"><b>A Tire d&rsquo;Ailes<\/b><\/span>\u00a0\u00bb s\u2019interdit de traiter, h\u00e9berger ou transf\u00e9rer les informations collect\u00e9es sur ses clients vers un pays situ\u00e9 en dehors de l\u2019Union europ\u00e9enne ou reconnu comme \u00ab non ad\u00e9quat \u00bb par la Commission europ\u00e9enne sans en informer pr\u00e9alablement le client. Pour autant, \u00ab <span style=\"color: #ff6600;\"><b>A Tire d&rsquo;Ailes<\/b><\/span>\u00a0\u00bb reste libre du choix de ses sous-traitants techniques et commerciaux \u00e0 la condition qu\u2019il pr\u00e9sentent les garanties suffisantes au regard des exigences du R\u00e8glement G\u00e9n\u00e9ral sur la Protection des Donn\u00e9es (RGPD : n\u00b0 2016-679).<\/p>\n<p style=\"padding-left: 30px; text-align: justify;\">\u00ab <span style=\"color: #ff6600;\"><b>A Tire d&rsquo;Ailes<\/b><\/span>\u00a0\u00bb s\u2019engage \u00e0 prendre toutes les pr\u00e9cautions n\u00e9cessaires afin de pr\u00e9server la s\u00e9curit\u00e9 des informations et notamment qu\u2019elles ne soient pas communiqu\u00e9es \u00e0 des personnes non autoris\u00e9es. Cependant, si un incident impactant l\u2019int\u00e9grit\u00e9 ou la confidentialit\u00e9 des informations du client est port\u00e9e \u00e0 la connaissance de \u00ab <span style=\"color: #ff6600;\"><b>A Tire d&rsquo;Ailes<\/b><\/span>\u00a0\u00bb, celle-ci devra dans les meilleurs d\u00e9lais informer le client et lui communiquer les mesures de corrections prises. Par ailleurs \u00ab <span style=\"color: #ff6600;\"><b>A Tire d&rsquo;Ailes<\/b><\/span>\u00a0\u00bb ne collecte aucune \u00ab donn\u00e9es sensibles \u00bb.<\/p>\n<p style=\"padding-left: 30px; text-align: justify;\">Les donn\u00e9es personnelles de l\u2019utilisateur peuvent \u00eatre trait\u00e9es par des filiales de \u00ab <span style=\"color: #ff6600;\"><b>A Tire d&rsquo;Ailes\u00a0<\/b><\/span>\u00bb et des sous-traitants (prestataires de services), exclusivement afin de r\u00e9aliser les finalit\u00e9s de la pr\u00e9sente politique.<\/p>\n<p style=\"padding-left: 30px; text-align: justify;\">Quels que soient les efforts fournis, aucune m\u00e9thode de transmission sur Internet et aucune m\u00e9thode de stockage \u00e9lectronique n\u2019est compl\u00e8tement s\u00fbre. Nous ne pouvons en cons\u00e9quence pas garantir une s\u00e9curit\u00e9 absolue. Si nous prenions connaissance d\u2019une br\u00e8che de la s\u00e9curit\u00e9, nous avertirions les utilisateurs concern\u00e9s afin qu\u2019ils puissent prendre les mesures appropri\u00e9es. Nos proc\u00e9dures de notification d\u2019incident tiennent compte de nos obligations l\u00e9gales, qu\u2019elles se situent au niveau national ou europ\u00e9en. Nous nous engageons \u00e0 informer pleinement nos clients de toutes les questions relevant de la s\u00e9curit\u00e9 de leur compte et \u00e0 leur fournir toutes les informations n\u00e9cessaires pour les aider \u00e0 respecter leurs propres obligations r\u00e9glementaires en mati\u00e8re de reporting.<\/p>\n<p style=\"padding-left: 30px; text-align: justify;\">Aucune information personnelle de l\u2019utilisateur du blog \u00ab <span style=\"color: #ff6600;\"><b>A Tire d&rsquo;Ailes<\/b><\/span>\u00a0\u00bb n\u2019est publi\u00e9e \u00e0 l\u2019insu de l\u2019utilisateur, \u00e9chang\u00e9e, transf\u00e9r\u00e9e, c\u00e9d\u00e9e ou vendue sur un support quelconque \u00e0 des tiers. Seule l\u2019hypoth\u00e8se du rachat de \u00ab<span style=\"color: #ff6600;\"><b>A Tire d&rsquo;Ailes<\/b><\/span>\u00bb et de ses droits permettrait la transmission des dites informations \u00e0 l\u2019\u00e9ventuel acqu\u00e9reur qui serait \u00e0 son tour tenu de la m\u00eame obligation de conservation et de modification des donn\u00e9es vis \u00e0 vis de l\u2019utilisateur du site \u00ab <span style=\"color: #ff6600;\"><b>A Tire d&rsquo;Ailes<\/b><\/span>\u00a0\u00bb.<br \/>\nPour assurer la s\u00e9curit\u00e9 et la confidentialit\u00e9 des donn\u00e9es personnelles et des donn\u00e9es personnelles de sant\u00e9, \u00ab<span style=\"color: #ff6600;\"><b>A Tire d&rsquo;Ailes<\/b><\/span>\u00bb utilise des r\u00e9seaux prot\u00e9g\u00e9s par des dispositifs standards tels que par pare-feu, la pseudonymisation, l\u2019encryption et mot de passe.<\/p>\n<p style=\"padding-left: 30px; text-align: justify;\">Lors du traitement des donn\u00e9es personnelles, \u00ab <span style=\"color: #ff6600;\"><b>A Tire d&rsquo;Ailes<\/b><\/span>\u00a0\u00bb prend toutes les mesures raisonnables visant \u00e0 les prot\u00e9ger contre toute perte, utilisation d\u00e9tourn\u00e9e, acc\u00e8s non autoris\u00e9, divulgation, alt\u00e9ration ou destruction.<\/p>\n<p><strong><span style=\"color: #ff6600;\">Financement<\/span><\/strong><\/p>\n<p style=\"padding-left: 30px; text-align: justify;\">Le blog \u00ab <span style=\"color: #ff6600;\"><b>A Tire d&rsquo;Ailes<\/b><\/span><strong>\u00a0<\/strong>\u00bb est enti\u00e8rement financ\u00e9 par\u00a0<span style=\"color: #ff6600;\"><strong>V\u00e9ronique Darmangeat<\/strong><\/span>.<br \/>\nCe blog n\u2019accepte pas et ne re\u00e7oit pas de fonds publicitaires.<\/p>\n<p><strong><span style=\"color: #ff6600;\">S\u00e9curit\u00e9 \u2013 Confidentialit\u00e9 \u2013 Publicit\u00e9<\/span><\/strong><\/p>\n<p style=\"padding-left: 30px; text-align: justify;\">Le blog \u00ab <span style=\"color: #ff6600;\"><b>A Tire d&rsquo;Ailes<\/b><\/span>\u00a0\u00bb est enti\u00e8rement s\u00e9curis\u00e9 et ne comporte aucun \u00e9l\u00e9ment de type : \u00a0Applet Java, Spyware, Malware, etc.<br \/>\nDe plus notre h\u00e9bergeur, OVH, garantit l\u2019absence totale de publicit\u00e9 parasite.<\/p>\n<p><strong><span style=\"color: #ff6600;\">Prendre rendez-vous ou me contacter.<\/span><\/strong><\/p>\n<p style=\"padding-left: 30px; text-align: justify;\"><span style=\"color: #ff6600;\"><strong>V\u00e9ronique Darmangeat-Consultante en lactation certifi\u00e9e IBCLC<\/strong><\/span><br \/>\n<span style=\"color: #ff6600;\"><strong>34 bd de Picpus<\/strong><\/span><br \/>\n<span style=\"color: #ff6600;\"><strong>F75012-Paris<\/strong><\/span><br \/>\nSIRET : 487 527 749 00021<br \/>\nN\u00b0TVA intracommunautaire : FR90487527749<br \/>\nPortable : 06.17.27.19.30<br \/>\nMessagerie :\u00a0<a href=\"mailto:allaiteraparis@wanadoo.fr\">contact@allaiteraparis.fr<\/a><\/p>\n<p><strong><span style=\"color: #ff6600;\">H\u00e9bergeur du Site<\/span><\/strong><\/p>\n<p style=\"padding-left: 30px; text-align: justify;\"><strong>OVH :\u00a0Si\u00e8ge social : 2 rue Kellermann BP 80157 59100 ROUBAIX<br \/>\n<\/strong>SAS au capital de 10 000 000\u00a0\u20ac<br \/>\nRCS Roubaix \u2013 Tourcoing 424 761 419 00045<br \/>\nCode APE 6202A<br \/>\nTVA intracommunautaire :\u00a0FR 22 424 761 419<br \/>\nDirecteur de la publication :\u00a0<strong>Octave KLABA<\/strong><\/p>\n<p><strong><span style=\"color: #ff6600;\">Utilisation des cookies<\/span><\/strong><\/p>\n<p style=\"padding-left: 30px; text-align: justify;\">Le blog \u00ab\u00a0<span style=\"color: #ff6600;\"><b>A Tire d&rsquo;Ailes\u00a0<\/b><\/span>\u00bb utilise des cookies afin de vous permettre les partages sur les r\u00e9seaux sociaux et de recueillir des statistiques sur l\u2019utilisation du site. Vous pouvez vous opposer \u00e0 l\u2019enregistrement des cookies en param\u00e9trant votre navigateur Internet (utiliser le menu \u00ab\u00a0aide\u00a0\u00bb).<\/p>\n<p>&nbsp;<\/p>\n<p>&nbsp;<\/p>\n","protected":false},"excerpt":{"rendered":"<p>Responsabilit\u00e9s Le blog \u00ab A Tire d&rsquo;Ailes\u00bb est un blog informatif. Il ne peut \u00eatre tenu pour responsable des dommages de quelque ordre que ce soit qui r\u00e9sulteraient des informations diffus\u00e9es sur ce blog, ni d\u2019erreurs, omissions ou fausses interpr\u00e9tations. La consultation du blog \u00ab A Tire d&rsquo;Ailes\u00bb\u00a0ne peut en aucun cas remplacer un avis [&hellip;]<\/p>\n","protected":false},"author":170,"featured_media":0,"parent":929,"menu_order":2,"comment_status":"closed","ping_status":"closed","template":"","meta":{"_et_pb_use_builder":"","_et_pb_old_content":"","_et_gb_content_width":"","footnotes":""},"class_list":["post-7795","page","type-page","status-publish","hentry"],"yoast_head":"<!-- This site is optimized with the Yoast SEO plugin v27.4 - https:\/\/yoast.com\/product\/yoast-seo-wordpress\/ -->\n<title>Mentions l\u00e9gales<\/title>\n<meta name=\"description\" content=\"Responsabilit\u00e9s Le blog \u00ab A Tire d&#039;Ailes\u00bb est un blog informatif. Il ne peut \u00eatre tenu pour responsable des dommages de quelque ordre que ce soit qui\" \/>\n<meta name=\"robots\" content=\"index, follow, max-snippet:-1, max-image-preview:large, max-video-preview:-1\" \/>\n<link rel=\"canonical\" href=\"https:\/\/www.lactissima.com\/a-tire-d-ailes\/contact\/mentions-legales\/\" \/>\n<meta property=\"og:locale\" content=\"fr_FR\" \/>\n<meta property=\"og:type\" content=\"article\" \/>\n<meta property=\"og:title\" content=\"Mentions l\u00e9gales\" \/>\n<meta property=\"og:description\" content=\"Responsabilit\u00e9s Le blog \u00ab A Tire d&#039;Ailes\u00bb est un blog informatif. Il ne peut \u00eatre tenu pour responsable des dommages de quelque ordre que ce soit qui\" \/>\n<meta property=\"og:url\" content=\"https:\/\/www.lactissima.com\/a-tire-d-ailes\/contact\/mentions-legales\/\" \/>\n<meta property=\"og:site_name\" content=\"A tire d&#039;Ailes\" \/>\n<meta property=\"article:publisher\" content=\"https:\/\/www.facebook.com\/consultante.en.lactation\" \/>\n<meta property=\"article:modified_time\" content=\"2022-09-09T13:01:09+00:00\" \/>\n<meta name=\"twitter:card\" content=\"summary_large_image\" \/>\n<meta name=\"twitter:site\" content=\"@VeroniqueIBCLC\" \/>\n<meta name=\"twitter:label1\" content=\"Dur\u00e9e de lecture estim\u00e9e\" \/>\n\t<meta name=\"twitter:data1\" content=\"7 minutes\" \/>\n<script type=\"application\/ld+json\" class=\"yoast-schema-graph\">{\"@context\":\"https:\\\/\\\/schema.org\",\"@graph\":[{\"@type\":\"WebPage\",\"@id\":\"https:\\\/\\\/www.lactissima.com\\\/a-tire-d-ailes\\\/contact\\\/mentions-legales\\\/\",\"url\":\"https:\\\/\\\/www.lactissima.com\\\/a-tire-d-ailes\\\/contact\\\/mentions-legales\\\/\",\"name\":\"Mentions l\u00e9gales\",\"isPartOf\":{\"@id\":\"https:\\\/\\\/www.lactissima.com\\\/a-tire-d-ailes\\\/#website\"},\"datePublished\":\"2018-07-18T12:27:19+00:00\",\"dateModified\":\"2022-09-09T13:01:09+00:00\",\"description\":\"Responsabilit\u00e9s Le blog \u00ab A Tire d'Ailes\u00bb est un blog informatif. Il ne peut \u00eatre tenu pour responsable des dommages de quelque ordre que ce soit qui\",\"breadcrumb\":{\"@id\":\"https:\\\/\\\/www.lactissima.com\\\/a-tire-d-ailes\\\/contact\\\/mentions-legales\\\/#breadcrumb\"},\"inLanguage\":\"fr-FR\",\"potentialAction\":[{\"@type\":\"ReadAction\",\"target\":[\"https:\\\/\\\/www.lactissima.com\\\/a-tire-d-ailes\\\/contact\\\/mentions-legales\\\/\"]}]},{\"@type\":\"BreadcrumbList\",\"@id\":\"https:\\\/\\\/www.lactissima.com\\\/a-tire-d-ailes\\\/contact\\\/mentions-legales\\\/#breadcrumb\",\"itemListElement\":[{\"@type\":\"ListItem\",\"position\":1,\"name\":\"Accueil\",\"item\":\"https:\\\/\\\/www.lactissima.com\\\/a-tire-d-ailes\\\/\"},{\"@type\":\"ListItem\",\"position\":2,\"name\":\"Contact\",\"item\":\"https:\\\/\\\/www.lactissima.com\\\/a-tire-d-ailes\\\/contact\\\/\"},{\"@type\":\"ListItem\",\"position\":3,\"name\":\"Mentions l\u00e9gales\"}]},{\"@type\":\"WebSite\",\"@id\":\"https:\\\/\\\/www.lactissima.com\\\/a-tire-d-ailes\\\/#website\",\"url\":\"https:\\\/\\\/www.lactissima.com\\\/a-tire-d-ailes\\\/\",\"name\":\"A tire d&#039;Ailes\",\"description\":\"Le blog des femmes qui allaitent et travaillent.\",\"potentialAction\":[{\"@type\":\"SearchAction\",\"target\":{\"@type\":\"EntryPoint\",\"urlTemplate\":\"https:\\\/\\\/www.lactissima.com\\\/a-tire-d-ailes\\\/?s={search_term_string}\"},\"query-input\":{\"@type\":\"PropertyValueSpecification\",\"valueRequired\":true,\"valueName\":\"search_term_string\"}}],\"inLanguage\":\"fr-FR\"}]}<\/script>\n<!-- \/ Yoast SEO plugin. -->","yoast_head_json":{"title":"Mentions l\u00e9gales","description":"Responsabilit\u00e9s Le blog \u00ab A Tire d'Ailes\u00bb est un blog informatif. Il ne peut \u00eatre tenu pour responsable des dommages de quelque ordre que ce soit qui","robots":{"index":"index","follow":"follow","max-snippet":"max-snippet:-1","max-image-preview":"max-image-preview:large","max-video-preview":"max-video-preview:-1"},"canonical":"https:\/\/www.lactissima.com\/a-tire-d-ailes\/contact\/mentions-legales\/","og_locale":"fr_FR","og_type":"article","og_title":"Mentions l\u00e9gales","og_description":"Responsabilit\u00e9s Le blog \u00ab A Tire d'Ailes\u00bb est un blog informatif. Il ne peut \u00eatre tenu pour responsable des dommages de quelque ordre que ce soit qui","og_url":"https:\/\/www.lactissima.com\/a-tire-d-ailes\/contact\/mentions-legales\/","og_site_name":"A tire d&#039;Ailes","article_publisher":"https:\/\/www.facebook.com\/consultante.en.lactation","article_modified_time":"2022-09-09T13:01:09+00:00","twitter_card":"summary_large_image","twitter_site":"@VeroniqueIBCLC","twitter_misc":{"Dur\u00e9e de lecture estim\u00e9e":"7 minutes"},"schema":{"@context":"https:\/\/schema.org","@graph":[{"@type":"WebPage","@id":"https:\/\/www.lactissima.com\/a-tire-d-ailes\/contact\/mentions-legales\/","url":"https:\/\/www.lactissima.com\/a-tire-d-ailes\/contact\/mentions-legales\/","name":"Mentions l\u00e9gales","isPartOf":{"@id":"https:\/\/www.lactissima.com\/a-tire-d-ailes\/#website"},"datePublished":"2018-07-18T12:27:19+00:00","dateModified":"2022-09-09T13:01:09+00:00","description":"Responsabilit\u00e9s Le blog \u00ab A Tire d'Ailes\u00bb est un blog informatif. Il ne peut \u00eatre tenu pour responsable des dommages de quelque ordre que ce soit qui","breadcrumb":{"@id":"https:\/\/www.lactissima.com\/a-tire-d-ailes\/contact\/mentions-legales\/#breadcrumb"},"inLanguage":"fr-FR","potentialAction":[{"@type":"ReadAction","target":["https:\/\/www.lactissima.com\/a-tire-d-ailes\/contact\/mentions-legales\/"]}]},{"@type":"BreadcrumbList","@id":"https:\/\/www.lactissima.com\/a-tire-d-ailes\/contact\/mentions-legales\/#breadcrumb","itemListElement":[{"@type":"ListItem","position":1,"name":"Accueil","item":"https:\/\/www.lactissima.com\/a-tire-d-ailes\/"},{"@type":"ListItem","position":2,"name":"Contact","item":"https:\/\/www.lactissima.com\/a-tire-d-ailes\/contact\/"},{"@type":"ListItem","position":3,"name":"Mentions l\u00e9gales"}]},{"@type":"WebSite","@id":"https:\/\/www.lactissima.com\/a-tire-d-ailes\/#website","url":"https:\/\/www.lactissima.com\/a-tire-d-ailes\/","name":"A tire d&#039;Ailes","description":"Le blog des femmes qui allaitent et travaillent.","potentialAction":[{"@type":"SearchAction","target":{"@type":"EntryPoint","urlTemplate":"https:\/\/www.lactissima.com\/a-tire-d-ailes\/?s={search_term_string}"},"query-input":{"@type":"PropertyValueSpecification","valueRequired":true,"valueName":"search_term_string"}}],"inLanguage":"fr-FR"}]}},"_links":{"self":[{"href":"https:\/\/www.lactissima.com\/a-tire-d-ailes\/wp-json\/wp\/v2\/pages\/7795","targetHints":{"allow":["GET"]}}],"collection":[{"href":"https:\/\/www.lactissima.com\/a-tire-d-ailes\/wp-json\/wp\/v2\/pages"}],"about":[{"href":"https:\/\/www.lactissima.com\/a-tire-d-ailes\/wp-json\/wp\/v2\/types\/page"}],"author":[{"embeddable":true,"href":"https:\/\/www.lactissima.com\/a-tire-d-ailes\/wp-json\/wp\/v2\/users\/170"}],"replies":[{"embeddable":true,"href":"https:\/\/www.lactissima.com\/a-tire-d-ailes\/wp-json\/wp\/v2\/comments?post=7795"}],"version-history":[{"count":4,"href":"https:\/\/www.lactissima.com\/a-tire-d-ailes\/wp-json\/wp\/v2\/pages\/7795\/revisions"}],"predecessor-version":[{"id":8707,"href":"https:\/\/www.lactissima.com\/a-tire-d-ailes\/wp-json\/wp\/v2\/pages\/7795\/revisions\/8707"}],"up":[{"embeddable":true,"href":"https:\/\/www.lactissima.com\/a-tire-d-ailes\/wp-json\/wp\/v2\/pages\/929"}],"wp:attachment":[{"href":"https:\/\/www.lactissima.com\/a-tire-d-ailes\/wp-json\/wp\/v2\/media?parent=7795"}],"curies":[{"name":"wp","href":"https:\/\/api.w.org\/{rel}","templated":true}]}}