{"id":7587,"date":"2018-04-02T17:05:15","date_gmt":"2018-04-02T15:05:15","guid":{"rendered":"https:\/\/www.lactissima.com\/a-tire-d-ailes\/?page_id=7587"},"modified":"2023-05-01T15:11:18","modified_gmt":"2023-05-01T13:11:18","slug":"accompagnement-personnalise","status":"publish","type":"page","link":"https:\/\/www.lactissima.com\/a-tire-d-ailes\/accompagnement-personnalise\/","title":{"rendered":"Accompagnement personnalis\u00e9"},"content":{"rendered":"<h3><span style=\"color: #ffffff;\">&#8230;<\/span><\/h3>\n<h3><strong><span style=\"color: #ff6600;\">Vous reprenez le travail et<\/span><\/strong><\/h3>\n<p>&nbsp;<\/p>\n<h3 style=\"text-align: right;\"><strong><span style=\"color: #ff6600;\">vous ne savez pas quoi faire avec votre allaitement :<\/span><\/strong><\/h3>\n<p>&nbsp;<\/p>\n<ul>\n<li style=\"text-align: justify;\">sevrer ?<\/li>\n<li style=\"text-align: justify;\">continuer ?<\/li>\n<\/ul>\n<p>Est-ce vraiment <strong><span style=\"color: #ff6600;\">possible<\/span><\/strong> de poursuivre l\u2019allaitement \u00e0 la reprise du travail ?<\/p>\n<ul>\n<li>Vous ne savez pas comment faire,<\/li>\n<li>comment vous y prendre,<\/li>\n<li>par quoi commencer,<\/li>\n<li>comment vous organiser.<\/li>\n<li>Cela vous inqui\u00e8te ou vous angoisse car vous souhaitez que tout se passe au mieux pour votre b\u00e9b\u00e9.<\/li>\n<li>Vous avez peut-\u00eatre mis du temps \u00e0 mettre en place votre allaitement, ce serait tellement dommage d\u2019\u00eatre <strong><span style=\"color: #ff6600;\">oblig\u00e9e d\u2019arr\u00eater<\/span><\/strong> maintenant\u2026<\/li>\n<\/ul>\n<p style=\"text-align: justify;\">Je vous propose de vous prendre par la main pour vous aider \u00e0 trouver <strong><span style=\"color: #ff6600;\">VOTRE solution<\/span><\/strong> et la mettre en \u0153uvre.<\/p>\n<p>&nbsp;<\/p>\n<p><a href=\"http:\/\/www.lactissima.com\/a-tire-d-ailes\/wp-content\/uploads\/2018\/03\/je-vous-accompagne.mp4\" target=\"_blank\" rel=\"noopener noreferrer\"><img loading=\"lazy\" decoding=\"async\" class=\"aligncenter wp-image-4816 size-full\" src=\"https:\/\/www.allaiteraparis.fr\/wp-content\/uploads\/2018\/06\/je-vous-accompagne3.png\" alt=\"\" width=\"629\" height=\"353\" \/><\/a><\/p>\n<p style=\"text-align: center;\"><a href='https:\/\/www.billetweb.fr\/pack-de-22-videos-sur-la-reprise-du-travail' class='big-button bigorange' target=\"_blank\">Acheter le pack de 22 vid\u00e9os<\/a><\/p>\n<p style=\"text-align: justify;\">Cette s\u00e9rie de 22 vid\u00e9os va vous permettre de b\u00e9n\u00e9ficier d&rsquo;un <strong><span style=\"color: #ff6600;\">accompagnement pas \u00e0 pas<\/span><\/strong> pour reprendre le travail <strong><span style=\"color: #ff6600;\">sans stress<\/span><\/strong> par rapport \u00e0 votre allaitement.<\/p>\n<p style=\"text-align: justify;\">Vous allez pouvoir faire le <strong><span style=\"color: #ff6600;\">meilleur choix pour vous :<\/span><\/strong><\/p>\n<ul>\n<li>poursuivre votre allaitement en exclusif,<\/li>\n<li>poursuivre votre allaitement en mixte,<\/li>\n<li>ou bien sevrer.<\/li>\n<\/ul>\n<p style=\"text-align: justify;\">J&rsquo;ai cr\u00e9\u00e9 cet accompagnement en vid\u00e9os pour toutes les personnes qui ont besoin d&rsquo;une aide, pas \u00e0 pas, pour franchir chaque \u00e9tape.<\/p>\n<p>&nbsp;<\/p>\n<h3><span style=\"color: #ff6600;\">Programme :<\/span><\/h3>\n<p>\u2013 Quels sont les choix qui s\u2019offrent \u00e0 vous ? (3:26)<br \/>\n\u2013 Quels sont vos crit\u00e8res de choix ? (10:21)<br \/>\n\u2013 Que dit la loi ? (6:46)<br \/>\n\u2013 Quelles sont vos conditions de travail ? (14:38)<br \/>\n\u2013 Comment faire VOTRE choix ? (5:07)<br \/>\n\u2013 Comment sevrer votre b\u00e9b\u00e9 ? (15:37)<br \/>\n\u2013 Comment l\u2019annoncer au travail ? (5:30)<br \/>\n\u2013 Comment pr\u00e9parer la reprise du travail ? (10:09)<br \/>\n\u2013 Comment donner un biberon \u00e0 un b\u00e9b\u00e9 ? (6:30)<br \/>\n\u2013 Et si mon b\u00e9b\u00e9 refuse le biberon ? (11:26)<br \/>\n\u2013 Comment faire un allaitement mixte ? (5:30)<br \/>\n\u2013 Comment faire du stock de lait ? (9:54)<br \/>\n\u2013 Comment choisir son tire-lait ? (9:45)<br \/>\n\u2013 Comment tirer son lait ? (8:28)<br \/>\n\u2013 Comment stocker son lait ? (9:10)<br \/>\n\u2013 Comment transporter son lait ? (4:27)<br \/>\n\u2013 Comment communiquer avec la personne qui s\u2019occupe de votre b\u00e9b\u00e9 ? (7:32)<br \/>\n\u2013 Comment je fais pendant les vacances ? (3:57)<br \/>\n\u2013 Comment est-ce que je m\u2019organise ? (9:37)<br \/>\n\u2013 Comment je garde ma motivation ? (6:32)<br \/>\n\u2013 A qui puis-je demander de l\u2019aide ? (6:42)<br \/>\n\u2013 Comment \u00e7a se passe quand mon b\u00e9b\u00e9 commence les solides ? (8:06)<\/p>\n<p style=\"text-align: justify;\">Apr\u00e8s avoir \u00e9crit plus de 460 articles de blog sur ce sujet, vous aurez acc\u00e8s \u00e0 <strong><span style=\"color: #ff6600;\">toutes mes connaissances actuelles<\/span><\/strong>, facilement, en vid\u00e9os.<\/p>\n<p>Je vous <strong><span style=\"color: #ff6600;\">offre<\/span> <\/strong>cette premi\u00e8re vid\u00e9o sur comment tirer son lait pour vous permettre d&rsquo;appr\u00e9cier la qualit\u00e9 de cet accompagnement.<\/p>\n<p><a href=\"http:\/\/www.lactissima.com\/a-tire-d-ailes\/wp-content\/uploads\/2018\/06\/14-Comment-tirer-son-lait.mp4\" target=\"_blank\" rel=\"noopener noreferrer\"><img loading=\"lazy\" decoding=\"async\" class=\"aligncenter wp-image-4817 size-full\" src=\"https:\/\/www.allaiteraparis.fr\/wp-content\/uploads\/2018\/06\/video-de-d\u00e9monstration2.png\" alt=\"\" width=\"787\" height=\"439\" \/><\/a><\/p>\n<p style=\"text-align: center;\"><a href='https:\/\/www.billetweb.fr\/pack-de-22-videos-sur-la-reprise-du-travail' class='big-button bigorange' target=\"_blank\">Acheter le pack de 22 vid\u00e9os<\/a><\/p>\n<p style=\"text-align: justify;\">Vous allez avoir acc\u00e8s \u00e0 <strong><span style=\"color: #ff6600;\">toutes les solutions pratiques<\/span><\/strong> aux questions que vous vous posez&#8230;et \u00e0 toutes celles auxquelles vous n&rsquo;avez pas encore pens\u00e9 et <strong><span style=\"color: #ff6600;\">gagner beaucoup de temps<\/span><\/strong> !<\/p>\n<p>&nbsp;<\/p>\n<p><span style=\"color: #ff6600;\"><strong>Dur\u00e9e totale des vid\u00e9os<\/strong><\/span> : 3 heures.<\/p>\n<p><span style=\"color: #ff6600;\"><strong>Prix<\/strong><\/span> : 59 \u20ac<\/p>\n<p style=\"text-align: justify;\">Si apr\u00e8s avoir visionn\u00e9 toutes les vid\u00e9os et tout mis en \u0153uvre, vous n&rsquo;avez pas trouv\u00e9 votre solution, je vous rembourse (au plus tard 15 jours calendaires apr\u00e8s votre achat).<\/p>\n<p>&nbsp;<\/p>\n<p style=\"text-align: justify;\">Vous avez imm\u00e9diatement acc\u00e8s \u00e0 l\u2019int\u00e9gralit\u00e9 des 22 vid\u00e9os et des documents qui les accompagnent.<\/p>\n<p style=\"text-align: justify;\">On se retrouve imm\u00e9diatement dans la premi\u00e8re vid\u00e9o. <strong><span style=\"color: #ff6600;\">\u00c0 tout de suite !<\/span><\/strong><\/p>\n<p style=\"text-align: center;\"><a href='https:\/\/www.billetweb.fr\/pack-de-22-videos-sur-la-reprise-du-travail' class='big-button bigorange' target=\"_blank\">Acheter le pack de 22 vid\u00e9os<\/a><\/p>\n<p>&nbsp;<\/p>\n<p><img loading=\"lazy\" decoding=\"async\" class=\"aligncenter wp-image-4790 size-full\" src=\"https:\/\/www.allaiteraparis.fr\/wp-content\/uploads\/2018\/05\/couverture.png\" alt=\"\" width=\"474\" height=\"268\" \/><\/p>\n<p>&nbsp;<\/p>\n<p>Derni\u00e8re mise \u00e0\u00a0 jour : 1er mai 2023 par <a href=\"https:\/\/plus.google.com\/u\/0\/118018573270323733473\" target=\"_blank\" rel=\"author noopener noreferrer\">V\u00e9ronique Darmangeat<\/a>.<\/p>\n","protected":false},"excerpt":{"rendered":"<p>&#8230; Vous reprenez le travail et &nbsp; vous ne savez pas quoi faire avec votre allaitement : &nbsp; sevrer ? continuer ? Est-ce vraiment possible de poursuivre l\u2019allaitement \u00e0 la reprise du travail ? Vous ne savez pas comment faire, comment vous y prendre, par quoi commencer, comment vous organiser. Cela vous inqui\u00e8te ou vous [&hellip;]<\/p>\n","protected":false},"author":170,"featured_media":7718,"parent":0,"menu_order":0,"comment_status":"closed","ping_status":"closed","template":"","meta":{"_et_pb_use_builder":"","_et_pb_old_content":"","_et_gb_content_width":"","footnotes":""},"class_list":["post-7587","page","type-page","status-publish","has-post-thumbnail","hentry"],"yoast_head":"<!-- This site is optimized with the Yoast SEO plugin v27.4 - https:\/\/yoast.com\/product\/yoast-seo-wordpress\/ -->\n<title>Accompagnement personnalis\u00e9<\/title>\n<meta name=\"description\" content=\"... Vous reprenez le travail et &nbsp; vous ne savez pas quoi faire avec votre allaitement : &nbsp; sevrer ? continuer ? Est-ce vraiment possible de\" \/>\n<meta name=\"robots\" content=\"index, follow, max-snippet:-1, max-image-preview:large, max-video-preview:-1\" \/>\n<link rel=\"canonical\" href=\"https:\/\/www.lactissima.com\/a-tire-d-ailes\/accompagnement-personnalise\/\" \/>\n<meta property=\"og:locale\" content=\"fr_FR\" \/>\n<meta property=\"og:type\" content=\"article\" \/>\n<meta property=\"og:title\" content=\"Accompagnement personnalis\u00e9\" \/>\n<meta property=\"og:description\" content=\"... Vous reprenez le travail et &nbsp; vous ne savez pas quoi faire avec votre allaitement : &nbsp; sevrer ? continuer ? Est-ce vraiment possible de\" \/>\n<meta property=\"og:url\" content=\"https:\/\/www.lactissima.com\/a-tire-d-ailes\/accompagnement-personnalise\/\" \/>\n<meta property=\"og:site_name\" content=\"A tire d&#039;Ailes\" \/>\n<meta property=\"article:publisher\" content=\"https:\/\/www.facebook.com\/consultante.en.lactation\" \/>\n<meta property=\"article:modified_time\" content=\"2023-05-01T13:11:18+00:00\" \/>\n<meta property=\"og:image\" content=\"https:\/\/www.lactissima.com\/a-tire-d-ailes\/wp-content\/uploads\/2018\/04\/je-vous-accompagne3.png\" \/>\n\t<meta property=\"og:image:width\" content=\"629\" \/>\n\t<meta property=\"og:image:height\" content=\"353\" \/>\n\t<meta property=\"og:image:type\" content=\"image\/png\" \/>\n<meta name=\"twitter:card\" content=\"summary_large_image\" \/>\n<meta name=\"twitter:site\" content=\"@VeroniqueIBCLC\" \/>\n<meta name=\"twitter:label1\" content=\"Dur\u00e9e de lecture estim\u00e9e\" \/>\n\t<meta name=\"twitter:data1\" content=\"4 minutes\" \/>\n<script type=\"application\/ld+json\" class=\"yoast-schema-graph\">{\"@context\":\"https:\\\/\\\/schema.org\",\"@graph\":[{\"@type\":\"WebPage\",\"@id\":\"https:\\\/\\\/www.lactissima.com\\\/a-tire-d-ailes\\\/accompagnement-personnalise\\\/\",\"url\":\"https:\\\/\\\/www.lactissima.com\\\/a-tire-d-ailes\\\/accompagnement-personnalise\\\/\",\"name\":\"Accompagnement personnalis\u00e9\",\"isPartOf\":{\"@id\":\"https:\\\/\\\/www.lactissima.com\\\/a-tire-d-ailes\\\/#website\"},\"primaryImageOfPage\":{\"@id\":\"https:\\\/\\\/www.lactissima.com\\\/a-tire-d-ailes\\\/accompagnement-personnalise\\\/#primaryimage\"},\"image\":{\"@id\":\"https:\\\/\\\/www.lactissima.com\\\/a-tire-d-ailes\\\/accompagnement-personnalise\\\/#primaryimage\"},\"thumbnailUrl\":\"https:\\\/\\\/www.lactissima.com\\\/a-tire-d-ailes\\\/wp-content\\\/uploads\\\/2018\\\/04\\\/je-vous-accompagne3.png\",\"datePublished\":\"2018-04-02T15:05:15+00:00\",\"dateModified\":\"2023-05-01T13:11:18+00:00\",\"description\":\"... Vous reprenez le travail et &nbsp; vous ne savez pas quoi faire avec votre allaitement : &nbsp; sevrer ? continuer ? Est-ce vraiment possible de\",\"breadcrumb\":{\"@id\":\"https:\\\/\\\/www.lactissima.com\\\/a-tire-d-ailes\\\/accompagnement-personnalise\\\/#breadcrumb\"},\"inLanguage\":\"fr-FR\",\"potentialAction\":[{\"@type\":\"ReadAction\",\"target\":[\"https:\\\/\\\/www.lactissima.com\\\/a-tire-d-ailes\\\/accompagnement-personnalise\\\/\"]}]},{\"@type\":\"ImageObject\",\"inLanguage\":\"fr-FR\",\"@id\":\"https:\\\/\\\/www.lactissima.com\\\/a-tire-d-ailes\\\/accompagnement-personnalise\\\/#primaryimage\",\"url\":\"https:\\\/\\\/www.lactissima.com\\\/a-tire-d-ailes\\\/wp-content\\\/uploads\\\/2018\\\/04\\\/je-vous-accompagne3.png\",\"contentUrl\":\"https:\\\/\\\/www.lactissima.com\\\/a-tire-d-ailes\\\/wp-content\\\/uploads\\\/2018\\\/04\\\/je-vous-accompagne3.png\",\"width\":629,\"height\":353},{\"@type\":\"BreadcrumbList\",\"@id\":\"https:\\\/\\\/www.lactissima.com\\\/a-tire-d-ailes\\\/accompagnement-personnalise\\\/#breadcrumb\",\"itemListElement\":[{\"@type\":\"ListItem\",\"position\":1,\"name\":\"Accueil\",\"item\":\"https:\\\/\\\/www.lactissima.com\\\/a-tire-d-ailes\\\/\"},{\"@type\":\"ListItem\",\"position\":2,\"name\":\"Accompagnement personnalis\u00e9\"}]},{\"@type\":\"WebSite\",\"@id\":\"https:\\\/\\\/www.lactissima.com\\\/a-tire-d-ailes\\\/#website\",\"url\":\"https:\\\/\\\/www.lactissima.com\\\/a-tire-d-ailes\\\/\",\"name\":\"A tire d&#039;Ailes\",\"description\":\"Le blog des femmes qui allaitent et travaillent.\",\"potentialAction\":[{\"@type\":\"SearchAction\",\"target\":{\"@type\":\"EntryPoint\",\"urlTemplate\":\"https:\\\/\\\/www.lactissima.com\\\/a-tire-d-ailes\\\/?s={search_term_string}\"},\"query-input\":{\"@type\":\"PropertyValueSpecification\",\"valueRequired\":true,\"valueName\":\"search_term_string\"}}],\"inLanguage\":\"fr-FR\"}]}<\/script>\n<!-- \/ Yoast SEO plugin. -->","yoast_head_json":{"title":"Accompagnement personnalis\u00e9","description":"... Vous reprenez le travail et &nbsp; vous ne savez pas quoi faire avec votre allaitement : &nbsp; sevrer ? continuer ? Est-ce vraiment possible de","robots":{"index":"index","follow":"follow","max-snippet":"max-snippet:-1","max-image-preview":"max-image-preview:large","max-video-preview":"max-video-preview:-1"},"canonical":"https:\/\/www.lactissima.com\/a-tire-d-ailes\/accompagnement-personnalise\/","og_locale":"fr_FR","og_type":"article","og_title":"Accompagnement personnalis\u00e9","og_description":"... Vous reprenez le travail et &nbsp; vous ne savez pas quoi faire avec votre allaitement : &nbsp; sevrer ? continuer ? Est-ce vraiment possible de","og_url":"https:\/\/www.lactissima.com\/a-tire-d-ailes\/accompagnement-personnalise\/","og_site_name":"A tire d&#039;Ailes","article_publisher":"https:\/\/www.facebook.com\/consultante.en.lactation","article_modified_time":"2023-05-01T13:11:18+00:00","og_image":[{"width":629,"height":353,"url":"https:\/\/www.lactissima.com\/a-tire-d-ailes\/wp-content\/uploads\/2018\/04\/je-vous-accompagne3.png","type":"image\/png"}],"twitter_card":"summary_large_image","twitter_site":"@VeroniqueIBCLC","twitter_misc":{"Dur\u00e9e de lecture estim\u00e9e":"4 minutes"},"schema":{"@context":"https:\/\/schema.org","@graph":[{"@type":"WebPage","@id":"https:\/\/www.lactissima.com\/a-tire-d-ailes\/accompagnement-personnalise\/","url":"https:\/\/www.lactissima.com\/a-tire-d-ailes\/accompagnement-personnalise\/","name":"Accompagnement personnalis\u00e9","isPartOf":{"@id":"https:\/\/www.lactissima.com\/a-tire-d-ailes\/#website"},"primaryImageOfPage":{"@id":"https:\/\/www.lactissima.com\/a-tire-d-ailes\/accompagnement-personnalise\/#primaryimage"},"image":{"@id":"https:\/\/www.lactissima.com\/a-tire-d-ailes\/accompagnement-personnalise\/#primaryimage"},"thumbnailUrl":"https:\/\/www.lactissima.com\/a-tire-d-ailes\/wp-content\/uploads\/2018\/04\/je-vous-accompagne3.png","datePublished":"2018-04-02T15:05:15+00:00","dateModified":"2023-05-01T13:11:18+00:00","description":"... Vous reprenez le travail et &nbsp; vous ne savez pas quoi faire avec votre allaitement : &nbsp; sevrer ? continuer ? Est-ce vraiment possible de","breadcrumb":{"@id":"https:\/\/www.lactissima.com\/a-tire-d-ailes\/accompagnement-personnalise\/#breadcrumb"},"inLanguage":"fr-FR","potentialAction":[{"@type":"ReadAction","target":["https:\/\/www.lactissima.com\/a-tire-d-ailes\/accompagnement-personnalise\/"]}]},{"@type":"ImageObject","inLanguage":"fr-FR","@id":"https:\/\/www.lactissima.com\/a-tire-d-ailes\/accompagnement-personnalise\/#primaryimage","url":"https:\/\/www.lactissima.com\/a-tire-d-ailes\/wp-content\/uploads\/2018\/04\/je-vous-accompagne3.png","contentUrl":"https:\/\/www.lactissima.com\/a-tire-d-ailes\/wp-content\/uploads\/2018\/04\/je-vous-accompagne3.png","width":629,"height":353},{"@type":"BreadcrumbList","@id":"https:\/\/www.lactissima.com\/a-tire-d-ailes\/accompagnement-personnalise\/#breadcrumb","itemListElement":[{"@type":"ListItem","position":1,"name":"Accueil","item":"https:\/\/www.lactissima.com\/a-tire-d-ailes\/"},{"@type":"ListItem","position":2,"name":"Accompagnement personnalis\u00e9"}]},{"@type":"WebSite","@id":"https:\/\/www.lactissima.com\/a-tire-d-ailes\/#website","url":"https:\/\/www.lactissima.com\/a-tire-d-ailes\/","name":"A tire d&#039;Ailes","description":"Le blog des femmes qui allaitent et travaillent.","potentialAction":[{"@type":"SearchAction","target":{"@type":"EntryPoint","urlTemplate":"https:\/\/www.lactissima.com\/a-tire-d-ailes\/?s={search_term_string}"},"query-input":{"@type":"PropertyValueSpecification","valueRequired":true,"valueName":"search_term_string"}}],"inLanguage":"fr-FR"}]}},"_links":{"self":[{"href":"https:\/\/www.lactissima.com\/a-tire-d-ailes\/wp-json\/wp\/v2\/pages\/7587","targetHints":{"allow":["GET"]}}],"collection":[{"href":"https:\/\/www.lactissima.com\/a-tire-d-ailes\/wp-json\/wp\/v2\/pages"}],"about":[{"href":"https:\/\/www.lactissima.com\/a-tire-d-ailes\/wp-json\/wp\/v2\/types\/page"}],"author":[{"embeddable":true,"href":"https:\/\/www.lactissima.com\/a-tire-d-ailes\/wp-json\/wp\/v2\/users\/170"}],"replies":[{"embeddable":true,"href":"https:\/\/www.lactissima.com\/a-tire-d-ailes\/wp-json\/wp\/v2\/comments?post=7587"}],"version-history":[{"count":29,"href":"https:\/\/www.lactissima.com\/a-tire-d-ailes\/wp-json\/wp\/v2\/pages\/7587\/revisions"}],"predecessor-version":[{"id":8806,"href":"https:\/\/www.lactissima.com\/a-tire-d-ailes\/wp-json\/wp\/v2\/pages\/7587\/revisions\/8806"}],"wp:featuredmedia":[{"embeddable":true,"href":"https:\/\/www.lactissima.com\/a-tire-d-ailes\/wp-json\/wp\/v2\/media\/7718"}],"wp:attachment":[{"href":"https:\/\/www.lactissima.com\/a-tire-d-ailes\/wp-json\/wp\/v2\/media?parent=7587"}],"curies":[{"name":"wp","href":"https:\/\/api.w.org\/{rel}","templated":true}]}}