{"id":7478,"date":"2018-01-04T12:46:14","date_gmt":"2018-01-04T11:46:14","guid":{"rendered":"https:\/\/www.lactissima.com\/a-tire-d-ailes\/?page_id=7478"},"modified":"2018-12-20T12:28:48","modified_gmt":"2018-12-20T11:28:48","slug":"2018-2","status":"publish","type":"page","link":"https:\/\/www.lactissima.com\/a-tire-d-ailes\/liste-des-articles-2\/2018-2\/","title":{"rendered":"2018"},"content":{"rendered":"<p>Voici tous les articles pour concilier l&rsquo;allaitement au travail parus en 2018. Si vous ne trouvez pas ce que vous cherchez, n&rsquo;h\u00e9sitez pas \u00e0 utiliser l&rsquo;onglet de recherche.<\/p>\n<p><img loading=\"lazy\" decoding=\"async\" class=\"alignright\" src=\"https:\/\/www.lactissima.com\/a-tire-d-ailes\/wp-content\/uploads\/2018\/01\/myrtille.jpg\" alt=\"allaitement et travail\" width=\"242\" height=\"322\" \/><\/p>\n<p><a href=\"https:\/\/www.lactissima.com\/a-tire-d-ailes\/la-revue-de-presse-da-tire-dailes-89\/\" target=\"_blank\" rel=\"noopener\">La revue de presse d\u2019A tire d\u2019Ailes (89)<\/a><\/p>\n<p>Beaucoup d&rsquo;articles et des vid\u00e9os pleines d&rsquo;humour pour une fin d&rsquo;ann\u00e9e dans la bonne humeur.<\/p>\n<p><a href=\"https:\/\/www.lactissima.com\/a-tire-d-ailes\/le-sevrage-dun-bambin-sonia\/\" target=\"_blank\" rel=\"noopener\">Le sevrage d&rsquo;un bambin : Sonia<\/a><\/p>\n<p>Sonia a allait\u00e9 sa fille jusqu&rsquo;\u00e0 plus de 3 ans et l&rsquo;a sevr\u00e9e par \u00e9tapes.<\/p>\n<p><a href=\"https:\/\/www.lactissima.com\/a-tire-d-ailes\/allaiter-et-travailler-le-temoignage-de-florence-3\/\" target=\"_blank\" rel=\"noopener\">Allaiter et travailler : le t\u00e9moignage de Florence<\/a><\/p>\n<p>Florence a stock\u00e9 son lait sous forme de gla\u00e7ons&#8230;<\/p>\n<p><a href=\"https:\/\/www.lactissima.com\/a-tire-d-ailes\/un-tire-lait-nest-pas-indispensable-tirer-son-lait-a-la-main\/\" target=\"_blank\" rel=\"noopener\">Un tire-lait n&rsquo;est pas indispensable&#8230;<\/a><\/p>\n<p>On peut tirer son lait au travail sans prendre un tire-lait. Tirer son lait \u00e0 la main est tout \u00e0 fait possible.<\/p>\n<p><a href=\"https:\/\/www.lactissima.com\/a-tire-d-ailes\/allaiter-et-travailler-le-temoignage-de-yacine\/\" target=\"_blank\" rel=\"noopener\">Allaiter et travailler : le t\u00e9moignage de Yacine<\/a><\/p>\n<p>Yacine n&rsquo;a tir\u00e9 son lait que \u00e0 la maison et pas sur son lieu de travail et a r\u00e9ussi \u00e0 maintenir son allaitement. Un bel encouragement pour toutes les mamans.<\/p>\n<p><a href=\"https:\/\/www.lactissima.com\/a-tire-d-ailes\/que-faire-dun-biberon-de-lait-maternel-entame\/\" target=\"_blank\" rel=\"noopener\">Que faire d&rsquo;un biberon de lait maternel entam\u00e9 ?<\/a><\/p>\n<p>Un biberon de lait maternel entam\u00e9 ne doit pas forc\u00e9ment \u00eatre jet\u00e9.<\/p>\n<p><a href=\"https:\/\/www.lactissima.com\/a-tire-d-ailes\/fausses-informations-et-idees-recues-sur-allaitement-et-travail\/\" target=\"_blank\" rel=\"noopener\">Fausses informations et id\u00e9es re\u00e7ues sur allaitement et travail<\/a><\/p>\n<p>Ne vous fiez pas \u00e0 toutes les id\u00e9es qui circulent sur l&rsquo;allaitement \u00e0 la reprise du travail !<\/p>\n<p><a href=\"https:\/\/www.lactissima.com\/a-tire-d-ailes\/la-revue-de-presse-da-tire-dailes-87\/\">La revue de presse d\u2019A tire d\u2019Ailes (87)<\/a><\/p>\n<p>Une revue de presse qui nous pr\u00e9sente de supers mamans !<\/p>\n<p><a href=\"https:\/\/www.lactissima.com\/a-tire-d-ailes\/allaiter-et-travailler-le-temoignage-de-celine-2\/\" target=\"_blank\" rel=\"noopener\">Allaiter et travailler : le t\u00e9moignage de C\u00e9line<\/a><\/p>\n<p>C\u00e9line est avocate. Elle n&rsquo;a rien demand\u00e9 au travail et a poursuivi son allaitement tout en tirant son lait.<\/p>\n<p><a href=\"https:\/\/www.lactissima.com\/a-tire-d-ailes\/entretien-du-tire-lait\/\" target=\"_blank\" rel=\"noopener\">Comment entretenir son tire-lait ?<\/a><\/p>\n<p style=\"text-align: justify;\">L&rsquo;entretien du tire-lait est simple mais absolument n\u00e9cessaire. Voici les \u00e9l\u00e9ments \u00e0 retenir.<\/p>\n<p><a href=\"https:\/\/www.lactissima.com\/a-tire-d-ailes\/allaiter-et-travailler-le-temoignage-de-sophie-3\/\" target=\"_blank\" rel=\"noopener\">Allaiter et travailler : le t\u00e9moignage de Sophie<\/a><\/p>\n<p>Sophie est m\u00e9decin anesth\u00e9siste est a tir\u00e9 son lait au travail.<\/p>\n<p><a href=\"https:\/\/www.lactissima.com\/a-tire-d-ailes\/la-revue-de-presse-da-tire-dailes-86\/\">La revue de presse d\u2019A tire d\u2019Ailes (86)<\/a><\/p>\n<p>Une revue de presse riche en images. Vous y d\u00e9couvrirez \u00e9galement mon nouveau livre.<\/p>\n<p><a href=\"https:\/\/www.lactissima.com\/a-tire-d-ailes\/allaiter-et-reprendre-le-travail-le-livre\/\" target=\"_blank\" rel=\"noopener\">Allaiter et reprendre le travail : le livre<\/a><\/p>\n<p>Un v\u00e9ritable guide pratique mis \u00e0 jour et augment\u00e9 pour toutes les femmes qui reprennent le travail.<\/p>\n<p><a href=\"https:\/\/www.lactissima.com\/a-tire-d-ailes\/des-nouveautes-en-matiere-de-tire-lait\/\" target=\"_blank\" rel=\"noopener\">Des nouveaut\u00e9s en mati\u00e8re de tire-lait<\/a><\/p>\n<p>Un nouveau mod\u00e8le de tire-lait devrait vous s\u00e9duire pour la reprise du travail.<\/p>\n<p><a href=\"https:\/\/www.lactissima.com\/a-tire-d-ailes\/la-revue-de-presse-da-tire-dailes-85\/\" target=\"_blank\" rel=\"noopener\">La revue de presse d\u2019A tire d\u2019Ailes (85)<\/a><\/p>\n<p>Une revue de presse avec du s\u00e9rieux, de l&rsquo;humour et du vivant !<\/p>\n<p><a href=\"https:\/\/www.lactissima.com\/a-tire-d-ailes\/repousser-la-reprise-du-travail-vos-reponses\/\" target=\"_blank\" rel=\"noopener\">Repousser la reprise du travail : vos r\u00e9ponses<\/a><\/p>\n<p style=\"text-align: justify;\">Pr\u00e8s de 90% des femmes ayant r\u00e9pondu \u00e0 mon questionnaire ont repouss\u00e9 leur retour au travail pour l&rsquo;allaitement. De quoi se poser des questions !<\/p>\n<p><a href=\"https:\/\/www.lactissima.com\/a-tire-d-ailes\/repousser-la-reprise-du-travail-pour-lallaitement\/\" target=\"_blank\" rel=\"noopener\">Repousser la reprise du travail pour l&rsquo;allaitement<\/a><\/p>\n<p style=\"text-align: justify;\">Avez-vous repouss\u00e9 votre reprise du travail pour pouvoir poursuivre l&rsquo;allaitement ? Voici un questionnaire que vous pouvez faire circuler.<\/p>\n<p style=\"text-align: justify;\"><a href=\"https:\/\/www.lactissima.com\/a-tire-d-ailes\/allaiter-et-travailler-le-temoignage-de-celine\/\" target=\"_blank\" rel=\"noopener\">Allaiter et travailler : le t\u00e9moignage de C\u00e9line<\/a><\/p>\n<p style=\"text-align: justify;\">C\u00e9line a repris le travail en tirant son lait, \u00e0 flux tendu, sans marge de man\u0153uvre. Et gr\u00e2ce \u00e0 son assistante maternelle, \u00e7a a march\u00e9 !<\/p>\n<p><a href=\"https:\/\/www.lactissima.com\/a-tire-d-ailes\/la-revue-de-presse-da-tire-dailes-84\/\" target=\"_blank\" rel=\"noopener\">La revue de presse d\u2019A tire d\u2019Ailes (84)<\/a><\/p>\n<p>La revue de presse de ce dernier mois allie information et humour.<\/p>\n<p style=\"text-align: justify;\"><a href=\"https:\/\/www.lactissima.com\/a-tire-d-ailes\/nouvelles-courbes-de-poids\/\" target=\"_blank\" rel=\"noopener\">Nouvelles courbes de poids<\/a><\/p>\n<p style=\"text-align: justify;\">Les courbes de poids du nouveau carnet de sant\u00e9 et celles de l&rsquo;OMS sont tr\u00e8s proches.<\/p>\n<p style=\"text-align: justify;\"><a href=\"https:\/\/www.lactissima.com\/a-tire-d-ailes\/le-temoignage-daudrey-son-allaitement-et-sa-reprise-du-travail\/\" target=\"_blank\" rel=\"noopener\">Le t\u00e9moignage d&rsquo;Audrey : son allaitement&#8230;et sa reprise du travail<\/a><\/p>\n<p style=\"text-align: justify;\">Audrey a d\u00e9marr\u00e9 un allaitement compliqu\u00e9. A la reprise du travail, elle a poursuivi l&rsquo;allaitement, sans tirer son lait.<\/p>\n<p style=\"text-align: justify;\"><a href=\"https:\/\/www.lactissima.com\/a-tire-d-ailes\/le-lait-maternel-congele-vos-photos\/\" target=\"_blank\" rel=\"noopener\">Le lait maternel congel\u00e9 : vos photos<\/a><\/p>\n<p style=\"text-align: justify;\">Les lectrices du blog ont partag\u00e9 leurs photos de lait maternel congel\u00e9 et d\u00e9congel\u00e9.<\/p>\n<p style=\"text-align: justify;\"><a href=\"https:\/\/www.lactissima.com\/a-tire-d-ailes\/la-revue-de-presse-da-tire-dailes-83\/\" target=\"_blank\" rel=\"noopener\">La revue de presse d\u2019A tire d\u2019Ailes (83)<\/a><\/p>\n<p style=\"text-align: justify;\">Une revue de presse tr\u00e8s riche en vid\u00e9os !<\/p>\n<p style=\"text-align: justify;\"><a href=\"https:\/\/www.lactissima.com\/a-tire-d-ailes\/le-lait-maternel-congele\/\" target=\"_blank\" rel=\"noopener\">Le lait maternel congel\u00e9<\/a><\/p>\n<p style=\"text-align: justify;\">J&rsquo;ai besoin de vous pour montrer \u00e0 quoi ressemble le lait maternel congel\u00e9.<\/p>\n<p style=\"text-align: justify;\"><a href=\"https:\/\/www.lactissima.com\/a-tire-d-ailes\/le-temoignage-dhelene-son-allaitement-et-sa-reprise-du-travail\/\" target=\"_blank\" rel=\"noopener\">Le t\u00e9moignage d&rsquo;H\u00e9l\u00e8ne : son allaitement&#8230;et sa reprise du travail<\/a><\/p>\n<p style=\"text-align: justify;\">H\u00e9l\u00e8ne allaite depuis 10 mois, tout en travaillant et surtout en souffrant d&rsquo;une candidose chronique&#8230;<\/p>\n<p><a href=\"https:\/\/www.lactissima.com\/a-tire-d-ailes\/la-revue-de-presse-da-tire-dailes-82\/\" target=\"_blank\" rel=\"noopener\">La revue de presse d\u2019A tire d\u2019Ailes (82)<\/a><\/p>\n<p>Beaucoup d&rsquo;\u00e9tudes sur l&rsquo;allaitement au mois de mars.<\/p>\n<p style=\"text-align: justify;\"><a href=\"https:\/\/www.lactissima.com\/a-tire-d-ailes\/je-narrive-pas-a-tirer-mon-lait\/\" target=\"_blank\" rel=\"noopener\">Je n&rsquo;arrive pas \u00e0 tirer mon lait<\/a><\/p>\n<p style=\"text-align: justify;\">Ce n&rsquo;est pas toujours \u00e9vident de tirer son lait. Si vous n&rsquo;y arrivez pas, voici des pistes.<\/p>\n<p style=\"text-align: justify;\"><a href=\"https:\/\/www.lactissima.com\/a-tire-d-ailes\/petites-teterelles\/\" target=\"_blank\" rel=\"noopener\">Petites t\u00e9terelles<\/a><\/p>\n<p style=\"text-align: justify;\">Comment faire quand la plus petite taille de t\u00e9terelles est encore trop grande ?<\/p>\n<p style=\"text-align: justify;\"><a href=\"https:\/\/www.lactissima.com\/a-tire-d-ailes\/lallaitement-de-jumelles-le-temoignage-de-ghislaine\/\" target=\"_blank\" rel=\"noopener\">L&rsquo;allaitement de jumelles : le t\u00e9moignage de Ghislaine<\/a><\/p>\n<p style=\"text-align: justify;\">Allaiter des jumeaux est tr\u00e8s prenant. Mais Ghislaine est tr\u00e8s fi\u00e8re de l&rsquo;avoir r\u00e9ussi !<\/p>\n<p style=\"text-align: justify;\"><a href=\"https:\/\/www.lactissima.com\/a-tire-d-ailes\/allaiter-et-travailler-le-temoignage-d-elsa\/\" target=\"_blank\" rel=\"noopener\">La revue de presse d\u2019A tire d\u2019Ailes (81)<\/a><\/p>\n<p style=\"text-align: justify;\">Beaucoup d&rsquo;articles et d&rsquo;\u00e9tudes ce dernier mois.<\/p>\n<p style=\"text-align: justify;\"><a href=\"https:\/\/www.lactissima.com\/a-tire-d-ailes\/allaiter-et-travailler-le-temoignage-d-elsa\/\" target=\"_blank\" rel=\"noopener\">Allaiter et travailler : le t\u00e9moignage d&rsquo;Elsa<\/a><\/p>\n<p>Elsa s&rsquo;est aper\u00e7ue qu&rsquo;elle n&rsquo;\u00e9tait pas oblig\u00e9e de tirer son lait pour maintenir son allaitement en reprenant le travail.<\/p>\n<p style=\"text-align: justify;\"><a href=\"https:\/\/www.lactissima.com\/a-tire-d-ailes\/vos-collegues-lallaitement\/\" target=\"_blank\" rel=\"noopener\">Vos r\u00e9ponses : vos coll\u00e8gues et l&rsquo;allaitement<\/a><\/p>\n<p style=\"text-align: justify;\">Les r\u00e9actions de vos coll\u00e8gues lorsque vous tirez le lait au travail sont tr\u00e8s contrast\u00e9es : de l&rsquo;encouragement au tr\u00e8s d\u00e9sagr\u00e9able.<\/p>\n<p style=\"text-align: justify;\"><a href=\"https:\/\/www.lactissima.com\/a-tire-d-ailes\/vos-collegues-lallaitement\/\" target=\"_blank\" rel=\"noopener\">Vos coll\u00e8gues et l&rsquo;allaitement<\/a><\/p>\n<p style=\"text-align: justify;\">Comment vos coll\u00e8gues r\u00e9agissent au fait que vous tiriez votre lait au travail ?<\/p>\n<p><a href=\"https:\/\/www.lactissima.com\/a-tire-d-ailes\/pauses-dallaitement-fonctionnaires\/\" target=\"_blank\" rel=\"noopener\">Pauses d&rsquo;allaitement pour les fonctionnaires<\/a><\/p>\n<p>Oui les fonctionnaires ont droit \u00e0 l&rsquo;heure d&rsquo;allaitement. Ne vous laissez pas faire !<\/p>\n<p><a href=\"https:\/\/www.lactissima.com\/a-tire-d-ailes\/revue-de-presse-da-tire-dailes-80\/\">La revue de presse d\u2019A tire d\u2019Ailes (80)<\/a><\/p>\n<p>Un peu d&rsquo;humour fait du bien !<\/p>\n<p><a href=\"https:\/\/www.lactissima.com\/a-tire-d-ailes\/la-premiere-fois-quon-utilise-un-tire-lait\/\" target=\"_blank\" rel=\"noopener\">La premi\u00e8re fois qu&rsquo;on utilise un tire-lait<\/a><\/p>\n<p>Utiliser un tire-lait pour la premi\u00e8re fois peut faire peur. Pas de panique, je vous guide&#8230;<\/p>\n<p style=\"text-align: justify;\"><a href=\"https:\/\/www.lactissima.com\/a-tire-d-ailes\/questions-autour-lait-de-fin-de-tetee\/\" target=\"_blank\" rel=\"noopener\">Questions autour du lait de fin de t\u00e9t\u00e9e<\/a><\/p>\n<p style=\"text-align: justify;\">Votre lait varie en cours de t\u00e9t\u00e9e et le lait de fin de t\u00e9t\u00e9e est plus gras. Mais votre lait est toujours nourrissant pour votre b\u00e9b\u00e9, m\u00eame au d\u00e9but de la t\u00e9t\u00e9e !<\/p>\n<p><a href=\"https:\/\/www.lactissima.com\/a-tire-d-ailes\/allaiter-et-travailler-le-temoignage-de-myrtille\/\" target=\"_blank\" rel=\"noopener\">Allaiter et travailler : le t\u00e9moignage de Myrtille<\/a><\/p>\n<p>Myrtille a choisi de reprendre le travail aux 10 mois de sa fille et de tirer son lait au travail.<\/p>\n<p>&nbsp;<\/p>\n<p>&nbsp;<\/p>\n","protected":false},"excerpt":{"rendered":"<p>Voici tous les articles pour concilier l&rsquo;allaitement au travail parus en 2018. Si vous ne trouvez pas ce que vous cherchez, n&rsquo;h\u00e9sitez pas \u00e0 utiliser l&rsquo;onglet de recherche. La revue de presse d\u2019A tire d\u2019Ailes (89) Beaucoup d&rsquo;articles et des vid\u00e9os pleines d&rsquo;humour pour une fin d&rsquo;ann\u00e9e dans la bonne humeur. Le sevrage d&rsquo;un bambin [&hellip;]<\/p>\n","protected":false},"author":170,"featured_media":7474,"parent":2443,"menu_order":10,"comment_status":"closed","ping_status":"closed","template":"","meta":{"_et_pb_use_builder":"","_et_pb_old_content":"","_et_gb_content_width":"","footnotes":""},"class_list":["post-7478","page","type-page","status-publish","has-post-thumbnail","hentry"],"yoast_head":"<!-- This site is optimized with the Yoast SEO plugin v27.4 - https:\/\/yoast.com\/product\/yoast-seo-wordpress\/ -->\n<title>2018<\/title>\n<meta name=\"description\" content=\"Voici tous les articles pour concilier l&#039;allaitement au travail parus en 2018. Si vous ne trouvez pas ce que vous cherchez, n&#039;h\u00e9sitez pas \u00e0 utiliser\" \/>\n<meta name=\"robots\" content=\"index, follow, max-snippet:-1, max-image-preview:large, max-video-preview:-1\" \/>\n<link rel=\"canonical\" href=\"https:\/\/www.lactissima.com\/a-tire-d-ailes\/liste-des-articles-2\/2018-2\/\" \/>\n<meta property=\"og:locale\" content=\"fr_FR\" \/>\n<meta property=\"og:type\" content=\"article\" \/>\n<meta property=\"og:title\" content=\"2018\" \/>\n<meta property=\"og:description\" content=\"Voici tous les articles pour concilier l&#039;allaitement au travail parus en 2018. Si vous ne trouvez pas ce que vous cherchez, n&#039;h\u00e9sitez pas \u00e0 utiliser\" \/>\n<meta property=\"og:url\" content=\"https:\/\/www.lactissima.com\/a-tire-d-ailes\/liste-des-articles-2\/2018-2\/\" \/>\n<meta property=\"og:site_name\" content=\"A tire d&#039;Ailes\" \/>\n<meta property=\"article:publisher\" content=\"https:\/\/www.facebook.com\/consultante.en.lactation\" \/>\n<meta property=\"article:modified_time\" content=\"2018-12-20T11:28:48+00:00\" \/>\n<meta property=\"og:image\" content=\"https:\/\/www.lactissima.com\/a-tire-d-ailes\/wp-content\/uploads\/2018\/01\/myrtille.jpg\" \/>\n\t<meta property=\"og:image:width\" content=\"242\" \/>\n\t<meta property=\"og:image:height\" content=\"322\" \/>\n\t<meta property=\"og:image:type\" content=\"image\/jpeg\" \/>\n<meta name=\"twitter:card\" content=\"summary_large_image\" \/>\n<meta name=\"twitter:site\" content=\"@VeroniqueIBCLC\" \/>\n<meta name=\"twitter:label1\" content=\"Dur\u00e9e de lecture estim\u00e9e\" \/>\n\t<meta name=\"twitter:data1\" content=\"5 minutes\" \/>\n<script type=\"application\/ld+json\" class=\"yoast-schema-graph\">{\"@context\":\"https:\\\/\\\/schema.org\",\"@graph\":[{\"@type\":\"WebPage\",\"@id\":\"https:\\\/\\\/www.lactissima.com\\\/a-tire-d-ailes\\\/liste-des-articles-2\\\/2018-2\\\/\",\"url\":\"https:\\\/\\\/www.lactissima.com\\\/a-tire-d-ailes\\\/liste-des-articles-2\\\/2018-2\\\/\",\"name\":\"2018\",\"isPartOf\":{\"@id\":\"https:\\\/\\\/www.lactissima.com\\\/a-tire-d-ailes\\\/#website\"},\"primaryImageOfPage\":{\"@id\":\"https:\\\/\\\/www.lactissima.com\\\/a-tire-d-ailes\\\/liste-des-articles-2\\\/2018-2\\\/#primaryimage\"},\"image\":{\"@id\":\"https:\\\/\\\/www.lactissima.com\\\/a-tire-d-ailes\\\/liste-des-articles-2\\\/2018-2\\\/#primaryimage\"},\"thumbnailUrl\":\"https:\\\/\\\/www.lactissima.com\\\/a-tire-d-ailes\\\/wp-content\\\/uploads\\\/2018\\\/01\\\/myrtille.jpg\",\"datePublished\":\"2018-01-04T11:46:14+00:00\",\"dateModified\":\"2018-12-20T11:28:48+00:00\",\"description\":\"Voici tous les articles pour concilier l'allaitement au travail parus en 2018. Si vous ne trouvez pas ce que vous cherchez, n'h\u00e9sitez pas \u00e0 utiliser\",\"breadcrumb\":{\"@id\":\"https:\\\/\\\/www.lactissima.com\\\/a-tire-d-ailes\\\/liste-des-articles-2\\\/2018-2\\\/#breadcrumb\"},\"inLanguage\":\"fr-FR\",\"potentialAction\":[{\"@type\":\"ReadAction\",\"target\":[\"https:\\\/\\\/www.lactissima.com\\\/a-tire-d-ailes\\\/liste-des-articles-2\\\/2018-2\\\/\"]}]},{\"@type\":\"ImageObject\",\"inLanguage\":\"fr-FR\",\"@id\":\"https:\\\/\\\/www.lactissima.com\\\/a-tire-d-ailes\\\/liste-des-articles-2\\\/2018-2\\\/#primaryimage\",\"url\":\"https:\\\/\\\/www.lactissima.com\\\/a-tire-d-ailes\\\/wp-content\\\/uploads\\\/2018\\\/01\\\/myrtille.jpg\",\"contentUrl\":\"https:\\\/\\\/www.lactissima.com\\\/a-tire-d-ailes\\\/wp-content\\\/uploads\\\/2018\\\/01\\\/myrtille.jpg\",\"width\":242,\"height\":322,\"caption\":\"allaitement et travail\"},{\"@type\":\"BreadcrumbList\",\"@id\":\"https:\\\/\\\/www.lactissima.com\\\/a-tire-d-ailes\\\/liste-des-articles-2\\\/2018-2\\\/#breadcrumb\",\"itemListElement\":[{\"@type\":\"ListItem\",\"position\":1,\"name\":\"Accueil\",\"item\":\"https:\\\/\\\/www.lactissima.com\\\/a-tire-d-ailes\\\/\"},{\"@type\":\"ListItem\",\"position\":2,\"name\":\"Liste des articles\",\"item\":\"https:\\\/\\\/www.lactissima.com\\\/a-tire-d-ailes\\\/liste-des-articles-2\\\/\"},{\"@type\":\"ListItem\",\"position\":3,\"name\":\"2018\"}]},{\"@type\":\"WebSite\",\"@id\":\"https:\\\/\\\/www.lactissima.com\\\/a-tire-d-ailes\\\/#website\",\"url\":\"https:\\\/\\\/www.lactissima.com\\\/a-tire-d-ailes\\\/\",\"name\":\"A tire d&#039;Ailes\",\"description\":\"Le blog des femmes qui allaitent et travaillent.\",\"potentialAction\":[{\"@type\":\"SearchAction\",\"target\":{\"@type\":\"EntryPoint\",\"urlTemplate\":\"https:\\\/\\\/www.lactissima.com\\\/a-tire-d-ailes\\\/?s={search_term_string}\"},\"query-input\":{\"@type\":\"PropertyValueSpecification\",\"valueRequired\":true,\"valueName\":\"search_term_string\"}}],\"inLanguage\":\"fr-FR\"}]}<\/script>\n<!-- \/ Yoast SEO plugin. -->","yoast_head_json":{"title":"2018","description":"Voici tous les articles pour concilier l'allaitement au travail parus en 2018. Si vous ne trouvez pas ce que vous cherchez, n'h\u00e9sitez pas \u00e0 utiliser","robots":{"index":"index","follow":"follow","max-snippet":"max-snippet:-1","max-image-preview":"max-image-preview:large","max-video-preview":"max-video-preview:-1"},"canonical":"https:\/\/www.lactissima.com\/a-tire-d-ailes\/liste-des-articles-2\/2018-2\/","og_locale":"fr_FR","og_type":"article","og_title":"2018","og_description":"Voici tous les articles pour concilier l'allaitement au travail parus en 2018. Si vous ne trouvez pas ce que vous cherchez, n'h\u00e9sitez pas \u00e0 utiliser","og_url":"https:\/\/www.lactissima.com\/a-tire-d-ailes\/liste-des-articles-2\/2018-2\/","og_site_name":"A tire d&#039;Ailes","article_publisher":"https:\/\/www.facebook.com\/consultante.en.lactation","article_modified_time":"2018-12-20T11:28:48+00:00","og_image":[{"width":242,"height":322,"url":"https:\/\/www.lactissima.com\/a-tire-d-ailes\/wp-content\/uploads\/2018\/01\/myrtille.jpg","type":"image\/jpeg"}],"twitter_card":"summary_large_image","twitter_site":"@VeroniqueIBCLC","twitter_misc":{"Dur\u00e9e de lecture estim\u00e9e":"5 minutes"},"schema":{"@context":"https:\/\/schema.org","@graph":[{"@type":"WebPage","@id":"https:\/\/www.lactissima.com\/a-tire-d-ailes\/liste-des-articles-2\/2018-2\/","url":"https:\/\/www.lactissima.com\/a-tire-d-ailes\/liste-des-articles-2\/2018-2\/","name":"2018","isPartOf":{"@id":"https:\/\/www.lactissima.com\/a-tire-d-ailes\/#website"},"primaryImageOfPage":{"@id":"https:\/\/www.lactissima.com\/a-tire-d-ailes\/liste-des-articles-2\/2018-2\/#primaryimage"},"image":{"@id":"https:\/\/www.lactissima.com\/a-tire-d-ailes\/liste-des-articles-2\/2018-2\/#primaryimage"},"thumbnailUrl":"https:\/\/www.lactissima.com\/a-tire-d-ailes\/wp-content\/uploads\/2018\/01\/myrtille.jpg","datePublished":"2018-01-04T11:46:14+00:00","dateModified":"2018-12-20T11:28:48+00:00","description":"Voici tous les articles pour concilier l'allaitement au travail parus en 2018. Si vous ne trouvez pas ce que vous cherchez, n'h\u00e9sitez pas \u00e0 utiliser","breadcrumb":{"@id":"https:\/\/www.lactissima.com\/a-tire-d-ailes\/liste-des-articles-2\/2018-2\/#breadcrumb"},"inLanguage":"fr-FR","potentialAction":[{"@type":"ReadAction","target":["https:\/\/www.lactissima.com\/a-tire-d-ailes\/liste-des-articles-2\/2018-2\/"]}]},{"@type":"ImageObject","inLanguage":"fr-FR","@id":"https:\/\/www.lactissima.com\/a-tire-d-ailes\/liste-des-articles-2\/2018-2\/#primaryimage","url":"https:\/\/www.lactissima.com\/a-tire-d-ailes\/wp-content\/uploads\/2018\/01\/myrtille.jpg","contentUrl":"https:\/\/www.lactissima.com\/a-tire-d-ailes\/wp-content\/uploads\/2018\/01\/myrtille.jpg","width":242,"height":322,"caption":"allaitement et travail"},{"@type":"BreadcrumbList","@id":"https:\/\/www.lactissima.com\/a-tire-d-ailes\/liste-des-articles-2\/2018-2\/#breadcrumb","itemListElement":[{"@type":"ListItem","position":1,"name":"Accueil","item":"https:\/\/www.lactissima.com\/a-tire-d-ailes\/"},{"@type":"ListItem","position":2,"name":"Liste des articles","item":"https:\/\/www.lactissima.com\/a-tire-d-ailes\/liste-des-articles-2\/"},{"@type":"ListItem","position":3,"name":"2018"}]},{"@type":"WebSite","@id":"https:\/\/www.lactissima.com\/a-tire-d-ailes\/#website","url":"https:\/\/www.lactissima.com\/a-tire-d-ailes\/","name":"A tire d&#039;Ailes","description":"Le blog des femmes qui allaitent et travaillent.","potentialAction":[{"@type":"SearchAction","target":{"@type":"EntryPoint","urlTemplate":"https:\/\/www.lactissima.com\/a-tire-d-ailes\/?s={search_term_string}"},"query-input":{"@type":"PropertyValueSpecification","valueRequired":true,"valueName":"search_term_string"}}],"inLanguage":"fr-FR"}]}},"_links":{"self":[{"href":"https:\/\/www.lactissima.com\/a-tire-d-ailes\/wp-json\/wp\/v2\/pages\/7478","targetHints":{"allow":["GET"]}}],"collection":[{"href":"https:\/\/www.lactissima.com\/a-tire-d-ailes\/wp-json\/wp\/v2\/pages"}],"about":[{"href":"https:\/\/www.lactissima.com\/a-tire-d-ailes\/wp-json\/wp\/v2\/types\/page"}],"author":[{"embeddable":true,"href":"https:\/\/www.lactissima.com\/a-tire-d-ailes\/wp-json\/wp\/v2\/users\/170"}],"replies":[{"embeddable":true,"href":"https:\/\/www.lactissima.com\/a-tire-d-ailes\/wp-json\/wp\/v2\/comments?post=7478"}],"version-history":[{"count":45,"href":"https:\/\/www.lactissima.com\/a-tire-d-ailes\/wp-json\/wp\/v2\/pages\/7478\/revisions"}],"predecessor-version":[{"id":7955,"href":"https:\/\/www.lactissima.com\/a-tire-d-ailes\/wp-json\/wp\/v2\/pages\/7478\/revisions\/7955"}],"up":[{"embeddable":true,"href":"https:\/\/www.lactissima.com\/a-tire-d-ailes\/wp-json\/wp\/v2\/pages\/2443"}],"wp:featuredmedia":[{"embeddable":true,"href":"https:\/\/www.lactissima.com\/a-tire-d-ailes\/wp-json\/wp\/v2\/media\/7474"}],"wp:attachment":[{"href":"https:\/\/www.lactissima.com\/a-tire-d-ailes\/wp-json\/wp\/v2\/media?parent=7478"}],"curies":[{"name":"wp","href":"https:\/\/api.w.org\/{rel}","templated":true}]}}