{"id":7010,"date":"2017-01-05T12:14:38","date_gmt":"2017-01-05T11:14:38","guid":{"rendered":"https:\/\/www.lactissima.com\/a-tire-d-ailes\/?page_id=7010"},"modified":"2017-12-21T09:11:16","modified_gmt":"2017-12-21T08:11:16","slug":"2017-2","status":"publish","type":"page","link":"https:\/\/www.lactissima.com\/a-tire-d-ailes\/liste-des-articles-2\/2017-2\/","title":{"rendered":"2017"},"content":{"rendered":"<p style=\"text-align: justify;\"><img loading=\"lazy\" decoding=\"async\" class=\"alignright\" src=\"https:\/\/www.lactissima.com\/a-tire-d-ailes\/wp-content\/uploads\/2016\/01\/Emilie3.jpg\" alt=\"allaitement et travail\" width=\"319\" height=\"358\" \/>Voici tous les articles pour concilier l&rsquo;allaitement au travail parus en 2017. Si vous ne trouvez pas ce que vous cherchez, n&rsquo;h\u00e9sitez pas \u00e0 utiliser l&rsquo;onglet de recherche.<\/p>\n<p style=\"text-align: justify;\"><a href=\"https:\/\/www.lactissima.com\/a-tire-d-ailes\/la-revue-de-presse-da-tire-dailes-79\/\" target=\"_blank\" rel=\"noopener\">La revue de presse d\u2019A tire d\u2019Ailes (79)<\/a><\/p>\n<p style=\"text-align: justify;\">Je vous propose ma derni\u00e8re revue de presse de l&rsquo;ann\u00e9e 2017. En vous souhaitant de bonnes f\u00eates de fin d&rsquo;ann\u00e9e.<\/p>\n<p style=\"text-align: justify;\"><a href=\"https:\/\/www.lactissima.com\/a-tire-d-ailes\/le-sevrage-en-douceur\/\" target=\"_blank\" rel=\"noopener\">Le sevrage \u00ab\u00a0en douceur\u00a0\u00bb<\/a><\/p>\n<p style=\"text-align: justify;\">Vouloir \u00e9pargner les difficult\u00e9s \u00e0 son enfant est normal. Pour autant, vouloir un sevrage en douceur est illusoire. Le sevrage est difficile pour lui.<\/p>\n<p><a href=\"https:\/\/www.lactissima.com\/a-tire-d-ailes\/allaiter-et-travailler-le-temoignage-de-sandra\/\" target=\"_blank\" rel=\"noopener\">Allaiter et travailler : le t\u00e9moignage de Sandra<\/a><\/p>\n<p>Sandra nous livre son exp\u00e9rience au fil des jours.<\/p>\n<p style=\"text-align: justify;\"><a href=\"https:\/\/www.lactissima.com\/a-tire-d-ailes\/allaiter-travailler-temoignage-de-viviane\/\" target=\"_blank\" rel=\"noopener\">Allaiter et travailler : le t\u00e9moignage de Viviane<\/a><\/p>\n<p style=\"text-align: justify;\">Viviane est aide-soignante et poursuivre l&rsquo;allaitement \u00e0 la reprise du travail lui semblait impossible au d\u00e9part&#8230;<\/p>\n<p style=\"text-align: justify;\"><a href=\"https:\/\/www.lactissima.com\/a-tire-d-ailes\/revue-de-presse-da-tire-dailes-78\/\" target=\"_blank\" rel=\"noopener\">La revue de presse d\u2019A tire d\u2019Ailes (78)<\/a><\/p>\n<p style=\"text-align: justify;\">Une revue de presse tr\u00e8s compl\u00e8te, qui vous donne \u00e9galement des nouvelles du Centre allaitement V\u00e9ronique Darmangeat.<\/p>\n<p style=\"text-align: justify;\"><a href=\"https:\/\/www.lactissima.com\/a-tire-d-ailes\/reflexe-nauseeux-et-tetine-de-biberon\/\" target=\"_blank\" rel=\"noopener\">R\u00e9flexe naus\u00e9eux et t\u00e9tine de biberon<\/a><\/p>\n<p style=\"text-align: justify;\">Un r\u00e9flexe naus\u00e9eux hyperactif peut g\u00eaner un b\u00e9b\u00e9 au moment du passage au biberon.<\/p>\n<p style=\"text-align: justify;\"><a href=\"https:\/\/www.lactissima.com\/a-tire-d-ailes\/allaiter-et-travailler-le-temoignage-de-noemie\/\" target=\"_blank\" rel=\"noopener\">Allaiter et travailler : le t\u00e9moignage de No\u00e9mie<\/a><\/p>\n<p style=\"text-align: justify;\">No\u00e9mie est v\u00e9t\u00e9rinaire et poursuivre l&rsquo;allaitement \u00e0 la reprise du travail a \u00e9t\u00e9 un challenge.<\/p>\n<p style=\"text-align: justify;\"><a href=\"https:\/\/www.lactissima.com\/a-tire-d-ailes\/la-revue-de-presse-da-tire-dailes-77\/\" target=\"_blank\" rel=\"noopener\">La revue de presse d\u2019A tire d\u2019Ailes (77)<\/a><\/p>\n<p style=\"text-align: justify;\">Une revue de presse dans laquelle s&rsquo;invitent les h\u00e9ro\u00efnes de Disney.<\/p>\n<p style=\"text-align: justify;\"><a href=\"https:\/\/www.lactissima.com\/a-tire-d-ailes\/bebe-malade-a-la-creche\/\" target=\"_blank\" rel=\"noopener\">B\u00e9b\u00e9 malade \u00e0 la cr\u00e8che<\/a><\/p>\n<p style=\"text-align: justify;\">Un b\u00e9b\u00e9 malade \u00e0 la cr\u00e8che n&rsquo;est pas toujours un b\u00e9b\u00e9 qui n&rsquo;est pas allait\u00e9. L&rsquo;allaitement n&rsquo;est pas une assurance tout risque.<\/p>\n<p style=\"text-align: justify;\"><a href=\"https:\/\/www.lactissima.com\/a-tire-d-ailes\/allaiter-travailler-temoignage-de-virginie-3\/\" target=\"_blank\" rel=\"noopener\">Allaiter et travailler : le t\u00e9moignage de Virginie<\/a><\/p>\n<p style=\"text-align: justify;\">Virginie a tir\u00e9 son lait au travail&#8230;mais son b\u00e9b\u00e9 a refus\u00e9 les biberons la journ\u00e9e et compens\u00e9 en t\u00e9tant la nuit.<\/p>\n<p style=\"text-align: justify;\"><a href=\"https:\/\/www.lactissima.com\/a-tire-d-ailes\/allaiter-et-travailler-le-temoignage-de-salima\/\" target=\"_blank\" rel=\"noopener\">Allaiter et travailler : le t\u00e9moignage de Salima<\/a><\/p>\n<p style=\"text-align: justify;\">Salima a choisi \u00e0 la fois de tirer son lait \u00e0 la reprise du travail mais aussi d&rsquo;aller allaiter son b\u00e9b\u00e9 \u00e0 la cr\u00e8che le midi.<\/p>\n<p style=\"text-align: justify;\"><a href=\"https:\/\/www.lactissima.com\/a-tire-d-ailes\/revue-de-presse-da-tire-dailes-76\/\" target=\"_blank\" rel=\"noopener\">La revue de presse d\u2019A tire d\u2019Ailes (76)<\/a><\/p>\n<p style=\"text-align: justify;\">Une revue de presse riche en articles, avec un t\u00e9moignage bouleversant et un peu d&rsquo;humour.<\/p>\n<p style=\"text-align: justify;\"><a href=\"https:\/\/www.lactissima.com\/a-tire-d-ailes\/lalimentation-a-creche-apres-6-mois\/\" target=\"_blank\" rel=\"noopener\">L&rsquo;alimentation \u00e0 la cr\u00e8che apr\u00e8s 6 mois<\/a><\/p>\n<p style=\"text-align: justify;\">Les b\u00e9b\u00e9s de 6 mois \u00e0 1 an gard\u00e9s en cr\u00e8che n&rsquo;ont pas une ration de lait maternel suffisante. L&rsquo;alimentation en cr\u00e8che est faite pour les b\u00e9b\u00e9s au biberon.<\/p>\n<p style=\"text-align: justify;\"><a href=\"https:\/\/www.lactissima.com\/a-tire-d-ailes\/allaiter-et-travailler-le-temoignage-demilie-4\/\" target=\"_blank\" rel=\"noopener\">Allaiter et travailler : le t\u00e9moignage d&rsquo;Emilie<\/a><\/p>\n<p style=\"text-align: justify;\">Emilie a mis en place un allaitement mixte \u00e0 la reprise du travail tout en tirant son lait sur son lieu de travail.<\/p>\n<p style=\"text-align: justify;\"><a href=\"https:\/\/www.lactissima.com\/a-tire-d-ailes\/allaiter-travailler-temoignage-de-fanny-3\/\" target=\"_blank\" rel=\"noopener\">Allaiter et travailler : le t\u00e9moignage de Fanny<\/a><\/p>\n<p style=\"text-align: justify;\">Fanny a b\u00e9n\u00e9fici\u00e9 de coll\u00e8gues de travail encourageantes pour tirer son lait au travail.<\/p>\n<p style=\"text-align: justify;\"><a href=\"https:\/\/www.lactissima.com\/a-tire-d-ailes\/la-revue-de-presse-da-tire-dailes-75\/\" target=\"_blank\" rel=\"noopener\">La revue de presse d\u2019A tire d\u2019Ailes (75)<\/a><\/p>\n<p style=\"text-align: justify;\">Une revue de presse riche en articles et &#8230; amput\u00e9e de trois semaines de vacances \ud83d\ude09<\/p>\n<p style=\"text-align: justify;\"><a href=\"https:\/\/www.lactissima.com\/a-tire-d-ailes\/creche-et-alimentation\/\" target=\"_blank\" rel=\"noopener\">Entr\u00e9e en cr\u00e8che : ce qui change<\/a><\/p>\n<p style=\"text-align: justify;\">L&rsquo;entr\u00e9e en cr\u00e8che signifie souvent un changement dans l&rsquo;alimentation de votre enfant. Voici de quoi pr\u00e9voir.<\/p>\n<p><a href=\"https:\/\/www.lactissima.com\/a-tire-d-ailes\/allaiter-et-travailler-le-temoignage-de-marie-catherine\/\" target=\"_blank\" rel=\"noopener\">\u00a0Allaiter et travailler : le t\u00e9moignage de Marie-Catherine<\/a><\/p>\n<p>Marie-Catherine a tir\u00e9 son lait au travail pendant un an, pour le plus grand bonheur de sa fille !<\/p>\n<p style=\"text-align: justify;\"><a href=\"https:\/\/www.lactissima.com\/a-tire-d-ailes\/allaiter-travailler-temoignage-de-charlotte\/\" target=\"_blank\" rel=\"noopener\">Allaiter et travailler : le t\u00e9moignage de Charlotte<\/a><\/p>\n<p style=\"text-align: justify;\">Charlotte a tir\u00e9 son lait au travail malgr\u00e9 une direction qui lui avait dit non !<\/p>\n<p><a href=\"https:\/\/www.lactissima.com\/a-tire-d-ailes\/revue-de-presse-da-tire-dailes-74\/\" target=\"_blank\" rel=\"noopener\">La revue de presse d\u2019A tire d\u2019Ailes (74)<\/a><\/p>\n<p>Exceptionnellement, une revue de presse qui inclue des \u00e9l\u00e9ments d&rsquo;histoire.<\/p>\n<p><a href=\"https:\/\/www.lactissima.com\/a-tire-d-ailes\/la-vie-est-farceuse\/\" target=\"_blank\" rel=\"noopener\">La vie est farceuse<\/a><\/p>\n<p>La vie ne se passe pas toujours comme pr\u00e9vue mais il reste toujours possible de concilier allaitement et travail.<\/p>\n<p><a href=\"https:\/\/www.lactissima.com\/a-tire-d-ailes\/allaiter-travailler-temoignage-daminata\/\" target=\"_blank\" rel=\"noopener\">Allaiter et travailler : le t\u00e9moignage d&rsquo;Aminata<\/a><\/p>\n<p>Envers et contre tous, Aminata a tir\u00e9 son lait au travail, dans des conditions difficiles.<\/p>\n<p style=\"text-align: justify;\"><a href=\"https:\/\/www.lactissima.com\/a-tire-d-ailes\/allaiter-travailler-temoignage-demilie-4\/\" target=\"_blank\" rel=\"noopener\">Allaiter et travailler : le t\u00e9moignage d&rsquo;Emilie<\/a><\/p>\n<p style=\"text-align: justify;\">Emilie a choisi de reprendre le travail sans stock de lait, sans avoir commenc\u00e9 \u00e0 donner le biberon, juste en tirant son lait pour la cr\u00e8che&#8230;et \u00e7a marche !<\/p>\n<p style=\"text-align: justify;\"><a href=\"https:\/\/www.lactissima.com\/a-tire-d-ailes\/revue-de-presse-da-tire-dailes-73\/\" target=\"_blank\" rel=\"noopener\">La revue de presse d\u2019A tire d\u2019Ailes (73)<\/a><\/p>\n<p style=\"text-align: justify;\">Une revue de presse \u00e9mouvante !<\/p>\n<p style=\"text-align: justify;\"><a href=\"https:\/\/www.lactissima.com\/a-tire-d-ailes\/quel-est-le-meilleur-biberon\/\">Quel est le meilleur biberon ?<\/a><\/p>\n<p style=\"text-align: justify;\">Le meilleur biberon pour alterner avec le sein n&rsquo;est pas celui qui ressemble au sein. Ce n&rsquo;est pas non plus le plus cher.<\/p>\n<p style=\"text-align: justify;\"><a href=\"https:\/\/www.lactissima.com\/a-tire-d-ailes\/allaiter-travailler-temoignage-dadeline\/\" target=\"_blank\" rel=\"noopener noreferrer\">Allaiter et travailler : le t\u00e9moignage d&rsquo;Adeline<\/a><\/p>\n<p style=\"text-align: justify;\">Adeline a poursuivi l&rsquo;allaitement \u00e0 la reprise du travail mais a d\u00fb changer deux fois de nounou avant de trouver quelqu&rsquo;un qui accepte l&rsquo;allaitement.<\/p>\n<p style=\"text-align: justify;\"><a href=\"https:\/\/www.lactissima.com\/a-tire-d-ailes\/droit-et-allaitement-2\/\">Droit et allaitement au travail<\/a><\/p>\n<p style=\"text-align: justify;\">Le cadre juridique autour de l&rsquo;allaitement au travail a de grosses lacunes. Je ne peux donc pas toujours r\u00e9pondre \u00e0 vos questions sur droit et allaitement.<\/p>\n<p style=\"text-align: justify;\"><a href=\"https:\/\/www.lactissima.com\/a-tire-d-ailes\/allaiter-travailler-temoignage-de-natalia\/\" target=\"_blank\" rel=\"noopener noreferrer\">Allaiter et travailler : le t\u00e9moignage de Natalia<\/a><\/p>\n<p style=\"text-align: justify;\">La lactation de Natalia s&rsquo;est effondr\u00e9e \u00e0 la reprise du travail et le sevrage a \u00e9t\u00e9 tr\u00e8s douloureux !<\/p>\n<p style=\"text-align: justify;\"><a href=\"https:\/\/www.lactissima.com\/a-tire-d-ailes\/la-revue-de-presse-da-tire-dailes-72\/\">La revue de presse d\u2019A tire d\u2019Ailes (72)<\/a><\/p>\n<p style=\"text-align: justify;\">Une revue de presse qui nous parle allaitement et travail.<\/p>\n<p style=\"text-align: justify;\"><a href=\"https:\/\/www.lactissima.com\/a-tire-d-ailes\/le-refus-du-biberon\/\" target=\"_blank\" rel=\"noopener noreferrer\">Le refus du biberon : le t\u00e9moignage de Narjes<\/a><\/p>\n<p style=\"text-align: justify;\">Lana refusait le biberon et s&rsquo;\u00e9tait braqu\u00e9e. Il a donc fallu lui laisser le temps et lui permettre de l&rsquo;apprivoiser, redonner confiance \u00e0 ses parents.<\/p>\n<p style=\"text-align: justify;\"><a href=\"https:\/\/www.lactissima.com\/a-tire-d-ailes\/allaiter-et-travailler-le-temoignage-destelle-2\/\">Allaiter et travailler : le t\u00e9moignage d&rsquo;Estelle<\/a><\/p>\n<p style=\"text-align: justify;\">Estelle est orthophoniste et a choisi de poursuivre l&rsquo;allaitement \u00e0 la reprise du travail malgr\u00e9 un d\u00e9but chaotique. Elle a tir\u00e9 450 ml par jour au travail.<\/p>\n<p style=\"text-align: justify;\"><a href=\"https:\/\/www.lactissima.com\/a-tire-d-ailes\/allaiter-et-travailler-le-temoignage-de-leslie-2\/\" target=\"_blank\" rel=\"noopener noreferrer\">Allaiter et travailler : le t\u00e9moignage de Leslie<\/a><\/p>\n<p style=\"text-align: justify;\">Leslie est enseignante en maternelle et a r\u00e9ussi \u00e0 tirer son lait au travail pendant plus d&rsquo;un an. Elle vous explique comment elle a fait.<\/p>\n<p style=\"text-align: justify;\"><a href=\"https:\/\/www.lactissima.com\/a-tire-d-ailes\/revue-de-presse-da-tire-dailes-71\/\">La revue de presse d&rsquo;A tire d&rsquo;Ailes (71)<\/a><\/p>\n<p style=\"text-align: justify;\">Une revue de presse plus courte que d&rsquo;habitude mais riche d&rsquo;\u00e9tudes passionnantes.<\/p>\n<p style=\"text-align: justify;\"><a href=\"https:\/\/www.lactissima.com\/a-tire-d-ailes\/quelles-sont-vos-priorites\/\">Quelles sont vos priorit\u00e9s ?<\/a><\/p>\n<p style=\"text-align: justify;\">A la reprise du travail, de nombreux choix sont difficiles. La question essentielle est celle de vos priorit\u00e9s pour pouvoir faire les choix de votre famille.<\/p>\n<p style=\"text-align: justify;\"><a href=\"https:\/\/www.lactissima.com\/a-tire-d-ailes\/allaiter-et-travailler-le-temoignage-de-carole\/\">Allaiter et travailler : le t\u00e9moignage de Carole<\/a><\/p>\n<p style=\"text-align: justify;\">Carole travaille de chez elle. Elle a fait le choix de garder son enfant \u00e0 la maison tout en tirant son lait quand elle avait des rdv \u00e0 l&rsquo;ext\u00e9rieur.<\/p>\n<p style=\"text-align: justify;\"><a href=\"https:\/\/www.lactissima.com\/a-tire-d-ailes\/allaiter-et-travailler-le-temoignage-de-fanny-2\/\">Allaiter et travailler : le t\u00e9moignage de Fanny<\/a><\/p>\n<p style=\"text-align: justify;\">Fanny a choisi de tirer son lait au travail mais cela n&rsquo;a pas toujours \u00e9t\u00e9 facile, que ce soit au travail ou avec la cr\u00e8che.<\/p>\n<p style=\"text-align: justify;\"><a href=\"https:\/\/www.lactissima.com\/a-tire-d-ailes\/la-revue-de-presse-da-tire-dailes-70\/\">La revue de presse d&rsquo;A tire d&rsquo;Ailes (70)<\/a><\/p>\n<p style=\"text-align: justify;\">Une revue de presse particuli\u00e8rement riche en articles sur des sujets vari\u00e9s.<\/p>\n<p style=\"text-align: justify;\"><a href=\"https:\/\/www.lactissima.com\/a-tire-d-ailes\/allonger-son-conge-maternite-pour-assurer-lallaitement\/\" target=\"_blank\" rel=\"noopener noreferrer\">Allonger son cong\u00e9 maternit\u00e9 pour assurer l&rsquo;allaitement<\/a><\/p>\n<p style=\"text-align: justify;\">Allonger son cong\u00e9 maternit\u00e9 peut \u00eatre une bonne solution pour une bonne mise en place de l&rsquo;allaitement et une poursuite sans risque \u00e0 la reprise du travail.<\/p>\n<p style=\"text-align: justify;\"><a href=\"https:\/\/www.lactissima.com\/a-tire-d-ailes\/refus-biberon-temoignage\/\" target=\"_blank\" rel=\"noopener noreferrer\">Refus du biberon : t\u00e9moignage<\/a><\/p>\n<p style=\"text-align: justify;\">Un excellent t\u00e9moignage d&rsquo;une maman sur le refus du biberon de son b\u00e9b\u00e9.<\/p>\n<p style=\"text-align: justify;\"><a href=\"https:\/\/www.lactissima.com\/a-tire-d-ailes\/allaiter-travailler-temoignage-de-delphine-2\/\" target=\"_blank\" rel=\"noopener noreferrer\">Allaiter et travailler : le t\u00e9moignage de Delphine<\/a><\/p>\n<p style=\"text-align: justify;\">Delphine est infirmi\u00e8re en n\u00e9onatalogie et a choisi de poursuivre l&rsquo;allaitement et de tirer son lait \u00e0 la reprise du travail<\/p>\n<p style=\"text-align: justify;\"><a href=\"https:\/\/www.lactissima.com\/a-tire-d-ailes\/revue-de-presse-da-tire-dailes-69\/\">La revue de presse d&rsquo;A tire d&rsquo;Ailes (69)<\/a><\/p>\n<p style=\"text-align: justify;\">Une revue de presse riche en videos pour voir l&rsquo;allaitement de toutes les mani\u00e8res.<\/p>\n<p style=\"text-align: justify;\"><a href=\"https:\/\/www.lactissima.com\/a-tire-d-ailes\/allaiter-travailler-temoignage-de\/\" target=\"_blank\" rel=\"noopener noreferrer\">Allaiter et travailler : le t\u00e9moignage de Sophie<\/a><\/p>\n<p style=\"text-align: justify;\">Sophie est infirmi\u00e8re pu\u00e9ricultrice et \u00e9l\u00e8ve seule son fils. L&rsquo;allaitement est un bon moyen de s&rsquo;occuper au mieux de son enfant. Elle l&rsquo;a donc poursuivi.<\/p>\n<p style=\"text-align: justify;\"><a href=\"https:\/\/www.lactissima.com\/a-tire-d-ailes\/appel-a-temoignage-2\/\" target=\"_blank\" rel=\"noopener noreferrer\">Appel \u00e0 t\u00e9moignage<\/a><\/p>\n<p style=\"text-align: justify;\">Si vous souhaitez partager votre exp\u00e9rience autour de l&rsquo;allaitement et du travail (sevrage ou poursuite de l&rsquo;allaitement), \u00e9crivez-moi !<\/p>\n<p style=\"text-align: justify;\"><a href=\"https:\/\/www.lactissima.com\/a-tire-d-ailes\/courbe-de-poids\/\">Courbe de poids<\/a><\/p>\n<p style=\"text-align: justify;\">Comment savoir que votre b\u00e9b\u00e9 mange suffisamment ? En v\u00e9rifiant sa prise de poids sur une courbe de poids adapt\u00e9e aux b\u00e9b\u00e9s allait\u00e9s.<\/p>\n<p style=\"text-align: justify;\"><a href=\"https:\/\/www.lactissima.com\/a-tire-d-ailes\/allaiter-et-travailler-le-temoignage-de-marie-2\/\" target=\"_blank\" rel=\"noopener noreferrer\">Allaiter et travailler : le t\u00e9moignage de Marie<\/a><\/p>\n<p style=\"text-align: justify;\">Marie n&rsquo;en a fait qu&rsquo;\u00e0 sa t\u00eate pour concilier allaitement et travail, et \u00e7a lui a bien r\u00e9ussi !<\/p>\n<p style=\"text-align: justify;\"><a href=\"https:\/\/www.lactissima.com\/a-tire-d-ailes\/la-revue-de-presse-da-tire-dailes-68\/\">La revue de presse d&rsquo;A tire d&rsquo;Ailes (68)<\/a><\/p>\n<p style=\"text-align: justify;\">Une revue de presse charg\u00e9e pour ce changement d&rsquo;ann\u00e9e !<\/p>\n<p>&nbsp;<\/p>\n","protected":false},"excerpt":{"rendered":"<p>Voici tous les articles pour concilier l&rsquo;allaitement au travail parus en 2017. Si vous ne trouvez pas ce que vous cherchez, n&rsquo;h\u00e9sitez pas \u00e0 utiliser l&rsquo;onglet de recherche. La revue de presse d\u2019A tire d\u2019Ailes (79) Je vous propose ma derni\u00e8re revue de presse de l&rsquo;ann\u00e9e 2017. En vous souhaitant de bonnes f\u00eates de fin [&hellip;]<\/p>\n","protected":false},"author":170,"featured_media":6552,"parent":2443,"menu_order":9,"comment_status":"closed","ping_status":"closed","template":"","meta":{"_et_pb_use_builder":"","_et_pb_old_content":"","_et_gb_content_width":"","footnotes":""},"class_list":["post-7010","page","type-page","status-publish","has-post-thumbnail","hentry"],"yoast_head":"<!-- This site is optimized with the Yoast SEO plugin v27.4 - https:\/\/yoast.com\/product\/yoast-seo-wordpress\/ -->\n<title>2017<\/title>\n<meta name=\"description\" content=\"Voici tous les articles pour concilier l&#039;allaitement au travail parus en 2017. Si vous ne trouvez pas ce que vous cherchez, n&#039;h\u00e9sitez pas \u00e0 utiliser\" \/>\n<meta name=\"robots\" content=\"index, follow, max-snippet:-1, max-image-preview:large, max-video-preview:-1\" \/>\n<link rel=\"canonical\" href=\"https:\/\/www.lactissima.com\/a-tire-d-ailes\/liste-des-articles-2\/2017-2\/\" \/>\n<meta property=\"og:locale\" content=\"fr_FR\" \/>\n<meta property=\"og:type\" content=\"article\" \/>\n<meta property=\"og:title\" content=\"2017\" \/>\n<meta property=\"og:description\" content=\"Voici tous les articles pour concilier l&#039;allaitement au travail parus en 2017. Si vous ne trouvez pas ce que vous cherchez, n&#039;h\u00e9sitez pas \u00e0 utiliser\" \/>\n<meta property=\"og:url\" content=\"https:\/\/www.lactissima.com\/a-tire-d-ailes\/liste-des-articles-2\/2017-2\/\" \/>\n<meta property=\"og:site_name\" content=\"A tire d&#039;Ailes\" \/>\n<meta property=\"article:publisher\" content=\"https:\/\/www.facebook.com\/consultante.en.lactation\" \/>\n<meta property=\"article:modified_time\" content=\"2017-12-21T08:11:16+00:00\" \/>\n<meta property=\"og:image\" content=\"https:\/\/www.lactissima.com\/a-tire-d-ailes\/wp-content\/uploads\/2016\/01\/Emilie3.jpg\" \/>\n\t<meta property=\"og:image:width\" content=\"319\" \/>\n\t<meta property=\"og:image:height\" content=\"358\" \/>\n\t<meta property=\"og:image:type\" content=\"image\/jpeg\" \/>\n<meta name=\"twitter:card\" content=\"summary_large_image\" \/>\n<meta name=\"twitter:site\" content=\"@VeroniqueIBCLC\" \/>\n<meta name=\"twitter:label1\" content=\"Dur\u00e9e de lecture estim\u00e9e\" \/>\n\t<meta name=\"twitter:data1\" content=\"6 minutes\" \/>\n<script type=\"application\/ld+json\" class=\"yoast-schema-graph\">{\"@context\":\"https:\\\/\\\/schema.org\",\"@graph\":[{\"@type\":\"WebPage\",\"@id\":\"https:\\\/\\\/www.lactissima.com\\\/a-tire-d-ailes\\\/liste-des-articles-2\\\/2017-2\\\/\",\"url\":\"https:\\\/\\\/www.lactissima.com\\\/a-tire-d-ailes\\\/liste-des-articles-2\\\/2017-2\\\/\",\"name\":\"2017\",\"isPartOf\":{\"@id\":\"https:\\\/\\\/www.lactissima.com\\\/a-tire-d-ailes\\\/#website\"},\"primaryImageOfPage\":{\"@id\":\"https:\\\/\\\/www.lactissima.com\\\/a-tire-d-ailes\\\/liste-des-articles-2\\\/2017-2\\\/#primaryimage\"},\"image\":{\"@id\":\"https:\\\/\\\/www.lactissima.com\\\/a-tire-d-ailes\\\/liste-des-articles-2\\\/2017-2\\\/#primaryimage\"},\"thumbnailUrl\":\"https:\\\/\\\/www.lactissima.com\\\/a-tire-d-ailes\\\/wp-content\\\/uploads\\\/2016\\\/01\\\/Emilie3.jpg\",\"datePublished\":\"2017-01-05T11:14:38+00:00\",\"dateModified\":\"2017-12-21T08:11:16+00:00\",\"description\":\"Voici tous les articles pour concilier l'allaitement au travail parus en 2017. Si vous ne trouvez pas ce que vous cherchez, n'h\u00e9sitez pas \u00e0 utiliser\",\"breadcrumb\":{\"@id\":\"https:\\\/\\\/www.lactissima.com\\\/a-tire-d-ailes\\\/liste-des-articles-2\\\/2017-2\\\/#breadcrumb\"},\"inLanguage\":\"fr-FR\",\"potentialAction\":[{\"@type\":\"ReadAction\",\"target\":[\"https:\\\/\\\/www.lactissima.com\\\/a-tire-d-ailes\\\/liste-des-articles-2\\\/2017-2\\\/\"]}]},{\"@type\":\"ImageObject\",\"inLanguage\":\"fr-FR\",\"@id\":\"https:\\\/\\\/www.lactissima.com\\\/a-tire-d-ailes\\\/liste-des-articles-2\\\/2017-2\\\/#primaryimage\",\"url\":\"https:\\\/\\\/www.lactissima.com\\\/a-tire-d-ailes\\\/wp-content\\\/uploads\\\/2016\\\/01\\\/Emilie3.jpg\",\"contentUrl\":\"https:\\\/\\\/www.lactissima.com\\\/a-tire-d-ailes\\\/wp-content\\\/uploads\\\/2016\\\/01\\\/Emilie3.jpg\",\"width\":319,\"height\":358,\"caption\":\"allaitement et travail\"},{\"@type\":\"BreadcrumbList\",\"@id\":\"https:\\\/\\\/www.lactissima.com\\\/a-tire-d-ailes\\\/liste-des-articles-2\\\/2017-2\\\/#breadcrumb\",\"itemListElement\":[{\"@type\":\"ListItem\",\"position\":1,\"name\":\"Accueil\",\"item\":\"https:\\\/\\\/www.lactissima.com\\\/a-tire-d-ailes\\\/\"},{\"@type\":\"ListItem\",\"position\":2,\"name\":\"Liste des articles\",\"item\":\"https:\\\/\\\/www.lactissima.com\\\/a-tire-d-ailes\\\/liste-des-articles-2\\\/\"},{\"@type\":\"ListItem\",\"position\":3,\"name\":\"2017\"}]},{\"@type\":\"WebSite\",\"@id\":\"https:\\\/\\\/www.lactissima.com\\\/a-tire-d-ailes\\\/#website\",\"url\":\"https:\\\/\\\/www.lactissima.com\\\/a-tire-d-ailes\\\/\",\"name\":\"A tire d&#039;Ailes\",\"description\":\"Le blog des femmes qui allaitent et travaillent.\",\"potentialAction\":[{\"@type\":\"SearchAction\",\"target\":{\"@type\":\"EntryPoint\",\"urlTemplate\":\"https:\\\/\\\/www.lactissima.com\\\/a-tire-d-ailes\\\/?s={search_term_string}\"},\"query-input\":{\"@type\":\"PropertyValueSpecification\",\"valueRequired\":true,\"valueName\":\"search_term_string\"}}],\"inLanguage\":\"fr-FR\"}]}<\/script>\n<!-- \/ Yoast SEO plugin. -->","yoast_head_json":{"title":"2017","description":"Voici tous les articles pour concilier l'allaitement au travail parus en 2017. Si vous ne trouvez pas ce que vous cherchez, n'h\u00e9sitez pas \u00e0 utiliser","robots":{"index":"index","follow":"follow","max-snippet":"max-snippet:-1","max-image-preview":"max-image-preview:large","max-video-preview":"max-video-preview:-1"},"canonical":"https:\/\/www.lactissima.com\/a-tire-d-ailes\/liste-des-articles-2\/2017-2\/","og_locale":"fr_FR","og_type":"article","og_title":"2017","og_description":"Voici tous les articles pour concilier l'allaitement au travail parus en 2017. Si vous ne trouvez pas ce que vous cherchez, n'h\u00e9sitez pas \u00e0 utiliser","og_url":"https:\/\/www.lactissima.com\/a-tire-d-ailes\/liste-des-articles-2\/2017-2\/","og_site_name":"A tire d&#039;Ailes","article_publisher":"https:\/\/www.facebook.com\/consultante.en.lactation","article_modified_time":"2017-12-21T08:11:16+00:00","og_image":[{"width":319,"height":358,"url":"https:\/\/www.lactissima.com\/a-tire-d-ailes\/wp-content\/uploads\/2016\/01\/Emilie3.jpg","type":"image\/jpeg"}],"twitter_card":"summary_large_image","twitter_site":"@VeroniqueIBCLC","twitter_misc":{"Dur\u00e9e de lecture estim\u00e9e":"6 minutes"},"schema":{"@context":"https:\/\/schema.org","@graph":[{"@type":"WebPage","@id":"https:\/\/www.lactissima.com\/a-tire-d-ailes\/liste-des-articles-2\/2017-2\/","url":"https:\/\/www.lactissima.com\/a-tire-d-ailes\/liste-des-articles-2\/2017-2\/","name":"2017","isPartOf":{"@id":"https:\/\/www.lactissima.com\/a-tire-d-ailes\/#website"},"primaryImageOfPage":{"@id":"https:\/\/www.lactissima.com\/a-tire-d-ailes\/liste-des-articles-2\/2017-2\/#primaryimage"},"image":{"@id":"https:\/\/www.lactissima.com\/a-tire-d-ailes\/liste-des-articles-2\/2017-2\/#primaryimage"},"thumbnailUrl":"https:\/\/www.lactissima.com\/a-tire-d-ailes\/wp-content\/uploads\/2016\/01\/Emilie3.jpg","datePublished":"2017-01-05T11:14:38+00:00","dateModified":"2017-12-21T08:11:16+00:00","description":"Voici tous les articles pour concilier l'allaitement au travail parus en 2017. Si vous ne trouvez pas ce que vous cherchez, n'h\u00e9sitez pas \u00e0 utiliser","breadcrumb":{"@id":"https:\/\/www.lactissima.com\/a-tire-d-ailes\/liste-des-articles-2\/2017-2\/#breadcrumb"},"inLanguage":"fr-FR","potentialAction":[{"@type":"ReadAction","target":["https:\/\/www.lactissima.com\/a-tire-d-ailes\/liste-des-articles-2\/2017-2\/"]}]},{"@type":"ImageObject","inLanguage":"fr-FR","@id":"https:\/\/www.lactissima.com\/a-tire-d-ailes\/liste-des-articles-2\/2017-2\/#primaryimage","url":"https:\/\/www.lactissima.com\/a-tire-d-ailes\/wp-content\/uploads\/2016\/01\/Emilie3.jpg","contentUrl":"https:\/\/www.lactissima.com\/a-tire-d-ailes\/wp-content\/uploads\/2016\/01\/Emilie3.jpg","width":319,"height":358,"caption":"allaitement et travail"},{"@type":"BreadcrumbList","@id":"https:\/\/www.lactissima.com\/a-tire-d-ailes\/liste-des-articles-2\/2017-2\/#breadcrumb","itemListElement":[{"@type":"ListItem","position":1,"name":"Accueil","item":"https:\/\/www.lactissima.com\/a-tire-d-ailes\/"},{"@type":"ListItem","position":2,"name":"Liste des articles","item":"https:\/\/www.lactissima.com\/a-tire-d-ailes\/liste-des-articles-2\/"},{"@type":"ListItem","position":3,"name":"2017"}]},{"@type":"WebSite","@id":"https:\/\/www.lactissima.com\/a-tire-d-ailes\/#website","url":"https:\/\/www.lactissima.com\/a-tire-d-ailes\/","name":"A tire d&#039;Ailes","description":"Le blog des femmes qui allaitent et travaillent.","potentialAction":[{"@type":"SearchAction","target":{"@type":"EntryPoint","urlTemplate":"https:\/\/www.lactissima.com\/a-tire-d-ailes\/?s={search_term_string}"},"query-input":{"@type":"PropertyValueSpecification","valueRequired":true,"valueName":"search_term_string"}}],"inLanguage":"fr-FR"}]}},"_links":{"self":[{"href":"https:\/\/www.lactissima.com\/a-tire-d-ailes\/wp-json\/wp\/v2\/pages\/7010","targetHints":{"allow":["GET"]}}],"collection":[{"href":"https:\/\/www.lactissima.com\/a-tire-d-ailes\/wp-json\/wp\/v2\/pages"}],"about":[{"href":"https:\/\/www.lactissima.com\/a-tire-d-ailes\/wp-json\/wp\/v2\/types\/page"}],"author":[{"embeddable":true,"href":"https:\/\/www.lactissima.com\/a-tire-d-ailes\/wp-json\/wp\/v2\/users\/170"}],"replies":[{"embeddable":true,"href":"https:\/\/www.lactissima.com\/a-tire-d-ailes\/wp-json\/wp\/v2\/comments?post=7010"}],"version-history":[{"count":49,"href":"https:\/\/www.lactissima.com\/a-tire-d-ailes\/wp-json\/wp\/v2\/pages\/7010\/revisions"}],"predecessor-version":[{"id":7468,"href":"https:\/\/www.lactissima.com\/a-tire-d-ailes\/wp-json\/wp\/v2\/pages\/7010\/revisions\/7468"}],"up":[{"embeddable":true,"href":"https:\/\/www.lactissima.com\/a-tire-d-ailes\/wp-json\/wp\/v2\/pages\/2443"}],"wp:featuredmedia":[{"embeddable":true,"href":"https:\/\/www.lactissima.com\/a-tire-d-ailes\/wp-json\/wp\/v2\/media\/6552"}],"wp:attachment":[{"href":"https:\/\/www.lactissima.com\/a-tire-d-ailes\/wp-json\/wp\/v2\/media?parent=7010"}],"curies":[{"name":"wp","href":"https:\/\/api.w.org\/{rel}","templated":true}]}}