{"id":6539,"date":"2016-01-06T09:15:01","date_gmt":"2016-01-06T08:15:01","guid":{"rendered":"https:\/\/www.lactissima.com\/a-tire-d-ailes\/?page_id=6539"},"modified":"2016-12-29T18:23:34","modified_gmt":"2016-12-29T17:23:34","slug":"2016-2","status":"publish","type":"page","link":"https:\/\/www.lactissima.com\/a-tire-d-ailes\/liste-des-articles-2\/2016-2\/","title":{"rendered":"2016"},"content":{"rendered":"<div id=\"attachment_6534\" style=\"width: 242px\" class=\"wp-caption alignright\"><img loading=\"lazy\" decoding=\"async\" aria-describedby=\"caption-attachment-6534\" class=\"size-medium wp-image-6534\" src=\"https:\/\/www.lactissima.com\/a-tire-d-ailes\/wp-content\/uploads\/2016\/01\/s\u00e9r\u00e9nit\u00e9-232x300.jpg\" alt=\"Les lys blancs George Hitchcock\" width=\"232\" height=\"300\" srcset=\"https:\/\/www.lactissima.com\/a-tire-d-ailes\/wp-content\/uploads\/2016\/01\/s\u00e9r\u00e9nit\u00e9-232x300.jpg 232w, https:\/\/www.lactissima.com\/a-tire-d-ailes\/wp-content\/uploads\/2016\/01\/s\u00e9r\u00e9nit\u00e9.jpg 271w\" sizes=\"(max-width: 232px) 100vw, 232px\" \/><p id=\"caption-attachment-6534\" class=\"wp-caption-text\">Les lys blancs George Hitchcock<\/p><\/div>\n<p style=\"text-align: justify;\">Voici tous les articles pour concilier l&rsquo;allaitement au travail parus en 2016. Si vous ne trouvez pas ce que vous cherchez, n&rsquo;h\u00e9sitez pas \u00e0 utiliser l&rsquo;onglet de recherche.<\/p>\n<p style=\"text-align: justify;\"><a href=\"https:\/\/www.lactissima.com\/a-tire-d-ailes\/joyeux-anniversaire-2\/\" target=\"_blank\">Joyeux anniversaire !<\/a><\/p>\n<p style=\"text-align: justify;\">A tire d&rsquo;Ailes a 8 ans.<\/p>\n<p style=\"text-align: justify;\"><a href=\"https:\/\/www.lactissima.com\/a-tire-d-ailes\/allaiter-et-travailler-le-temoignage-dorianne\/\">Allaiter et travailler : le t\u00e9moignage d&rsquo;Orianne<\/a><\/p>\n<p style=\"text-align: justify;\">Orianne est sage-femme et s&rsquo;est pr\u00e9par\u00e9 avant la reprise du travail en faisant des stocks de lait. Elle nous livre son t\u00e9moignage en deux partie : avant et apr\u00e8s la reprise du travail.<\/p>\n<p style=\"text-align: justify;\"><a href=\"https:\/\/www.lactissima.com\/a-tire-d-ailes\/et-vous-comment-preparez-vous-votre-retour-au-travail\/\">Et vous, comment pr\u00e9parez-vous votre retour au travail ?<\/a><\/p>\n<p style=\"text-align: justify;\">Cl\u00e9mence d\u00e9livre de bons conseils pour pr\u00e9parer au mieux son retour au travail.<\/p>\n<p style=\"text-align: justify;\"><a href=\"https:\/\/www.lactissima.com\/a-tire-d-ailes\/le-tire-allaitement-d-annabelle\/\">Le tire-allaitement d&rsquo;Annabelle<\/a><\/p>\n<p style=\"text-align: justify;\">Annabelle a rencontr\u00e9 des difficult\u00e9s d&rsquo;allaitement et a du se r\u00e9soudre \u00e0 faire un tire-allaitement qui s&rsquo;est tr\u00e8s bien pass\u00e9.<\/p>\n<p style=\"text-align: justify;\"><a href=\"https:\/\/www.lactissima.com\/a-tire-d-ailes\/revue-de-presse-da-tire-dailes-67\/\">La revue de presse d&rsquo;A tire d&rsquo;Ailes (67)<\/a><\/p>\n<p style=\"text-align: justify;\">Une revue de presse riche en images.<\/p>\n<p style=\"text-align: justify;\"><a href=\"https:\/\/www.lactissima.com\/a-tire-d-ailes\/centre-allaitement-veronique-darmangeat\/\">Centre allaitement V\u00e9ronique Darmangeat<\/a><\/p>\n<p style=\"text-align: justify;\">Le Centre allaitement V\u00e9ronique Darmangeat a ouvert, pr\u00eat \u00e0 vous accueillir et \u00e0 d\u00e9velopper ses activit\u00e9s.<\/p>\n<p style=\"text-align: justify;\"><a href=\"https:\/\/www.lactissima.com\/a-tire-d-ailes\/allaiter-travailler-temoignage-delodie\/\">Allaiter et travailler : le t\u00e9moignage d&rsquo;Elodie<\/a><\/p>\n<p style=\"text-align: justify;\">Elodie avait peur du tire-lait mais la naissance pr\u00e9matur\u00e9e de son fils l&rsquo;a familiaris\u00e9e avec et elle a d\u00e9cid\u00e9 de s&rsquo;en resservir \u00e0 la reprise du travail.<\/p>\n<p style=\"text-align: justify;\"><a href=\"https:\/\/www.lactissima.com\/a-tire-d-ailes\/suisse-temoignage-de-petronille\/\">Suisse : le t\u00e9moignage de P\u00e9tronille<\/a><\/p>\n<p style=\"text-align: justify;\">P\u00e9tronille a 4 enfants et a repris le travail en allaitant dans des conditions diff\u00e9rentes pour chaque enfant.<\/p>\n<p style=\"text-align: justify;\"><a href=\"https:\/\/www.lactissima.com\/a-tire-d-ailes\/revue-de-presse-da-tire-dailes-66\/\">La revue de presse d&rsquo;A tire d&rsquo;Ailes (66)<\/a><\/p>\n<p style=\"text-align: justify;\">Une revue de presse assez r\u00e9duite mais \u00e9mouvante.<\/p>\n<p style=\"text-align: justify;\"><a href=\"https:\/\/www.lactissima.com\/a-tire-d-ailes\/mon-bebe-refuse-le-biberon\/\">Mon b\u00e9b\u00e9 prenait le biberon et maintenant il le refuse !<\/a><\/p>\n<p style=\"text-align: justify;\">Un b\u00e9b\u00e9 refuse le biberon du jour au lendemain alors qu&rsquo;il le prenait tr\u00e8s bien auparavant. Ce n&rsquo;est pas rare !<\/p>\n<p style=\"text-align: justify;\"><a href=\"https:\/\/www.lactissima.com\/a-tire-d-ailes\/allaiter-travailler-temoignage-de-sarah\/\">Allaiter et travailler : le t\u00e9moignage de Sarah<\/a><\/p>\n<p style=\"text-align: justify;\">Sarah a allait\u00e9 bien plus longtemps que pr\u00e9vu car la reprise du travail en lib\u00e9ral s&rsquo;est tr\u00e8s bien pass\u00e9e.<\/p>\n<p style=\"text-align: justify;\"><a href=\"https:\/\/www.lactissima.com\/a-tire-d-ailes\/suisse-le-temoignage-de-joseane\/\" target=\"_blank\">Suisse : le t\u00e9moignage de Joseane<\/a><\/p>\n<p style=\"text-align: justify;\">Joseane a repris le travail en Suisse. Pour elle le tire-lait a \u00e9t\u00e9 p\u00e9nible mais elle ne regrette pas de l&rsquo;avoir fait.<\/p>\n<p style=\"text-align: justify;\"><a href=\"https:\/\/www.lactissima.com\/a-tire-d-ailes\/revue-de-presse-da-tire-dailes-65\/\">La revue de presse d&rsquo;A tire d&rsquo;Ailes (65)<\/a><\/p>\n<p style=\"text-align: justify;\">Une revue de presse qui nous parle d&rsquo;histoire et d&rsquo;allaitement.<\/p>\n<p style=\"text-align: justify;\"><a href=\"https:\/\/www.lactissima.com\/a-tire-d-ailes\/travailler-horaires-irreguliers\/\">Travailler en horaires irr\u00e9guliers<\/a><\/p>\n<p style=\"text-align: justify;\">Comment le fait de travailler en horaires irr\u00e9guliers impacte t-il la poursuite de l&rsquo;allaitement ? Que l&rsquo;on tire son lait ou en allaitement mixte.<\/p>\n<p style=\"text-align: justify;\"><a href=\"https:\/\/www.lactissima.com\/a-tire-d-ailes\/allaiter-travailler-temoignage-de-julie-4\/\">Allaiter et travailler : le t\u00e9moignage de Julie<\/a><\/p>\n<p style=\"text-align: justify;\">Julie a repris le travail en poursuivant l&rsquo;allaitement car son fils L\u00e9o d\u00e9pend compl\u00e8tement du lait maternel. Elle a besoin de vous !<\/p>\n<p style=\"text-align: justify;\"><a href=\"https:\/\/www.lactissima.com\/a-tire-d-ailes\/allaiter-travailler-temoignage-de-camille\/\">Allaiter et travailler : le t\u00e9moignage de Camille<\/a><\/p>\n<p style=\"text-align: justify;\">Camille a repris le travail en poursuivant l&rsquo;allaitement avec un b\u00e9b\u00e9 souffrant d&rsquo;un fort reflux et de diverses allergies.<\/p>\n<p style=\"text-align: justify;\"><a href=\"https:\/\/www.lactissima.com\/a-tire-d-ailes\/suisse-temoignage-de-sarah\/\">Suisse : le t\u00e9moignage de Sarah<\/a><\/p>\n<p style=\"text-align: justify;\">Sarah a b\u00e9n\u00e9fici\u00e9 de l&rsquo;aide de sa responsable RH pour tirer son lait sur son lieu de travail, en Suisse.<\/p>\n<p style=\"text-align: justify;\"><a href=\"https:\/\/www.lactissima.com\/a-tire-d-ailes\/revue-de-presse-da-tire-dailes-64\/\">La revue de presse d&rsquo;A tire d&rsquo;Ailes (64)<\/a><\/p>\n<p style=\"text-align: justify;\">Entre autres actualit\u00e9s, vous d\u00e9couvrirez une petite fille qui voulait se t\u00e9ter elle-m\u00eame et une d\u00e9put\u00e9e br\u00e9silienne qui allaite en plein travail.<\/p>\n<p style=\"text-align: justify;\"><a href=\"https:\/\/www.lactissima.com\/a-tire-d-ailes\/arreter-le-tire-lait-au-travail-sans-faire-baisser-sa-lactation\/\">Arr\u00eater le tire-lait au travail sans faire baisser sa lactation<\/a><\/p>\n<p style=\"text-align: justify;\">Voici les points \u00e0 v\u00e9rifier si vous souhaitez arr\u00eater le tire-lait au travail sans voir votre lactation baisser.<\/p>\n<p style=\"text-align: justify;\"><a href=\"https:\/\/www.lactissima.com\/a-tire-d-ailes\/refus-du-biberon-temoignage-de-caroline\/\">Refus du biberon : le t\u00e9moignage de Caroline<\/a><\/p>\n<p style=\"text-align: justify;\">Refus du biberon : cela a \u00e9t\u00e9 le cas de Cl\u00e9mentine jusqu&rsquo;\u00e0 ce que sa maman reprenne le travail et qu&rsquo;elle comprenne l&rsquo;utilit\u00e9 de le prendre.<\/p>\n<p style=\"text-align: justify;\"><a href=\"https:\/\/www.lactissima.com\/a-tire-d-ailes\/le-temoignage-de-stella\/\">Luxembourg : le t\u00e9moignage de Stella<\/a><\/p>\n<p style=\"text-align: justify;\">Stella est grecque et travaille au Luxembourg. Poursuivre l&rsquo;allaitement \u00e9tait son moyen de compenser ses 9 h d&rsquo;absence quotidiennes.<\/p>\n<p style=\"text-align: justify;\"><a href=\"https:\/\/www.lactissima.com\/a-tire-d-ailes\/revue-de-presse-da-tire-dailes-63\/\">La revue de presse d&rsquo;A tire d&rsquo;Ailes (63)<\/a><\/p>\n<p style=\"text-align: justify;\">Une revue de presse tr\u00e8s riche en articles et en vid\u00e9os.<\/p>\n<p style=\"text-align: justify;\"><a href=\"https:\/\/www.lactissima.com\/a-tire-d-ailes\/tirer-son-lait-en-musique\/\">Tirer son lait en musique<\/a><\/p>\n<p style=\"text-align: justify;\">Tirer son lait en musique rend les tirages plus efficaces.<\/p>\n<p style=\"text-align: justify;\"><a href=\"https:\/\/www.lactissima.com\/a-tire-d-ailes\/allaiter-travailler-temoignage-de-marie-cecile\/\" target=\"_blank\">Allaiter et travailler : le t\u00e9moignage de Marie-C\u00e9cile<\/a><\/p>\n<p style=\"text-align: justify;\">Marie-C\u00e9cile est chirurgien visc\u00e9ral. Elle a d\u00e9cid\u00e9 de tirer son lait au travail, malgr\u00e9 les horaires contraignants et un mauvais tire-lait.<\/p>\n<p style=\"text-align: justify;\"><a href=\"https:\/\/www.lactissima.com\/a-tire-d-ailes\/suisse-temoignage-de-sophie\/\" target=\"_blank\">Suisse : le t\u00e9moignage de Sophie<\/a><\/p>\n<p style=\"text-align: justify;\">Sophie est infirmi\u00e8re en p\u00e9diatrie et a du s&rsquo;organiser pour poursuivre l&rsquo;allaitement en travaillant en 12 heures.<\/p>\n<p style=\"text-align: justify;\"><a href=\"https:\/\/www.lactissima.com\/a-tire-d-ailes\/revue-de-presse-da-tire-dailes-62\/\">La revue de presse d&rsquo;A tire d&rsquo;Ailes (62)<\/a><\/p>\n<p style=\"text-align: justify;\">Une revue de presse avec de l&rsquo;histoire, des \u00e9tudes, des photos et des vid\u00e9os, et une surprise&#8230;<\/p>\n<p style=\"text-align: justify;\"><a href=\"https:\/\/www.lactissima.com\/a-tire-d-ailes\/comment-reprendre-le-travail-en-tirant-son-lait\/\" target=\"_blank\">Comment reprendre le travail en tirant son lait<\/a><\/p>\n<p style=\"text-align: justify;\">Voici un r\u00e9capitulatif de toutes les \u00e9tapes \u00e0 envisager pour reprendre son travail en tirant son lait.<\/p>\n<p style=\"text-align: justify;\"><a href=\"https:\/\/www.lactissima.com\/a-tire-d-ailes\/allaiter-et-travailler-le-temoignage-de-justine\/\">Allaiter et travailler : le t\u00e9moignage de Justine<\/a><\/p>\n<p style=\"text-align: justify;\">Justine ne voulait pas allaiter. Finalement, non seulement elle a commenc\u00e9 \u00e0 allaiter mais elle a poursuivi \u00e0 la reprise du travail en tirant son lait.<\/p>\n<p style=\"text-align: justify;\"><a href=\"https:\/\/www.lactissima.com\/a-tire-d-ailes\/suisse-temoignage-dalyson\/\" target=\"_blank\">Suisse : le t\u00e9moignage d&rsquo;Alyson<\/a><\/p>\n<p style=\"text-align: justify;\">Alyson vit en Suisse et a choisi de tirer son lait au travail.<\/p>\n<p style=\"text-align: justify;\"><span data-offset-key=\"g0dh-0-0\"><span data-text=\"true\"><a href=\"https:\/\/www.lactissima.com\/a-tire-d-ailes\/nouvelle-fiche-pratique-sevrage-de-nuit\/\">Nouvelle fiche pratique : sevrage de nuit<\/a><\/span><\/span><\/p>\n<p style=\"text-align: justify;\">Aujourd&rsquo;hui, je vous propose une nouvelle fiche pratique pour r\u00e9pondre aux nombreuses demandes sur ce sujet : le sevrage de nuit<\/p>\n<p style=\"text-align: justify;\"><a href=\"https:\/\/www.lactissima.com\/a-tire-d-ailes\/revue-de-presse-da-tire-dailes-61\/\">La revue de presse d&rsquo;A tire d&rsquo;Ailes (61)<\/a><\/p>\n<p style=\"text-align: justify;\">Une revue de presse allaitement assez courte ce mois-ci mais n\u00e9anmoins vari\u00e9e.<\/p>\n<p style=\"text-align: justify;\"><a href=\"https:\/\/www.lactissima.com\/a-tire-d-ailes\/allaiter-travailler-temoignage-de-leslie-2\/\" target=\"_blank\">Allaiter et travailler : le t\u00e9moignage de Leslie<\/a><\/p>\n<p style=\"text-align: justify;\">Leslie est m\u00e9decin urgentiste, ce qui ne l&rsquo;a pas emp\u00each\u00e9e de tirer son lait au travail et de poursuivre l&rsquo;allaitement de son b\u00e9b\u00e9.<\/p>\n<p style=\"text-align: justify;\"><a href=\"https:\/\/www.lactissima.com\/a-tire-d-ailes\/suisse-temoignage-de-stephanie\/\">Suisse : le t\u00e9moignage de St\u00e9phanie<\/a><\/p>\n<p style=\"text-align: justify;\">St\u00e9phanie a fait le choix de tirer son lait dans son entreprise en Suisse. Elle a du faire face \u00e0 des situations, cocasses, dr\u00f4les ou stressantes&#8230;<\/p>\n<p style=\"text-align: justify;\"><a href=\"https:\/\/www.lactissima.com\/a-tire-d-ailes\/l-allaitement-a-besoin-de-vous\/\">L&rsquo;allaitement a besoin de vous !<\/a><\/p>\n<p style=\"text-align: justify;\">C&rsquo;est \u00e0 chacun d&rsquo;entre nous de faire de l&rsquo;allaitement la normalit\u00e9 aujourd&rsquo;hui !<\/p>\n<p style=\"text-align: justify;\"><a href=\"https:\/\/www.lactissima.com\/a-tire-d-ailes\/revue-de-presse-da-tire-dailes-60\/\">La revue de presse d&rsquo;A tire d&rsquo;Ailes (60)<\/a><\/p>\n<p style=\"text-align: justify;\">Une revue de presse allaitement modeste ce mois-ci mais avec des surprises&#8230;<\/p>\n<p style=\"text-align: justify;\"><a href=\"https:\/\/www.lactissima.com\/a-tire-d-ailes\/allaiter-et-travailler-le-temoignage-de-marie-helene\/\">Allaiter et travailler : le t\u00e9moignage de Marie-H\u00e9l\u00e8ne<\/a><\/p>\n<p style=\"text-align: justify;\">Marie-H\u00e9l\u00e8ne a fait le choix de l&rsquo;allaitement long avec ses trois enfants, en reprenant le travail \u00e0 chaque fois.<\/p>\n<p style=\"text-align: justify;\"><a href=\"https:\/\/www.lactissima.com\/a-tire-d-ailes\/luxembourg-temoignage-dannabelle\/\">Luxembourg : le t\u00e9moignage d&rsquo;Annabelle<\/a><\/p>\n<p style=\"text-align: justify;\">Annabelle travaille au Luxembourg et a pu b\u00e9n\u00e9ficier de conditions favorables \u00e0 la poursuite de l&rsquo;allaitement \u00e0 la reprise du travail.<\/p>\n<p style=\"text-align: justify;\"><a href=\"https:\/\/www.lactissima.com\/a-tire-d-ailes\/allaiter-et-travailler-le-temoignage-de-fanny\/\">Allaiter et travailler : le t\u00e9moignage de Fanny<\/a><\/p>\n<p style=\"text-align: justify;\">Fanny a tir\u00e9 son lait en reprenant le travail \u00e0 80%. Elle est heureuse d&rsquo;avoir pu poursuivre son allaitement pendant 11 mois.<\/p>\n<p style=\"text-align: justify;\"><a href=\"https:\/\/www.lactissima.com\/a-tire-d-ailes\/la-revue-de-presse-da-tire-dailes-59\/\">La revue de presse d&rsquo;A tire d&rsquo;Ailes (59)<\/a><\/p>\n<p style=\"text-align: justify;\">Une revue de presse allaitement exceptionnellement riche ! Beaucoup d&rsquo;\u00e9tudes et d&rsquo;articles tr\u00e8s int\u00e9ressants.<\/p>\n<p style=\"text-align: justify;\"><a href=\"https:\/\/www.lactissima.com\/a-tire-d-ailes\/33-min-de-conseils-pour-sevrer-votre-bebe\/\">33 min de conseils pour sevrer votre b\u00e9b\u00e9<\/a><\/p>\n<p style=\"text-align: justify;\">Sur l&rsquo;invitation de Paola Perez, je vous parle de sevrage.<\/p>\n<p style=\"text-align: justify;\"><a href=\"https:\/\/www.lactissima.com\/a-tire-d-ailes\/suisse-le-temoignage-de-laure\/\">Suisse : le t\u00e9moignage de Laure<\/a><\/p>\n<p style=\"text-align: justify;\">Le t\u00e9moignage de Laure, qui travaille en Suisse et fait un allaitement mixte, par n\u00e9cessit\u00e9 plus que par choix.<\/p>\n<p style=\"text-align: justify;\"><a href=\"https:\/\/www.lactissima.com\/a-tire-d-ailes\/ailleurs-appel-a-temoignage\/\">Ailleurs : appel \u00e0 t\u00e9moignage<\/a><\/p>\n<p style=\"text-align: justify;\">Vous travaillez dans un autre pays que la France ? Votre t\u00e9moignage m&rsquo;int\u00e9resse !<\/p>\n<p style=\"text-align: justify;\"><a href=\"https:\/\/www.lactissima.com\/a-tire-d-ailes\/la-revue-de-presse-da-tire-dailes-58\/\">La revue de presse d&rsquo;A tire d&rsquo;Ailes (58)<\/a><\/p>\n<p style=\"text-align: justify;\">Une revue de presse tr\u00e8s riche de t\u00e9moignages, d&rsquo;\u00e9tudes, de photos, de blogs,&#8230;<\/p>\n<p style=\"text-align: justify;\"><a href=\"https:\/\/www.lactissima.com\/a-tire-d-ailes\/allaiter-et-travailler-le-temoignage-demilie-3\/\">Allaiter et travailler : le t\u00e9moignage d&rsquo;Emilie<\/a><\/p>\n<p style=\"text-align: justify;\">Emilie a rencontr\u00e9 de nombreuses difficult\u00e9s avec son allaitement mais est heureuse d&rsquo;avoir pu conjuguer allaitement et travail.<\/p>\n<p style=\"text-align: justify;\"><a href=\"https:\/\/www.lactissima.com\/a-tire-d-ailes\/pour-une-annee-2016-sereine\/\">Pour une ann\u00e9e 2016 sereine<\/a><\/p>\n<p style=\"text-align: justify;\">\n","protected":false},"excerpt":{"rendered":"<p>Voici tous les articles pour concilier l&rsquo;allaitement au travail parus en 2016. Si vous ne trouvez pas ce que vous cherchez, n&rsquo;h\u00e9sitez pas \u00e0 utiliser l&rsquo;onglet de recherche. Joyeux anniversaire ! A tire d&rsquo;Ailes a 8 ans. Allaiter et travailler : le t\u00e9moignage d&rsquo;Orianne Orianne est sage-femme et s&rsquo;est pr\u00e9par\u00e9 avant la reprise du travail [&hellip;]<\/p>\n","protected":false},"author":170,"featured_media":6534,"parent":2443,"menu_order":8,"comment_status":"closed","ping_status":"closed","template":"","meta":{"_et_pb_use_builder":"","_et_pb_old_content":"","_et_gb_content_width":"","footnotes":""},"class_list":["post-6539","page","type-page","status-publish","has-post-thumbnail","hentry"],"yoast_head":"<!-- This site is optimized with the Yoast SEO plugin v27.4 - https:\/\/yoast.com\/product\/yoast-seo-wordpress\/ -->\n<title>2016<\/title>\n<meta name=\"description\" content=\"Voici tous les articles pour concilier l&#039;allaitement au travail parus en 2016. Si vous ne trouvez pas ce que vous cherchez, n&#039;h\u00e9sitez pas \u00e0 utiliser\" \/>\n<meta name=\"robots\" content=\"index, follow, max-snippet:-1, max-image-preview:large, max-video-preview:-1\" \/>\n<link rel=\"canonical\" href=\"https:\/\/www.lactissima.com\/a-tire-d-ailes\/liste-des-articles-2\/2016-2\/\" \/>\n<meta property=\"og:locale\" content=\"fr_FR\" \/>\n<meta property=\"og:type\" content=\"article\" \/>\n<meta property=\"og:title\" content=\"2016\" \/>\n<meta property=\"og:description\" content=\"Voici tous les articles pour concilier l&#039;allaitement au travail parus en 2016. Si vous ne trouvez pas ce que vous cherchez, n&#039;h\u00e9sitez pas \u00e0 utiliser\" \/>\n<meta property=\"og:url\" content=\"https:\/\/www.lactissima.com\/a-tire-d-ailes\/liste-des-articles-2\/2016-2\/\" \/>\n<meta property=\"og:site_name\" content=\"A tire d&#039;Ailes\" \/>\n<meta property=\"article:publisher\" content=\"https:\/\/www.facebook.com\/consultante.en.lactation\" \/>\n<meta property=\"article:modified_time\" content=\"2016-12-29T17:23:34+00:00\" \/>\n<meta property=\"og:image\" content=\"https:\/\/www.lactissima.com\/a-tire-d-ailes\/wp-content\/uploads\/2016\/01\/s\u00e9r\u00e9nit\u00e9.jpg\" \/>\n\t<meta property=\"og:image:width\" content=\"271\" \/>\n\t<meta property=\"og:image:height\" content=\"350\" \/>\n\t<meta property=\"og:image:type\" content=\"image\/jpeg\" \/>\n<meta name=\"twitter:card\" content=\"summary_large_image\" \/>\n<meta name=\"twitter:site\" content=\"@VeroniqueIBCLC\" \/>\n<meta name=\"twitter:label1\" content=\"Dur\u00e9e de lecture estim\u00e9e\" \/>\n\t<meta name=\"twitter:data1\" content=\"6 minutes\" \/>\n<script type=\"application\/ld+json\" class=\"yoast-schema-graph\">{\"@context\":\"https:\\\/\\\/schema.org\",\"@graph\":[{\"@type\":\"WebPage\",\"@id\":\"https:\\\/\\\/www.lactissima.com\\\/a-tire-d-ailes\\\/liste-des-articles-2\\\/2016-2\\\/\",\"url\":\"https:\\\/\\\/www.lactissima.com\\\/a-tire-d-ailes\\\/liste-des-articles-2\\\/2016-2\\\/\",\"name\":\"2016\",\"isPartOf\":{\"@id\":\"https:\\\/\\\/www.lactissima.com\\\/a-tire-d-ailes\\\/#website\"},\"primaryImageOfPage\":{\"@id\":\"https:\\\/\\\/www.lactissima.com\\\/a-tire-d-ailes\\\/liste-des-articles-2\\\/2016-2\\\/#primaryimage\"},\"image\":{\"@id\":\"https:\\\/\\\/www.lactissima.com\\\/a-tire-d-ailes\\\/liste-des-articles-2\\\/2016-2\\\/#primaryimage\"},\"thumbnailUrl\":\"https:\\\/\\\/www.lactissima.com\\\/a-tire-d-ailes\\\/wp-content\\\/uploads\\\/2016\\\/01\\\/s\u00e9r\u00e9nit\u00e9.jpg\",\"datePublished\":\"2016-01-06T08:15:01+00:00\",\"dateModified\":\"2016-12-29T17:23:34+00:00\",\"description\":\"Voici tous les articles pour concilier l'allaitement au travail parus en 2016. Si vous ne trouvez pas ce que vous cherchez, n'h\u00e9sitez pas \u00e0 utiliser\",\"breadcrumb\":{\"@id\":\"https:\\\/\\\/www.lactissima.com\\\/a-tire-d-ailes\\\/liste-des-articles-2\\\/2016-2\\\/#breadcrumb\"},\"inLanguage\":\"fr-FR\",\"potentialAction\":[{\"@type\":\"ReadAction\",\"target\":[\"https:\\\/\\\/www.lactissima.com\\\/a-tire-d-ailes\\\/liste-des-articles-2\\\/2016-2\\\/\"]}]},{\"@type\":\"ImageObject\",\"inLanguage\":\"fr-FR\",\"@id\":\"https:\\\/\\\/www.lactissima.com\\\/a-tire-d-ailes\\\/liste-des-articles-2\\\/2016-2\\\/#primaryimage\",\"url\":\"https:\\\/\\\/www.lactissima.com\\\/a-tire-d-ailes\\\/wp-content\\\/uploads\\\/2016\\\/01\\\/s\u00e9r\u00e9nit\u00e9.jpg\",\"contentUrl\":\"https:\\\/\\\/www.lactissima.com\\\/a-tire-d-ailes\\\/wp-content\\\/uploads\\\/2016\\\/01\\\/s\u00e9r\u00e9nit\u00e9.jpg\",\"width\":271,\"height\":350,\"caption\":\"Les lys blancs George Hitchcock\"},{\"@type\":\"BreadcrumbList\",\"@id\":\"https:\\\/\\\/www.lactissima.com\\\/a-tire-d-ailes\\\/liste-des-articles-2\\\/2016-2\\\/#breadcrumb\",\"itemListElement\":[{\"@type\":\"ListItem\",\"position\":1,\"name\":\"Accueil\",\"item\":\"https:\\\/\\\/www.lactissima.com\\\/a-tire-d-ailes\\\/\"},{\"@type\":\"ListItem\",\"position\":2,\"name\":\"Liste des articles\",\"item\":\"https:\\\/\\\/www.lactissima.com\\\/a-tire-d-ailes\\\/liste-des-articles-2\\\/\"},{\"@type\":\"ListItem\",\"position\":3,\"name\":\"2016\"}]},{\"@type\":\"WebSite\",\"@id\":\"https:\\\/\\\/www.lactissima.com\\\/a-tire-d-ailes\\\/#website\",\"url\":\"https:\\\/\\\/www.lactissima.com\\\/a-tire-d-ailes\\\/\",\"name\":\"A tire d&#039;Ailes\",\"description\":\"Le blog des femmes qui allaitent et travaillent.\",\"potentialAction\":[{\"@type\":\"SearchAction\",\"target\":{\"@type\":\"EntryPoint\",\"urlTemplate\":\"https:\\\/\\\/www.lactissima.com\\\/a-tire-d-ailes\\\/?s={search_term_string}\"},\"query-input\":{\"@type\":\"PropertyValueSpecification\",\"valueRequired\":true,\"valueName\":\"search_term_string\"}}],\"inLanguage\":\"fr-FR\"}]}<\/script>\n<!-- \/ Yoast SEO plugin. -->","yoast_head_json":{"title":"2016","description":"Voici tous les articles pour concilier l'allaitement au travail parus en 2016. Si vous ne trouvez pas ce que vous cherchez, n'h\u00e9sitez pas \u00e0 utiliser","robots":{"index":"index","follow":"follow","max-snippet":"max-snippet:-1","max-image-preview":"max-image-preview:large","max-video-preview":"max-video-preview:-1"},"canonical":"https:\/\/www.lactissima.com\/a-tire-d-ailes\/liste-des-articles-2\/2016-2\/","og_locale":"fr_FR","og_type":"article","og_title":"2016","og_description":"Voici tous les articles pour concilier l'allaitement au travail parus en 2016. Si vous ne trouvez pas ce que vous cherchez, n'h\u00e9sitez pas \u00e0 utiliser","og_url":"https:\/\/www.lactissima.com\/a-tire-d-ailes\/liste-des-articles-2\/2016-2\/","og_site_name":"A tire d&#039;Ailes","article_publisher":"https:\/\/www.facebook.com\/consultante.en.lactation","article_modified_time":"2016-12-29T17:23:34+00:00","og_image":[{"width":271,"height":350,"url":"https:\/\/www.lactissima.com\/a-tire-d-ailes\/wp-content\/uploads\/2016\/01\/s\u00e9r\u00e9nit\u00e9.jpg","type":"image\/jpeg"}],"twitter_card":"summary_large_image","twitter_site":"@VeroniqueIBCLC","twitter_misc":{"Dur\u00e9e de lecture estim\u00e9e":"6 minutes"},"schema":{"@context":"https:\/\/schema.org","@graph":[{"@type":"WebPage","@id":"https:\/\/www.lactissima.com\/a-tire-d-ailes\/liste-des-articles-2\/2016-2\/","url":"https:\/\/www.lactissima.com\/a-tire-d-ailes\/liste-des-articles-2\/2016-2\/","name":"2016","isPartOf":{"@id":"https:\/\/www.lactissima.com\/a-tire-d-ailes\/#website"},"primaryImageOfPage":{"@id":"https:\/\/www.lactissima.com\/a-tire-d-ailes\/liste-des-articles-2\/2016-2\/#primaryimage"},"image":{"@id":"https:\/\/www.lactissima.com\/a-tire-d-ailes\/liste-des-articles-2\/2016-2\/#primaryimage"},"thumbnailUrl":"https:\/\/www.lactissima.com\/a-tire-d-ailes\/wp-content\/uploads\/2016\/01\/s\u00e9r\u00e9nit\u00e9.jpg","datePublished":"2016-01-06T08:15:01+00:00","dateModified":"2016-12-29T17:23:34+00:00","description":"Voici tous les articles pour concilier l'allaitement au travail parus en 2016. Si vous ne trouvez pas ce que vous cherchez, n'h\u00e9sitez pas \u00e0 utiliser","breadcrumb":{"@id":"https:\/\/www.lactissima.com\/a-tire-d-ailes\/liste-des-articles-2\/2016-2\/#breadcrumb"},"inLanguage":"fr-FR","potentialAction":[{"@type":"ReadAction","target":["https:\/\/www.lactissima.com\/a-tire-d-ailes\/liste-des-articles-2\/2016-2\/"]}]},{"@type":"ImageObject","inLanguage":"fr-FR","@id":"https:\/\/www.lactissima.com\/a-tire-d-ailes\/liste-des-articles-2\/2016-2\/#primaryimage","url":"https:\/\/www.lactissima.com\/a-tire-d-ailes\/wp-content\/uploads\/2016\/01\/s\u00e9r\u00e9nit\u00e9.jpg","contentUrl":"https:\/\/www.lactissima.com\/a-tire-d-ailes\/wp-content\/uploads\/2016\/01\/s\u00e9r\u00e9nit\u00e9.jpg","width":271,"height":350,"caption":"Les lys blancs George Hitchcock"},{"@type":"BreadcrumbList","@id":"https:\/\/www.lactissima.com\/a-tire-d-ailes\/liste-des-articles-2\/2016-2\/#breadcrumb","itemListElement":[{"@type":"ListItem","position":1,"name":"Accueil","item":"https:\/\/www.lactissima.com\/a-tire-d-ailes\/"},{"@type":"ListItem","position":2,"name":"Liste des articles","item":"https:\/\/www.lactissima.com\/a-tire-d-ailes\/liste-des-articles-2\/"},{"@type":"ListItem","position":3,"name":"2016"}]},{"@type":"WebSite","@id":"https:\/\/www.lactissima.com\/a-tire-d-ailes\/#website","url":"https:\/\/www.lactissima.com\/a-tire-d-ailes\/","name":"A tire d&#039;Ailes","description":"Le blog des femmes qui allaitent et travaillent.","potentialAction":[{"@type":"SearchAction","target":{"@type":"EntryPoint","urlTemplate":"https:\/\/www.lactissima.com\/a-tire-d-ailes\/?s={search_term_string}"},"query-input":{"@type":"PropertyValueSpecification","valueRequired":true,"valueName":"search_term_string"}}],"inLanguage":"fr-FR"}]}},"_links":{"self":[{"href":"https:\/\/www.lactissima.com\/a-tire-d-ailes\/wp-json\/wp\/v2\/pages\/6539","targetHints":{"allow":["GET"]}}],"collection":[{"href":"https:\/\/www.lactissima.com\/a-tire-d-ailes\/wp-json\/wp\/v2\/pages"}],"about":[{"href":"https:\/\/www.lactissima.com\/a-tire-d-ailes\/wp-json\/wp\/v2\/types\/page"}],"author":[{"embeddable":true,"href":"https:\/\/www.lactissima.com\/a-tire-d-ailes\/wp-json\/wp\/v2\/users\/170"}],"replies":[{"embeddable":true,"href":"https:\/\/www.lactissima.com\/a-tire-d-ailes\/wp-json\/wp\/v2\/comments?post=6539"}],"version-history":[{"count":54,"href":"https:\/\/www.lactissima.com\/a-tire-d-ailes\/wp-json\/wp\/v2\/pages\/6539\/revisions"}],"predecessor-version":[{"id":7005,"href":"https:\/\/www.lactissima.com\/a-tire-d-ailes\/wp-json\/wp\/v2\/pages\/6539\/revisions\/7005"}],"up":[{"embeddable":true,"href":"https:\/\/www.lactissima.com\/a-tire-d-ailes\/wp-json\/wp\/v2\/pages\/2443"}],"wp:featuredmedia":[{"embeddable":true,"href":"https:\/\/www.lactissima.com\/a-tire-d-ailes\/wp-json\/wp\/v2\/media\/6534"}],"wp:attachment":[{"href":"https:\/\/www.lactissima.com\/a-tire-d-ailes\/wp-json\/wp\/v2\/media?parent=6539"}],"curies":[{"name":"wp","href":"https:\/\/api.w.org\/{rel}","templated":true}]}}