{"id":6087,"date":"2015-01-02T09:25:54","date_gmt":"2015-01-02T08:25:54","guid":{"rendered":"https:\/\/www.lactissima.com\/a-tire-d-ailes\/?page_id=6087"},"modified":"2016-01-06T09:17:56","modified_gmt":"2016-01-06T08:17:56","slug":"2015-2","status":"publish","type":"page","link":"https:\/\/www.lactissima.com\/a-tire-d-ailes\/liste-des-articles-2\/2015-2\/","title":{"rendered":"2015"},"content":{"rendered":"<p style=\"text-align: justify;\"><img loading=\"lazy\" decoding=\"async\" class=\"alignright size-full wp-image-6083\" src=\"https:\/\/www.lactissima.com\/a-tire-d-ailes\/wp-content\/uploads\/2015\/01\/travail.jpg\" alt=\"travail\" width=\"360\" height=\"257\" srcset=\"https:\/\/www.lactissima.com\/a-tire-d-ailes\/wp-content\/uploads\/2015\/01\/travail.jpg 360w, https:\/\/www.lactissima.com\/a-tire-d-ailes\/wp-content\/uploads\/2015\/01\/travail-300x214.jpg 300w\" sizes=\"(max-width: 360px) 100vw, 360px\" \/>Voici tous les articles pour concilier l&rsquo;<span style=\"color: #333333;\"><a style=\"color: #333333;\" title=\"allaitement au travail\" href=\"https:\/\/www.lactissima.com\/a-tire-d-ailes\/liste-des-articles-2\/allaitement-au-travail\/\">allaitement au travail<\/a><\/span> parus en 2015. Si vous ne trouvez pas ce que vous cherchez, n&rsquo;h\u00e9sitez pas \u00e0 utiliser l&rsquo;onglet de recherche.<\/p>\n<p style=\"text-align: justify;\"><a href=\"https:\/\/www.lactissima.com\/a-tire-d-ailes\/6520-2\/\">5 choses pratiques pour passer de bonnes f\u00eates<\/a><\/p>\n<p style=\"text-align: justify;\">Pour passer de bonnes f\u00eates, voici 5 petits trucs pratiques pour votre allaitement.<\/p>\n<p style=\"text-align: justify;\"><a href=\"https:\/\/www.lactissima.com\/a-tire-d-ailes\/allaiter-et-travailler-le-temoignage-dhelene-2\/\">Allaiter et travailler : le t\u00e9moignage d&rsquo;H\u00e9l\u00e8ne<\/a><\/p>\n<p style=\"text-align: justify;\">H\u00e9l\u00e8ne a fait le choix de ne pas faire de stock de lait maternel avant la reprise du travail et de tirer son lait au travail, quitte \u00e0 compl\u00e9ter avec une pr\u00e9paration pour nourrisson en cas de besoin.<\/p>\n<p style=\"text-align: justify;\"><a href=\"https:\/\/www.lactissima.com\/a-tire-d-ailes\/allaiter-et-travailler-le-temoignage-dalexandra\/\">Allaiter et travailler : le t\u00e9moignage d&rsquo;Alexandra<\/a><\/p>\n<p style=\"text-align: justify;\">Alexandra nous explique la poursuite de son allaitement au travail depuis la Belgique.<\/p>\n<p style=\"text-align: justify;\"><a href=\"https:\/\/www.lactissima.com\/a-tire-d-ailes\/la-revue-de-presse-da-tire-dailes-57\/\">La revue de presse d&rsquo;A tire d&rsquo;Ailes (57)<\/a><\/p>\n<p style=\"text-align: justify;\">La revue de presse allaitement du mois de novembre fait la part belle aux photos et aux vid\u00e9os d&rsquo;allaitement.<\/p>\n<p style=\"text-align: justify;\"><a href=\"https:\/\/www.lactissima.com\/a-tire-d-ailes\/vous-ne-nous-laissez-pas-une-quantite-de-lait-suffisante-pour-la-journee\/\">\u00ab\u00a0Vous ne nous laissez pas une quantit\u00e9 de lait suffisante pour la journ\u00e9e !\u00a0\u00bb<\/a><\/p>\n<p style=\"text-align: justify;\">La quantit\u00e9 de lait fournie \u00e0 la cr\u00e8che ou \u00e0 la nounou vous est souvent reproch\u00e9e : pas assez de lait ! Est-ce justifi\u00e9 ?<\/p>\n<p style=\"text-align: justify;\"><a href=\"https:\/\/www.lactissima.com\/a-tire-d-ailes\/allaiter-et-trignage-danne-3\/\">Allaiter et travailler : le t\u00e9moignage d&rsquo;Anne<\/a><\/p>\n<p style=\"text-align: justify;\">Anne a rencontr\u00e9 des difficult\u00e9s pour allaiter et travailler car son b\u00e9b\u00e9 refusait le biberon, avant de finalement l&rsquo;accepter.<\/p>\n<p style=\"text-align: justify;\"><a href=\"https:\/\/www.lactissima.com\/a-tire-d-ailes\/sevrages-le-temoignage-de-soizic\/\">Sevrages : le t\u00e9moignage de Soizic<\/a><\/p>\n<p style=\"text-align: justify;\">Soizic a fait le sevrage de sa fille a\u00een\u00e9e petit \u00e0 petit, en 4 mois.<\/p>\n<p style=\"text-align: justify;\"><a href=\"https:\/\/www.lactissima.com\/a-tire-d-ailes\/la-revue-de-presse-da-tire-dailes-56\/\">La revue de presse d&rsquo;A tire d&rsquo;Ailes (56)<\/a><\/p>\n<p style=\"text-align: justify;\">Une revue de presse tr\u00e8s centr\u00e9e sur allaitement et travail en raison de la semaine mondiale de l&rsquo;allaitement maternel.<\/p>\n<p style=\"text-align: justify;\"><a href=\"https:\/\/www.lactissima.com\/a-tire-d-ailes\/je-tire-de-moins-en-moins-de-lait\/\">Je tire de moins en moins de lait&#8230;<\/a><\/p>\n<p style=\"text-align: justify;\">Certaines femmes tirent moins de lait au travail au fil du temps. Pourquoi ?<\/p>\n<p style=\"text-align: justify;\"><a href=\"https:\/\/www.lactissima.com\/a-tire-d-ailes\/allaiter-et-travailler-le-temoignage-de-melodie\/\">Allaiter et travailler : le t\u00e9moignage de M\u00e9lodie<\/a><\/p>\n<p style=\"text-align: justify;\">M\u00e9lodie a conjugu\u00e9 allaitement exclusif, reprise du travail et maladie de la thyro\u00c3\u00afde. Un vrai challenge !<\/p>\n<p style=\"text-align: justify;\"><a href=\"https:\/\/www.lactissima.com\/a-tire-d-ailes\/sevrages-le-temoignage-de-marie\/\">Sevrages : le t\u00e9moignage de Marie<\/a><\/p>\n<p style=\"text-align: justify;\">Marie a choisi un sevrage tout en douceur.<\/p>\n<p style=\"text-align: justify;\"><a href=\"https:\/\/www.lactissima.com\/a-tire-d-ailes\/la-revue-de-presse-da-tire-dailes-55\/\">La revue de presse d&rsquo;A tire d&rsquo;Ailes (55)<\/a><\/p>\n<p style=\"text-align: justify;\">Une revue de presse tr\u00e8s riche en \u00e9tudes et en articles scientifiques ce mois-ci.<\/p>\n<p style=\"text-align: justify;\"><a href=\"https:\/\/www.lactissima.com\/a-tire-d-ailes\/tire-lait-fonctionnant-sur-batterie-ou-piles-vos-experiences\/\" target=\"_blank\">Tire-lait fonctionnant sur batterie ou piles, vos exp\u00e9riences<\/a><\/p>\n<p style=\"text-align: justify;\">Voici les r\u00e9sultats des lectrices sur les performances des batteries et piles de leur tire-lait. Un crit\u00e8re de plus pour le choix d&rsquo;un tire-lait.<\/p>\n<p style=\"text-align: justify;\"><a href=\"https:\/\/www.lactissima.com\/a-tire-d-ailes\/allaiter-et-travailler-le-temoignage-de-vervaine-2\/\">Allaiter et travailler : le t\u00e9moignage de Vervaine (2)<\/a><\/p>\n<p style=\"text-align: justify;\">Vervaine nous explique de mani\u00e8re tr\u00e8s d\u00e9taill\u00e9e comment elle s&rsquo;est organis\u00e9e pour allaiter et travailler malgr\u00e9 un lieu de travail situ\u00e9 \u00e0 une heure et demi de son domicile.<\/p>\n<p style=\"text-align: justify;\"><a href=\"https:\/\/www.lactissima.com\/a-tire-d-ailes\/sevrages-le-temoignage-de-virginie\/\">Sevrages : le t\u00e9moignage de Virginie<\/a><\/p>\n<p style=\"text-align: justify;\">Virginie a eu un allaitement difficile. Une nuit, elle a craqu\u00e9 et sevr\u00e9 son b\u00e9b\u00e9 imm\u00e9diatement. Ce sevrage n&rsquo;a pas \u00e9t\u00e9 une bonne exp\u00e9rience.<\/p>\n<p style=\"text-align: justify;\"><a href=\"https:\/\/www.lactissima.com\/a-tire-d-ailes\/la-revue-de-presse-da-tire-dailes-54\/\">La revue de presse d&rsquo;A tire d&rsquo;Ailes (54)<\/a><\/p>\n<p style=\"text-align: justify;\">Une revue de presse tr\u00e8s riche pour cette rentr\u00e9e et en pr\u00e9vision de la semaine mondiale de l&rsquo;allaitement maternel sur le th\u00e8me allaitement et travail.<\/p>\n<p style=\"text-align: justify;\"><a href=\"https:\/\/www.lactissima.com\/a-tire-d-ailes\/tire-lait-fonctionnant-sur-batterie-ou-piles\/\">Tire-lait fonctionnant sur batterie ou piles<\/a><\/p>\n<p style=\"text-align: justify;\">Quelle est la dur\u00e9e d&rsquo;utilisation des piles ou de la batterie de votre tire-lait ? Voici une information pertinente \u00e0 partager.<\/p>\n<p style=\"text-align: justify;\"><a href=\"https:\/\/www.lactissima.com\/a-tire-d-ailes\/sevrages-le-temoignage-de-francoise\/\">Sevrages : le t\u00e9moignage de Fran\u00e7oise<\/a><\/p>\n<p style=\"text-align: justify;\">Fran\u00e7oise nous avait parl\u00e9 de ses allaitements, de ses reprises de travail, elle nous parle maintenant de ses sevrages.<\/p>\n<p style=\"text-align: justify;\"><a href=\"https:\/\/www.lactissima.com\/a-tire-d-ailes\/allaitement-le-temoignage-daurelie\/\">Allaitement : le t\u00e9moignage d&rsquo;Aur\u00e9lie<\/a><\/p>\n<p style=\"text-align: justify;\">Aur\u00e9lie a eu une r\u00e9v\u00e9lation en d\u00e9couvrant l&rsquo;allaitement, qu&rsquo;elle a poursuivi lors de la reprise du travail, tr\u00e8s rapidement en allaitement mixte.<\/p>\n<p style=\"text-align: justify;\"><a href=\"https:\/\/www.lactissima.com\/a-tire-d-ailes\/allaitement-travail-et-sevrage-le-temoignage-de-marion\/\">Allaitement, travail et sevrage : le t\u00e9moignage de Marion<\/a><\/p>\n<p style=\"text-align: justify;\">Marion a tirer son lait de mani\u00e8re intensive \u00e0 la reprise du travail puis a choisi un allaitement mixte avant un sevrage : une longue aventure !<\/p>\n<p style=\"text-align: justify;\"><a href=\"https:\/\/www.lactissima.com\/a-tire-d-ailes\/la-revue-de-presse-da-tire-dailes-53\/\">La revue de presse d&rsquo;A tire d&rsquo;Ailes (53)<\/a><\/p>\n<p style=\"text-align: justify;\">Une revue de presse tr\u00e8s riche en ce d\u00e9but d&rsquo;\u00e9t\u00e9 !<\/p>\n<p style=\"text-align: justify;\"><a href=\"https:\/\/www.lactissima.com\/a-tire-d-ailes\/tirer-son-lait-le-temoignage-de-marlene\/\">Tirer son lait : le t\u00e9moignage de Marl\u00e8ne<\/a><\/p>\n<p style=\"text-align: justify;\">Marl\u00e8ne a tir\u00e9 son lait pour son b\u00e9b\u00e9 d\u00e8s la maternit\u00e9 car son b\u00e9b\u00e9 a refus\u00e9 de t\u00e9ter, la reprise du travail a \u00e9t\u00e9 une continuit\u00e9 dans le tirage.<\/p>\n<p style=\"text-align: justify;\"><a href=\"https:\/\/www.lactissima.com\/a-tire-d-ailes\/allaiter-et-travailler-le-temoignage-dhelene\/\">Allaiter et travailler : le t\u00e9moignage d&rsquo;H\u00e9l\u00e8ne<\/a><\/p>\n<p style=\"text-align: justify;\">H\u00e9l\u00e8ne avait fait le plein d&rsquo;informations et un bon stock de lait avant la reprise du travail et pense que c&rsquo;\u00e9tait une bonne chose.<\/p>\n<p style=\"text-align: justify;\"><a href=\"https:\/\/www.lactissima.com\/a-tire-d-ailes\/sevrages-le-temoignage-damelie\/\">Sevrages : le t\u00e9moignage d&rsquo;Am\u00e9lie<\/a><\/p>\n<p style=\"text-align: justify;\">Le sevrage de Lilou n&rsquo;a pas \u00e9t\u00e9 celui souhait\u00e9 par sa m\u00e8re mais elle reste satisfaite de la mani\u00e8re dont \u00e7a s&rsquo;est pass\u00e9.<\/p>\n<p style=\"text-align: justify;\"><a href=\"https:\/\/www.lactissima.com\/a-tire-d-ailes\/la-revue-de-presse-da-tire-dailes-52\/\">La revue de presse d&rsquo;A tire d&rsquo;Ailes (52)<\/a><\/p>\n<p style=\"text-align: justify;\">De nombreux articles techniques et passionnants.<\/p>\n<p style=\"text-align: justify;\"><a href=\"https:\/\/www.lactissima.com\/a-tire-d-ailes\/poussees-dentaires\/\">Pouss\u00e9es dentaires ?<\/a><\/p>\n<p style=\"text-align: justify;\">Les pouss\u00e9es dentaires existent-elles ? Sont-elles un probl\u00e8me pour l&rsquo;allaitement \u00e0 la reprise du travail ? Pas vraiment&#8230;<\/p>\n<p style=\"text-align: justify;\"><a href=\"https:\/\/www.lactissima.com\/a-tire-d-ailes\/allaiter-et-travailler-le-temoignage-de-laetitia\/\">Allaiter et travailler : le t\u00e9moignage de Laetitia<\/a><\/p>\n<p style=\"text-align: justify;\">Laetitia a repris le travail il y a 3 semaines et elle a fait le choix de tirer son lait mais son b\u00e9b\u00e9 a du mal \u00e0 accepter les biberons.<\/p>\n<p style=\"text-align: justify;\"><a href=\"https:\/\/www.lactissima.com\/a-tire-d-ailes\/sevrages-le-temoignage-de-sophie\/\">Sevrages : le t\u00e9moignage de Sophie<\/a><\/p>\n<p style=\"text-align: justify;\">Sophie a commenc\u00e9 \u00e0 penser au sevrage apr\u00e8s la premi\u00e8re ann\u00e9e de son enfant. Elle a \u00e9tal\u00e9 ce sevrage sur quelques mois et cela s&rsquo;est tr\u00e8s bien pass\u00e9.<\/p>\n<p style=\"text-align: justify;\"><a href=\"https:\/\/www.lactissima.com\/a-tire-d-ailes\/la-revue-de-presse-da-tire-dailes-51\/\">La revue de presse d&rsquo;A tire d&rsquo;Ailes (51)<\/a><\/p>\n<p style=\"text-align: justify;\">Une revue de presse marqu\u00e9e par des t\u00e9moignages poignants !<\/p>\n<p style=\"text-align: justify;\"><a href=\"https:\/\/www.lactissima.com\/a-tire-d-ailes\/co-allaitement-et-reprise-du-travail\/\">Co-allaitement et reprise du travail<\/a><\/p>\n<p style=\"text-align: justify;\">Reprendre le travail quand on fait un co-allaitement pose certaines questions mais c&rsquo;est tout \u00e0 fait possible avec quelques ajustements.<\/p>\n<p style=\"text-align: justify;\"><a title=\"Allaiter et travailler : le t\u00e9moignage de Lola\" href=\"https:\/\/www.lactissima.com\/a-tire-d-ailes\/allaiter-et-travailler-le-temoignage-de-lola\/\">Allaiter et travailler : le t\u00e9moignage de Lola<\/a><\/p>\n<p style=\"text-align: justify;\">Lola voulait une reprise de travail en allaitement exclusif, elle fait finalement du mixte et en est satisfaite.<\/p>\n<p style=\"text-align: justify;\"><a title=\"Sevrages : le t\u00e9moignage d'Aurore\" href=\"https:\/\/www.lactissima.com\/a-tire-d-ailes\/sevrages-le-temoignage-daurore\/\" target=\"_blank\">Sevrages : le t\u00e9moignage d&rsquo;Aurore<\/a><\/p>\n<p style=\"text-align: justify;\">Aurore a retard\u00e9 le sevrage de sa fille initialement pr\u00e9vu \u00e0 3 mois. Le sevrage s&rsquo;est finalement fait \u00e0 8 mois.<\/p>\n<p style=\"text-align: justify;\"><a title=\"La revue de presse d'A tire d'Ailes (50)\" href=\"https:\/\/www.lactissima.com\/a-tire-d-ailes\/la-revue-de-presse-da-tire-dailes-50\/\">La revue de presse d&rsquo;A tire d&rsquo;Ailes (50)<\/a><\/p>\n<p style=\"text-align: justify;\">Cette 50e revue de presse met en lumi\u00e8re des t\u00e9moignages particuli\u00e8rement touchants.<\/p>\n<p style=\"text-align: justify;\"><a title=\"Faire un flan de lait maternel pour le b\u00e9b\u00e9 qui refuse le biberon\" href=\"https:\/\/www.lactissima.com\/a-tire-d-ailes\/flan-de-lait-maternel-a-l-agar-agar\/\">Faire un flan de lait maternel pour le b\u00e9b\u00e9 qui refuse le biberon<\/a><\/p>\n<p style=\"text-align: justify;\">L&rsquo;agar agar peut permettre de faire des flans de lait maternel pour pouvoir nourrir le b\u00e9b\u00e9 \u00e0 la cuill\u00e8re quand il refuse le biberon.<\/p>\n<p style=\"text-align: justify;\"><a title=\"Allaiter et travailler : le t\u00e9moignage de Claire\" href=\"https:\/\/www.lactissima.com\/a-tire-d-ailes\/allaiter-et-travailler-le-temoignage-de-claire-2\/\">Allaiter et travailler : le t\u00e9moignage de Claire<\/a><\/p>\n<p style=\"text-align: justify;\">Claire a repris le travail en tirant son lait et finalement c&rsquo;est un tire-lait manuel qui s&rsquo;est av\u00e9r\u00e9 le plus efficace pour elle.<\/p>\n<p style=\"text-align: justify;\"><a title=\"Sevrages : le t\u00e9moignage de S\u00e9verine\" href=\"https:\/\/www.lactissima.com\/a-tire-d-ailes\/sevrages-le-temoignage-de-severine\/\">Sevrages : le t\u00e9moignage de S\u00e9verine<\/a><\/p>\n<p style=\"text-align: justify;\">S\u00e9verine a choisi de laisser ses enfants se sevrer quand ils l&rsquo;ont choisi, il s&rsquo;agit d&rsquo;un sevrage naturel.<\/p>\n<p style=\"text-align: justify;\"><a title=\"La revue de presse d'A tire d'Ailes (49)\" href=\"https:\/\/www.lactissima.com\/a-tire-d-ailes\/la-revue-de-presse-da-tire-dailes-49\/\">La revue de presse d&rsquo;A tire d&rsquo;Ailes (49)<\/a><\/p>\n<p style=\"text-align: justify;\">Une revue de presse tr\u00e8s riche ce mois-ci, \u00e0 la fois autour du th\u00e8me allaitement et travail et gr\u00e2ce \u00e0 de nombreux tr\u00e8s bons articles sur l&rsquo;allaitement.<\/p>\n<p style=\"text-align: justify;\"><a title=\"Allaitement et travail en video\" href=\"https:\/\/www.lactissima.com\/a-tire-d-ailes\/video-allaitement\/\">Allaitement et travail en video<\/a><\/p>\n<p style=\"text-align: justify;\">Pouvoir s&rsquo;aider d&rsquo;une bonne video allaitement peut \u00eatre pr\u00e9cieux dans la r\u00e9ussite de son projet allaitement et travail !<\/p>\n<p style=\"text-align: justify;\"><a title=\"Allaiter et travailler : le t\u00e9moignage d'Estelle\" href=\"https:\/\/www.lactissima.com\/a-tire-d-ailes\/allaiter-et-travailler-le-temoignage-destelle\/\">Allaiter et travailler : le t\u00e9moignage d&rsquo;Estelle<\/a><\/p>\n<p style=\"text-align: justify;\">Estelle est m\u00e9decin g\u00e9n\u00e9raliste. Elle s&rsquo;est battue pour poursuivre l&rsquo;allaitement de son b\u00e9b\u00e9 \u00e0 sa reprise du travail, malgr\u00e9 des conditions difficiles.<\/p>\n<p style=\"text-align: justify;\"><a title=\"Sevrages : le t\u00e9moignage de Jeanne\" href=\"https:\/\/www.lactissima.com\/a-tire-d-ailes\/sevrages-le-temoignage-de-jeanne\/\">Sevrages : le t\u00e9moignage de Jeanne<\/a><\/p>\n<p style=\"text-align: justify;\">Jeanne a rencontr\u00e9 des difficult\u00e9s pour sevrer son fils qui refusait le biberon. Les sevrages ne sont pas toujours simples&#8230;<\/p>\n<p style=\"text-align: justify;\"><a title=\"La revue de presse d'A tire d'Ailes (48)\" href=\"https:\/\/www.lactissima.com\/a-tire-d-ailes\/la-revue-de-presse-da-tire-dailes-48\/\">La revue de presse d&rsquo;A tire d&rsquo;Ailes (48)<\/a><\/p>\n<p style=\"text-align: justify;\">Ce mois-ci, vous d\u00e9couvrirez une actualit\u00e9 tr\u00e8s riche, notamment sur le th\u00e8me allaitement et travail.<\/p>\n<p style=\"text-align: justify;\"><a title=\"Sevrage : appel \u00e0 t\u00e9moignage\" href=\"https:\/\/www.lactissima.com\/a-tire-d-ailes\/sevrage-appel-temoignage\/\">Sevrage : appel \u00e0 t\u00e9moignage<\/a><\/p>\n<p style=\"text-align: justify;\">J&rsquo;attends vos t\u00e9moignages sur le sevrage !<\/p>\n<p style=\"text-align: justify;\"><a title=\"Quand prendre sa pause tire-lait ?\" href=\"https:\/\/www.lactissima.com\/a-tire-d-ailes\/quand-prendre-sa-pause-tire-lait\/\">Quand prendre sa pause tire-lait ?<\/a><\/p>\n<p style=\"text-align: justify;\">Quel est le meilleur moment pour prendre une pause tire-lait ? Cela d\u00e9pend de votre lactation, de vos horaires, de votre travail,&#8230;<\/p>\n<p style=\"text-align: justify;\"><a title=\"Allaiter et travailler : le t\u00e9moignage d'Anne\" href=\"https:\/\/www.lactissima.com\/a-tire-d-ailes\/allaiter-et-travailler-le-temoignage-danne-2\/\">Allaiter et travailler : le t\u00e9moignage d&rsquo;Anne<\/a><\/p>\n<p style=\"text-align: justify;\">Anne est m\u00e9decin g\u00e9n\u00e9raliste. Elle a poursuivi l&rsquo;allaitement \u00e0 la reprise du travail pour ses deux enfants selon des modalit\u00e9s variables.<\/p>\n<p style=\"text-align: justify;\"><a title=\"La revue de presse d'A tire d'Ailes (47)\" href=\"https:\/\/www.lactissima.com\/a-tire-d-ailes\/la-revue-de-presse-da-tire-dailes-47\/\">La revue de presse d&rsquo;A tire d&rsquo;Ailes (47)<\/a><\/p>\n<p style=\"text-align: justify;\">Une revue de presse riche pour ce d\u00e9but d&rsquo;ann\u00e9e, avec des \u00e9tudes, de tr\u00e8s bons articles et du rire !<\/p>\n<p style=\"text-align: justify;\"><a title=\"Trouver le temps de tirer son lait\" href=\"https:\/\/www.lactissima.com\/a-tire-d-ailes\/pause-allaitement\/\">Trouver le temps de tirer son lait<\/a><\/p>\n<p style=\"text-align: justify;\">Trouver le temps de prendre une pause allaitement n&rsquo;est pas toujours facile. Voici quelques pistes pour vous aider.<\/p>\n<p style=\"text-align: justify;\"><a title=\"Pour une ann\u00e9e 2015 \u00e9panouissante\" href=\"https:\/\/www.lactissima.com\/a-tire-d-ailes\/pour-une-annee-2015-epanouissante\/\">Pour une ann\u00e9e 2015 \u00e9panouissante<\/a><\/p>\n<p style=\"text-align: justify;\">Je souhaite que 2015 me permette de continuer \u00e0 vous accompagner au mieux sur la voie d&rsquo;une vie de famille et d&rsquo;une vie professionnelle sereine.<\/p>\n<p style=\"text-align: justify;\">\n","protected":false},"excerpt":{"rendered":"<p>Voici tous les articles pour concilier l&rsquo;allaitement au travail parus en 2015. Si vous ne trouvez pas ce que vous cherchez, n&rsquo;h\u00e9sitez pas \u00e0 utiliser l&rsquo;onglet de recherche. 5 choses pratiques pour passer de bonnes f\u00eates Pour passer de bonnes f\u00eates, voici 5 petits trucs pratiques pour votre allaitement. Allaiter et travailler : le t\u00e9moignage [&hellip;]<\/p>\n","protected":false},"author":170,"featured_media":6083,"parent":2443,"menu_order":7,"comment_status":"open","ping_status":"open","template":"","meta":{"_et_pb_use_builder":"","_et_pb_old_content":"","_et_gb_content_width":"","footnotes":""},"class_list":["post-6087","page","type-page","status-publish","has-post-thumbnail","hentry"],"yoast_head":"<!-- This site is optimized with the Yoast SEO plugin v27.4 - https:\/\/yoast.com\/product\/yoast-seo-wordpress\/ -->\n<title>2015<\/title>\n<meta name=\"description\" content=\"Voici tous les articles pour concilier l&#039;allaitement au travail parus en 2015. Si vous ne trouvez pas ce que vous cherchez, n&#039;h\u00e9sitez pas \u00e0 utiliser\" \/>\n<meta name=\"robots\" content=\"index, follow, max-snippet:-1, max-image-preview:large, max-video-preview:-1\" \/>\n<link rel=\"canonical\" href=\"https:\/\/www.lactissima.com\/a-tire-d-ailes\/liste-des-articles-2\/2015-2\/\" \/>\n<meta property=\"og:locale\" content=\"fr_FR\" \/>\n<meta property=\"og:type\" content=\"article\" \/>\n<meta property=\"og:title\" content=\"2015\" \/>\n<meta property=\"og:description\" content=\"Voici tous les articles pour concilier l&#039;allaitement au travail parus en 2015. Si vous ne trouvez pas ce que vous cherchez, n&#039;h\u00e9sitez pas \u00e0 utiliser\" \/>\n<meta property=\"og:url\" content=\"https:\/\/www.lactissima.com\/a-tire-d-ailes\/liste-des-articles-2\/2015-2\/\" \/>\n<meta property=\"og:site_name\" content=\"A tire d&#039;Ailes\" \/>\n<meta property=\"article:publisher\" content=\"https:\/\/www.facebook.com\/consultante.en.lactation\" \/>\n<meta property=\"article:modified_time\" content=\"2016-01-06T08:17:56+00:00\" \/>\n<meta property=\"og:image\" content=\"https:\/\/www.lactissima.com\/a-tire-d-ailes\/wp-content\/uploads\/2015\/01\/travail.jpg\" \/>\n\t<meta property=\"og:image:width\" content=\"360\" \/>\n\t<meta property=\"og:image:height\" content=\"257\" \/>\n\t<meta property=\"og:image:type\" content=\"image\/jpeg\" \/>\n<meta name=\"twitter:card\" content=\"summary_large_image\" \/>\n<meta name=\"twitter:site\" content=\"@VeroniqueIBCLC\" \/>\n<meta name=\"twitter:label1\" content=\"Dur\u00e9e de lecture estim\u00e9e\" \/>\n\t<meta name=\"twitter:data1\" content=\"7 minutes\" \/>\n<script type=\"application\/ld+json\" class=\"yoast-schema-graph\">{\"@context\":\"https:\\\/\\\/schema.org\",\"@graph\":[{\"@type\":\"WebPage\",\"@id\":\"https:\\\/\\\/www.lactissima.com\\\/a-tire-d-ailes\\\/liste-des-articles-2\\\/2015-2\\\/\",\"url\":\"https:\\\/\\\/www.lactissima.com\\\/a-tire-d-ailes\\\/liste-des-articles-2\\\/2015-2\\\/\",\"name\":\"2015\",\"isPartOf\":{\"@id\":\"https:\\\/\\\/www.lactissima.com\\\/a-tire-d-ailes\\\/#website\"},\"primaryImageOfPage\":{\"@id\":\"https:\\\/\\\/www.lactissima.com\\\/a-tire-d-ailes\\\/liste-des-articles-2\\\/2015-2\\\/#primaryimage\"},\"image\":{\"@id\":\"https:\\\/\\\/www.lactissima.com\\\/a-tire-d-ailes\\\/liste-des-articles-2\\\/2015-2\\\/#primaryimage\"},\"thumbnailUrl\":\"https:\\\/\\\/www.lactissima.com\\\/a-tire-d-ailes\\\/wp-content\\\/uploads\\\/2015\\\/01\\\/travail.jpg\",\"datePublished\":\"2015-01-02T08:25:54+00:00\",\"dateModified\":\"2016-01-06T08:17:56+00:00\",\"description\":\"Voici tous les articles pour concilier l'allaitement au travail parus en 2015. Si vous ne trouvez pas ce que vous cherchez, n'h\u00e9sitez pas \u00e0 utiliser\",\"breadcrumb\":{\"@id\":\"https:\\\/\\\/www.lactissima.com\\\/a-tire-d-ailes\\\/liste-des-articles-2\\\/2015-2\\\/#breadcrumb\"},\"inLanguage\":\"fr-FR\",\"potentialAction\":[{\"@type\":\"ReadAction\",\"target\":[\"https:\\\/\\\/www.lactissima.com\\\/a-tire-d-ailes\\\/liste-des-articles-2\\\/2015-2\\\/\"]}]},{\"@type\":\"ImageObject\",\"inLanguage\":\"fr-FR\",\"@id\":\"https:\\\/\\\/www.lactissima.com\\\/a-tire-d-ailes\\\/liste-des-articles-2\\\/2015-2\\\/#primaryimage\",\"url\":\"https:\\\/\\\/www.lactissima.com\\\/a-tire-d-ailes\\\/wp-content\\\/uploads\\\/2015\\\/01\\\/travail.jpg\",\"contentUrl\":\"https:\\\/\\\/www.lactissima.com\\\/a-tire-d-ailes\\\/wp-content\\\/uploads\\\/2015\\\/01\\\/travail.jpg\",\"width\":360,\"height\":257},{\"@type\":\"BreadcrumbList\",\"@id\":\"https:\\\/\\\/www.lactissima.com\\\/a-tire-d-ailes\\\/liste-des-articles-2\\\/2015-2\\\/#breadcrumb\",\"itemListElement\":[{\"@type\":\"ListItem\",\"position\":1,\"name\":\"Accueil\",\"item\":\"https:\\\/\\\/www.lactissima.com\\\/a-tire-d-ailes\\\/\"},{\"@type\":\"ListItem\",\"position\":2,\"name\":\"Liste des articles\",\"item\":\"https:\\\/\\\/www.lactissima.com\\\/a-tire-d-ailes\\\/liste-des-articles-2\\\/\"},{\"@type\":\"ListItem\",\"position\":3,\"name\":\"2015\"}]},{\"@type\":\"WebSite\",\"@id\":\"https:\\\/\\\/www.lactissima.com\\\/a-tire-d-ailes\\\/#website\",\"url\":\"https:\\\/\\\/www.lactissima.com\\\/a-tire-d-ailes\\\/\",\"name\":\"A tire d&#039;Ailes\",\"description\":\"Le blog des femmes qui allaitent et travaillent.\",\"potentialAction\":[{\"@type\":\"SearchAction\",\"target\":{\"@type\":\"EntryPoint\",\"urlTemplate\":\"https:\\\/\\\/www.lactissima.com\\\/a-tire-d-ailes\\\/?s={search_term_string}\"},\"query-input\":{\"@type\":\"PropertyValueSpecification\",\"valueRequired\":true,\"valueName\":\"search_term_string\"}}],\"inLanguage\":\"fr-FR\"}]}<\/script>\n<!-- \/ Yoast SEO plugin. -->","yoast_head_json":{"title":"2015","description":"Voici tous les articles pour concilier l'allaitement au travail parus en 2015. Si vous ne trouvez pas ce que vous cherchez, n'h\u00e9sitez pas \u00e0 utiliser","robots":{"index":"index","follow":"follow","max-snippet":"max-snippet:-1","max-image-preview":"max-image-preview:large","max-video-preview":"max-video-preview:-1"},"canonical":"https:\/\/www.lactissima.com\/a-tire-d-ailes\/liste-des-articles-2\/2015-2\/","og_locale":"fr_FR","og_type":"article","og_title":"2015","og_description":"Voici tous les articles pour concilier l'allaitement au travail parus en 2015. Si vous ne trouvez pas ce que vous cherchez, n'h\u00e9sitez pas \u00e0 utiliser","og_url":"https:\/\/www.lactissima.com\/a-tire-d-ailes\/liste-des-articles-2\/2015-2\/","og_site_name":"A tire d&#039;Ailes","article_publisher":"https:\/\/www.facebook.com\/consultante.en.lactation","article_modified_time":"2016-01-06T08:17:56+00:00","og_image":[{"width":360,"height":257,"url":"https:\/\/www.lactissima.com\/a-tire-d-ailes\/wp-content\/uploads\/2015\/01\/travail.jpg","type":"image\/jpeg"}],"twitter_card":"summary_large_image","twitter_site":"@VeroniqueIBCLC","twitter_misc":{"Dur\u00e9e de lecture estim\u00e9e":"7 minutes"},"schema":{"@context":"https:\/\/schema.org","@graph":[{"@type":"WebPage","@id":"https:\/\/www.lactissima.com\/a-tire-d-ailes\/liste-des-articles-2\/2015-2\/","url":"https:\/\/www.lactissima.com\/a-tire-d-ailes\/liste-des-articles-2\/2015-2\/","name":"2015","isPartOf":{"@id":"https:\/\/www.lactissima.com\/a-tire-d-ailes\/#website"},"primaryImageOfPage":{"@id":"https:\/\/www.lactissima.com\/a-tire-d-ailes\/liste-des-articles-2\/2015-2\/#primaryimage"},"image":{"@id":"https:\/\/www.lactissima.com\/a-tire-d-ailes\/liste-des-articles-2\/2015-2\/#primaryimage"},"thumbnailUrl":"https:\/\/www.lactissima.com\/a-tire-d-ailes\/wp-content\/uploads\/2015\/01\/travail.jpg","datePublished":"2015-01-02T08:25:54+00:00","dateModified":"2016-01-06T08:17:56+00:00","description":"Voici tous les articles pour concilier l'allaitement au travail parus en 2015. Si vous ne trouvez pas ce que vous cherchez, n'h\u00e9sitez pas \u00e0 utiliser","breadcrumb":{"@id":"https:\/\/www.lactissima.com\/a-tire-d-ailes\/liste-des-articles-2\/2015-2\/#breadcrumb"},"inLanguage":"fr-FR","potentialAction":[{"@type":"ReadAction","target":["https:\/\/www.lactissima.com\/a-tire-d-ailes\/liste-des-articles-2\/2015-2\/"]}]},{"@type":"ImageObject","inLanguage":"fr-FR","@id":"https:\/\/www.lactissima.com\/a-tire-d-ailes\/liste-des-articles-2\/2015-2\/#primaryimage","url":"https:\/\/www.lactissima.com\/a-tire-d-ailes\/wp-content\/uploads\/2015\/01\/travail.jpg","contentUrl":"https:\/\/www.lactissima.com\/a-tire-d-ailes\/wp-content\/uploads\/2015\/01\/travail.jpg","width":360,"height":257},{"@type":"BreadcrumbList","@id":"https:\/\/www.lactissima.com\/a-tire-d-ailes\/liste-des-articles-2\/2015-2\/#breadcrumb","itemListElement":[{"@type":"ListItem","position":1,"name":"Accueil","item":"https:\/\/www.lactissima.com\/a-tire-d-ailes\/"},{"@type":"ListItem","position":2,"name":"Liste des articles","item":"https:\/\/www.lactissima.com\/a-tire-d-ailes\/liste-des-articles-2\/"},{"@type":"ListItem","position":3,"name":"2015"}]},{"@type":"WebSite","@id":"https:\/\/www.lactissima.com\/a-tire-d-ailes\/#website","url":"https:\/\/www.lactissima.com\/a-tire-d-ailes\/","name":"A tire d&#039;Ailes","description":"Le blog des femmes qui allaitent et travaillent.","potentialAction":[{"@type":"SearchAction","target":{"@type":"EntryPoint","urlTemplate":"https:\/\/www.lactissima.com\/a-tire-d-ailes\/?s={search_term_string}"},"query-input":{"@type":"PropertyValueSpecification","valueRequired":true,"valueName":"search_term_string"}}],"inLanguage":"fr-FR"}]}},"_links":{"self":[{"href":"https:\/\/www.lactissima.com\/a-tire-d-ailes\/wp-json\/wp\/v2\/pages\/6087","targetHints":{"allow":["GET"]}}],"collection":[{"href":"https:\/\/www.lactissima.com\/a-tire-d-ailes\/wp-json\/wp\/v2\/pages"}],"about":[{"href":"https:\/\/www.lactissima.com\/a-tire-d-ailes\/wp-json\/wp\/v2\/types\/page"}],"author":[{"embeddable":true,"href":"https:\/\/www.lactissima.com\/a-tire-d-ailes\/wp-json\/wp\/v2\/users\/170"}],"replies":[{"embeddable":true,"href":"https:\/\/www.lactissima.com\/a-tire-d-ailes\/wp-json\/wp\/v2\/comments?post=6087"}],"version-history":[{"count":53,"href":"https:\/\/www.lactissima.com\/a-tire-d-ailes\/wp-json\/wp\/v2\/pages\/6087\/revisions"}],"predecessor-version":[{"id":6544,"href":"https:\/\/www.lactissima.com\/a-tire-d-ailes\/wp-json\/wp\/v2\/pages\/6087\/revisions\/6544"}],"up":[{"embeddable":true,"href":"https:\/\/www.lactissima.com\/a-tire-d-ailes\/wp-json\/wp\/v2\/pages\/2443"}],"wp:featuredmedia":[{"embeddable":true,"href":"https:\/\/www.lactissima.com\/a-tire-d-ailes\/wp-json\/wp\/v2\/media\/6083"}],"wp:attachment":[{"href":"https:\/\/www.lactissima.com\/a-tire-d-ailes\/wp-json\/wp\/v2\/media?parent=6087"}],"curies":[{"name":"wp","href":"https:\/\/api.w.org\/{rel}","templated":true}]}}