{"id":5020,"date":"2014-01-02T11:27:58","date_gmt":"2014-01-02T09:27:58","guid":{"rendered":"https:\/\/www.lactissima.com\/a-tire-d-ailes\/?page_id=5020"},"modified":"2014-12-23T11:06:01","modified_gmt":"2014-12-23T10:06:01","slug":"allaitement-au-travail","status":"publish","type":"page","link":"https:\/\/www.lactissima.com\/a-tire-d-ailes\/liste-des-articles-2\/allaitement-au-travail\/","title":{"rendered":"2014"},"content":{"rendered":"<p style=\"text-align: justify;\"><a href=\"https:\/\/www.lactissima.com\/a-tire-d-ailes\/wp-content\/uploads\/2010\/12\/Van_Emma.jpeg\"><img loading=\"lazy\" decoding=\"async\" class=\"alignright size-full wp-image-4505\" src=\"https:\/\/www.lactissima.com\/a-tire-d-ailes\/wp-content\/uploads\/2010\/12\/Van_Emma.jpeg\" alt=\"allaitement au travail\" width=\"288\" height=\"317\" srcset=\"https:\/\/www.lactissima.com\/a-tire-d-ailes\/wp-content\/uploads\/2010\/12\/Van_Emma.jpeg 288w, https:\/\/www.lactissima.com\/a-tire-d-ailes\/wp-content\/uploads\/2010\/12\/Van_Emma-272x300.jpeg 272w\" sizes=\"(max-width: 288px) 100vw, 288px\" \/><\/a>Voici tous les articles pour concilier l&rsquo;<span style=\"color: #333333;\"><a title=\"allaitement au travail\" href=\"https:\/\/www.lactissima.com\/a-tire-d-ailes\/liste-des-articles-2\/allaitement-au-travail\/\"><span style=\"color: #333333;\">allaitement au travail<\/span><\/a><\/span> parus en 2014. Si vous ne trouvez pas ce que vous cherchez, n&rsquo;h\u00e9sitez pas \u00e0 utiliser l&rsquo;onglet de recherche.<\/p>\n<p><a title=\"Allaiter et travailler : le t\u00e9moignage de C\u00e9cile\" href=\"https:\/\/www.lactissima.com\/a-tire-d-ailes\/allaiter-et-travailler-le-temoignage-de-cecile-2\/\">Allaiter et travailler : le t\u00e9moignage de C\u00e9cile<\/a><\/p>\n<p>C\u00e9cile travaille \u00e0 son compte. Elle a d&rsquo;abord emmen\u00e9 son b\u00e9b\u00e9 lors de ses RDV puis sa fille est entr\u00e9e en cr\u00e8che et C\u00e9cile a tir\u00e9 son lait.<\/p>\n<p><a title=\"La revue de presse d'A tire d'Ailes (46)\" href=\"https:\/\/www.lactissima.com\/a-tire-d-ailes\/la-revue-de-presse-da-tire-dailes-46\/\">La revue de presse d&rsquo;A tire d&rsquo;Ailes (46)<\/a><\/p>\n<p>Une revue de presse l\u00e9g\u00e8re ce mois-ci, avec video de 1935 absolument passionnante.<\/p>\n<p><a title=\"o\u00f9 tirer son lait au travail par les lectrices\" href=\"https:\/\/www.lactissima.com\/a-tire-d-ailes\/ou-tirer-son-lait-au-travail-par-les-lectrices\/\">o\u00f9 tirer son lait au travail&#8230;par les lectrices<\/a><\/p>\n<p>Les lectrices du blog vous emm\u00e8nent : d\u00e9couvrez o\u00f9 tirer son lait au travail !<\/p>\n<p><a title=\"Trouver un lieu pour tirer son lait\" href=\"https:\/\/www.lactissima.com\/a-tire-d-ailes\/lieu-pour-tirer-son-lait\/\">Trouver un lieu pour tirer son lait<\/a><\/p>\n<p>On n&rsquo;a pas toujours d&rsquo;id\u00e9e sur ce que l&rsquo;on peut utiliser comme lieu pour tirer son lait. Montrez-nous o\u00f9 vous tirez votre lait !<\/p>\n<p><a title=\"Allaiter et travailler : le t\u00e9moignage de Julie\" href=\"https:\/\/www.lactissima.com\/a-tire-d-ailes\/allaiter-et-travailler-le-temoignage-de-julie-3\/\">Allaiter et travailler : le t\u00e9moignage de Julie<\/a><\/p>\n<p>Julie nous fait part de son exp\u00e9rience pour la seconde fois avec un b\u00e9b\u00e9 tr\u00e8s diff\u00e9rent, qui a refus\u00e9 de manger en son absence.<\/p>\n<p><a title=\"La revue de presse d'A tire d'Ailes (45)\" href=\"https:\/\/www.lactissima.com\/a-tire-d-ailes\/revue-presse-da-tire-dailes-45\/\">La revue de presse d&rsquo;A tire d&rsquo;Ailes (45)<\/a><\/p>\n<p>Une revue de presse vari\u00e9e avec des actualit\u00e9s sur allaitement et travail.<\/p>\n<p><a title=\"Poursuivre un tire-allaitement \u00e0 la reprise du travail\" href=\"https:\/\/www.lactissima.com\/a-tire-d-ailes\/poursuivre-tire-allaitement-reprise-du-travail\/\">Poursuivre un tire-allaitement \u00e0 la reprise du travail<\/a><\/p>\n<p>Quelques suggestions pour aborder la reprise du travail lorsque que l&rsquo;on est en tire-allaitement.<\/p>\n<p><a title=\"Savez-vous pr\u00e9parer un biberon ?\" href=\"https:\/\/www.lactissima.com\/a-tire-d-ailes\/savez-preparer-biberon\/\">Savez-vous pr\u00e9parer un biberon ?<\/a><\/p>\n<p>Les recommandations de pr\u00e9paration des biberons sont tr\u00e8s mal connues et pourtant extr\u00eamement importantes.<\/p>\n<p><a title=\"Allaitement et travail : le t\u00e9moignage de Marion\" href=\"https:\/\/www.lactissima.com\/a-tire-d-ailes\/allaitement-travail-temoignage-marion\/\">Allaitement et travail : le t\u00e9moignage de Marion<\/a><\/p>\n<p>Marion a tir\u00e9 son lait au travail. Comme elle se d\u00e9place \u00e0 v\u00e9lo, elle a fait le choix d&rsquo;un petit tire-lait manuel.<\/p>\n<p><a title=\"Quand le tire-lait cr\u00e9e des crevasses\" href=\"https:\/\/www.lactissima.com\/a-tire-d-ailes\/tire-lait-cree-crevasses\/\">Quand le tire-lait cr\u00e9e des crevasses<\/a><\/p>\n<p>Il n&rsquo;est pas normal d&rsquo;avoir mal en tirant son lait et a fortiori d&rsquo;avoir des crevasses. Voici quelques pistes pour y rem\u00e9dier.<\/p>\n<p><a title=\"La revue de presse d'A tire d'Ailes (43)\" href=\"https:\/\/www.lactissima.com\/a-tire-d-ailes\/revue-presse-da-tire-dailes-43\/\">La revue de presse d&rsquo;A tire d&rsquo;Ailes (43)<\/a><\/p>\n<p>Ce mois a \u00e9t\u00e9 riches en \u00e9tudes sur la sant\u00e9 de la m\u00e8re et du b\u00e9b\u00e9.<\/p>\n<p><a title=\"Nouveaut\u00e9 fiches pratiques\" href=\"https:\/\/www.lactissima.com\/a-tire-d-ailes\/nouveaute-fiches-pratiques\/\">Nouveaut\u00e9 fiches pratiques<\/a><\/p>\n<p>Des fiches pratiques en format pdf que vous pouvez imprimer et utiliser au quotidien.<\/p>\n<p><a title=\"La conservation du lait maternel en questions\" href=\"https:\/\/www.lactissima.com\/a-tire-d-ailes\/conservation-du-lait-maternel\/\">La conservation du lait maternel en questions<\/a><\/p>\n<p>On ne peut pas toujours r\u00e9pondre aux questions sur la conservation du lait maternel&#8230;<\/p>\n<p><a title=\"Allaitement et travail : le t\u00e9moignage d'Emilie\" href=\"https:\/\/www.lactissima.com\/a-tire-d-ailes\/allaitement-travail-temoignage-demilie\/\">Allaitement et travail : le t\u00e9moignage d&rsquo;Emilie <\/a><\/p>\n<p>Emilie a tir\u00e9 son lait au travail et a b\u00e9n\u00e9fici\u00e9 d&rsquo;un patron hyper-compr\u00e9hensif.<\/p>\n<p><a title=\"Allaitement et travail : le t\u00e9moignage de Virginie\" href=\"https:\/\/www.lactissima.com\/a-tire-d-ailes\/allaitement-travail-temoignage-virginie\/\">Allaitement et travail : le t\u00e9moignage de Virginie<\/a><\/p>\n<p>Virginie a du se battre pour maintenir l&rsquo;allaitement de sa fille, allergiques aux prot\u00e9ines de lait de vache et souffrant de grave reflux. La reprise du travail n&rsquo;a pas \u00e9t\u00e9 simple.<\/p>\n<p><a title=\"La revue de presse d'A tire d'Ailes (42)\" href=\"https:\/\/www.lactissima.com\/a-tire-d-ailes\/revue-presse-da-tire-dailes-42\/\">La revue de presse d&rsquo;A tire d&rsquo;Ailes (42)<\/a><\/p>\n<p>Ce mois-ci, on a beaucoup parl\u00e9 allaitement \u00e0 la reprise du travail sur le net.<\/p>\n<p><a title=\"Le m\u00e9decin du travail, votre alli\u00e9 ???\" href=\"https:\/\/www.lactissima.com\/a-tire-d-ailes\/medecin-du-travail-allie\/\">Le m\u00e9decin du travail, votre alli\u00e9 ???<\/a><\/p>\n<p>Le m\u00e9decin du travail est cens\u00e9 \u00eatre votre alli\u00e9 dans l&rsquo;entreprise&#8230;mais c&rsquo;est loin d&rsquo;\u00eatre toujours le cas.<\/p>\n<p><a title=\"Le m\u00e9decin du travail, votre alli\u00e9 !\" href=\"https:\/\/www.lactissima.com\/a-tire-d-ailes\/medecine-du-travail-et-allaitement\/\">Le m\u00e9decin du travail, votre alli\u00e9 !<\/a><\/p>\n<p>M\u00e9decine du travail et allaitement, pourquoi pas ! Le m\u00e9decin du travail peut vous permettre de poursuivre l&rsquo;allaitement dans de meilleures conditions.<\/p>\n<p><a title=\"Allaitement et travail : le t\u00e9moignage de Val\u00e9rie\" href=\"https:\/\/www.lactissima.com\/a-tire-d-ailes\/allaitement-travail-temoignage-valerie\/\">Allaitement et travail : le t\u00e9moignage de Val\u00e9rie<\/a><\/p>\n<p>Val\u00e9rie a mis toutes les chances de son c\u00f4t\u00e9 pour pouvoir fournir son lait \u00e0 son b\u00e9b\u00e9 en son absence : elle a fait un stock de lait et tir\u00e9 au travail.<\/p>\n<p><a title=\"La revue de presse d'A tire d'Ailes (41)\" href=\"https:\/\/www.lactissima.com\/a-tire-d-ailes\/revue-presse-da-tire-dailes-41\/\">La revue de presse d&rsquo;A tire d&rsquo;Ailes (41)<\/a><\/p>\n<p>Ce mois nous propose une actualit\u00e9 vari\u00e9e autour de l&rsquo;allaitement avec \u00e0 la fois de bons articles, des \u00e9tudes et des t\u00e9moignages.<\/p>\n<p><a href=\"https:\/\/www.lactissima.com\/a-tire-d-ailes\/petit-memo-conjuguer-allaitement-travail-nuit\/\">Petit m\u00e9mo pour conjuguer allaitement et travail de nuit<\/a><\/p>\n<p>Allaitement et travail de nuit sont compatibles, voici quelques points pour vous aider.<\/p>\n<p><a title=\"Allaitement et travail, les choses changent-elles ?\" href=\"https:\/\/www.lactissima.com\/a-tire-d-ailes\/allaitement-travail\/\">Allaitement et travail, les choses changent-elles ?<\/a><\/p>\n<p>Le sujet allaitement et travail a-t-il \u00e9volu\u00e9 en 15 ans ? Oui dans bien des domaines mais il reste d&rsquo;importants progr\u00e8s \u00e0 faire&#8230;<\/p>\n<p><a title=\"Allaitement et travail : le t\u00e9moignage de Soizic\" href=\"https:\/\/www.lactissima.com\/a-tire-d-ailes\/allaitement-travail-temoignage-soizic\/\">Allaitement et travail : le t\u00e9moignage de Soizic<\/a><\/p>\n<p>Soizic a fait le choix de tirer son lait dans le lyc\u00e9e o\u00f9 elle travaille, entre infirmerie et maison, les tirages se sont fait sans trop de probl\u00e8me.<\/p>\n<p><a title=\"La revue de presse d'A tire d'Ailes (40)\" href=\"https:\/\/www.lactissima.com\/a-tire-d-ailes\/revue-presse-da-tire-dailes-40\/\">La revue de presse d&rsquo;A tire d&rsquo;Ailes (40)<\/a><\/p>\n<p>Une revue de presse tr\u00e8s anglophone pour ce mois car de nombreuses recherches sont parues en anglais.<\/p>\n<p style=\"text-align: justify;\"><a title=\"Un peu de diplomatie que diable !\" href=\"https:\/\/www.lactissima.com\/a-tire-d-ailes\/allaitement-et-code-du-travail\/\">Un peu de diplomatie que diable !<\/a><\/p>\n<p style=\"text-align: justify;\">Ce n&rsquo;est pas parce que vous avez le code du travail pour vous qu&rsquo;il faut le montrer&#8230;<\/p>\n<p style=\"text-align: justify;\"><a href=\"https:\/\/www.lactissima.com\/a-tire-d-ailes\/lait-predigere\/\">Mon lait sent affreusement mauvais !<\/a><\/p>\n<p>Le lait maternel tir\u00e9 peut prendre un go\u00fbt tr\u00e8s fort et d\u00e9sagr\u00e9able. La plupart du temps il s&rsquo;agit de lait pr\u00e9dig\u00e9r\u00e9 mais il existe 2 autres causes \u00e0 cela.<\/p>\n<p><a title=\"Allaitement et travail : le t\u00e9moignage de Lucie\" href=\"https:\/\/www.lactissima.com\/a-tire-d-ailes\/allaitement-travail-temoignage-lucie\/\">Allaitement et travail : le t\u00e9moignage de Lucie<\/a><\/p>\n<p>Lucie a repris le travail en tirant son lait. Elle a rapidement diversifi\u00e9 l&rsquo;alimentation de sa fille.<\/p>\n<p style=\"text-align: justify;\"><a title=\"La revue de presse d'A tire d'Ailes (39)\" href=\"https:\/\/www.lactissima.com\/a-tire-d-ailes\/revue-presse-da-tire-dailes-39\/\">La revue de presse d&rsquo;A tire d&rsquo;Ailes (39)<\/a><\/p>\n<p style=\"text-align: justify;\">Ce mois a \u00e9t\u00e9 marqu\u00e9 par de nombreuses publications en anglais sur l&rsquo;allaitement.<\/p>\n<p style=\"text-align: justify;\"><a title=\"6 trucs pour reprendre le travail en allaitement mixte\" href=\"https:\/\/www.lactissima.com\/a-tire-d-ailes\/6-trucs-reprendre-travail-en-allaitement-mixte\/\">6 trucs pour reprendre le travail en allaitement mixte<\/a><\/p>\n<p style=\"text-align: justify;\">Voici quelques petits trucs pour reprendre le travail sereinement en allaitement mixte.<\/p>\n<p style=\"text-align: justify;\"><a title=\"R\u00e9guler sa lactation en allaitement mixte\" href=\"https:\/\/www.lactissima.com\/a-tire-d-ailes\/reguler-lactation-en-allaitement-mixte\/\">R\u00e9guler sa lactation en allaitement mixte<\/a><\/p>\n<p style=\"text-align: justify;\">Reprendre le travail en allaitement mixte est possible. Cela n\u00e9cessite de faire attention \u00e0 la r\u00e9gulation de sa lactation.<\/p>\n<p style=\"text-align: justify;\"><a title=\"Allaitement et travail : le t\u00e9moignage de C\u00e9line\" href=\"https:\/\/www.lactissima.com\/a-tire-d-ailes\/allaitement-travail-temoignage-celine\/\">Allaitement et travail : le t\u00e9moignage de C\u00e9line<\/a><\/p>\n<p style=\"text-align: justify;\">C\u00e9line est m\u00e9decin g\u00e9n\u00e9raliste est a choisi de tirer son lait pour pouvoir poursuivre l&rsquo;allaitement de ses enfants.<\/p>\n<p style=\"text-align: justify;\"><a title=\"La revue de presse d'A tire d'Ailes (38)\" href=\"https:\/\/www.lactissima.com\/a-tire-d-ailes\/revue-presse-da-tire-dailes-38\/\">La revue de presse d&rsquo;A tire d&rsquo;Ailes (38)<\/a><\/p>\n<p style=\"text-align: justify;\">Ce mois ci nous avons une revue de presse panach\u00e9e entre \u00e9tudes, t\u00e9moignages et articles sur l&rsquo;allaitement.<\/p>\n<p style=\"text-align: justify;\"><a title=\"Sevrer avant la reprise du travail\" href=\"https:\/\/www.lactissima.com\/a-tire-d-ailes\/sevrer-bebe\/\">Sevrer avant la reprise du travail<\/a><\/p>\n<p style=\"text-align: justify;\">Sevrer b\u00e9b\u00e9 avant la reprise du travail est tout \u00e0 fait possible \u00e0 condition que ce soit votre choix et pas celui du m\u00e9decin ou de la famille.<\/p>\n<p style=\"text-align: justify;\"><a title=\"Non, vous n'\u00eates pas une mauvaise m\u00e8re !\" href=\"https:\/\/www.lactissima.com\/a-tire-d-ailes\/mauvaise-mere\/\">Non, vous n&rsquo;\u00eates pas une mauvaise m\u00e8re !<\/a><\/p>\n<p style=\"text-align: justify;\">Il est tr\u00e8s courant que l&rsquo;on vous consid\u00e8re comme une mauvaise m\u00e8re parce que vous avez fait des choix qui d\u00e9rangent les convictions d&rsquo;autrui. Moi je vous dis que vous \u00eates une m\u00e8re formidable !<\/p>\n<p style=\"text-align: justify;\"><a title=\"Allaitement et travail : le t\u00e9moignage de Fran\u00e7oise\" href=\"https:\/\/www.lactissima.com\/a-tire-d-ailes\/allaitement-travail-le-temoignage-de-francoise\/\">Allaitement et travail : le t\u00e9moignage de Fran\u00e7oise<\/a><\/p>\n<p style=\"text-align: justify;\">Fran\u00e7oise a cr\u00e9\u00e9 sa soci\u00e9t\u00e9 quand elle a d\u00e9but\u00e9 sa grossesse. La poursuite de l&rsquo;allaitement apr\u00e8s la naissance de son troisi\u00e8me enfant a donc \u00e9t\u00e9 sportive.<\/p>\n<p style=\"text-align: justify;\"><a title=\"Relactation : le t\u00e9moignage de Tiphaine\" href=\"https:\/\/www.lactissima.com\/a-tire-d-ailes\/relactation-le-temoignage-de-tiphaine\/\">Relactation : le t\u00e9moignage de Tiphaine<\/a><\/p>\n<p style=\"text-align: justify;\">Tiphaine a lanc\u00e9 une relactation alors qu&rsquo;elle travaillait et que sa fille \u00e9tait sevr\u00e9e depuis 2 mois.<\/p>\n<p style=\"text-align: justify;\"><a title=\"La revue de presse d'A tire d'Ailes (37)\" href=\"https:\/\/www.lactissima.com\/a-tire-d-ailes\/la-revue-de-presse-da-tire-dailes-37\/\">La revue de presse d&rsquo;A tire d&rsquo;Ailes (37)<\/a><\/p>\n<p style=\"text-align: justify;\">Ce mois a \u00e9t\u00e9 marqu\u00e9 par des t\u00e9moignages tr\u00e8s \u00e9mouvants et des \u00e9tudes novatrices.<\/p>\n<p style=\"text-align: justify;\"><a title=\"Allaitement et efficacit\u00e9 au travail\" href=\"https:\/\/www.lactissima.com\/a-tire-d-ailes\/entreprise-et-allaitement\/\">Allaitement et efficacit\u00e9 au travail<\/a><\/p>\n<p style=\"text-align: justify;\">Entreprise et allaitement peuvent faire bon m\u00e9nage et poursuivre l&rsquo;allaitement n&#8217;emp\u00eache pas (au contraire) d&rsquo;\u00eatre efficace au travail.<\/p>\n<p style=\"text-align: justify;\"><a title=\"Inviter votre entreprise \u00e0 vous soutenir\" href=\"https:\/\/www.lactissima.com\/a-tire-d-ailes\/allaitement-et-entreprise\/\">Inviter votre entreprise \u00e0 vous soutenir<\/a><\/p>\n<p style=\"text-align: justify;\">Vous pouvez intervenir pour qu&rsquo;allaitement et entreprise puissent se conjuguer au pr\u00e9sent.<\/p>\n<p style=\"text-align: justify;\"><a title=\"Allaitement et travail : le t\u00e9moignage de Fabienne\" href=\"https:\/\/www.lactissima.com\/a-tire-d-ailes\/allaitement-travail-le-temoignage-de-fabienne\/\">Allaitement et travail : le t\u00e9moignage de Fabienne<\/a><\/p>\n<p style=\"text-align: justify;\">Fabienne a repris le travail il y a 15 jours et nous explique comment elle s&rsquo;organise pour poursuivre l&rsquo;allaitement.<\/p>\n<p style=\"text-align: justify;\"><a title=\"La revue de presse d'A tire d'Ailes (36)\" href=\"https:\/\/www.lactissima.com\/a-tire-d-ailes\/la-revue-de-presse-da-tire-dailes-36\/\">La revue de presse d&rsquo;A tire d&rsquo;Ailes (36)<\/a><\/p>\n<p style=\"text-align: justify;\">Ce mois-ci une revue de presse avec beaucoup d&rsquo;\u00e9tudes sur l&rsquo;allaitement.<\/p>\n<p style=\"text-align: justify;\"><a title=\"Quelles sont les cr\u00e8ches oblig\u00e9es d'accepter le lait maternel ?\" href=\"https:\/\/www.lactissima.com\/a-tire-d-ailes\/circulaire-creche-et-allaitement\/\">Quelles sont les cr\u00e8ches oblig\u00e9es d&rsquo;accepter le lait maternel ?<\/a><\/p>\n<p>Aucune loi n&rsquo;oblige les cr\u00e8ches \u00e0 accepter le lait maternel mais certaines circulaire cr\u00e8che et allaitement le font.<\/p>\n<p style=\"text-align: justify;\"><a title=\"Donner \u00e0 t\u00e9ter \u00e0 la cr\u00e8che\" href=\"https:\/\/www.lactissima.com\/a-tire-d-ailes\/donner-teter-la-creche\/\">Donner \u00e0 t\u00e9ter \u00e0 la cr\u00e8che<\/a><\/p>\n<p style=\"text-align: justify;\">Les cr\u00e8ches n&rsquo;acceptent pas toujours que vous allaitiez sur place. Mieux vaut se renseigner sur cr\u00e8che et allaitement.<\/p>\n<p style=\"text-align: justify;\"><a title=\"Allaitement et travail : le t\u00e9moignage d'Aline\" href=\"https:\/\/www.lactissima.com\/a-tire-d-ailes\/allaitement-et-travail-le-temoignage-daline\/\">Allaitement et travail : le t\u00e9moignage d&rsquo;Aline<\/a><\/p>\n<p style=\"text-align: justify;\">Aline a choisi de sevrer sa fille pour reprendre le travail et n&rsquo;a gard\u00e9 que deux t\u00e9t\u00e9es, le temps que la lactation s&rsquo;arr\u00eate.<\/p>\n","protected":false},"excerpt":{"rendered":"<p>Voici tous les articles pour concilier l&rsquo;allaitement au travail parus en 2014. Si vous ne trouvez pas ce que vous cherchez, n&rsquo;h\u00e9sitez pas \u00e0 utiliser l&rsquo;onglet de recherche. Allaiter et travailler : le t\u00e9moignage de C\u00e9cile C\u00e9cile travaille \u00e0 son compte. Elle a d&rsquo;abord emmen\u00e9 son b\u00e9b\u00e9 lors de ses RDV puis sa fille est [&hellip;]<\/p>\n","protected":false},"author":170,"featured_media":4505,"parent":2443,"menu_order":6,"comment_status":"closed","ping_status":"closed","template":"","meta":{"_et_pb_use_builder":"","_et_pb_old_content":"","_et_gb_content_width":"","footnotes":""},"class_list":["post-5020","page","type-page","status-publish","has-post-thumbnail","hentry"],"yoast_head":"<!-- This site is optimized with the Yoast SEO plugin v27.4 - https:\/\/yoast.com\/product\/yoast-seo-wordpress\/ -->\n<title>allaitement au travail<\/title>\n<meta name=\"description\" content=\"Cette page regroupe tous les articles pour concilier l&#039;allaitement au travail publi\u00e9s en 2014 sur le blog A tire d&#039;Ailes.\" \/>\n<meta name=\"robots\" content=\"index, follow, max-snippet:-1, max-image-preview:large, max-video-preview:-1\" \/>\n<link rel=\"canonical\" href=\"https:\/\/www.lactissima.com\/a-tire-d-ailes\/liste-des-articles-2\/allaitement-au-travail\/\" \/>\n<meta property=\"og:locale\" content=\"fr_FR\" \/>\n<meta property=\"og:type\" content=\"article\" \/>\n<meta property=\"og:title\" content=\"allaitement au travail\" \/>\n<meta property=\"og:description\" content=\"Cette page regroupe tous les articles pour concilier l&#039;allaitement au travail publi\u00e9s en 2014 sur le blog A tire d&#039;Ailes.\" \/>\n<meta property=\"og:url\" content=\"https:\/\/www.lactissima.com\/a-tire-d-ailes\/liste-des-articles-2\/allaitement-au-travail\/\" \/>\n<meta property=\"og:site_name\" content=\"A tire d&#039;Ailes\" \/>\n<meta property=\"article:publisher\" content=\"https:\/\/www.facebook.com\/consultante.en.lactation\" \/>\n<meta property=\"article:modified_time\" content=\"2014-12-23T10:06:01+00:00\" \/>\n<meta property=\"og:image\" content=\"https:\/\/www.lactissima.com\/a-tire-d-ailes\/wp-content\/uploads\/2010\/12\/Van_Emma.jpeg\" \/>\n\t<meta property=\"og:image:width\" content=\"288\" \/>\n\t<meta property=\"og:image:height\" content=\"317\" \/>\n\t<meta property=\"og:image:type\" content=\"image\/jpeg\" \/>\n<meta name=\"twitter:card\" content=\"summary_large_image\" \/>\n<meta name=\"twitter:site\" content=\"@VeroniqueIBCLC\" \/>\n<meta name=\"twitter:label1\" content=\"Dur\u00e9e de lecture estim\u00e9e\" \/>\n\t<meta name=\"twitter:data1\" content=\"6 minutes\" \/>\n<script type=\"application\/ld+json\" class=\"yoast-schema-graph\">{\"@context\":\"https:\\\/\\\/schema.org\",\"@graph\":[{\"@type\":\"WebPage\",\"@id\":\"https:\\\/\\\/www.lactissima.com\\\/a-tire-d-ailes\\\/liste-des-articles-2\\\/allaitement-au-travail\\\/\",\"url\":\"https:\\\/\\\/www.lactissima.com\\\/a-tire-d-ailes\\\/liste-des-articles-2\\\/allaitement-au-travail\\\/\",\"name\":\"allaitement au travail\",\"isPartOf\":{\"@id\":\"https:\\\/\\\/www.lactissima.com\\\/a-tire-d-ailes\\\/#website\"},\"primaryImageOfPage\":{\"@id\":\"https:\\\/\\\/www.lactissima.com\\\/a-tire-d-ailes\\\/liste-des-articles-2\\\/allaitement-au-travail\\\/#primaryimage\"},\"image\":{\"@id\":\"https:\\\/\\\/www.lactissima.com\\\/a-tire-d-ailes\\\/liste-des-articles-2\\\/allaitement-au-travail\\\/#primaryimage\"},\"thumbnailUrl\":\"https:\\\/\\\/www.lactissima.com\\\/a-tire-d-ailes\\\/wp-content\\\/uploads\\\/2010\\\/12\\\/Van_Emma.jpeg\",\"datePublished\":\"2014-01-02T09:27:58+00:00\",\"dateModified\":\"2014-12-23T10:06:01+00:00\",\"description\":\"Cette page regroupe tous les articles pour concilier l'allaitement au travail publi\u00e9s en 2014 sur le blog A tire d'Ailes.\",\"breadcrumb\":{\"@id\":\"https:\\\/\\\/www.lactissima.com\\\/a-tire-d-ailes\\\/liste-des-articles-2\\\/allaitement-au-travail\\\/#breadcrumb\"},\"inLanguage\":\"fr-FR\",\"potentialAction\":[{\"@type\":\"ReadAction\",\"target\":[\"https:\\\/\\\/www.lactissima.com\\\/a-tire-d-ailes\\\/liste-des-articles-2\\\/allaitement-au-travail\\\/\"]}]},{\"@type\":\"ImageObject\",\"inLanguage\":\"fr-FR\",\"@id\":\"https:\\\/\\\/www.lactissima.com\\\/a-tire-d-ailes\\\/liste-des-articles-2\\\/allaitement-au-travail\\\/#primaryimage\",\"url\":\"https:\\\/\\\/www.lactissima.com\\\/a-tire-d-ailes\\\/wp-content\\\/uploads\\\/2010\\\/12\\\/Van_Emma.jpeg\",\"contentUrl\":\"https:\\\/\\\/www.lactissima.com\\\/a-tire-d-ailes\\\/wp-content\\\/uploads\\\/2010\\\/12\\\/Van_Emma.jpeg\",\"width\":288,\"height\":317,\"caption\":\"allaitement et travail\"},{\"@type\":\"BreadcrumbList\",\"@id\":\"https:\\\/\\\/www.lactissima.com\\\/a-tire-d-ailes\\\/liste-des-articles-2\\\/allaitement-au-travail\\\/#breadcrumb\",\"itemListElement\":[{\"@type\":\"ListItem\",\"position\":1,\"name\":\"Accueil\",\"item\":\"https:\\\/\\\/www.lactissima.com\\\/a-tire-d-ailes\\\/\"},{\"@type\":\"ListItem\",\"position\":2,\"name\":\"Liste des articles\",\"item\":\"https:\\\/\\\/www.lactissima.com\\\/a-tire-d-ailes\\\/liste-des-articles-2\\\/\"},{\"@type\":\"ListItem\",\"position\":3,\"name\":\"2014\"}]},{\"@type\":\"WebSite\",\"@id\":\"https:\\\/\\\/www.lactissima.com\\\/a-tire-d-ailes\\\/#website\",\"url\":\"https:\\\/\\\/www.lactissima.com\\\/a-tire-d-ailes\\\/\",\"name\":\"A tire d&#039;Ailes\",\"description\":\"Le blog des femmes qui allaitent et travaillent.\",\"potentialAction\":[{\"@type\":\"SearchAction\",\"target\":{\"@type\":\"EntryPoint\",\"urlTemplate\":\"https:\\\/\\\/www.lactissima.com\\\/a-tire-d-ailes\\\/?s={search_term_string}\"},\"query-input\":{\"@type\":\"PropertyValueSpecification\",\"valueRequired\":true,\"valueName\":\"search_term_string\"}}],\"inLanguage\":\"fr-FR\"}]}<\/script>\n<!-- \/ Yoast SEO plugin. -->","yoast_head_json":{"title":"allaitement au travail","description":"Cette page regroupe tous les articles pour concilier l'allaitement au travail publi\u00e9s en 2014 sur le blog A tire d'Ailes.","robots":{"index":"index","follow":"follow","max-snippet":"max-snippet:-1","max-image-preview":"max-image-preview:large","max-video-preview":"max-video-preview:-1"},"canonical":"https:\/\/www.lactissima.com\/a-tire-d-ailes\/liste-des-articles-2\/allaitement-au-travail\/","og_locale":"fr_FR","og_type":"article","og_title":"allaitement au travail","og_description":"Cette page regroupe tous les articles pour concilier l'allaitement au travail publi\u00e9s en 2014 sur le blog A tire d'Ailes.","og_url":"https:\/\/www.lactissima.com\/a-tire-d-ailes\/liste-des-articles-2\/allaitement-au-travail\/","og_site_name":"A tire d&#039;Ailes","article_publisher":"https:\/\/www.facebook.com\/consultante.en.lactation","article_modified_time":"2014-12-23T10:06:01+00:00","og_image":[{"width":288,"height":317,"url":"https:\/\/www.lactissima.com\/a-tire-d-ailes\/wp-content\/uploads\/2010\/12\/Van_Emma.jpeg","type":"image\/jpeg"}],"twitter_card":"summary_large_image","twitter_site":"@VeroniqueIBCLC","twitter_misc":{"Dur\u00e9e de lecture estim\u00e9e":"6 minutes"},"schema":{"@context":"https:\/\/schema.org","@graph":[{"@type":"WebPage","@id":"https:\/\/www.lactissima.com\/a-tire-d-ailes\/liste-des-articles-2\/allaitement-au-travail\/","url":"https:\/\/www.lactissima.com\/a-tire-d-ailes\/liste-des-articles-2\/allaitement-au-travail\/","name":"allaitement au travail","isPartOf":{"@id":"https:\/\/www.lactissima.com\/a-tire-d-ailes\/#website"},"primaryImageOfPage":{"@id":"https:\/\/www.lactissima.com\/a-tire-d-ailes\/liste-des-articles-2\/allaitement-au-travail\/#primaryimage"},"image":{"@id":"https:\/\/www.lactissima.com\/a-tire-d-ailes\/liste-des-articles-2\/allaitement-au-travail\/#primaryimage"},"thumbnailUrl":"https:\/\/www.lactissima.com\/a-tire-d-ailes\/wp-content\/uploads\/2010\/12\/Van_Emma.jpeg","datePublished":"2014-01-02T09:27:58+00:00","dateModified":"2014-12-23T10:06:01+00:00","description":"Cette page regroupe tous les articles pour concilier l'allaitement au travail publi\u00e9s en 2014 sur le blog A tire d'Ailes.","breadcrumb":{"@id":"https:\/\/www.lactissima.com\/a-tire-d-ailes\/liste-des-articles-2\/allaitement-au-travail\/#breadcrumb"},"inLanguage":"fr-FR","potentialAction":[{"@type":"ReadAction","target":["https:\/\/www.lactissima.com\/a-tire-d-ailes\/liste-des-articles-2\/allaitement-au-travail\/"]}]},{"@type":"ImageObject","inLanguage":"fr-FR","@id":"https:\/\/www.lactissima.com\/a-tire-d-ailes\/liste-des-articles-2\/allaitement-au-travail\/#primaryimage","url":"https:\/\/www.lactissima.com\/a-tire-d-ailes\/wp-content\/uploads\/2010\/12\/Van_Emma.jpeg","contentUrl":"https:\/\/www.lactissima.com\/a-tire-d-ailes\/wp-content\/uploads\/2010\/12\/Van_Emma.jpeg","width":288,"height":317,"caption":"allaitement et travail"},{"@type":"BreadcrumbList","@id":"https:\/\/www.lactissima.com\/a-tire-d-ailes\/liste-des-articles-2\/allaitement-au-travail\/#breadcrumb","itemListElement":[{"@type":"ListItem","position":1,"name":"Accueil","item":"https:\/\/www.lactissima.com\/a-tire-d-ailes\/"},{"@type":"ListItem","position":2,"name":"Liste des articles","item":"https:\/\/www.lactissima.com\/a-tire-d-ailes\/liste-des-articles-2\/"},{"@type":"ListItem","position":3,"name":"2014"}]},{"@type":"WebSite","@id":"https:\/\/www.lactissima.com\/a-tire-d-ailes\/#website","url":"https:\/\/www.lactissima.com\/a-tire-d-ailes\/","name":"A tire d&#039;Ailes","description":"Le blog des femmes qui allaitent et travaillent.","potentialAction":[{"@type":"SearchAction","target":{"@type":"EntryPoint","urlTemplate":"https:\/\/www.lactissima.com\/a-tire-d-ailes\/?s={search_term_string}"},"query-input":{"@type":"PropertyValueSpecification","valueRequired":true,"valueName":"search_term_string"}}],"inLanguage":"fr-FR"}]}},"_links":{"self":[{"href":"https:\/\/www.lactissima.com\/a-tire-d-ailes\/wp-json\/wp\/v2\/pages\/5020","targetHints":{"allow":["GET"]}}],"collection":[{"href":"https:\/\/www.lactissima.com\/a-tire-d-ailes\/wp-json\/wp\/v2\/pages"}],"about":[{"href":"https:\/\/www.lactissima.com\/a-tire-d-ailes\/wp-json\/wp\/v2\/types\/page"}],"author":[{"embeddable":true,"href":"https:\/\/www.lactissima.com\/a-tire-d-ailes\/wp-json\/wp\/v2\/users\/170"}],"replies":[{"embeddable":true,"href":"https:\/\/www.lactissima.com\/a-tire-d-ailes\/wp-json\/wp\/v2\/comments?post=5020"}],"version-history":[{"count":50,"href":"https:\/\/www.lactissima.com\/a-tire-d-ailes\/wp-json\/wp\/v2\/pages\/5020\/revisions"}],"predecessor-version":[{"id":6079,"href":"https:\/\/www.lactissima.com\/a-tire-d-ailes\/wp-json\/wp\/v2\/pages\/5020\/revisions\/6079"}],"up":[{"embeddable":true,"href":"https:\/\/www.lactissima.com\/a-tire-d-ailes\/wp-json\/wp\/v2\/pages\/2443"}],"wp:featuredmedia":[{"embeddable":true,"href":"https:\/\/www.lactissima.com\/a-tire-d-ailes\/wp-json\/wp\/v2\/media\/4505"}],"wp:attachment":[{"href":"https:\/\/www.lactissima.com\/a-tire-d-ailes\/wp-json\/wp\/v2\/media?parent=5020"}],"curies":[{"name":"wp","href":"https:\/\/api.w.org\/{rel}","templated":true}]}}