{"id":3643,"date":"2013-01-05T16:23:52","date_gmt":"2013-01-05T14:23:52","guid":{"rendered":"https:\/\/www.lactissima.com\/a-tire-d-ailes\/?page_id=3643"},"modified":"2014-01-02T11:24:06","modified_gmt":"2014-01-02T09:24:06","slug":"concilier-travail-et-allaitement","status":"publish","type":"page","link":"https:\/\/www.lactissima.com\/a-tire-d-ailes\/liste-des-articles-2\/concilier-travail-et-allaitement\/","title":{"rendered":"2013"},"content":{"rendered":"<p style=\"text-align: justify;\"><a href=\"https:\/\/www.lactissima.com\/a-tire-d-ailes\/wp-content\/uploads\/2013\/03\/la-laiti\u00e8re.jpg\"><img loading=\"lazy\" decoding=\"async\" class=\"alignright size-full wp-image-3854\" alt=\"concilier travail et allaitement\" src=\"https:\/\/www.lactissima.com\/a-tire-d-ailes\/wp-content\/uploads\/2013\/03\/la-laiti\u00e8re.jpg\" width=\"280\" height=\"322\" srcset=\"https:\/\/www.lactissima.com\/a-tire-d-ailes\/wp-content\/uploads\/2013\/03\/la-laiti\u00e8re.jpg 280w, https:\/\/www.lactissima.com\/a-tire-d-ailes\/wp-content\/uploads\/2013\/03\/la-laiti\u00e8re-260x300.jpg 260w\" sizes=\"(max-width: 280px) 100vw, 280px\" \/><\/a>Voici tous les articles pour <span style=\"color: #333333;\"><a title=\"concilier travail et allaitement\" href=\"https:\/\/www.lactissima.com\/a-tire-d-ailes\/liste-des-articles-2\/concilier-travail-et-allaitement\/\"><span style=\"color: #333333;\">concilier travail et allaitement<\/span><\/a><\/span> parus en 2013. Si vous ne trouvez pas ce que vous cherchez, n&rsquo;h\u00e9sitez pas \u00e0 utiliser l&rsquo;onglet de recherche.<\/p>\n<p><a title=\"Allaitement et travail : le t\u00e9moignage de St\u00e9phanie\" href=\"https:\/\/www.lactissima.com\/a-tire-d-ailes\/allaitement-et-travail-le-temoignage-de-stephanie\/\">Allaitement et travail : le t\u00e9moignage de St\u00e9phanie<\/a><\/p>\n<p>St\u00e9phanie a fait des r\u00e9serves de lait d\u00e8s le d\u00e9but de son allaitement pour pouvoir nourrir son b\u00e9b\u00e9 exclusivement au lait maternel chez la nounou et pouvoir conjuguer allaitement et travail.<\/p>\n<p><a title=\"La revue de presse d'A tire d'Ailes (35)\" href=\"https:\/\/www.lactissima.com\/a-tire-d-ailes\/la-revue-de-presse-da-tire-dailes-35\/\">La revue de presse d&rsquo;A tire d&rsquo;Ailes (35)<\/a><\/p>\n<p>Une revue de presse marqu\u00e9e par une vid\u00e9o tr\u00e8s \u00e9mouvante d&rsquo;une premi\u00e8re prise du sein d&rsquo;un b\u00e9b\u00e9 pr\u00e9matur\u00e9 au moment de sa naissance.<\/p>\n<p><a title=\"Proposer le biberon \u00e0 un b\u00e9b\u00e9 : fiche pratique pour l'assistante maternelle\" href=\"https:\/\/www.lactissima.com\/a-tire-d-ailes\/nounou-et-allaitement\/\">Proposer le biberon \u00e0 un b\u00e9b\u00e9 : fiche pratique pour l&rsquo;assistante maternelle<\/a><\/p>\n<p>Il existe quelques conseils pratiques pour proposer le biberon qui peuvent aider quand nounou et allaitement ne font pas bon m\u00e9nage.<\/p>\n<p><a title=\"Une solution m\u00e9connue au refus du biberon\" href=\"https:\/\/www.lactissima.com\/a-tire-d-ailes\/une-solution-meconnue-au-refus-du-biberon\/\">Une solution m\u00e9connue au refus du biberon<\/a><\/p>\n<p>Lorsque le b\u00e9b\u00e9 refuse le biberon, il accepte parfois le DAL au doigt, une excellente alternative au biberon.<\/p>\n<p><a title=\"Allaitement et travail : le t\u00e9moignage de Rachel\" href=\"https:\/\/www.lactissima.com\/a-tire-d-ailes\/allaitement-et-travail-le-temoignage-de-rachel\/\">Allaitement et travail : le t\u00e9moignage de Rachel<\/a><\/p>\n<p>Pour concilier allaitement et travail, Rachel a tir\u00e9 son lait avec un tire-lait manuel, sans faire de stock avant la reprise du travail.<\/p>\n<p><a title=\"La revue de presse d'A tire d'Ailes (34)\" href=\"https:\/\/www.lactissima.com\/a-tire-d-ailes\/la-revue-de-presse-da-tire-dailes-34\/\">La revue de presse d&rsquo;A tire d&rsquo;Ailes (34)<\/a><\/p>\n<p>Ce mois a \u00e9t\u00e9 riche en \u00e9tudes et articles tr\u00e8s bien document\u00e9s sur l&rsquo;allaitement, r\u00e9galez-vous !<\/p>\n<p><a style=\"text-align: justify;\" title=\"6 probl\u00e8mes d'allaitement que vous pouvez rencontrer au travail\" href=\"https:\/\/www.lactissima.com\/a-tire-d-ailes\/problemes-dallaitement\/\">6 probl\u00e8mes d&rsquo;allaitement que vous pouvez rencontrer au travail<\/a><\/p>\n<p style=\"text-align: justify;\">Tirer son lait au travail n&rsquo;est pas toujours de tout repos. Voici 6 probl\u00e8mes d&rsquo;allaitement que vous pouvez rencontrer au travail.<\/p>\n<p style=\"text-align: justify;\"><a title=\"Tu n'as qu'\u00e0 arr\u00eater !\" href=\"https:\/\/www.lactissima.com\/a-tire-d-ailes\/probleme-allaitement\/\">Tu n&rsquo;as qu&rsquo;\u00e0 arr\u00eater !<\/a><\/p>\n<p style=\"text-align: justify;\">La premi\u00e8re r\u00e9ponse \u00e0 un probl\u00e8me allaitement est le sevrage : est-ce vraiment votre solution ?<\/p>\n<p style=\"text-align: justify;\"><a title=\"Allaitement et travail : le t\u00e9moignage de Sarah\" href=\"https:\/\/www.lactissima.com\/a-tire-d-ailes\/allaitement-travail-temoignage-sarah-2\/\">Allaitement et travail : le t\u00e9moignage de Sarah<\/a><\/p>\n<p style=\"text-align: justify;\">Sarah a d\u00e9test\u00e9 tirer son lait et a donc arr\u00eat\u00e9 quand sa fille a pr\u00e9f\u00e9r\u00e9 les solides aux biberons.<\/p>\n<p style=\"text-align: justify;\"><a title=\"La revue de presse d'A tire d'Ailes (33)\" href=\"https:\/\/www.lactissima.com\/a-tire-d-ailes\/revue-presse-da-tire-dailes-33\/\">La revue de presse d&rsquo;A tire d&rsquo;Ailes (33)<\/a><\/p>\n<p style=\"text-align: justify;\">Une revue de presse enrichie par la semaine mondiale de l&rsquo;allaitement maternel avec des \u00e9tudes, des t\u00e9moignages, une vid\u00e9o et o\u00f9 l&rsquo;on parle allaitement dans l&rsquo;entreprise.<\/p>\n<p style=\"text-align: justify;\"><a title=\"Faut-il mentir \u00e0 la cr\u00e8che ?\" href=\"https:\/\/www.lactissima.com\/a-tire-d-ailes\/conservation-du-lait\/\">Faut-il mentir \u00e0 la cr\u00e8che ?<\/a><\/p>\n<p style=\"text-align: justify;\">Quelle attitude adopter lorsque la cr\u00e8che a des exigences d\u00e9mesur\u00e9es pour la conservation du lait maternel ?<\/p>\n<p style=\"text-align: justify;\"><a title=\"Demande de journaliste\" href=\"https:\/\/www.lactissima.com\/a-tire-d-ailes\/demande-journaliste\/\">Demande de journaliste<\/a><\/p>\n<p style=\"text-align: justify;\"><a title=\"Controverse sur les temps de conservation du lait maternel\" href=\"https:\/\/www.lactissima.com\/a-tire-d-ailes\/conservation-lait-maternel\/\">Controverse sur les temps de conservation du lait maternel<\/a><\/p>\n<p style=\"text-align: justify;\">Il n&rsquo;est pas simple de s&rsquo;y retrouver dans les diff\u00e9rentes recommandations de conservation lait maternel. Je vous propose une revue des publications.<\/p>\n<p style=\"text-align: justify;\"><a title=\"Allaitement et travail : le t\u00e9moignage de Pauline\" href=\"https:\/\/www.lactissima.com\/a-tire-d-ailes\/reprise-du-travail\/\">Allaitement et travail : le t\u00e9moignage de Pauline<\/a><\/p>\n<p style=\"text-align: justify;\">A la reprise du travail, Pauline a tir\u00e9 son lait au travail mais tirait assez peu de lait et fut contente quand est arriv\u00e9e la diversification.<\/p>\n<p style=\"text-align: justify;\"><a title=\"La revue de presse d'A tire d'Ailes (32)\" href=\"https:\/\/www.lactissima.com\/a-tire-d-ailes\/allaitement-au-travail\/\">La revue de presse d&rsquo;A tire d&rsquo;Ailes (32)<\/a><\/p>\n<p style=\"text-align: justify;\">Ce mois-ci, de nombreuses recherches et plusieurs contributions sur l&rsquo;allaitement au travail.<\/p>\n<p style=\"text-align: justify;\"><a title=\"Quelle quantit\u00e9 de lait au tire-lait ?\" href=\"https:\/\/www.lactissima.com\/a-tire-d-ailes\/quantite-lait-tire\/\">Quelle quantit\u00e9 de lait au tire-lait ?<\/a><\/p>\n<p style=\"text-align: justify;\">La quantit\u00e9 de lait tir\u00e9 est extr\u00eamement variable d&rsquo;une femme \u00e0 l&rsquo;autre et il est inutile de s&rsquo;inqui\u00e9ter si l&rsquo;on tire 30 ml de lait.<\/p>\n<p style=\"text-align: justify;\"><a title=\"Tout ce que vous avez toujours voulu savoir \" href=\"https:\/\/www.lactissima.com\/a-tire-d-ailes\/veronique-darmangeat\/\">Tout ce que vous avez toujours voulu savoir&#8230;<\/a><\/p>\n<p style=\"text-align: justify;\">Si vous souhaitez mieux connaitre V\u00e9ronique Darmangeat, voici les questions de ses lecteurs auxquelles elle a r\u00e9pondu.<\/p>\n<p><a title=\"La revue de presse d'A tire d'Ailes (31)\" href=\"https:\/\/www.lactissima.com\/a-tire-d-ailes\/la-revue-de-presse-da-tire-dailes-31\/\">La revue de presse d&rsquo;A tire d&rsquo;Ailes (31)<\/a><\/p>\n<p>Cette revue de presse allaitement vous propose, des articles, des \u00e9tudes, un t\u00e9moignage et une critique de livre.<\/p>\n<p><a title=\"Allaitement et travail : le t\u00e9moignage d'Am\u00e9lie\" href=\"https:\/\/www.lactissima.com\/a-tire-d-ailes\/allaitement-et-travail-le-temoignage-damelie\/\">Allaitement et travail : le t\u00e9moignage d&rsquo;Am\u00e9lie<\/a><\/p>\n<p>Am\u00e9lie a tir\u00e9 son lait au travail mais n&rsquo;a pas pu constituer de stocks avant de pouvoir concilier allaitement et travail. Elle a donc fonctionn\u00e9 en flux tendus.<\/p>\n<p><a title=\"Le sevrage de nuit\" href=\"https:\/\/www.lactissima.com\/a-tire-d-ailes\/sevrage-de-nuit\/\">Le sevrage de nuit<\/a><\/p>\n<p style=\"text-align: justify;\">Le sevrage de nuit est une question qui se pose souvent lorsqu&rsquo;un b\u00e9b\u00e9 a plusieurs r\u00e9veils de nuit. Elle se pose d&rsquo;autant plus si la m\u00e8re travaille.<\/p>\n<p style=\"text-align: justify;\"><a title=\"Travail et allaitement : le t\u00e9moignage d'Emilie\" href=\"https:\/\/www.lactissima.com\/a-tire-d-ailes\/travail-et-allaitement-le-temoignage-demilie\/\">Travail et allaitement : le t\u00e9moignage d&rsquo;Emilie<\/a><\/p>\n<p style=\"text-align: justify;\">Emilie a r\u00e9ussi \u00e0 concilier travail et allaitement en tirant son lait et en faisant de l&rsquo;allaitement mixte.<\/p>\n<p style=\"text-align: justify;\"><a title=\"La revue de presse d'A tire d'Ailes (30)\" href=\"https:\/\/www.lactissima.com\/a-tire-d-ailes\/la-revue-de-presse-da-tire-dailes-30\/\">La revue de presse d&rsquo;A tire d&rsquo;Ailes (30)<\/a><\/p>\n<p style=\"text-align: justify;\">D&rsquo;excellents articles allaitement et des \u00e9tudes sur les b\u00e9n\u00e9fices de l&rsquo;allaitement.<\/p>\n<p style=\"text-align: justify;\"><a title=\"P\u00e9riode d'adaptation et allaitement\" href=\"https:\/\/www.lactissima.com\/a-tire-d-ailes\/periode-dadaptation-et-allaitement\/\">P\u00e9riode d&rsquo;adaptation et allaitement<\/a><\/p>\n<p style=\"text-align: justify;\">La p\u00e9riode d&rsquo;adaptation de votre b\u00e9b\u00e9 \u00e0 la cr\u00e8che ou chez l&rsquo;assistante maternelle n&rsquo;est pas toujours facile si votre b\u00e9b\u00e9 refuse le biberon. N&rsquo;h\u00e9sitez pas \u00e0 prendre votre temps et \u00e0 discuter pour que cela se passe au mieux et pouvoir concilier travail et allaitement.<\/p>\n<p style=\"text-align: justify;\"><a title=\"Journ\u00e9e Maman Travaille\" href=\"https:\/\/www.lactissima.com\/a-tire-d-ailes\/journee-maman-travaille\/\">Journ\u00e9e Maman Travaille<\/a><\/p>\n<p style=\"text-align: justify;\">De retour de la journ\u00e9e Maman Travaille, une grande r\u00e9ussite pour le futur de la conciliation vie familiale vie professionnelle.<\/p>\n<p style=\"text-align: justify;\"><a title=\"Travail et allaitement : le t\u00e9moignage de V\u00e9rane\" href=\"https:\/\/www.lactissima.com\/a-tire-d-ailes\/travail-et-allaitement-le-temoignage-de-verane\/\">Travail et allaitement : le t\u00e9moignage de V\u00e9rane<\/a><\/p>\n<p style=\"text-align: justify;\">V\u00e9rane a pris un cong\u00e9 parental \u00e0 mi-temps pour pouvoir poursuivre l&rsquo;allaitement, elle a \u00e9galement tir\u00e9 son lait. Elle en a m\u00eame donn\u00e9 au lactarium !<\/p>\n<p style=\"text-align: justify;\"><a title=\"La revue de presse d'A tire d'Ailes (29)\" href=\"https:\/\/www.lactissima.com\/a-tire-d-ailes\/la-revue-de-presse-da-tire-dailes-29\/\">La revue de presse d&rsquo;A tire d&rsquo;Ailes (29)<\/a><\/p>\n<p style=\"text-align: justify;\">Beaucoup d&rsquo;\u00e9tudes et d&rsquo;articles tr\u00e8s complets et s\u00e9rieux sur l&rsquo;allaitement ce mois ci.<\/p>\n<p style=\"text-align: justify;\"><a title=\"G\u00e9rer la frustration de l'assistante maternelle\" href=\"https:\/\/www.lactissima.com\/a-tire-d-ailes\/gerer-la-frustration-de-lassistante-maternelle\/\">G\u00e9rer la frustration de l&rsquo;assistante maternelle<\/a><\/p>\n<p style=\"text-align: justify;\">Une assistante maternelle peut se sentir tr\u00e8s frustr\u00e9e devant un b\u00e9b\u00e9 qui refuse le biberon. Il est important d&rsquo;en tenir compte.<\/p>\n<p style=\"text-align: justify;\"><a title=\"Travail et allaitement : le t\u00e9moignage de Celine\" href=\"https:\/\/www.lactissima.com\/a-tire-d-ailes\/travail-et-allaitement-le-temoignage-de-celine-3\/\">Travail et allaitement : le t\u00e9moignage de Celine<\/a><\/p>\n<p style=\"text-align: justify;\">C\u00e9line a repris le travail aux 3 mois de son b\u00e9b\u00e9 et a choisi de tirer son lait au travail. Elle a pu aussi aller donner une t\u00e9t\u00e9e en journ\u00e9e \u00e0 la cr\u00e8che.<\/p>\n<p style=\"text-align: justify;\"><a title=\"La revue de presse d'A tire d'Ailes (28)\" href=\"https:\/\/www.lactissima.com\/a-tire-d-ailes\/la-revue-de-presse-da-tire-dailes-28\/\">La revue de presse d&rsquo;A tire d&rsquo;Ailes (28)<\/a><\/p>\n<p style=\"text-align: justify;\">Une actualit\u00e9 riche de 2 nouveaux livres, des \u00e9tudes passionnantes et de tr\u00e8s bons articles.<\/p>\n<p style=\"text-align: justify;\"><a title=\"Les Maternelles : allaitement et travail\" href=\"https:\/\/www.lactissima.com\/a-tire-d-ailes\/les-maternelles-allaitement-et-travail\/\">Les Maternelles : allaitement et travail<\/a><\/p>\n<p style=\"text-align: justify;\">Une bonne \u00e9mission des Maternelles sur allaitement et travail.<\/p>\n<p style=\"text-align: justify;\"><a title=\"J'ai peur de ne pas tirer assez de lait !\" href=\"https:\/\/www.lactissima.com\/a-tire-d-ailes\/jai-peur-de-ne-pas-tirer-assez-de-lait\/\">J&rsquo;ai peur de ne pas tirer assez de lait !<\/a><\/p>\n<p style=\"text-align: justify;\">Voici 5 choses qui vont vous permettre de ne plus vous inqui\u00e9ter sur la quantit\u00e9 de lait que vous tirez !<\/p>\n<p style=\"text-align: justify;\"><a title=\"Travail et allaitement : le t\u00e9moignage de C\u00e9line\" href=\"https:\/\/www.lactissima.com\/a-tire-d-ailes\/travail-et-allaitement-le-temoignage-de-celine-2\/\">Travail et allaitement : le t\u00e9moignage de C\u00e9line<\/a><\/p>\n<p style=\"text-align: justify;\">C\u00e9line a souhait\u00e9 tirer son lait mais a eu beaucoup de mal. Elle a donc fait un allaitement mixte pour pouvoir concilier travail et allaitement.<\/p>\n<p style=\"text-align: justify;\"><a title=\"La revue de presse d'A tire d'Ailes (27)\" href=\"https:\/\/www.lactissima.com\/a-tire-d-ailes\/la-revue-de-presse-da-tire-dailes-27\/\">La revue de presse d&rsquo;A tire d&rsquo;Ailes (27)<\/a><\/p>\n<p style=\"text-align: justify;\">Une activit\u00e9 charg\u00e9e : des \u00e9tudes, des photos historiques, des conf\u00e9rences et un nouveau livre !<\/p>\n<p style=\"text-align: justify;\"><a title=\"Gestion des stocks de lait : fiche pratique\" href=\"https:\/\/www.lactissima.com\/a-tire-d-ailes\/gestion-des-stocks-de-lait-fiche-pratique\/\">Gestion des stocks de lait : fiche pratique<\/a><\/p>\n<p style=\"text-align: justify;\">S&rsquo;organiser pour g\u00e9rer les quantit\u00e9s de lait disponibles et n\u00e9cessaires permet de ne pas perdre de lait maternel.<\/p>\n<p style=\"text-align: justify;\"><a title=\"Hors de question d'utiliser un tire-lait !\" href=\"https:\/\/www.lactissima.com\/a-tire-d-ailes\/hors-de-question-dutiliser-un-tire-lait\/\">Hors de question d&rsquo;utiliser un tire-lait !<\/a><\/p>\n<p style=\"text-align: justify;\">Il n&rsquo;est pas absolument n\u00e9cessaire d&rsquo;utiliser un tire-lait lorsque l&rsquo;on souhaite poursuivre l&rsquo;allaitement \u00e0 la reprise du travail. Il existe diff\u00e9rentes solutions.<\/p>\n<p style=\"text-align: justify;\"><a title=\"Travail et allaitement : le t\u00e9moignage d'Ang\u00e9lique\" href=\"https:\/\/www.lactissima.com\/a-tire-d-ailes\/travail-et-allaitement-le-temoignage-dangelique\/\">Travail et allaitement : le t\u00e9moignage d&rsquo;Ang\u00e9lique<\/a><\/p>\n<p style=\"text-align: justify;\">Ang\u00e9lique a repris le travail en maintenant un allaitement mixte : une partie de lait tir\u00e9, une partie de lait en poudre.<\/p>\n<p style=\"text-align: justify;\"><a title=\"La revue de presse d'A tire d'Ailes (26)\" href=\"https:\/\/www.lactissima.com\/a-tire-d-ailes\/la-revue-de-presse-da-tire-dailes-26\/\">La revue de presse d&rsquo;A tire d&rsquo;Ailes (26)<\/a><\/p>\n<p style=\"text-align: justify;\">D\u00e9couvrez ce mois-ci des actualit\u00e9s vari\u00e9es : \u00e9tudes et recherches, articles de fond, photo,&#8230;<\/p>\n<p style=\"text-align: justify;\"><a title=\"Quantit\u00e9 de lait : fiche pratique\" href=\"https:\/\/www.lactissima.com\/a-tire-d-ailes\/quantite-de-lait-fiche-pratique\/\">Quantit\u00e9 de lait : fiche pratique<\/a><\/p>\n<p style=\"text-align: justify;\">Voici une fiche pratique pour transmettre les informations au mode de garde sur les quantit\u00e9s \u00e0 donner au biberon.<\/p>\n<p style=\"text-align: justify;\"><a title=\"T\u00e9t\u00e9e de retrouvailles\" href=\"https:\/\/www.lactissima.com\/a-tire-d-ailes\/tetee-de-retrouvailles\/\">T\u00e9t\u00e9e de retrouvailles<\/a><\/p>\n<p style=\"text-align: justify;\">La t\u00e9t\u00e9e de retrouvailles,  ce moment d\u00e9licieux o\u00f9 b\u00e9b\u00e9 retrouve sa maman apr\u00e8s une journ\u00e9e de travail.<\/p>\n<p style=\"text-align: justify;\"><a title=\"Travail et allaitement : le t\u00e9moignage d'Elodie\" href=\"https:\/\/www.lactissima.com\/a-tire-d-ailes\/travail-et-allaitement-le-temoignage-delodie\/\">Travail et allaitement : le t\u00e9moignage d&rsquo;Elodie<\/a><\/p>\n<p style=\"text-align: justify;\">Elodie a fait le choix de tirer son lait sur son lieu de travail. Sa sup\u00e9rieure a \u00e9t\u00e9 tr\u00e8s compr\u00e9hensive&#8230;pendant un temps.<\/p>\n<p style=\"text-align: justify;\"><a title=\"La revue de presse d'A tire d'Ailes (25)\" href=\"https:\/\/www.lactissima.com\/a-tire-d-ailes\/la-revue-de-presse-da-tire-dailes-25\/\">La revue de presse d&rsquo;A tire d&rsquo;Ailes (25)<\/a><\/p>\n<p style=\"text-align: justify;\">Un mois riche en \u00e9tudes sur le lait maternel, accompagn\u00e9 d&rsquo;une BD qui d\u00e9tend l&rsquo;atmosph\u00e8re&#8230;<\/p>\n<p style=\"text-align: justify;\"><a title=\"Nouveaut\u00e9s tire-lait\" href=\"https:\/\/www.lactissima.com\/a-tire-d-ailes\/nouveautes-tire-lait\/\">Nouveaut\u00e9s tire-lait<\/a><\/p>\n<p style=\"text-align: justify;\">Deux petits tire-lait \u00e9lectriques en double pompage ont fait leur apparition sur le march\u00e9.<\/p>\n<p style=\"text-align: justify;\"><a title=\"Choisir le sevrage \u00e0 la reprise du travail\" href=\"https:\/\/www.lactissima.com\/a-tire-d-ailes\/choisir-le-sevrage-a-la-reprise-du-travail\/\">Choisir le sevrage \u00e0 la reprise du travail.<\/a><\/p>\n<p style=\"text-align: justify;\">Il est possible d&rsquo;attendre la reprise du travail pour sevrer son enfant.<\/p>\n","protected":false},"excerpt":{"rendered":"<p>Cette page regroupe tous les articles pour concilier travail et allaitement publi\u00e9s en 2013 sur le blog A tire d&rsquo;Ailes.<\/p>\n","protected":false},"author":170,"featured_media":3854,"parent":2443,"menu_order":5,"comment_status":"closed","ping_status":"open","template":"","meta":{"_et_pb_use_builder":"","_et_pb_old_content":"","_et_gb_content_width":"","footnotes":""},"class_list":["post-3643","page","type-page","status-publish","has-post-thumbnail","hentry"],"yoast_head":"<!-- This site is optimized with the Yoast SEO plugin v27.4 - https:\/\/yoast.com\/product\/yoast-seo-wordpress\/ -->\n<title>concilier travail et allaitement<\/title>\n<meta name=\"description\" content=\"Cette page regroupe tous les articles pour concilier travail et allaitement publi\u00e9s en 2013 sur le blog A tire d&#039;Ailes.\" \/>\n<meta name=\"robots\" content=\"index, follow, max-snippet:-1, max-image-preview:large, max-video-preview:-1\" \/>\n<link rel=\"canonical\" href=\"https:\/\/www.lactissima.com\/a-tire-d-ailes\/liste-des-articles-2\/concilier-travail-et-allaitement\/\" \/>\n<meta property=\"og:locale\" content=\"fr_FR\" \/>\n<meta property=\"og:type\" content=\"article\" \/>\n<meta property=\"og:title\" content=\"concilier travail et allaitement\" \/>\n<meta property=\"og:description\" content=\"Cette page regroupe tous les articles pour concilier travail et allaitement publi\u00e9s en 2013 sur le blog A tire d&#039;Ailes.\" \/>\n<meta property=\"og:url\" content=\"https:\/\/www.lactissima.com\/a-tire-d-ailes\/liste-des-articles-2\/concilier-travail-et-allaitement\/\" \/>\n<meta property=\"og:site_name\" content=\"A tire d&#039;Ailes\" \/>\n<meta property=\"article:publisher\" content=\"https:\/\/www.facebook.com\/consultante.en.lactation\" \/>\n<meta property=\"article:modified_time\" content=\"2014-01-02T09:24:06+00:00\" \/>\n<meta property=\"og:image\" content=\"https:\/\/www.lactissima.com\/a-tire-d-ailes\/wp-content\/uploads\/2013\/03\/la-laiti\u00e8re.jpg\" \/>\n\t<meta property=\"og:image:width\" content=\"280\" \/>\n\t<meta property=\"og:image:height\" content=\"322\" \/>\n\t<meta property=\"og:image:type\" content=\"image\/jpeg\" \/>\n<meta name=\"twitter:card\" content=\"summary_large_image\" \/>\n<meta name=\"twitter:site\" content=\"@VeroniqueIBCLC\" \/>\n<meta name=\"twitter:label1\" content=\"Dur\u00e9e de lecture estim\u00e9e\" \/>\n\t<meta name=\"twitter:data1\" content=\"6 minutes\" \/>\n<script type=\"application\/ld+json\" class=\"yoast-schema-graph\">{\"@context\":\"https:\\\/\\\/schema.org\",\"@graph\":[{\"@type\":\"WebPage\",\"@id\":\"https:\\\/\\\/www.lactissima.com\\\/a-tire-d-ailes\\\/liste-des-articles-2\\\/concilier-travail-et-allaitement\\\/\",\"url\":\"https:\\\/\\\/www.lactissima.com\\\/a-tire-d-ailes\\\/liste-des-articles-2\\\/concilier-travail-et-allaitement\\\/\",\"name\":\"concilier travail et allaitement\",\"isPartOf\":{\"@id\":\"https:\\\/\\\/www.lactissima.com\\\/a-tire-d-ailes\\\/#website\"},\"primaryImageOfPage\":{\"@id\":\"https:\\\/\\\/www.lactissima.com\\\/a-tire-d-ailes\\\/liste-des-articles-2\\\/concilier-travail-et-allaitement\\\/#primaryimage\"},\"image\":{\"@id\":\"https:\\\/\\\/www.lactissima.com\\\/a-tire-d-ailes\\\/liste-des-articles-2\\\/concilier-travail-et-allaitement\\\/#primaryimage\"},\"thumbnailUrl\":\"https:\\\/\\\/www.lactissima.com\\\/a-tire-d-ailes\\\/wp-content\\\/uploads\\\/2013\\\/03\\\/la-laiti\u00e8re.jpg\",\"datePublished\":\"2013-01-05T14:23:52+00:00\",\"dateModified\":\"2014-01-02T09:24:06+00:00\",\"description\":\"Cette page regroupe tous les articles pour concilier travail et allaitement publi\u00e9s en 2013 sur le blog A tire d'Ailes.\",\"breadcrumb\":{\"@id\":\"https:\\\/\\\/www.lactissima.com\\\/a-tire-d-ailes\\\/liste-des-articles-2\\\/concilier-travail-et-allaitement\\\/#breadcrumb\"},\"inLanguage\":\"fr-FR\",\"potentialAction\":[{\"@type\":\"ReadAction\",\"target\":[\"https:\\\/\\\/www.lactissima.com\\\/a-tire-d-ailes\\\/liste-des-articles-2\\\/concilier-travail-et-allaitement\\\/\"]}]},{\"@type\":\"ImageObject\",\"inLanguage\":\"fr-FR\",\"@id\":\"https:\\\/\\\/www.lactissima.com\\\/a-tire-d-ailes\\\/liste-des-articles-2\\\/concilier-travail-et-allaitement\\\/#primaryimage\",\"url\":\"https:\\\/\\\/www.lactissima.com\\\/a-tire-d-ailes\\\/wp-content\\\/uploads\\\/2013\\\/03\\\/la-laiti\u00e8re.jpg\",\"contentUrl\":\"https:\\\/\\\/www.lactissima.com\\\/a-tire-d-ailes\\\/wp-content\\\/uploads\\\/2013\\\/03\\\/la-laiti\u00e8re.jpg\",\"width\":280,\"height\":322,\"caption\":\"concilier travail et allaitement\"},{\"@type\":\"BreadcrumbList\",\"@id\":\"https:\\\/\\\/www.lactissima.com\\\/a-tire-d-ailes\\\/liste-des-articles-2\\\/concilier-travail-et-allaitement\\\/#breadcrumb\",\"itemListElement\":[{\"@type\":\"ListItem\",\"position\":1,\"name\":\"Accueil\",\"item\":\"https:\\\/\\\/www.lactissima.com\\\/a-tire-d-ailes\\\/\"},{\"@type\":\"ListItem\",\"position\":2,\"name\":\"Liste des articles\",\"item\":\"https:\\\/\\\/www.lactissima.com\\\/a-tire-d-ailes\\\/liste-des-articles-2\\\/\"},{\"@type\":\"ListItem\",\"position\":3,\"name\":\"2013\"}]},{\"@type\":\"WebSite\",\"@id\":\"https:\\\/\\\/www.lactissima.com\\\/a-tire-d-ailes\\\/#website\",\"url\":\"https:\\\/\\\/www.lactissima.com\\\/a-tire-d-ailes\\\/\",\"name\":\"A tire d&#039;Ailes\",\"description\":\"Le blog des femmes qui allaitent et travaillent.\",\"potentialAction\":[{\"@type\":\"SearchAction\",\"target\":{\"@type\":\"EntryPoint\",\"urlTemplate\":\"https:\\\/\\\/www.lactissima.com\\\/a-tire-d-ailes\\\/?s={search_term_string}\"},\"query-input\":{\"@type\":\"PropertyValueSpecification\",\"valueRequired\":true,\"valueName\":\"search_term_string\"}}],\"inLanguage\":\"fr-FR\"}]}<\/script>\n<!-- \/ Yoast SEO plugin. -->","yoast_head_json":{"title":"concilier travail et allaitement","description":"Cette page regroupe tous les articles pour concilier travail et allaitement publi\u00e9s en 2013 sur le blog A tire d'Ailes.","robots":{"index":"index","follow":"follow","max-snippet":"max-snippet:-1","max-image-preview":"max-image-preview:large","max-video-preview":"max-video-preview:-1"},"canonical":"https:\/\/www.lactissima.com\/a-tire-d-ailes\/liste-des-articles-2\/concilier-travail-et-allaitement\/","og_locale":"fr_FR","og_type":"article","og_title":"concilier travail et allaitement","og_description":"Cette page regroupe tous les articles pour concilier travail et allaitement publi\u00e9s en 2013 sur le blog A tire d'Ailes.","og_url":"https:\/\/www.lactissima.com\/a-tire-d-ailes\/liste-des-articles-2\/concilier-travail-et-allaitement\/","og_site_name":"A tire d&#039;Ailes","article_publisher":"https:\/\/www.facebook.com\/consultante.en.lactation","article_modified_time":"2014-01-02T09:24:06+00:00","og_image":[{"width":280,"height":322,"url":"https:\/\/www.lactissima.com\/a-tire-d-ailes\/wp-content\/uploads\/2013\/03\/la-laiti\u00e8re.jpg","type":"image\/jpeg"}],"twitter_card":"summary_large_image","twitter_site":"@VeroniqueIBCLC","twitter_misc":{"Dur\u00e9e de lecture estim\u00e9e":"6 minutes"},"schema":{"@context":"https:\/\/schema.org","@graph":[{"@type":"WebPage","@id":"https:\/\/www.lactissima.com\/a-tire-d-ailes\/liste-des-articles-2\/concilier-travail-et-allaitement\/","url":"https:\/\/www.lactissima.com\/a-tire-d-ailes\/liste-des-articles-2\/concilier-travail-et-allaitement\/","name":"concilier travail et allaitement","isPartOf":{"@id":"https:\/\/www.lactissima.com\/a-tire-d-ailes\/#website"},"primaryImageOfPage":{"@id":"https:\/\/www.lactissima.com\/a-tire-d-ailes\/liste-des-articles-2\/concilier-travail-et-allaitement\/#primaryimage"},"image":{"@id":"https:\/\/www.lactissima.com\/a-tire-d-ailes\/liste-des-articles-2\/concilier-travail-et-allaitement\/#primaryimage"},"thumbnailUrl":"https:\/\/www.lactissima.com\/a-tire-d-ailes\/wp-content\/uploads\/2013\/03\/la-laiti\u00e8re.jpg","datePublished":"2013-01-05T14:23:52+00:00","dateModified":"2014-01-02T09:24:06+00:00","description":"Cette page regroupe tous les articles pour concilier travail et allaitement publi\u00e9s en 2013 sur le blog A tire d'Ailes.","breadcrumb":{"@id":"https:\/\/www.lactissima.com\/a-tire-d-ailes\/liste-des-articles-2\/concilier-travail-et-allaitement\/#breadcrumb"},"inLanguage":"fr-FR","potentialAction":[{"@type":"ReadAction","target":["https:\/\/www.lactissima.com\/a-tire-d-ailes\/liste-des-articles-2\/concilier-travail-et-allaitement\/"]}]},{"@type":"ImageObject","inLanguage":"fr-FR","@id":"https:\/\/www.lactissima.com\/a-tire-d-ailes\/liste-des-articles-2\/concilier-travail-et-allaitement\/#primaryimage","url":"https:\/\/www.lactissima.com\/a-tire-d-ailes\/wp-content\/uploads\/2013\/03\/la-laiti\u00e8re.jpg","contentUrl":"https:\/\/www.lactissima.com\/a-tire-d-ailes\/wp-content\/uploads\/2013\/03\/la-laiti\u00e8re.jpg","width":280,"height":322,"caption":"concilier travail et allaitement"},{"@type":"BreadcrumbList","@id":"https:\/\/www.lactissima.com\/a-tire-d-ailes\/liste-des-articles-2\/concilier-travail-et-allaitement\/#breadcrumb","itemListElement":[{"@type":"ListItem","position":1,"name":"Accueil","item":"https:\/\/www.lactissima.com\/a-tire-d-ailes\/"},{"@type":"ListItem","position":2,"name":"Liste des articles","item":"https:\/\/www.lactissima.com\/a-tire-d-ailes\/liste-des-articles-2\/"},{"@type":"ListItem","position":3,"name":"2013"}]},{"@type":"WebSite","@id":"https:\/\/www.lactissima.com\/a-tire-d-ailes\/#website","url":"https:\/\/www.lactissima.com\/a-tire-d-ailes\/","name":"A tire d&#039;Ailes","description":"Le blog des femmes qui allaitent et travaillent.","potentialAction":[{"@type":"SearchAction","target":{"@type":"EntryPoint","urlTemplate":"https:\/\/www.lactissima.com\/a-tire-d-ailes\/?s={search_term_string}"},"query-input":{"@type":"PropertyValueSpecification","valueRequired":true,"valueName":"search_term_string"}}],"inLanguage":"fr-FR"}]}},"_links":{"self":[{"href":"https:\/\/www.lactissima.com\/a-tire-d-ailes\/wp-json\/wp\/v2\/pages\/3643","targetHints":{"allow":["GET"]}}],"collection":[{"href":"https:\/\/www.lactissima.com\/a-tire-d-ailes\/wp-json\/wp\/v2\/pages"}],"about":[{"href":"https:\/\/www.lactissima.com\/a-tire-d-ailes\/wp-json\/wp\/v2\/types\/page"}],"author":[{"embeddable":true,"href":"https:\/\/www.lactissima.com\/a-tire-d-ailes\/wp-json\/wp\/v2\/users\/170"}],"replies":[{"embeddable":true,"href":"https:\/\/www.lactissima.com\/a-tire-d-ailes\/wp-json\/wp\/v2\/comments?post=3643"}],"version-history":[{"count":52,"href":"https:\/\/www.lactissima.com\/a-tire-d-ailes\/wp-json\/wp\/v2\/pages\/3643\/revisions"}],"predecessor-version":[{"id":5013,"href":"https:\/\/www.lactissima.com\/a-tire-d-ailes\/wp-json\/wp\/v2\/pages\/3643\/revisions\/5013"}],"up":[{"embeddable":true,"href":"https:\/\/www.lactissima.com\/a-tire-d-ailes\/wp-json\/wp\/v2\/pages\/2443"}],"wp:featuredmedia":[{"embeddable":true,"href":"https:\/\/www.lactissima.com\/a-tire-d-ailes\/wp-json\/wp\/v2\/media\/3854"}],"wp:attachment":[{"href":"https:\/\/www.lactissima.com\/a-tire-d-ailes\/wp-json\/wp\/v2\/media?parent=3643"}],"curies":[{"name":"wp","href":"https:\/\/api.w.org\/{rel}","templated":true}]}}