{"id":2828,"date":"2012-01-05T13:08:14","date_gmt":"2012-01-05T11:08:14","guid":{"rendered":"https:\/\/www.lactissima.com\/a-tire-d-ailes\/?page_id=2828"},"modified":"2014-01-02T11:23:49","modified_gmt":"2014-01-02T09:23:49","slug":"articles-travail-et-allaitement","status":"publish","type":"page","link":"https:\/\/www.lactissima.com\/a-tire-d-ailes\/liste-des-articles-2\/articles-travail-et-allaitement\/","title":{"rendered":"2012"},"content":{"rendered":"<p style=\"text-align: justify;\"><a href=\"https:\/\/www.lactissima.com\/a-tire-d-ailes\/wp-content\/uploads\/2009\/05\/tasse-bec2.jpg\"><img loading=\"lazy\" decoding=\"async\" class=\"alignright size-full wp-image-3974\" alt=\"articles travail et allaitement\" src=\"https:\/\/www.lactissima.com\/a-tire-d-ailes\/wp-content\/uploads\/2009\/05\/tasse-bec2.jpg\" width=\"257\" height=\"300\" \/><\/a>Voici tous les <span style=\"color: #333333;\"><a title=\"articles travail et allaitement\" href=\"https:\/\/www.lactissima.com\/a-tire-d-ailes\/liste-des-articles-2\/articles-travail-et-allaitement\/\"><span style=\"color: #333333;\">articles travail et allaitement<\/span><\/a><\/span> parus en 2012. Si vous ne trouvez pas ce que vous cherchez, n&rsquo;h\u00e9sitez pas \u00e0 utiliser l&rsquo;onglet de recherche.<\/p>\n<p style=\"text-align: justify;\"><a title=\"Travail et allaitement : le t\u00e9moignage de Fran\u00e7oise\" href=\"https:\/\/www.lactissima.com\/a-tire-d-ailes\/travail-et-allaitement-le-temoignage-de-francoise\/\">Travail et allaitement : le t\u00e9moignage de Fran\u00e7oise<\/a><\/p>\n<p style=\"text-align: justify;\">Fran\u00e7oise a poursuivi l&rsquo;allaitement apr\u00e8s la reprise du travail mais elle a rencontr\u00e9 des difficult\u00e9s.<\/p>\n<p style=\"text-align: justify;\"><a title=\"8 trucs pour faire face au refus du biberon\" href=\"https:\/\/www.lactissima.com\/a-tire-d-ailes\/8-trucs-pour-faire-face-au-refus-du-biberon\/\">8 trucs pour faire face au refus du biberon<\/a><\/p>\n<p style=\"text-align: justify;\">Il est courant qu&rsquo;un b\u00e9b\u00e9 refuse de prendre le biberon lorsque la m\u00e8re reprend le travail. Il existe des solutions.<\/p>\n<p style=\"text-align: justify;\"><a title=\"Travail et allaitement : le t\u00e9moignage de Line\" href=\"https:\/\/www.lactissima.com\/a-tire-d-ailes\/travail-et-allaitement-le-temoignage-de-line\/\">Travail et allaitement : le t\u00e9moignage de Line<\/a><\/p>\n<p style=\"text-align: justify;\">Line a choisi de tirer son lait sur son lieu de travail puis a pris un cong\u00e9 parental avant de reprendre le travail aux neuf mois de son b\u00e9b\u00e9. Celui-ci est toujours allait\u00e9.<\/p>\n<p style=\"text-align: justify;\"><a title=\"Tirer son lait de mani\u00e8re plus efficace.\" href=\"https:\/\/www.lactissima.com\/a-tire-d-ailes\/tirer-son-lait-de-maniere-plus-efficace\/\">Tirer son lait de mani\u00e8re plus efficace.<\/a><\/p>\n<p style=\"text-align: justify;\">Il existe une m\u00e9thode mise au point par Jane Morton qui permet de tirer son lait de mani\u00e8re beaucoup plus efficace.<\/p>\n<p style=\"text-align: justify;\"><a title=\"La revue de presse d'A tire d'Ailes (23)\" href=\"https:\/\/www.lactissima.com\/a-tire-d-ailes\/la-revue-de-presse-da-tire-dailes-23\/\">La revue de presse d&rsquo;A tire d&rsquo;Ailes (23)<\/a><\/p>\n<p style=\"text-align: justify;\">Ce mois a vu une belle diversit\u00e9 d&rsquo;articles, \u00e9tudes, t\u00e9moignages et images sur l&rsquo;allaitement.<\/p>\n<p style=\"text-align: justify;\"><a title=\"Travail et allaitement : le t\u00e9moignage de Perrine\" href=\"https:\/\/www.lactissima.com\/a-tire-d-ailes\/travail-et-allaitement-le-temoignage-de-perrine\/\">Travail et allaitement : le t\u00e9moignage de Perrine<\/a><\/p>\n<p style=\"text-align: justify;\">Perrine est assistante maternelle. Elle a repris le travail et continue \u00e0 allaiter sans troisi\u00e8me enfant, comme elle l&rsquo;a d\u00e9j\u00e0 fait pour les deux a\u00een\u00e9s.<\/p>\n<p style=\"text-align: justify;\"><a title=\"Travail et allaitement : le t\u00e9moignage de C\u00e9line\" href=\"https:\/\/www.lactissima.com\/a-tire-d-ailes\/?p=3394\" target=\"_blank\">Travail et allaitement : le t\u00e9moignage de C\u00e9line.<\/a><\/p>\n<p style=\"text-align: justify;\">C\u00e9line travaille avec des horaires variables et des gardes. Pourtant elle est heureuse de r\u00e9ussir \u00e0 tirer son lait pour son b\u00e9b\u00e9.<\/p>\n<p style=\"text-align: justify;\"><a title=\"Mon chemin\" href=\"https:\/\/www.lactissima.com\/a-tire-d-ailes\/?p=3367\" target=\"_blank\">Mon chemin<\/a><\/p>\n<p style=\"text-align: justify;\">Par quel chemin j&rsquo;ai \u00e9t\u00e9 amen\u00e9e au m\u00e9tier de consultante en lactation, au cabinet Lactissima et \u00e0 ce blog.<\/p>\n<p style=\"text-align: justify;\"><a title=\"La revue de presse d'A tire d'Ailes (22)\" href=\"https:\/\/www.lactissima.com\/a-tire-d-ailes\/?p=3353\" target=\"_blank\">La revue de presse d&rsquo;A tire d&rsquo;Ailes (22)<\/a><\/p>\n<p style=\"text-align: justify;\">Un mois tr\u00e8s charg\u00e9 sur l&rsquo;allaitement, en partie parce que cette semaine, c&rsquo;est la semaine mondiale de l&rsquo;allaitement maternel.<\/p>\n<p style=\"text-align: justify;\"><a title=\"Allaitement et travail : le t\u00e9moignage d'une assistante maternelle\" href=\"https:\/\/www.lactissima.com\/a-tire-d-ailes\/?p=3342\" target=\"_blank\">Allaitement et travail : le t\u00e9moignage d&rsquo;une assistante maternelle<\/a><\/p>\n<p style=\"text-align: justify;\">Anne est assistante maternelle. Elle pense que ce n&rsquo;est pas plus compliqu\u00e9 d&rsquo;accueillir un b\u00e9b\u00e9 allait\u00e9.<\/p>\n<p style=\"text-align: justify;\"><a title=\"Allaiter et travailler : le t\u00e9moignage de Nad\u00e8ge\" href=\"https:\/\/www.lactissima.com\/a-tire-d-ailes\/?p=3325\" target=\"_blank\">Allaiter et travailler : le t\u00e9moignage de Nad\u00e8ge<\/a><\/p>\n<p style=\"text-align: justify;\">Nad\u00e8ge est assistante maternelle et continue \u00e0 allaiter son fils de dix-huit mois tout en gardant trois enfants.<\/p>\n<p style=\"text-align: justify;\"><a title=\"Assistante maternelle magazine\" href=\"https:\/\/www.lactissima.com\/a-tire-d-ailes\/?p=3297\" target=\"_blank\">Assistante maternelle Magazine<\/a><\/p>\n<p style=\"text-align: justify;\">Un article du magazine Assistante maternelle qui parle portage et allaitement.<\/p>\n<p style=\"text-align: justify;\"><a title=\"La revue de presse d'A tire d'Ailes (21)\" href=\"https:\/\/www.lactissima.com\/a-tire-d-ailes\/?p=3255\" target=\"_blank\">La revue de presse d&rsquo;A tire d&rsquo;Ailes (21)<\/a><\/p>\n<p style=\"text-align: justify;\">Une revue de presse en images et en articles scientifiques.<\/p>\n<p style=\"text-align: justify;\"><a title=\"Le b\u00e9b\u00e9 qui ne s'endort qu'au sein\" href=\"https:\/\/www.lactissima.com\/a-tire-d-ailes\/?p=3237\" target=\"_blank\">Le b\u00e9b\u00e9 qui ne s&rsquo;endort qu&rsquo;au sein<\/a><\/p>\n<p style=\"text-align: justify;\">Beaucoup de b\u00e9b\u00e9s ne s&rsquo;endorment qu&rsquo;au sein. De nombreuses mamans sont donc inqui\u00e8tes : comment leur b\u00e9b\u00e9 va-t-il s&rsquo;endormir en leur absence ? Un des articles travail et allaitement tr\u00e8s demand\u00e9.<\/p>\n<p style=\"text-align: justify;\"><a title=\"Allaiter et travailler : le t\u00e9moignage d'Emilie\" href=\"https:\/\/www.lactissima.com\/a-tire-d-ailes\/?p=3223\" target=\"_blank\">Allaiter et travailler : le t\u00e9moignage d&rsquo;Emilie<\/a><\/p>\n<p style=\"text-align: justify;\">La nounou du b\u00e9b\u00e9 d&rsquo;Emilie a refus\u00e9 de donner du lait maternel. Mais ce b\u00e9b\u00e9 \u00e9tait allergique aux prot\u00e9ines de lait de vache, probl\u00e8me !<\/p>\n<p style=\"text-align: justify;\"><a title=\"Allaiter et travailler : le t\u00e9moignage d'Anne\" href=\"https:\/\/www.lactissima.com\/a-tire-d-ailes\/?p=3213\" target=\"_blank\">Allaiter et travailler : le t\u00e9moignage d&rsquo;Anne<\/a><\/p>\n<p style=\"text-align: justify;\">Anne a choisi de travailler chez elle pendant un an pour pouvoir tirer son lait plus facilement pour son b\u00e9b\u00e9 gard\u00e9 en cr\u00e8che.<\/p>\n<p style=\"text-align: justify;\"><a title=\"La revue de presse d'A tire d'Ailes (20)\" href=\"https:\/\/www.lactissima.com\/a-tire-d-ailes\/?p=3192\" target=\"_blank\">La revue de presse d&rsquo;A tire d&rsquo;Ailes (20)<\/a><\/p>\n<p style=\"text-align: justify;\">Ce mois-ci a \u00e9t\u00e9 marqu\u00e9 par des photos d&rsquo;allaitement \u00e9tonnantes et de tr\u00e8s bons articles de Maman Eprouvette.<\/p>\n<p style=\"text-align: justify;\"><a title=\"Soutenir l'allaitement dans son entreprise : le t\u00e9moignage de M\u00e9lanie\" href=\"https:\/\/www.lactissima.com\/a-tire-d-ailes\/?p=3180\" target=\"_blank\">Soutenir l&rsquo;allaitement dans son entreprise : le t\u00e9moignage de M\u00e9lanie<\/a><\/p>\n<p style=\"text-align: justify;\">M\u00e9lanie a mont\u00e9 une association au sein de son lieu de travail pour permettre \u00e0 ses coll\u00e8gues de tirer leur lait dans de bonnes conditions.<\/p>\n<p style=\"text-align: justify;\"><a title=\"Allaiter et travailler : le t\u00e9moignage de Vervaine\" href=\"https:\/\/www.lactissima.com\/a-tire-d-ailes\/?p=3163\">Allaiter et travailler : le t\u00e9moignage de Vervaine<\/a><\/p>\n<p style=\"text-align: justify;\">Vervaine a d\u00e9cid\u00e9 de tirer son lait gr\u00e2ce \u00e0 une coll\u00e8gue l&rsquo;ayant d\u00e9j\u00e0 fait sur son lieu de travail.<\/p>\n<p style=\"text-align: justify;\"><a title=\"Allaiter et travailler : le t\u00e9moignage d'Anne-Sophie\" href=\"https:\/\/www.lactissima.com\/a-tire-d-ailes\/?p=3151\" target=\"_blank\">Allaiter et travailler : le t\u00e9moignage d&rsquo;Anne-Sophie<\/a><\/p>\n<p style=\"text-align: justify;\">Anne-Sophie allaite son deuxi\u00e8me enfant qui refuse le biberon pendant qu&rsquo;elle est au travail. Heureusement, il se rattrape la nuit !<\/p>\n<p style=\"text-align: justify;\"><a title=\"Prochaines conf\u00e9rences\" href=\"https:\/\/www.lactissima.com\/a-tire-d-ailes\/?p=3138\">Prochaines conf\u00e9rences<\/a><\/p>\n<p style=\"text-align: justify;\">Trois interventions sont pr\u00e9vues dans les prochains jour sur Allaitement et travail. Je serai heureuse de vous y rencontrer.<\/p>\n<p style=\"text-align: justify;\"><a title=\"La revue de presse d'A tire d'Ailes (19)\" href=\"https:\/\/www.lactissima.com\/a-tire-d-ailes\/?p=3131\" target=\"_blank\">La revue de presse d&rsquo;A tire d&rsquo;Ailes (19)<\/a><\/p>\n<p style=\"text-align: justify;\">L&rsquo;allaitement s&rsquo;invite dans la campagne \u00e9lectorale des l\u00e9gislatives, de bons articles, une photo qui fait scandale, une \u00e9tude et une magnifique lettre d&rsquo;une m\u00e8re \u00e0 son b\u00e9b\u00e9.<\/p>\n<p style=\"text-align: justify;\"><a title=\"Enfin !\" href=\"https:\/\/www.lactissima.com\/a-tire-d-ailes\/?p=3114\" target=\"_blank\">Enfin !<\/a><\/p>\n<p style=\"text-align: justify;\">Mon livre \u00ab\u00a0Allaiter et reprendre le travail\u00a0\u00bb sera disponible le 14 juin !<\/p>\n<p style=\"text-align: justify;\"><a title=\"5 trucs pour clouer le bec aux mauvaises langues\" href=\"https:\/\/www.lactissima.com\/a-tire-d-ailes\/?p=3105\" target=\"_blank\">5 trucs pour clouer le bec aux mauvaises langues<\/a><\/p>\n<p style=\"text-align: justify;\">Il peut \u00eatre utile d&rsquo;avoir en r\u00e9serve quelques r\u00e9parties bien senties pour r\u00e9pondre aux r\u00e9flexions d\u00e9sagr\u00e9ables sur l&rsquo;allaitement.<\/p>\n<p style=\"text-align: justify;\"><a title=\"Allaiter et travailler : le t\u00e9moignage de Julie\" href=\"https:\/\/www.lactissima.com\/a-tire-d-ailes\/?p=3094\" target=\"_blank\">Allaiter et travailler : le t\u00e9moignage de Julie<\/a><\/p>\n<p style=\"text-align: justify;\">Julie ne voulait pas sevrer son b\u00e9b\u00e9. Elle a donc renonc\u00e9 \u00e0 une place en cr\u00e8che qui refusait le lait maternel et c&rsquo;est son mari qui a arr\u00eat\u00e9 de travailler pour s&rsquo;occuper de leur b\u00e9b\u00e9 et lui donner du lait maternel tir\u00e9.<\/p>\n<p style=\"text-align: justify;\"><a title=\"Allaiter et travailler : le t\u00e9moignage de Virginie\" href=\"https:\/\/www.lactissima.com\/a-tire-d-ailes\/?p=3085\" target=\"_blank\">Allaiter et travailler : le t\u00e9moignage de Virginie<\/a><\/p>\n<p style=\"text-align: justify;\">Virginie souhaite allaiter jusqu&rsquo;au sevrage naturel, elle tire donc son lait au travail pour que sa fille le boive chez l&rsquo;assistante maternelle.<\/p>\n<p style=\"text-align: justify;\"><a title=\"La revue de presse d'A tire d'Ailes (18)\" href=\"https:\/\/www.lactissima.com\/a-tire-d-ailes\/?p=3075\" target=\"_blank\">La revue de presse d&rsquo;A tire d&rsquo;Ailes (18)<\/a><\/p>\n<p style=\"text-align: justify;\">Un mois marqu\u00e9 par les pol\u00e9miques : une m\u00e8re qui voit son allaitement remis en cause&#8230;par son \u00e9chographiste, une couverture de magazine qui choque&#8230;<\/p>\n<p style=\"text-align: justify;\"><a title=\"Implication au travail et allaitement\" href=\"https:\/\/www.lactissima.com\/a-tire-d-ailes\/?p=3062\" target=\"_blank\">Implication au travail et allaitement<\/a><\/p>\n<p style=\"text-align: justify;\">Une femme qui tire son lait sur son lieu de travail n&rsquo;est pas moins impliqu\u00e9e dans son travail. C&rsquo;est une id\u00e9e pr\u00e9con\u00e7ue qui n&rsquo;a aucune r\u00e9alit\u00e9. Un des articles travail et allaitement tr\u00e8s demand\u00e9.<\/p>\n<p style=\"text-align: justify;\"><a title=\"Allaiter et travailler : le t\u00e9moignage d'Emilie\" href=\"https:\/\/www.lactissima.com\/a-tire-d-ailes\/?p=3044\" target=\"_blank\">Allaiter et travailler : le t\u00e9moignage d&rsquo;Emilie<\/a><\/p>\n<p style=\"text-align: justify;\">Emilie a r\u00e9ussi son pari : ne jamais donner de lait en poudre \u00e0 son b\u00e9b\u00e9 bien qu&rsquo;elle ait repris le travail lorsqu&rsquo;il avait trois mois. Elle a tir\u00e9 son lait puis lui a propos\u00e9 des laitages.<\/p>\n<p style=\"text-align: justify;\"><a title=\"Intervention sur Allaitement et Travail\" href=\"https:\/\/www.lactissima.com\/a-tire-d-ailes\/?p=3036\" target=\"_blank\">Intervention sur Allaitement et Travail<\/a><\/p>\n<p style=\"text-align: justify;\"><a title=\"Allaiter et travailler : le t\u00e9moignage de Solyane\" href=\"https:\/\/www.lactissima.com\/a-tire-d-ailes\/?p=3026\" target=\"_blank\">Allaiter et travailler : le t\u00e9moignage de Solyane<\/a><\/p>\n<p style=\"text-align: justify;\">Solyane allaite toujours son quatri\u00e8me enfant, apr\u00e8s la reprise du travail. Elle est tr\u00e8s motiv\u00e9e et n&rsquo;imagine pas faire autrement que tirer son lait pour son b\u00e9b\u00e9.<\/p>\n<p style=\"text-align: justify;\"><a title=\"La revue de presse d'A tire d'Ailes (17)\" href=\"https:\/\/www.lactissima.com\/a-tire-d-ailes\/?p=3016\" target=\"_blank\">La revue de presse d&rsquo;A tire d&rsquo;Ailes (17)<\/a><\/p>\n<p style=\"text-align: justify;\">Une revue de presse qui parle d&rsquo;une c\u00e9l\u00e9brit\u00e9 et d&rsquo;une tr\u00e8s belle photo d&rsquo;allaitement.<\/p>\n<p style=\"text-align: justify;\"><a title=\"Le point sur les pics de croissance\" href=\"https:\/\/www.lactissima.com\/a-tire-d-ailes\/?p=3008\" target=\"_blank\">Le point sur les pics de croissance<\/a><\/p>\n<p style=\"text-align: justify;\">Les pics de croissance correspondent \u00e0 prise d&rsquo;\u00e9lan du b\u00e9b\u00e9 vers une grosse acquisition. Ils ne durent pas longtemps.<\/p>\n<p style=\"text-align: justify;\"><a title=\"Allaiter et travailler : le t\u00e9moignage de Florence\" href=\"https:\/\/www.lactissima.com\/a-tire-d-ailes\/?p=2999\" target=\"_blank\">Allaiter et travailler : le t\u00e9moignage de Florence<\/a><\/p>\n<p style=\"text-align: justify;\">Florence a repris le travail en tirant son lait pour son b\u00e9b\u00e9 de six mois. Elle continue \u00e0 le faire, sa fille a 14 mois et elle referait le m\u00eame choix si cela se pr\u00e9sentait.<\/p>\n<p style=\"text-align: justify;\"><a title=\"Allaiter et travailler : le t\u00e9moignage de Perrine\" href=\"https:\/\/www.lactissima.com\/a-tire-d-ailes\/?p=2986\" target=\"_blank\">Allaiter et travailler : le t\u00e9moignage de Perrine<\/a><\/p>\n<p style=\"text-align: justify;\">Perrine a poursuivi l&rsquo;allaitement apr\u00e8s la reprise du travail pour chacun de ses trois enfants. Elle a appr\u00e9ci\u00e9 de ne pas avoir \u00e0 tirer son lait pendant tr\u00e8s longtemps et referais le m\u00eame choix, sans h\u00e9siter.<\/p>\n<p style=\"text-align: justify;\"><a href=\"https:\/\/www.lactissima.com\/a-tire-d-ailes\/?p=2971\" target=\"_blank\">La revue de presse d&rsquo;A tire d&rsquo;Ailes (16)<\/a><\/p>\n<p style=\"text-align: justify;\">Ce mois-ci il a beaucoup \u00e9t\u00e9 question de la r\u00e9mun\u00e9ration des pauses d&rsquo;allaitement, en Suisse et en France.<\/p>\n<p style=\"text-align: justify;\"><a title=\"Allaitement et contraception\" href=\"https:\/\/www.lactissima.com\/a-tire-d-ailes\/?p=2958\" target=\"_blank\">Allaitement et contraception<\/a><\/p>\n<p style=\"text-align: justify;\">Il est possible d&rsquo;utiliser une contraception pendant la p\u00e9riode d&rsquo;allaitement : MAMA, pilule, st\u00e9rilet, pr\u00e9servatif, diaphragme sont utilisables \u00e0 certaines conditions.<\/p>\n<p style=\"text-align: justify;\"><a title=\"Allaiter et travailler : le t\u00e9moignage de July\" href=\"https:\/\/www.lactissima.com\/a-tire-d-ailes\/?p=2944\" target=\"_blank\">Allaiter et travailler : le t\u00e9moignage de July<\/a><\/p>\n<p style=\"text-align: justify;\">July a choisi de faire un stock de lait avant la reprise du travail puis de tirer son lait au travail. Elle est satisfaite de son choix m\u00eame si elle doit utiliser les toilettes pour tirer son lait.<\/p>\n<p style=\"text-align: justify;\"><a title=\"Allaiter et travailler : le t\u00e9moignage de G\u00e9raldine\" href=\"https:\/\/www.lactissima.com\/a-tire-d-ailes\/?p=2929\" target=\"_blank\">Allaiter et travailler : le t\u00e9moignage de G\u00e9raldine<\/a><\/p>\n<p style=\"text-align: justify;\">G\u00e9raldine est ing\u00e9nieur, elle a choisi de tirer son lait au travail. Son b\u00e9b\u00e9 a refus\u00e9 le biberon et cela l&rsquo;a stress\u00e9e au d\u00e9but. Aujourd&rsquo;hui, le sevrage n&rsquo;est pas \u00e0 l&rsquo;ordre du jour.<\/p>\n<p style=\"text-align: justify;\"><a title=\"La revue de presse d'A tire d'Ailes (15)\" href=\"https:\/\/www.lactissima.com\/a-tire-d-ailes\/?p=2902\" target=\"_blank\">La revue de presse d&rsquo;A tire d&rsquo;Ailes (15)<\/a><\/p>\n<p style=\"text-align: justify;\">Un ensemble d&rsquo;articles et d&rsquo;\u00e9tudes sur l&rsquo;allaitement maternel tr\u00e8s int\u00e9ressants.<\/p>\n<p style=\"text-align: justify;\"><a title=\"L'introduction des solides chez le b\u00e9b\u00e9 en garde.\" href=\"https:\/\/www.lactissima.com\/a-tire-d-ailes\/?p=2887\" target=\"_blank\">L&rsquo;introduction des solides chez le b\u00e9b\u00e9 en garde.<\/a><\/p>\n<p style=\"text-align: justify;\">L&rsquo;introduction des solides peut se faire en suivant ce que manifeste votre enfant. Si votre enfant est gard\u00e9, cela suppose la mise en place d&rsquo;un bon dialogue avec le mode de garde de votre enfant.<\/p>\n<p style=\"text-align: justify;\"><a title=\"Allaiter et travailler : le t\u00e9moignage de Fraisouille63\" href=\"https:\/\/www.lactissima.com\/a-tire-d-ailes\/?p=2872\" target=\"_blank\">Allaiter et travailler : le t\u00e9moignage de Fraisouille63<\/a><\/p>\n<p style=\"text-align: justify;\">Fraisouille a choisi de tirer son lait mais elle a du continuer un peu malgr\u00e9 elle car son fils est allergique au lait de vache. D\u00e9sormais elle aimerait poursuivre l&rsquo;allaitement sans avoir \u00e0 tirer son lait.<\/p>\n<p style=\"text-align: justify;\"><a href=\"https:\/\/www.lactissima.com\/a-tire-d-ailes\/?p=2859\" target=\"_blank\">Allaiter et travailler : le t\u00e9moignage de Nathalie<\/a><\/p>\n<p style=\"text-align: justify;\">Nathalie a choisi de tirer son lait sur son lieu de travail. Elle trouve parfois difficile de concilier vie familiale et vie professionnelle mais ne ferait pas un autre choix.<\/p>\n<p style=\"text-align: justify;\"><a href=\"https:\/\/www.lactissima.com\/a-tire-d-ailes\/?p=2846\" target=\"_blank\">Allaiter et travailler : le t\u00e9moignage de Magali<\/a><\/p>\n<p style=\"text-align: justify;\">Magali est instructeur de vol. Elle a choisi de tirer son lait au travail malgr\u00e9 un environnement masculin. Son fils a 14 mois, il t\u00e8te toujours et s&rsquo;en porte tr\u00e8s bien !<\/p>\n<p style=\"text-align: justify;\"><a href=\"https:\/\/www.lactissima.com\/a-tire-d-ailes\/?p=2837\" target=\"_blank\">La revue de presse d&rsquo;A tire d&rsquo;Ailes (14)<\/a><\/p>\n<p style=\"text-align: justify;\">Mon livre Allaiter et reprendre le travail sortira le 15 f\u00e9vrier prochain chez Chronique Sociale.<\/p>\n<p style=\"text-align: justify;\"><a href=\"https:\/\/www.lactissima.com\/a-tire-d-ailes\/?p=2819\" target=\"_blank\">Les professionnels de sant\u00e9, l&rsquo;allaitement et vous.<\/a><\/p>\n<p style=\"text-align: justify;\">Les relations avec votre m\u00e9decin ou celui de votre enfant en p\u00e9riode d&rsquo;allaitement ne sont pas toujours simples : injonction de sevrage,  refus de traitement, manque d&rsquo;aide,&#8230; Pourtant il est possible d&rsquo;instaurer une relation de confiance avec son m\u00e9decin autour de l&rsquo;allaitement.<\/p>\n","protected":false},"excerpt":{"rendered":"<p>Cette page regroupe tous les articles travail et allaitement publi\u00e9s en 2012 sur le blog A tire d&rsquo;Ailes.<\/p>\n","protected":false},"author":170,"featured_media":3974,"parent":2443,"menu_order":4,"comment_status":"closed","ping_status":"open","template":"","meta":{"_et_pb_use_builder":"","_et_pb_old_content":"","_et_gb_content_width":"","footnotes":""},"class_list":["post-2828","page","type-page","status-publish","has-post-thumbnail","hentry"],"yoast_head":"<!-- This site is optimized with the Yoast SEO plugin v27.4 - https:\/\/yoast.com\/product\/yoast-seo-wordpress\/ -->\n<title>articles travail et allaitement<\/title>\n<meta name=\"description\" content=\"Cette page regroupe tous les articles travail et allaitement publi\u00e9s en 2012 sur le blog A tire d&#039;Ailes.\" \/>\n<meta name=\"robots\" content=\"index, follow, max-snippet:-1, max-image-preview:large, max-video-preview:-1\" \/>\n<link rel=\"canonical\" href=\"https:\/\/www.lactissima.com\/a-tire-d-ailes\/liste-des-articles-2\/articles-travail-et-allaitement\/\" \/>\n<meta property=\"og:locale\" content=\"fr_FR\" \/>\n<meta property=\"og:type\" content=\"article\" \/>\n<meta property=\"og:title\" content=\"articles travail et allaitement\" \/>\n<meta property=\"og:description\" content=\"Cette page regroupe tous les articles travail et allaitement publi\u00e9s en 2012 sur le blog A tire d&#039;Ailes.\" \/>\n<meta property=\"og:url\" content=\"https:\/\/www.lactissima.com\/a-tire-d-ailes\/liste-des-articles-2\/articles-travail-et-allaitement\/\" \/>\n<meta property=\"og:site_name\" content=\"A tire d&#039;Ailes\" \/>\n<meta property=\"article:publisher\" content=\"https:\/\/www.facebook.com\/consultante.en.lactation\" \/>\n<meta property=\"article:modified_time\" content=\"2014-01-02T09:23:49+00:00\" \/>\n<meta property=\"og:image\" content=\"https:\/\/www.lactissima.com\/a-tire-d-ailes\/wp-content\/uploads\/2009\/05\/tasse-bec2.jpg\" \/>\n\t<meta property=\"og:image:width\" content=\"257\" \/>\n\t<meta property=\"og:image:height\" content=\"300\" \/>\n\t<meta property=\"og:image:type\" content=\"image\/jpeg\" \/>\n<meta name=\"twitter:card\" content=\"summary_large_image\" \/>\n<meta name=\"twitter:site\" content=\"@VeroniqueIBCLC\" \/>\n<meta name=\"twitter:label1\" content=\"Dur\u00e9e de lecture estim\u00e9e\" \/>\n\t<meta name=\"twitter:data1\" content=\"8 minutes\" \/>\n<script type=\"application\/ld+json\" class=\"yoast-schema-graph\">{\"@context\":\"https:\\\/\\\/schema.org\",\"@graph\":[{\"@type\":\"WebPage\",\"@id\":\"https:\\\/\\\/www.lactissima.com\\\/a-tire-d-ailes\\\/liste-des-articles-2\\\/articles-travail-et-allaitement\\\/\",\"url\":\"https:\\\/\\\/www.lactissima.com\\\/a-tire-d-ailes\\\/liste-des-articles-2\\\/articles-travail-et-allaitement\\\/\",\"name\":\"articles travail et allaitement\",\"isPartOf\":{\"@id\":\"https:\\\/\\\/www.lactissima.com\\\/a-tire-d-ailes\\\/#website\"},\"primaryImageOfPage\":{\"@id\":\"https:\\\/\\\/www.lactissima.com\\\/a-tire-d-ailes\\\/liste-des-articles-2\\\/articles-travail-et-allaitement\\\/#primaryimage\"},\"image\":{\"@id\":\"https:\\\/\\\/www.lactissima.com\\\/a-tire-d-ailes\\\/liste-des-articles-2\\\/articles-travail-et-allaitement\\\/#primaryimage\"},\"thumbnailUrl\":\"https:\\\/\\\/www.lactissima.com\\\/a-tire-d-ailes\\\/wp-content\\\/uploads\\\/2009\\\/05\\\/tasse-bec2.jpg\",\"datePublished\":\"2012-01-05T11:08:14+00:00\",\"dateModified\":\"2014-01-02T09:23:49+00:00\",\"description\":\"Cette page regroupe tous les articles travail et allaitement publi\u00e9s en 2012 sur le blog A tire d'Ailes.\",\"breadcrumb\":{\"@id\":\"https:\\\/\\\/www.lactissima.com\\\/a-tire-d-ailes\\\/liste-des-articles-2\\\/articles-travail-et-allaitement\\\/#breadcrumb\"},\"inLanguage\":\"fr-FR\",\"potentialAction\":[{\"@type\":\"ReadAction\",\"target\":[\"https:\\\/\\\/www.lactissima.com\\\/a-tire-d-ailes\\\/liste-des-articles-2\\\/articles-travail-et-allaitement\\\/\"]}]},{\"@type\":\"ImageObject\",\"inLanguage\":\"fr-FR\",\"@id\":\"https:\\\/\\\/www.lactissima.com\\\/a-tire-d-ailes\\\/liste-des-articles-2\\\/articles-travail-et-allaitement\\\/#primaryimage\",\"url\":\"https:\\\/\\\/www.lactissima.com\\\/a-tire-d-ailes\\\/wp-content\\\/uploads\\\/2009\\\/05\\\/tasse-bec2.jpg\",\"contentUrl\":\"https:\\\/\\\/www.lactissima.com\\\/a-tire-d-ailes\\\/wp-content\\\/uploads\\\/2009\\\/05\\\/tasse-bec2.jpg\",\"width\":257,\"height\":300,\"caption\":\"articles travail et allaitement\"},{\"@type\":\"BreadcrumbList\",\"@id\":\"https:\\\/\\\/www.lactissima.com\\\/a-tire-d-ailes\\\/liste-des-articles-2\\\/articles-travail-et-allaitement\\\/#breadcrumb\",\"itemListElement\":[{\"@type\":\"ListItem\",\"position\":1,\"name\":\"Accueil\",\"item\":\"https:\\\/\\\/www.lactissima.com\\\/a-tire-d-ailes\\\/\"},{\"@type\":\"ListItem\",\"position\":2,\"name\":\"Liste des articles\",\"item\":\"https:\\\/\\\/www.lactissima.com\\\/a-tire-d-ailes\\\/liste-des-articles-2\\\/\"},{\"@type\":\"ListItem\",\"position\":3,\"name\":\"2012\"}]},{\"@type\":\"WebSite\",\"@id\":\"https:\\\/\\\/www.lactissima.com\\\/a-tire-d-ailes\\\/#website\",\"url\":\"https:\\\/\\\/www.lactissima.com\\\/a-tire-d-ailes\\\/\",\"name\":\"A tire d&#039;Ailes\",\"description\":\"Le blog des femmes qui allaitent et travaillent.\",\"potentialAction\":[{\"@type\":\"SearchAction\",\"target\":{\"@type\":\"EntryPoint\",\"urlTemplate\":\"https:\\\/\\\/www.lactissima.com\\\/a-tire-d-ailes\\\/?s={search_term_string}\"},\"query-input\":{\"@type\":\"PropertyValueSpecification\",\"valueRequired\":true,\"valueName\":\"search_term_string\"}}],\"inLanguage\":\"fr-FR\"}]}<\/script>\n<!-- \/ Yoast SEO plugin. -->","yoast_head_json":{"title":"articles travail et allaitement","description":"Cette page regroupe tous les articles travail et allaitement publi\u00e9s en 2012 sur le blog A tire d'Ailes.","robots":{"index":"index","follow":"follow","max-snippet":"max-snippet:-1","max-image-preview":"max-image-preview:large","max-video-preview":"max-video-preview:-1"},"canonical":"https:\/\/www.lactissima.com\/a-tire-d-ailes\/liste-des-articles-2\/articles-travail-et-allaitement\/","og_locale":"fr_FR","og_type":"article","og_title":"articles travail et allaitement","og_description":"Cette page regroupe tous les articles travail et allaitement publi\u00e9s en 2012 sur le blog A tire d'Ailes.","og_url":"https:\/\/www.lactissima.com\/a-tire-d-ailes\/liste-des-articles-2\/articles-travail-et-allaitement\/","og_site_name":"A tire d&#039;Ailes","article_publisher":"https:\/\/www.facebook.com\/consultante.en.lactation","article_modified_time":"2014-01-02T09:23:49+00:00","og_image":[{"width":257,"height":300,"url":"https:\/\/www.lactissima.com\/a-tire-d-ailes\/wp-content\/uploads\/2009\/05\/tasse-bec2.jpg","type":"image\/jpeg"}],"twitter_card":"summary_large_image","twitter_site":"@VeroniqueIBCLC","twitter_misc":{"Dur\u00e9e de lecture estim\u00e9e":"8 minutes"},"schema":{"@context":"https:\/\/schema.org","@graph":[{"@type":"WebPage","@id":"https:\/\/www.lactissima.com\/a-tire-d-ailes\/liste-des-articles-2\/articles-travail-et-allaitement\/","url":"https:\/\/www.lactissima.com\/a-tire-d-ailes\/liste-des-articles-2\/articles-travail-et-allaitement\/","name":"articles travail et allaitement","isPartOf":{"@id":"https:\/\/www.lactissima.com\/a-tire-d-ailes\/#website"},"primaryImageOfPage":{"@id":"https:\/\/www.lactissima.com\/a-tire-d-ailes\/liste-des-articles-2\/articles-travail-et-allaitement\/#primaryimage"},"image":{"@id":"https:\/\/www.lactissima.com\/a-tire-d-ailes\/liste-des-articles-2\/articles-travail-et-allaitement\/#primaryimage"},"thumbnailUrl":"https:\/\/www.lactissima.com\/a-tire-d-ailes\/wp-content\/uploads\/2009\/05\/tasse-bec2.jpg","datePublished":"2012-01-05T11:08:14+00:00","dateModified":"2014-01-02T09:23:49+00:00","description":"Cette page regroupe tous les articles travail et allaitement publi\u00e9s en 2012 sur le blog A tire d'Ailes.","breadcrumb":{"@id":"https:\/\/www.lactissima.com\/a-tire-d-ailes\/liste-des-articles-2\/articles-travail-et-allaitement\/#breadcrumb"},"inLanguage":"fr-FR","potentialAction":[{"@type":"ReadAction","target":["https:\/\/www.lactissima.com\/a-tire-d-ailes\/liste-des-articles-2\/articles-travail-et-allaitement\/"]}]},{"@type":"ImageObject","inLanguage":"fr-FR","@id":"https:\/\/www.lactissima.com\/a-tire-d-ailes\/liste-des-articles-2\/articles-travail-et-allaitement\/#primaryimage","url":"https:\/\/www.lactissima.com\/a-tire-d-ailes\/wp-content\/uploads\/2009\/05\/tasse-bec2.jpg","contentUrl":"https:\/\/www.lactissima.com\/a-tire-d-ailes\/wp-content\/uploads\/2009\/05\/tasse-bec2.jpg","width":257,"height":300,"caption":"articles travail et allaitement"},{"@type":"BreadcrumbList","@id":"https:\/\/www.lactissima.com\/a-tire-d-ailes\/liste-des-articles-2\/articles-travail-et-allaitement\/#breadcrumb","itemListElement":[{"@type":"ListItem","position":1,"name":"Accueil","item":"https:\/\/www.lactissima.com\/a-tire-d-ailes\/"},{"@type":"ListItem","position":2,"name":"Liste des articles","item":"https:\/\/www.lactissima.com\/a-tire-d-ailes\/liste-des-articles-2\/"},{"@type":"ListItem","position":3,"name":"2012"}]},{"@type":"WebSite","@id":"https:\/\/www.lactissima.com\/a-tire-d-ailes\/#website","url":"https:\/\/www.lactissima.com\/a-tire-d-ailes\/","name":"A tire d&#039;Ailes","description":"Le blog des femmes qui allaitent et travaillent.","potentialAction":[{"@type":"SearchAction","target":{"@type":"EntryPoint","urlTemplate":"https:\/\/www.lactissima.com\/a-tire-d-ailes\/?s={search_term_string}"},"query-input":{"@type":"PropertyValueSpecification","valueRequired":true,"valueName":"search_term_string"}}],"inLanguage":"fr-FR"}]}},"_links":{"self":[{"href":"https:\/\/www.lactissima.com\/a-tire-d-ailes\/wp-json\/wp\/v2\/pages\/2828","targetHints":{"allow":["GET"]}}],"collection":[{"href":"https:\/\/www.lactissima.com\/a-tire-d-ailes\/wp-json\/wp\/v2\/pages"}],"about":[{"href":"https:\/\/www.lactissima.com\/a-tire-d-ailes\/wp-json\/wp\/v2\/types\/page"}],"author":[{"embeddable":true,"href":"https:\/\/www.lactissima.com\/a-tire-d-ailes\/wp-json\/wp\/v2\/users\/170"}],"replies":[{"embeddable":true,"href":"https:\/\/www.lactissima.com\/a-tire-d-ailes\/wp-json\/wp\/v2\/comments?post=2828"}],"version-history":[{"count":67,"href":"https:\/\/www.lactissima.com\/a-tire-d-ailes\/wp-json\/wp\/v2\/pages\/2828\/revisions"}],"predecessor-version":[{"id":2978,"href":"https:\/\/www.lactissima.com\/a-tire-d-ailes\/wp-json\/wp\/v2\/pages\/2828\/revisions\/2978"}],"up":[{"embeddable":true,"href":"https:\/\/www.lactissima.com\/a-tire-d-ailes\/wp-json\/wp\/v2\/pages\/2443"}],"wp:featuredmedia":[{"embeddable":true,"href":"https:\/\/www.lactissima.com\/a-tire-d-ailes\/wp-json\/wp\/v2\/media\/3974"}],"wp:attachment":[{"href":"https:\/\/www.lactissima.com\/a-tire-d-ailes\/wp-json\/wp\/v2\/media?parent=2828"}],"curies":[{"name":"wp","href":"https:\/\/api.w.org\/{rel}","templated":true}]}}