{"id":2473,"date":"2011-11-10T17:24:32","date_gmt":"2011-11-10T15:24:32","guid":{"rendered":"https:\/\/www.lactissima.com\/a-tire-d-ailes\/?page_id=2473"},"modified":"2014-01-02T11:23:36","modified_gmt":"2014-01-02T09:23:36","slug":"articles-allaitement-et-travail","status":"publish","type":"page","link":"https:\/\/www.lactissima.com\/a-tire-d-ailes\/liste-des-articles-2\/articles-allaitement-et-travail\/","title":{"rendered":"2011"},"content":{"rendered":"<p style=\"text-align: justify;\"><a href=\"https:\/\/www.lactissima.com\/a-tire-d-ailes\/wp-content\/uploads\/petit-gar\u00e7on.jpg\"><img loading=\"lazy\" decoding=\"async\" class=\"alignright size-full wp-image-3498\" alt=\"articles allaitement et travail\" src=\"https:\/\/www.lactissima.com\/a-tire-d-ailes\/wp-content\/uploads\/petit-gar\u00e7on.jpg\" width=\"209\" height=\"314\" srcset=\"https:\/\/www.lactissima.com\/a-tire-d-ailes\/wp-content\/uploads\/petit-gar\u00e7on.jpg 209w, https:\/\/www.lactissima.com\/a-tire-d-ailes\/wp-content\/uploads\/petit-gar\u00e7on-199x300.jpg 199w\" sizes=\"(max-width: 209px) 100vw, 209px\" \/><\/a>Voici tous les articles allaitement et travail parus en 2011. Si vous ne trouvez pas ce que vous cherchez, n&rsquo;h\u00e9sitez pas \u00e0 utiliser l&rsquo;onglet de recherche.<\/p>\n<p style=\"text-align: justify;\"><a title=\"Allaiter et travailler : le t\u00e9moignage de Delphine\" href=\"https:\/\/www.lactissima.com\/a-tire-d-ailes\/?p=2806\" target=\"_blank\">Allaiter et travailler : le t\u00e9moignage de Delphine<\/a><\/p>\n<p style=\"text-align: justify;\">Delphine a d\u00e9cid\u00e9 de poursuivre l&rsquo;allaitement apr\u00e8s la reprise du travail. Pour cela elle a toujours tir\u00e9 son lait, donn\u00e9 \u00e0 son b\u00e9b\u00e9 par la nounou ou le papa. De plus, elle continue \u00e0 donner du lait au lactarium. Elle souhaite poursuivre l&rsquo;allaitement jusqu&rsquo;\u00e0 ce que son b\u00e9b\u00e9 d\u00e9cide d&rsquo;arr\u00eater.<\/p>\n<p style=\"text-align: justify;\"><a href=\"https:\/\/www.lactissima.com\/a-tire-d-ailes\/?p=2543\" target=\"_blank\">Allaiter et travailler : le t\u00e9moignage d&rsquo;Audrey<\/a><\/p>\n<p style=\"text-align: justify;\">Audrey a choisi de tirer son lait lors de sa reprise du travail. Elle est satisfaite de ce choix mais pas de sa s\u00e9paration d&rsquo;avec son b\u00e9b\u00e9 \u00e0 trois mois.<\/p>\n<p style=\"text-align: justify;\"><a title=\"La revue de presse d'A tire d'Ailes (13)\" href=\"https:\/\/www.lactissima.com\/a-tire-d-ailes\/?p=2533\" target=\"_blank\">La revue de presse d&rsquo;A tire d&rsquo;Ailes (13)<\/a><\/p>\n<p style=\"text-align: justify;\">Les actualit\u00e9s concernant l&rsquo;allaitement et le travail du mois de novembre 2011.<\/p>\n<p style=\"text-align: justify;\"><a title=\"Allaiter et travailler : le t\u00e9moignage de Martine\" href=\"https:\/\/www.lactissima.com\/a-tire-d-ailes\/?p=2519\" target=\"_blank\">Allaiter et travailler : le t\u00e9moignage de Martine<\/a><\/p>\n<p style=\"text-align: justify;\">Martine est enseignante et a tir\u00e9 son lit dans son lyc\u00e9e. Son b\u00e9b\u00e9 n&rsquo;a jamais eu de lait en poudre.<\/p>\n<p style=\"text-align: justify;\"><a title=\"Allaiter et travailler : le t\u00e9moignage de Saveria\" href=\"https:\/\/www.lactissima.com\/a-tire-d-ailes\/?p=2494\" target=\"_blank\">Allaiter et travailler : le t\u00e9moignage de Saveria<\/a><\/p>\n<p style=\"text-align: justify;\">Saveria a eu des difficult\u00e9s pour poursuivre son allaitement quand elle a repris le travail pour son a\u00een\u00e9. Pour son second fils, elle s&rsquo;est organis\u00e9e et parvient \u00e0 concilier travail et allaitement.<\/p>\n<p style=\"text-align: justify;\"><a title=\"Allaitement, travail et b\u00e9b\u00e9 malade\" href=\"https:\/\/www.lactissima.com\/a-tire-d-ailes\/?p=2463\" target=\"_blank\">Allaitement, travail et b\u00e9b\u00e9 malade<\/a><\/p>\n<p style=\"text-align: justify;\">Les bonnes questions \u00e0 se poser pour conjuguer au mieux allaitement, travail et b\u00e9b\u00e9 malade.<\/p>\n<p style=\"text-align: justify;\"><a title=\"Emission des Maternelles sur allaitement et travail\" href=\"https:\/\/www.lactissima.com\/a-tire-d-ailes\/?p=2417\" target=\"_blank\">Emission des Maternelles sur allaitement et travail<\/a><\/p>\n<p style=\"text-align: justify;\">L&rsquo;\u00e9mission des Maternelles du 3 novembre 2011 \u00e9tait consacr\u00e9e \u00e0 la poursuite de l&rsquo;allaitement \u00e0 la reprise du travail.<\/p>\n<p style=\"text-align: justify;\"><a title=\"La revue de presse d'A tire d'Ailes (12)\" href=\"https:\/\/www.lactissima.com\/a-tire-d-ailes\/?p=2411\" target=\"_blank\">La revue de presse d&rsquo;A tire d&rsquo;Ailes (12)<\/a><\/p>\n<p style=\"text-align: justify;\">Les actualit\u00e9s concernant l&rsquo;allaitement et le travail du mois d&rsquo;octobre 2011.<\/p>\n<p style=\"text-align: justify;\"><a title=\"Avoir ses r\u00e8gles pendant l'allaitement\" href=\"https:\/\/www.lactissima.com\/a-tire-d-ailes\/?p=2390\" target=\"_blank\">Avoir ses r\u00e8gles pendant l&rsquo;allaitement<\/a><\/p>\n<p style=\"text-align: justify;\">Avoir ses r\u00e8gles pendant l&rsquo;allaitement ne pose aucun probl\u00e8me et ne devrait pas inqui\u00e9ter les femmes qui allaitent.<\/p>\n<p style=\"text-align: justify;\"><a title=\"SMAM 2011\" href=\"https:\/\/www.lactissima.com\/a-tire-d-ailes\/?p=2380\" target=\"_blank\">SMAM 2011<\/a><\/p>\n<p style=\"text-align: justify;\">Un rendez-vous pour la SMAM 2011 autour de la mode et vie pratique quand on allaite.<\/p>\n<p style=\"text-align: justify;\"><a title=\"Reprendre le travail dans Parents\" href=\"https:\/\/www.lactissima.com\/a-tire-d-ailes\/?p=2362\" target=\"_blank\">Reprendre le travail dans Parents<\/a><\/p>\n<p style=\"text-align: justify;\">Le magazine Parents nous propose un dossier sur le retour au travail qui parle de la poursuite de l&rsquo;allaitement.<\/p>\n<p style=\"text-align: justify;\"><a title=\"Rencontre des lectrices de la rentr\u00e9e : le r\u00e9sultat du sondage\" href=\"https:\/\/www.lactissima.com\/a-tire-d-ailes\/?p=2337\" target=\"_blank\">Rencontre des lectrices de la rentr\u00e9e : le r\u00e9sultat du sondage<\/a><\/p>\n<p style=\"text-align: justify;\">La date de la prochaine rencontre sera le 22 octobre 2011.<\/p>\n<p style=\"text-align: justify;\"><a title=\"Le sevrage non souhait\u00e9 \u00e0 la reprise du travail\" href=\"https:\/\/www.lactissima.com\/a-tire-d-ailes\/?p=2319\" target=\"_blank\">Le sevrage non souhait\u00e9 \u00e0 la reprise du travail<\/a><\/p>\n<p style=\"text-align: justify;\">Certains enfants se s\u00e8vrent \u00e0 la reprise du travail et font le choix du biberon pour diff\u00e9rentes raisons : difficile pour la maman !<\/p>\n<p style=\"text-align: justify;\"><a title=\"Rencontre des lectrices de la rentr\u00e9e\" href=\"https:\/\/www.lactissima.com\/a-tire-d-ailes\/?p=2310\" target=\"_blank\">Rencontre des lectrices de la rentr\u00e9e<\/a><\/p>\n<p style=\"text-align: justify;\">Venez rencontrer les lectrices de ce blog !<\/p>\n<p style=\"text-align: justify;\"><a title=\"Tirer son lait plus facilement\" href=\"https:\/\/www.lactissima.com\/a-tire-d-ailes\/?p=2286\" target=\"_blank\">Tirer son lait plus facilement<\/a><\/p>\n<p style=\"text-align: justify;\">Quelques trucs pour vous permettre de tirer votre lait plus facilement quand vous \u00eates au travail.<\/p>\n<p style=\"text-align: justify;\"><a title=\"La revue de presse d'A tire d'Ailes (10)\" href=\"https:\/\/www.lactissima.com\/a-tire-d-ailes\/?p=2274\" target=\"_blank\">La revue de presse d&rsquo;A tire d&rsquo;Ailes (10)<\/a><\/p>\n<p style=\"text-align: justify;\">Ce mois-ci, d\u00e9couvrez de beaux textes, la naissance d&rsquo;un blog et un document utile pour la justice.<\/p>\n<p style=\"text-align: justify;\"><a href=\"https:\/\/www.lactissima.com\/a-tire-d-ailes\/?p=2263\" target=\"_blank\">Le b\u00e9b\u00e9 allait\u00e9 a-t-il besoin d&rsquo;eau pendant l&rsquo;\u00e9t\u00e9 ?&#8230;<\/a><\/p>\n<p style=\"text-align: justify;\">Quelques conseils pour bien passer l&rsquo;\u00e9t\u00e9 avec son b\u00e9b\u00e9 allait\u00e9.<\/p>\n<p style=\"text-align: justify;\"><a href=\"https:\/\/www.lactissima.com\/a-tire-d-ailes\/?p=2254\" target=\"_blank\">Les blogs que j&rsquo;aime<\/a><\/p>\n<p style=\"text-align: justify;\">Une petite revue des blogs que j&rsquo;aime autour de notre sujet.<\/p>\n<p style=\"text-align: justify;\"><a href=\"https:\/\/www.lactissima.com\/a-tire-d-ailes\/?p=2236\" target=\"_blank\">Kit mains-libres pour tirer son lait en double pompage<\/a><\/p>\n<p style=\"text-align: justify;\">Diff\u00e9rentes solutions pour pouvoir tirer son lait en double-pompage tout en gardant les mains libres.<\/p>\n<p style=\"text-align: justify;\"><a href=\"https:\/\/www.lactissima.com\/a-tire-d-ailes\/?p=2226\" target=\"_blank\">La revue de presse d&rsquo;A tire d&rsquo;Ailes (9)<\/a><\/p>\n<p style=\"text-align: justify;\">Les informations du dernier mois autour de l&rsquo;allaitement, du travail ou des deux&#8230; Et un point sur la vache clon\u00e9e soi disant pour produire du lait maternel.<\/p>\n<p style=\"text-align: justify;\"><a href=\"https:\/\/www.lactissima.com\/a-tire-d-ailes\/?p=2202\" target=\"_blank\">salle d&rsquo;allaitement<\/a><\/p>\n<p style=\"text-align: justify;\">L&rsquo;ambassade des Etats-Unis en France a mis en place une salle d&rsquo;allaitement \u00e0 la demande d&rsquo;une de leurs employ\u00e9es, lectrice de ce blog.<\/p>\n<p style=\"text-align: justify;\"><a href=\"https:\/\/www.lactissima.com\/a-tire-d-ailes\/?p=2193\" target=\"_blank\">Allaiter et travailler : le t\u00e9moignage de Leslie<\/a><\/p>\n<p style=\"text-align: justify;\">Leslie a choisi de poursuivre l&rsquo;allaitement \u00e0 la reprise du travail. Elle a r\u00e9ussi \u00e0 tirer son lait gr\u00e2ce au soutien de son mari. Sa fille a choisi de ne plus t\u00e9ter \u00e0 7 mois, cela a \u00e9t\u00e9 dur pour Leslie qui ne s&rsquo;y attendait pas.<\/p>\n<p style=\"text-align: justify;\"><a href=\"https:\/\/www.lactissima.com\/a-tire-d-ailes\/?p=2184\" target=\"_blank\">Lactation trop abondante \u00e0 la reprise du travail<\/a><\/p>\n<p style=\"text-align: justify;\">Une lactation trop abondante peut rendre la reprise du travail plus difficile. Voici quelques moyens de mieux la vivre.<\/p>\n<p style=\"text-align: justify;\"><a href=\"https:\/\/www.lactissima.com\/a-tire-d-ailes\/?p=2175\" target=\"_blank\">Allaiter et travailler : le t\u00e9moignage de Ga\u00c3\u00ablle<\/a><\/p>\n<p style=\"text-align: justify;\">Ga\u00c3\u00ablle a choisi de tirer son lait sur son lieu de travail bien qu&rsquo;on lui ai dit que ce n&rsquo;\u00e9tait pas possible. Elle a r\u00e9ussi et son b\u00e9b\u00e9 est toujours allait\u00e9.<\/p>\n<p style=\"text-align: justify;\"><a href=\"https:\/\/www.lactissima.com\/a-tire-d-ailes\/?p=2166\" target=\"_blank\">La revue de presse d&rsquo;A tire d&rsquo;Ailes (8)<\/a><\/p>\n<p style=\"text-align: justify;\">Retrouvez les actualit\u00e9s de ce mois, y compris mon passage dans les Maternelles.<\/p>\n<p style=\"text-align: justify;\"><a href=\"https:\/\/www.lactissima.com\/a-tire-d-ailes\/?p=2148\" target=\"_blank\">Allaiter et travailler : le t\u00e9moignage de Marina<\/a><\/p>\n<p style=\"text-align: justify;\">Marina a choisi d&rsquo;amener son b\u00e9b\u00e9 avec elle dans sa boutique pour pouvoir poursuivre l&rsquo;allaitement \u00e0 la reprise du travail.<\/p>\n<p style=\"text-align: justify;\"><a href=\"https:\/\/www.lactissima.com\/a-tire-d-ailes\/?p=2129\" target=\"_blank\">Allaiter et travailler : le t\u00e9moignage de Prune<\/a><\/p>\n<p style=\"text-align: justify;\">Prune a choisi de poursuivre l&rsquo;allaitement \u00e0 la reprise du travail. Sa fille a pr\u00e9sent\u00e9 un refus du biberon et de manger de mani\u00e8re g\u00e9n\u00e9rale en son absence.<\/p>\n<p style=\"text-align: justify;\"><a href=\"https:\/\/www.lactissima.com\/a-tire-d-ailes\/?p=2109\" target=\"_blank\">Augmenter sa lactation avec le f\u00e9nugrec<\/a><\/p>\n<p style=\"text-align: justify;\">En g\u00e9n\u00e9ral, le f\u00e9nugrec est efficace pour augmenter la lactation mais cet effet n&rsquo;est d\u00e9montr\u00e9 par aucune \u00e9tude.<\/p>\n<p style=\"text-align: justify;\"><a href=\"https:\/\/www.lactissima.com\/a-tire-d-ailes\/?p=2096\" target=\"_blank\">La revue de presse d&rsquo;A tire d&rsquo;Ailes (7)<\/a><\/p>\n<p style=\"text-align: justify;\">Un article qui donne toutes les informations (en anglais malheureusement) pour une utilisation sans risque du f\u00e9nugrec dont je vous parle parfois en commentaire. Si une lectrice veut se lancer dans la traduction, je la publierai avec plaisir.<\/p>\n<p style=\"text-align: justify;\"><a href=\"https:\/\/www.lactissima.com\/a-tire-d-ailes\/?p=2082\" target=\"_blank\">Pour en finir avec le mythe de la lactation automatique !<\/a><\/p>\n<p style=\"text-align: justify;\">En r\u00e9sum\u00e9, la lactation passe progressivement d&rsquo;un contr\u00f4le hormonal \u00e0 un contr\u00f4le autocrine par la glande mammaire elle-m\u00eame.<\/p>\n<p style=\"text-align: justify;\"><a href=\"https:\/\/www.lactissima.com\/a-tire-d-ailes\/?p=2073\" target=\"_blank\">Allaiter et travailler : le t\u00e9moignage de C\u00e9cile G<\/a><\/p>\n<p style=\"text-align: justify;\">Je ne sais pas si j&rsquo;ai fait les bons choix. Et je ne le saurai sans doute jamais. Il se trouve que j&rsquo;ai l&rsquo;impression que \u00e7a va. Mes enfants n&rsquo;ont pas plus l&rsquo;air traumatis\u00e9s que d&rsquo;autres.<\/p>\n<p style=\"text-align: justify;\"><a href=\"https:\/\/www.lactissima.com\/a-tire-d-ailes\/?p=2060\" target=\"_blank\">Allaiter et travailler : le t\u00e9moignage de Mymy<\/a><\/p>\n<p style=\"text-align: justify;\">Je suis vraiment \u00e9panouie avec mon allaitement et dans la relation que j&rsquo;ai avec mon fils. C&rsquo;est une formidable exp\u00e9rience que j&rsquo;esp\u00e8re poursuivre encore pendant plusieurs mois, et m\u00eame pour le deuxi\u00e8me b\u00e9b\u00e9&#8230;<\/p>\n<p style=\"text-align: justify;\"><a href=\"https:\/\/www.lactissima.com\/a-tire-d-ailes\/?p=2045\" target=\"_blank\">Choisir sa taille de t\u00e9terelle<\/a><\/p>\n<p style=\"text-align: justify;\">Aujourd&rsquo;hui, quelques marques de tire-lait proposent jusqu&rsquo;\u00e0 cinq tailles de t\u00e9terelles diff\u00e9rentes.<\/p>\n<p style=\"text-align: justify;\"><a href=\"https:\/\/www.lactissima.com\/a-tire-d-ailes\/?p=2034\" target=\"_blank\">La revue de presse d&rsquo;A tire d&rsquo;Ailes (6)<\/a><\/p>\n<p style=\"text-align: justify;\">Depuis un mois, que s&rsquo;est-il pass\u00e9 ?<\/p>\n<p style=\"text-align: justify;\">&#8211; Tout d&rsquo;abord un bon article le droit des familles bafou\u00e9 aux Etats-Unis.<\/p>\n<p style=\"text-align: justify;\">&#8211; Un bon article sur Symbioza sur l&rsquo;allaitement et la reprise du travail.<\/p>\n<p style=\"text-align: justify;\"><a href=\"https:\/\/www.lactissima.com\/a-tire-d-ailes\/?p=2025\" target=\"_blank\">Rencontre des lectrices : compte-rendu<\/a><\/p>\n<p style=\"text-align: justify;\"><a href=\"https:\/\/www.lactissima.com\/a-tire-d-ailes\/?p=2015\" target=\"_blank\">Boire et manger quand on allaite<\/a><\/p>\n<div style=\"text-align: justify;\">Mettons les choses au point. Une femme qui allaite peut manger tout ce qu&rsquo;elle veut.<\/div>\n<p style=\"text-align: justify;\"><a href=\"https:\/\/www.lactissima.com\/a-tire-d-ailes\/?p=2006\" target=\"_blank\">Allaiter et travailler : le t\u00e9moignage de Marie<\/a><\/p>\n<p style=\"text-align: justify;\">Je ferais la m\u00eame chose ! Pouvoir continuer d&rsquo;allaiter mon b\u00e9b\u00e9 est tr\u00e8s important pour moi ! Par contre, je ne proposerais plus de biberon avant le jour de ma reprise ! Les b\u00e9b\u00e9s comprennent tout !<\/p>\n<p style=\"text-align: justify;\"><a href=\"https:\/\/www.lactissima.com\/a-tire-d-ailes\/?p=1998\" target=\"_blank\">Re-rencontre 2011<\/a><\/p>\n<p style=\"text-align: justify;\"><a href=\"https:\/\/www.lactissima.com\/a-tire-d-ailes\/?p=1987\" target=\"_blank\">La revue de presse d&rsquo;A tire d&rsquo;Ailes (5)<\/a><\/p>\n<p style=\"text-align: justify;\">&#8211; \u00c2\u00ab Les femmes actives ayant des enfants voient fortement baisser leurs perspectives professionnelles \u00c2\u00bb, c&rsquo;est le constat inqui\u00e9tant fait par Regus.<\/p>\n<p style=\"text-align: justify;\">&#8211; Le point de vue d&rsquo;une ethnologue sur l&rsquo;allaitement en cr\u00e8che. Passionnant !<\/p>\n<p style=\"text-align: justify;\"><a href=\"https:\/\/www.lactissima.com\/a-tire-d-ailes\/?p=1972\" target=\"_blank\">Allaiter et travailler : le t\u00e9moignage d&rsquo;Anna<\/a><\/p>\n<p style=\"text-align: justify;\">Je recommencerais sans h\u00e9sitation. La seule chose que je changerais, c&rsquo;est que je ne m&rsquo;angoisserais pas pendant des mois avant, je profiterais vraiment \u00e0 100% du temps avec mon b\u00e9b\u00e9.<\/p>\n<p style=\"text-align: justify;\"><a href=\"https:\/\/www.lactissima.com\/a-tire-d-ailes\/?p=1960\" target=\"_blank\">Rencontre 2011<\/a><\/p>\n<p style=\"text-align: justify;\">Je vous propose une rencontre sur Paris, au mois de mars, autour d&rsquo;un caf\u00e9 ou d&rsquo;un repas, dans un lieu sympathique au cours de laquelle vous pourriez \u00e9changer vos exp\u00e9riences, mettre des visages sur des noms et rencontrer des personnes avec qui vous avez certainement beaucoup de choses en commun.<\/p>\n<p style=\"text-align: justify;\"><a href=\"https:\/\/www.lactissima.com\/a-tire-d-ailes\/?p=1949\" target=\"_blank\">Faire face \u00e0 la baisse de lactation.<\/a><\/p>\n<p style=\"text-align: justify;\">La premi\u00e8re chose \u00e0 v\u00e9rifier : est-ce que votre b\u00e9b\u00e9 a l&rsquo;air satisfait apr\u00e8s les t\u00e9t\u00e9es ? Si oui, il y a toutes les chances pour que votre production lact\u00e9e soit suffisante.<\/p>\n<p style=\"text-align: justify;\"><a href=\"https:\/\/www.lactissima.com\/a-tire-d-ailes\/?p=1933\" target=\"_blank\">Allaiter et travailler : le t\u00e9moignage de Claire V<\/a><\/p>\n<p style=\"text-align: justify;\">Pour le prochain, j&rsquo;aurai peut-\u00eatre droit a un cong\u00e9 parental complet<\/p>\n<p style=\"text-align: justify;\">Sinon, tout pareil, et avec plaisir !<\/p>\n<p style=\"text-align: justify;\"><a href=\"https:\/\/www.lactissima.com\/a-tire-d-ailes\/?p=1922\" target=\"_blank\">La revue de presse d&rsquo;A tire d&rsquo;Ailes (4)<\/a><\/p>\n<p style=\"text-align: justify;\">Un article nous pr\u00e9sentant une chambre d&rsquo;allaitement datant de 1917. Nous n&rsquo;imaginerions plus \u00e7a comme \u00e7a aujourd&rsquo;hui mais cette vision est tr\u00e8s int\u00e9ressante.<\/p>\n<p style=\"text-align: justify;\"><a href=\"https:\/\/www.lactissima.com\/a-tire-d-ailes\/?p=1914\" target=\"_blank\">Allaiter et travailler : le t\u00e9moignage de Claire<\/a><\/p>\n<p style=\"text-align: justify;\">Je vais re-tenter la m\u00eame aventure d&rsquo;ici quelques semaines : la famille s&rsquo;est agrandie depuis bient\u00f4t 3 mois avec un petit bonhomme.<\/p>\n","protected":false},"excerpt":{"rendered":"<p>Cette page regroupe tous les articles allaitement et travail publi\u00e9s en 2011 sur le blog A tire d&rsquo;Ailes.<\/p>\n","protected":false},"author":170,"featured_media":3498,"parent":2443,"menu_order":3,"comment_status":"closed","ping_status":"open","template":"","meta":{"_et_pb_use_builder":"","_et_pb_old_content":"","_et_gb_content_width":"","footnotes":""},"class_list":["post-2473","page","type-page","status-publish","has-post-thumbnail","hentry"],"yoast_head":"<!-- This site is optimized with the Yoast SEO plugin v27.4 - https:\/\/yoast.com\/product\/yoast-seo-wordpress\/ -->\n<title>Articles allaitement et travail<\/title>\n<meta name=\"description\" content=\"Cette page regroupe tous les articles allaitement et travail publi\u00e9s en 2011 sur le blog A tire d&#039;Ailes.\" \/>\n<meta name=\"robots\" content=\"index, follow, max-snippet:-1, max-image-preview:large, max-video-preview:-1\" \/>\n<link rel=\"canonical\" href=\"https:\/\/www.lactissima.com\/a-tire-d-ailes\/liste-des-articles-2\/articles-allaitement-et-travail\/\" \/>\n<meta property=\"og:locale\" content=\"fr_FR\" \/>\n<meta property=\"og:type\" content=\"article\" \/>\n<meta property=\"og:title\" content=\"Articles allaitement et travail\" \/>\n<meta property=\"og:description\" content=\"Cette page regroupe tous les articles allaitement et travail publi\u00e9s en 2011 sur le blog A tire d&#039;Ailes.\" \/>\n<meta property=\"og:url\" content=\"https:\/\/www.lactissima.com\/a-tire-d-ailes\/liste-des-articles-2\/articles-allaitement-et-travail\/\" \/>\n<meta property=\"og:site_name\" content=\"A tire d&#039;Ailes\" \/>\n<meta property=\"article:publisher\" content=\"https:\/\/www.facebook.com\/consultante.en.lactation\" \/>\n<meta property=\"article:modified_time\" content=\"2014-01-02T09:23:36+00:00\" \/>\n<meta property=\"og:image\" content=\"https:\/\/www.lactissima.com\/a-tire-d-ailes\/wp-content\/uploads\/petit-gar\u00e7on.jpg\" \/>\n\t<meta property=\"og:image:width\" content=\"209\" \/>\n\t<meta property=\"og:image:height\" content=\"314\" \/>\n\t<meta property=\"og:image:type\" content=\"image\/jpeg\" \/>\n<meta name=\"twitter:card\" content=\"summary_large_image\" \/>\n<meta name=\"twitter:site\" content=\"@VeroniqueIBCLC\" \/>\n<meta name=\"twitter:label1\" content=\"Dur\u00e9e de lecture estim\u00e9e\" \/>\n\t<meta name=\"twitter:data1\" content=\"7 minutes\" \/>\n<script type=\"application\/ld+json\" class=\"yoast-schema-graph\">{\"@context\":\"https:\\\/\\\/schema.org\",\"@graph\":[{\"@type\":\"WebPage\",\"@id\":\"https:\\\/\\\/www.lactissima.com\\\/a-tire-d-ailes\\\/liste-des-articles-2\\\/articles-allaitement-et-travail\\\/\",\"url\":\"https:\\\/\\\/www.lactissima.com\\\/a-tire-d-ailes\\\/liste-des-articles-2\\\/articles-allaitement-et-travail\\\/\",\"name\":\"Articles allaitement et travail\",\"isPartOf\":{\"@id\":\"https:\\\/\\\/www.lactissima.com\\\/a-tire-d-ailes\\\/#website\"},\"primaryImageOfPage\":{\"@id\":\"https:\\\/\\\/www.lactissima.com\\\/a-tire-d-ailes\\\/liste-des-articles-2\\\/articles-allaitement-et-travail\\\/#primaryimage\"},\"image\":{\"@id\":\"https:\\\/\\\/www.lactissima.com\\\/a-tire-d-ailes\\\/liste-des-articles-2\\\/articles-allaitement-et-travail\\\/#primaryimage\"},\"thumbnailUrl\":\"https:\\\/\\\/www.lactissima.com\\\/a-tire-d-ailes\\\/wp-content\\\/uploads\\\/petit-gar\u00e7on.jpg\",\"datePublished\":\"2011-11-10T15:24:32+00:00\",\"dateModified\":\"2014-01-02T09:23:36+00:00\",\"description\":\"Cette page regroupe tous les articles allaitement et travail publi\u00e9s en 2011 sur le blog A tire d'Ailes.\",\"breadcrumb\":{\"@id\":\"https:\\\/\\\/www.lactissima.com\\\/a-tire-d-ailes\\\/liste-des-articles-2\\\/articles-allaitement-et-travail\\\/#breadcrumb\"},\"inLanguage\":\"fr-FR\",\"potentialAction\":[{\"@type\":\"ReadAction\",\"target\":[\"https:\\\/\\\/www.lactissima.com\\\/a-tire-d-ailes\\\/liste-des-articles-2\\\/articles-allaitement-et-travail\\\/\"]}]},{\"@type\":\"ImageObject\",\"inLanguage\":\"fr-FR\",\"@id\":\"https:\\\/\\\/www.lactissima.com\\\/a-tire-d-ailes\\\/liste-des-articles-2\\\/articles-allaitement-et-travail\\\/#primaryimage\",\"url\":\"https:\\\/\\\/www.lactissima.com\\\/a-tire-d-ailes\\\/wp-content\\\/uploads\\\/petit-gar\u00e7on.jpg\",\"contentUrl\":\"https:\\\/\\\/www.lactissima.com\\\/a-tire-d-ailes\\\/wp-content\\\/uploads\\\/petit-gar\u00e7on.jpg\",\"width\":\"209\",\"height\":\"314\",\"caption\":\"articles allaitement et travail\"},{\"@type\":\"BreadcrumbList\",\"@id\":\"https:\\\/\\\/www.lactissima.com\\\/a-tire-d-ailes\\\/liste-des-articles-2\\\/articles-allaitement-et-travail\\\/#breadcrumb\",\"itemListElement\":[{\"@type\":\"ListItem\",\"position\":1,\"name\":\"Accueil\",\"item\":\"https:\\\/\\\/www.lactissima.com\\\/a-tire-d-ailes\\\/\"},{\"@type\":\"ListItem\",\"position\":2,\"name\":\"Liste des articles\",\"item\":\"https:\\\/\\\/www.lactissima.com\\\/a-tire-d-ailes\\\/liste-des-articles-2\\\/\"},{\"@type\":\"ListItem\",\"position\":3,\"name\":\"2011\"}]},{\"@type\":\"WebSite\",\"@id\":\"https:\\\/\\\/www.lactissima.com\\\/a-tire-d-ailes\\\/#website\",\"url\":\"https:\\\/\\\/www.lactissima.com\\\/a-tire-d-ailes\\\/\",\"name\":\"A tire d&#039;Ailes\",\"description\":\"Le blog des femmes qui allaitent et travaillent.\",\"potentialAction\":[{\"@type\":\"SearchAction\",\"target\":{\"@type\":\"EntryPoint\",\"urlTemplate\":\"https:\\\/\\\/www.lactissima.com\\\/a-tire-d-ailes\\\/?s={search_term_string}\"},\"query-input\":{\"@type\":\"PropertyValueSpecification\",\"valueRequired\":true,\"valueName\":\"search_term_string\"}}],\"inLanguage\":\"fr-FR\"}]}<\/script>\n<!-- \/ Yoast SEO plugin. -->","yoast_head_json":{"title":"Articles allaitement et travail","description":"Cette page regroupe tous les articles allaitement et travail publi\u00e9s en 2011 sur le blog A tire d'Ailes.","robots":{"index":"index","follow":"follow","max-snippet":"max-snippet:-1","max-image-preview":"max-image-preview:large","max-video-preview":"max-video-preview:-1"},"canonical":"https:\/\/www.lactissima.com\/a-tire-d-ailes\/liste-des-articles-2\/articles-allaitement-et-travail\/","og_locale":"fr_FR","og_type":"article","og_title":"Articles allaitement et travail","og_description":"Cette page regroupe tous les articles allaitement et travail publi\u00e9s en 2011 sur le blog A tire d'Ailes.","og_url":"https:\/\/www.lactissima.com\/a-tire-d-ailes\/liste-des-articles-2\/articles-allaitement-et-travail\/","og_site_name":"A tire d&#039;Ailes","article_publisher":"https:\/\/www.facebook.com\/consultante.en.lactation","article_modified_time":"2014-01-02T09:23:36+00:00","og_image":[{"width":209,"height":314,"url":"https:\/\/www.lactissima.com\/a-tire-d-ailes\/wp-content\/uploads\/petit-gar\u00e7on.jpg","type":"image\/jpeg"}],"twitter_card":"summary_large_image","twitter_site":"@VeroniqueIBCLC","twitter_misc":{"Dur\u00e9e de lecture estim\u00e9e":"7 minutes"},"schema":{"@context":"https:\/\/schema.org","@graph":[{"@type":"WebPage","@id":"https:\/\/www.lactissima.com\/a-tire-d-ailes\/liste-des-articles-2\/articles-allaitement-et-travail\/","url":"https:\/\/www.lactissima.com\/a-tire-d-ailes\/liste-des-articles-2\/articles-allaitement-et-travail\/","name":"Articles allaitement et travail","isPartOf":{"@id":"https:\/\/www.lactissima.com\/a-tire-d-ailes\/#website"},"primaryImageOfPage":{"@id":"https:\/\/www.lactissima.com\/a-tire-d-ailes\/liste-des-articles-2\/articles-allaitement-et-travail\/#primaryimage"},"image":{"@id":"https:\/\/www.lactissima.com\/a-tire-d-ailes\/liste-des-articles-2\/articles-allaitement-et-travail\/#primaryimage"},"thumbnailUrl":"https:\/\/www.lactissima.com\/a-tire-d-ailes\/wp-content\/uploads\/petit-gar\u00e7on.jpg","datePublished":"2011-11-10T15:24:32+00:00","dateModified":"2014-01-02T09:23:36+00:00","description":"Cette page regroupe tous les articles allaitement et travail publi\u00e9s en 2011 sur le blog A tire d'Ailes.","breadcrumb":{"@id":"https:\/\/www.lactissima.com\/a-tire-d-ailes\/liste-des-articles-2\/articles-allaitement-et-travail\/#breadcrumb"},"inLanguage":"fr-FR","potentialAction":[{"@type":"ReadAction","target":["https:\/\/www.lactissima.com\/a-tire-d-ailes\/liste-des-articles-2\/articles-allaitement-et-travail\/"]}]},{"@type":"ImageObject","inLanguage":"fr-FR","@id":"https:\/\/www.lactissima.com\/a-tire-d-ailes\/liste-des-articles-2\/articles-allaitement-et-travail\/#primaryimage","url":"https:\/\/www.lactissima.com\/a-tire-d-ailes\/wp-content\/uploads\/petit-gar\u00e7on.jpg","contentUrl":"https:\/\/www.lactissima.com\/a-tire-d-ailes\/wp-content\/uploads\/petit-gar\u00e7on.jpg","width":"209","height":"314","caption":"articles allaitement et travail"},{"@type":"BreadcrumbList","@id":"https:\/\/www.lactissima.com\/a-tire-d-ailes\/liste-des-articles-2\/articles-allaitement-et-travail\/#breadcrumb","itemListElement":[{"@type":"ListItem","position":1,"name":"Accueil","item":"https:\/\/www.lactissima.com\/a-tire-d-ailes\/"},{"@type":"ListItem","position":2,"name":"Liste des articles","item":"https:\/\/www.lactissima.com\/a-tire-d-ailes\/liste-des-articles-2\/"},{"@type":"ListItem","position":3,"name":"2011"}]},{"@type":"WebSite","@id":"https:\/\/www.lactissima.com\/a-tire-d-ailes\/#website","url":"https:\/\/www.lactissima.com\/a-tire-d-ailes\/","name":"A tire d&#039;Ailes","description":"Le blog des femmes qui allaitent et travaillent.","potentialAction":[{"@type":"SearchAction","target":{"@type":"EntryPoint","urlTemplate":"https:\/\/www.lactissima.com\/a-tire-d-ailes\/?s={search_term_string}"},"query-input":{"@type":"PropertyValueSpecification","valueRequired":true,"valueName":"search_term_string"}}],"inLanguage":"fr-FR"}]}},"_links":{"self":[{"href":"https:\/\/www.lactissima.com\/a-tire-d-ailes\/wp-json\/wp\/v2\/pages\/2473","targetHints":{"allow":["GET"]}}],"collection":[{"href":"https:\/\/www.lactissima.com\/a-tire-d-ailes\/wp-json\/wp\/v2\/pages"}],"about":[{"href":"https:\/\/www.lactissima.com\/a-tire-d-ailes\/wp-json\/wp\/v2\/types\/page"}],"author":[{"embeddable":true,"href":"https:\/\/www.lactissima.com\/a-tire-d-ailes\/wp-json\/wp\/v2\/users\/170"}],"replies":[{"embeddable":true,"href":"https:\/\/www.lactissima.com\/a-tire-d-ailes\/wp-json\/wp\/v2\/comments?post=2473"}],"version-history":[{"count":25,"href":"https:\/\/www.lactissima.com\/a-tire-d-ailes\/wp-json\/wp\/v2\/pages\/2473\/revisions"}],"predecessor-version":[{"id":2479,"href":"https:\/\/www.lactissima.com\/a-tire-d-ailes\/wp-json\/wp\/v2\/pages\/2473\/revisions\/2479"}],"up":[{"embeddable":true,"href":"https:\/\/www.lactissima.com\/a-tire-d-ailes\/wp-json\/wp\/v2\/pages\/2443"}],"wp:featuredmedia":[{"embeddable":true,"href":"https:\/\/www.lactissima.com\/a-tire-d-ailes\/wp-json\/wp\/v2\/media\/3498"}],"wp:attachment":[{"href":"https:\/\/www.lactissima.com\/a-tire-d-ailes\/wp-json\/wp\/v2\/media?parent=2473"}],"curies":[{"name":"wp","href":"https:\/\/api.w.org\/{rel}","templated":true}]}}