{"id":2437,"date":"2011-11-05T21:00:29","date_gmt":"2011-11-05T19:00:29","guid":{"rendered":"https:\/\/www.lactissima.com\/a-tire-d-ailes\/?page_id=2437"},"modified":"2013-07-15T14:24:45","modified_gmt":"2013-07-15T12:24:45","slug":"comment-gerer-allaitement-et-travail","status":"publish","type":"page","link":"https:\/\/www.lactissima.com\/a-tire-d-ailes\/liste-des-articles-2\/comment-gerer-allaitement-et-travail\/","title":{"rendered":"2010"},"content":{"rendered":"<p style=\"text-align: justify;\"><a href=\"https:\/\/www.lactissima.com\/a-tire-d-ailes\/wp-content\/uploads\/tirer-son-lait2-21.jpg\"><img loading=\"lazy\" decoding=\"async\" class=\"alignright size-medium wp-image-1154\" alt=\"g\u00e9rer allaitement et travail\" src=\"https:\/\/www.lactissima.com\/a-tire-d-ailes\/wp-content\/uploads\/tirer-son-lait2-21-223x300.jpg\" width=\"223\" height=\"300\" srcset=\"https:\/\/www.lactissima.com\/a-tire-d-ailes\/wp-content\/uploads\/tirer-son-lait2-21-223x300.jpg 223w, https:\/\/www.lactissima.com\/a-tire-d-ailes\/wp-content\/uploads\/tirer-son-lait2-21.jpg 249w\" sizes=\"(max-width: 223px) 100vw, 223px\" \/><\/a>Voici tous les articles sur comment <a title=\"comment g\u00e9rer allaitement et travail\" href=\"https:\/\/www.lactissima.com\/a-tire-d-ailes\/liste-des-articles-2\/comment-gerer-allaitement-et-travail\/\">g\u00e9rer allaitement et travail<\/a> parus en 2010. Si vous ne trouvez pas ce que vous cherchez, n&rsquo;h\u00e9sitez pas \u00e0 utiliser l&rsquo;onglet de recherche.<\/p>\n<p style=\"text-align: justify;\"><a href=\"https:\/\/www.lactissima.com\/a-tire-d-ailes\/?p=1908\" target=\"_blank\">Deuxi\u00e8me anniversaire !<\/a><\/p>\n<p style=\"text-align: justify;\">Je vous souhaite donc \u00e0 toutes une excellente ann\u00e9e 2011 en compagnie d&rsquo;A tire d&rsquo;Ailes !<\/p>\n<p style=\"text-align: justify;\"><a href=\"https:\/\/www.lactissima.com\/a-tire-d-ailes\/?p=1899\" target=\"_blank\">Anecdote familiale<\/a><\/p>\n<p style=\"text-align: justify;\">Nous jouions en famille au jeu Indix. Mon fils devait deviner une chose \u00e0 partir des trois indices suivants&#8230;<\/p>\n<p style=\"text-align: justify;\"><a href=\"https:\/\/www.lactissima.com\/a-tire-d-ailes\/?p=1888\" target=\"_blank\">Allaiter et travailler : le t\u00e9moignage de Vanessa<\/a><\/p>\n<p style=\"text-align: justify;\">Pour moi il \u00e9tait \u00e9vident qu&rsquo;il fallait que je fasse en sorte de pouvoir allaiter mon enfant de mani\u00e8re exclusive jusqu&rsquo;\u00e0 au moins ses 6 mois. Et quand je dis exclusive c&rsquo;est aussi avec l&rsquo;id\u00e9e de \u00c2\u00ab l&rsquo;open-bar \u00c2\u00bb, impliquant que mon enfant soit toujours avec moi. C&rsquo;\u00e9tait pour moi important de savoir que je donnais \u00e0 ma fille la nourriture la mieux adapt\u00e9e.<\/p>\n<p style=\"text-align: justify;\"><a href=\"https:\/\/www.lactissima.com\/a-tire-d-ailes\/?p=1872\" target=\"_blank\">Allaiter et travailler : le t\u00e9moignage de Zo\u00e9<\/a><\/p>\n<p style=\"text-align: justify;\">Ce serait \u00e0 refaire, vous referiez le m\u00eame choix ? Que changeriez-vous ?<\/p>\n<p style=\"text-align: justify;\">Je n&rsquo;ai aucun regret, mes deux filles sont heureuses et en pleine forme, en tant que m\u00e8re, que demander d&rsquo;autre ?<\/p>\n<p style=\"text-align: justify;\"><a href=\"https:\/\/www.lactissima.com\/a-tire-d-ailes\/?p=1858\" target=\"_blank\">Les Maternelles du 9 d\u00e9cembre 2010<\/a><\/p>\n<p style=\"text-align: justify;\">Vous pouvez la voir sur le site de France 5  J&rsquo;ai un probl\u00e8me : je retravaille et je veux continuer \u00e0 allaiter.<\/p>\n<p style=\"text-align: justify;\"><a href=\"https:\/\/www.lactissima.com\/a-tire-d-ailes\/?p=1841\" target=\"_blank\">La revue de presse d&rsquo;A tire d&rsquo;Ailes (3)<\/a><\/p>\n<p style=\"text-align: justify;\">Et enfin, je vous annonce en avant premi\u00e8re que l&rsquo;\u00e9mission des Maternelles sur France 5 du jeudi 9 d\u00e9cembre traitera du th\u00e8me allaitement et travail, et que vous pourrez m&rsquo;y voir puisque j&rsquo;y suis invit\u00e9e comme experte.<\/p>\n<p style=\"text-align: justify;\"><a href=\"https:\/\/www.lactissima.com\/a-tire-d-ailes\/?p=1823\" target=\"_blank\">5 fa\u00e7ons de conjuguer allaitement et reprise du travail.<\/a><\/p>\n<p style=\"text-align: justify;\">Le plus important est de se souvenir que vous avez le choix et que vous pouvez faire ce qui VOUS convient !<\/p>\n<p style=\"text-align: justify;\"><a href=\"https:\/\/www.lactissima.com\/a-tire-d-ailes\/?p=1793\" target=\"_blank\">Droit et allaitement avec Martine Herzog Evans<\/a><\/p>\n<p style=\"text-align: justify;\">Je souhaite vous pr\u00e9senter une juriste qui s&rsquo;est int\u00e9ress\u00e9e \u00e0 l&rsquo;allaitement, il s&rsquo;agit de Martine Herzog Evans.<\/p>\n<p style=\"text-align: justify;\"><a href=\"https:\/\/www.lactissima.com\/a-tire-d-ailes\/?p=1778\" target=\"_blank\">8 id\u00e9es re\u00e7ues sur les femmes qui travaillent et allaitent.<\/a><\/p>\n<p style=\"text-align: justify;\">Ces femmes sont toutes des fanatiques de l&rsquo;allaitement. Choisir d&rsquo;allaiter plus de dix semaines n&rsquo;a rien de fanatique. Les recommandations officielles mentionnent un allaitement exclusif de six mois. En France, avec un cong\u00e9 maternit\u00e9 qui s&rsquo;arr\u00eate aux deux mois et demi de l&rsquo;enfant, choisir de poursuivre l&rsquo;allaitement \u00e0 la reprise du travail correspond juste aux recommandations officielles&#8230;<\/p>\n<p style=\"text-align: justify;\"><a href=\"https:\/\/www.lactissima.com\/a-tire-d-ailes\/?p=1768\" target=\"_blank\">La revue de presse d&rsquo;A tire d&rsquo;Ailes (2)<\/a><\/p>\n<p style=\"text-align: justify;\"><a href=\"https:\/\/www.lactissima.com\/a-tire-d-ailes\/?p=1757\" target=\"_blank\">Allaiter et travailler : le t\u00e9moignage d&rsquo;Anouck<\/a><\/p>\n<p style=\"text-align: justify;\">L&rsquo;allaitement n&rsquo;est pas pour moi un obstacle ou une contrainte, mais une fa\u00e7on d&rsquo;\u00eatre ensemble, un mode de relation familial, donc si c&rsquo;\u00e9tait \u00e0 refaire&#8230;<\/p>\n<p style=\"text-align: justify;\"><a href=\"https:\/\/www.lactissima.com\/a-tire-d-ailes\/?p=1728\" target=\"_blank\">Interview de Ga\u00c3\u00ablle Picut du blog En Apart\u00e9<\/a><\/p>\n<p style=\"text-align: justify;\">Les femmes que je connais sont en g\u00e9n\u00e9ral partag\u00e9es : \u00e0 la fois heureuses de reprendre le chemin du travail pour sortir un peu de chez elle et du quotidien exigeant et pas toujours facile d&rsquo;un tout petit, et le d\u00e9chirement de se s\u00e9parer de leur bout de chou, avec la difficult\u00e9 de trouver un syst\u00e8me de garde rassurant et financi\u00e8rement acceptable.<\/p>\n<p style=\"text-align: justify;\"><a href=\"https:\/\/www.lactissima.com\/a-tire-d-ailes\/?p=1706\" target=\"_blank\">Les nuits avec un b\u00e9b\u00e9 qui t\u00e8te beaucoup&#8230;<\/a><\/p>\n<p style=\"text-align: justify;\">Certains b\u00e9b\u00e9s refusent de manger quand ils sont gard\u00e9s et se rattrapent quand ils sont avec maman. Du coup, ils t\u00e8tent beaucoup la nuit pour compenser les journ\u00e9es sans manger.<\/p>\n<p style=\"text-align: justify;\">Ce mode de fonctionnement ne pr\u00e9sente aucun risque pour le b\u00e9b\u00e9 mais il est souvent tr\u00e8s fatigant pour la maman&#8230;<\/p>\n<p style=\"text-align: justify;\"><a href=\"https:\/\/www.lactissima.com\/a-tire-d-ailes\/?p=1633\" target=\"_blank\">Interview de Sandrine Scher, du blog Job et maman<\/a><\/p>\n<p style=\"text-align: justify;\">Il faudrait d\u00e9velopper des moyens suppl\u00e9mentaires de garde d&rsquo;enfants, ainsi que les cr\u00e8ches d&rsquo;entreprises; proposer \u00e9galement des syst\u00e8mes de garderies \u00e0 horaires d\u00e9cal\u00e9es comme Gepetto.<\/p>\n<p style=\"text-align: justify;\">Pourquoi ne pas envisager des syst\u00e8mes de conciergeries dans les entreprises pour faciliter certaines courses ou t\u00e2ches administratives. Ce serait un vrai plus.<\/p>\n<p style=\"text-align: justify;\"><a href=\"https:\/\/www.lactissima.com\/a-tire-d-ailes\/?p=1610\" target=\"_blank\">La revue de presse d&rsquo;A tire d&rsquo;Ailes<\/a><\/p>\n<p style=\"text-align: justify;\">J&rsquo;inaugure aujourd&rsquo;hui cette nouvelle rubrique qui sera d\u00e9sormais r\u00e9guli\u00e8re.<\/p>\n<p style=\"text-align: justify;\">J&rsquo;y listerai mes d\u00e9couvertes, sur le web ou ailleurs, autour des th\u00e8mes trait\u00e9s ici.<\/p>\n<p style=\"text-align: justify;\"><a href=\"https:\/\/www.lactissima.com\/a-tire-d-ailes\/?p=1598\" target=\"_blank\">Le sevrage d&rsquo;un b\u00e9b\u00e9 de plus de 6 mois.<\/a><\/p>\n<p style=\"text-align: justify;\">Plus vous serez paisible face \u00e0 ses pleurs, plus votre enfant pourra trouver ses ressources pour passer au del\u00e0 ! Cela prendra surement quelques jours, qui pourront vous sembler tr\u00e8s longs, mais votre b\u00e9b\u00e9 a besoin de ce temps.<\/p>\n<p style=\"text-align: justify;\"><a href=\"https:\/\/www.lactissima.com\/a-tire-d-ailes\/?p=1580\" target=\"_blank\">5 astuces de cong\u00e9lation du lait maternel<\/a><\/p>\n<p style=\"text-align: justify;\">*  Si l&rsquo;on peut stocker le lait \u00e0 l&rsquo;horizontale, on peut stocker de plus grandes quantit\u00e9s.<\/p>\n<p style=\"text-align: justify;\">* Le stockage en pots ou en biberons co\u00fbte plus cher.<\/p>\n<p style=\"text-align: justify;\">* Pensez \u00e0 bien noter la date de cong\u00e9lation sur chaque contenant.<\/p>\n<p style=\"text-align: justify;\">* Respectez les dur\u00e9es de conservation que vous trouverez l\u00e0 .<\/p>\n<p style=\"text-align: justify;\"><a href=\"https:\/\/www.lactissima.com\/a-tire-d-ailes\/?p=1563\" target=\"_blank\">Allaiter et travailler : le t\u00e9moignage d&rsquo;Anne-Laure<\/a><\/p>\n<p style=\"text-align: justify;\">Et les douces rigolades, quand il joue avec mon collier et essaie de le fourrer dans ma bouche, et que je fais mine de manger sa main&#8230; il se marre, le sein dans la bouche, c&rsquo;est d&rsquo;un tendre !<\/p>\n<p style=\"text-align: justify;\"><a href=\"https:\/\/www.lactissima.com\/a-tire-d-ailes\/?p=1552\" target=\"_blank\">Allaiter et travailler : le t\u00e9moignage de Lucie<\/a><\/p>\n<p style=\"text-align: justify;\">Si c&rsquo;\u00e9tait \u00e0 refaire, je referais le m\u00eame choix, mais diff\u00e9remment.<\/p>\n<p style=\"text-align: justify;\">En effet, je ne connaissais personne ou peu pour m&rsquo;orienter dans mes choix et je n&rsquo;ai pas su demander de l&rsquo;aide \u00e0 ma sage-femme au moment o\u00f9 j&rsquo;ai d\u00e9cid\u00e9 de continuer l&rsquo;allaitement au travail.<\/p>\n<p style=\"text-align: justify;\"><a href=\"https:\/\/www.lactissima.com\/a-tire-d-ailes\/?p=1524\" target=\"_blank\">10 trucs pour avoir de bonnes relations avec sa nounou<\/a><\/p>\n<p style=\"text-align: justify;\">Fournissez-lui toutes les informations dont elle a besoin pour bien s&rsquo;occuper de votre enfant : comment il a l&rsquo;habitude de s&rsquo;endormir, quelle chanson il aime, qu&rsquo;est-ce qui le calme quand il est grognon&#8230;<\/p>\n<p style=\"text-align: justify;\"><a href=\"https:\/\/www.lactissima.com\/a-tire-d-ailes\/?p=1517\" target=\"_blank\">Petites phrases assassines<\/a><\/p>\n<p style=\"text-align: justify;\">\u00c2\u00bb Votre b\u00e9b\u00e9 a 8 mois madame, vous devez le sevrer, il ne t\u00e8te plus que de l&rsquo;eau. \u00c2\u00bb Et bien pour de l&rsquo;eau, \u00e7a a l&rsquo;air plut\u00f4t nourrissant pour un b\u00e9b\u00e9 qui fait 12 kg&#8230;<\/p>\n<p style=\"text-align: justify;\"><a href=\"https:\/\/www.lactissima.com\/a-tire-d-ailes\/?p=1508\" target=\"_blank\">Allaiter et travailler : le t\u00e9moignage de Sophie<\/a><\/p>\n<p style=\"text-align: justify;\">Si c&rsquo;\u00e9tait \u00e0 refaire, je referais le m\u00eame choix et je ne changerais rien !! Je suis contente d&rsquo;avoir tenu car maintenant qu&rsquo;est venu le temps des vacances, allaiter offre de nombreux avantages : pas de probl\u00e8mes d&rsquo;intendance, tout est pr\u00eat \u00e0 toute heure et quel que soit l&rsquo;endroit, c&rsquo;est aussi un rem\u00e8de aux \u00c2\u00ab petits malheurs \u00c2\u00bb quotidiens.<\/p>\n<p style=\"text-align: justify;\"><a href=\"https:\/\/www.lactissima.com\/a-tire-d-ailes\/?p=1488\" target=\"_blank\">Bonne nouvelle !<\/a><\/p>\n<p style=\"text-align: justify;\">Je suis heureuse de vous annoncer la sortie au mois d&rsquo;octobre de mon livre :<\/p>\n<p style=\"text-align: justify;\">Allaiter et reprendre le travail : guide pratique. Il sortira aux \u00e9ditions du H\u00eatre.<\/p>\n<p style=\"text-align: justify;\"><a href=\"https:\/\/www.lactissima.com\/a-tire-d-ailes\/?p=1478\" target=\"_blank\">Rencontre : compte-rendu<\/a><\/p>\n<p style=\"text-align: justify;\">Vous avez trouv\u00e9 que ce genre de rencontre fait beaucoup de bien et aide \u00e0 ne pas se sentir une extra-terrestre. Vous aimeriez que l&rsquo;on fasse ce genre de rencontre plus souvent.<\/p>\n<p style=\"text-align: justify;\"><a href=\"https:\/\/www.lactissima.com\/a-tire-d-ailes\/?p=1467\" target=\"_blank\">L&rsquo;engorgement<\/a><\/p>\n<p style=\"text-align: justify;\">Lorsque l&rsquo;on reprend le travail, que l&rsquo;on s\u00e8vre ou que l&rsquo;on poursuive l&rsquo;allaitement, il peut arriver que l&rsquo;on ait \u00e0 g\u00e9rer un engorgement.<\/p>\n<p style=\"text-align: justify;\">Le rem\u00e8de universel \u00e0 l&rsquo;engorgement est le drainage du sein, soit par le b\u00e9b\u00e9, soit en tirant son lait !<\/p>\n<p style=\"text-align: justify;\"><a href=\"https:\/\/www.lactissima.com\/a-tire-d-ailes\/?p=1443\" target=\"_blank\">Allaiter et travailler : le t\u00e9moignage de Sandrine<\/a><\/p>\n<p style=\"text-align: justify;\">J&rsquo;ai donc suivi ce s\u00e9minaire avec mon fils de 6 semaines en \u00e9charpe et allait\u00e9. Les 3 jours se sont extr\u00eamement bien pass\u00e9s, mes coll\u00e8gues \u00e9taient ravis d&rsquo;avoir un petit bout de chou \u00e0 c\u00e2liner&#8230;<\/p>\n<p style=\"text-align: justify;\"><a href=\"https:\/\/www.lactissima.com\/a-tire-d-ailes\/?p=1420\" target=\"_blank\">Allaiter et travailler : le t\u00e9moignage d&rsquo;Agn\u00e8s<\/a><\/p>\n<p style=\"text-align: justify;\">Je referais de m\u00eame, quel bonheur de donner du lait appropri\u00e9 \u00e0 notre fille ! En 6 mois, jamais malade ! Quelle relation merveilleuse ! Car l&rsquo;allaitement, c&rsquo;est nourrir, r\u00e9conforter, c\u00e2liner, calmer, endormir ! Et  que c&rsquo;est pratique : rien \u00e0 pr\u00e9parer, toujours du lait sur soi !<\/p>\n<p style=\"text-align: justify;\"><a href=\"https:\/\/www.lactissima.com\/a-tire-d-ailes\/?p=1184\" target=\"_blank\">Interview d&rsquo;une directrice de cr\u00e8che<\/a><\/p>\n<p style=\"text-align: justify;\">Au sein de notre cr\u00e8che, nous accueillons des b\u00e9b\u00e9s allait\u00e9s et j&rsquo;explique toujours aux parents qu&rsquo;il est possible, s&rsquo;ils le souhaitent, de continuer l&rsquo;allaitement \u00e0 l&rsquo;entr\u00e9e en cr\u00e8che.<\/p>\n<p style=\"text-align: justify;\"><a href=\"https:\/\/www.lactissima.com\/a-tire-d-ailes\/?p=1333\" target=\"_blank\">Allaiter et travailler : le t\u00e9moignage d&rsquo;une lectrice<\/a><\/p>\n<p style=\"text-align: justify;\">Aujourd&rsquo;hui plus d&rsquo;allaitement, mais je peux vous assurer que vu comment elle aime se lover contre moi le soir, j&rsquo;ai l&rsquo;intime conviction qu&rsquo;instinctivement elle n&rsquo;a pas oubli\u00e9 ces merveilleux moments que nous avons pass\u00e9 ensemble&#8230;<\/p>\n<p style=\"text-align: justify;\"><a href=\"https:\/\/www.lactissima.com\/a-tire-d-ailes\/?p=1321\" target=\"_blank\">Faire du stock de lait<\/a><\/p>\n<p style=\"text-align: justify;\">G\u00e9rer allaitement et travail : quand commencer \u00e0 faire du stock ? Quand vous le souhaitez ! D\u00e8s la naissance si cela ne vous pose pas de probl\u00e8me, ou un mois avant la reprise si vous ne voulez pas vous compliquer la vie avant.<\/p>\n<p style=\"text-align: justify;\"><a href=\"https:\/\/www.lactissima.com\/a-tire-d-ailes\/?p=1315\" target=\"_blank\">Appel \u00e0 t\u00e9moignages<\/a><\/p>\n<p style=\"text-align: justify;\">Donc si vous souhaitez partager votre exp\u00e9rience autour de l&rsquo;allaitement et du travail (sevrage ou poursuite de l&rsquo;allaitement), n&rsquo;h\u00e9sitez pas !<\/p>\n<p style=\"text-align: justify;\"><a href=\"https:\/\/www.lactissima.com\/a-tire-d-ailes\/?p=1305\" target=\"_blank\">Trouver la motivation pour tirer son lait<\/a><\/p>\n<p style=\"text-align: justify;\">Quand les journ\u00e9es de travail s&rsquo;encha\u00eenent, que le manque de sommeil  s&rsquo;accumule et que la pression du travail est difficile \u00e0 supporter, ce n&rsquo;est pas toujours \u00e9vident de trouver la motivation pour prendre ses pauses de tirage de lait.<\/p>\n<p style=\"text-align: justify;\"><a href=\"https:\/\/www.lactissima.com\/a-tire-d-ailes\/?p=1292\" target=\"_blank\">Fiche pratique pour l&rsquo;assistante maternelle<\/a><\/p>\n<p style=\"text-align: justify;\">Je vous propose aujourd&rsquo;hui une fiche pratique que vous pouvez fournir \u00e0 la personne qui s&rsquo;occupe de votre b\u00e9b\u00e9 en votre absence.<\/p>\n<p style=\"text-align: justify;\"><a href=\"https:\/\/www.lactissima.com\/a-tire-d-ailes\/?p=1281\" target=\"_blank\">Le jeu des 6 erreurs<\/a><\/p>\n<p style=\"text-align: justify;\">Le site pratique.fr a publi\u00e9 un article  sur l&rsquo;allaitement et le travail. C&rsquo;est une bonne nouvelle que cette id\u00e9e circule. N\u00e9anmoins, ce serait nettement mieux de le faire avec des informations exactes&#8230;<\/p>\n<p style=\"text-align: justify;\"><a href=\"https:\/\/www.lactissima.com\/a-tire-d-ailes\/?p=1273\" target=\"_blank\">Rencontre 2<\/a><\/p>\n<p style=\"text-align: justify;\">Je vous propose la date du 26 juin \u00e0 midi pour un repas sur Paris.<\/p>\n<p style=\"text-align: justify;\"><a href=\"https:\/\/www.lactissima.com\/a-tire-d-ailes\/?p=1264\" target=\"_blank\">Rencontre&#8230;<\/a><\/p>\n<p style=\"text-align: justify;\">Que diriez-vous d&rsquo;organiser une rencontre pour toutes les lectrices de ce blog ?<\/p>\n<p style=\"text-align: justify;\"><a href=\"https:\/\/www.lactissima.com\/a-tire-d-ailes\/?p=1254\" target=\"_blank\">J&rsquo;ai oubli\u00e9 mon tire-lait !<\/a><\/p>\n<p style=\"text-align: justify;\">Si vous savez que vous risquez l&rsquo;engorgement ou que vous ne souhaitez pas que votre b\u00e9b\u00e9 boive autre chose que votre lait, vous devrez quand m\u00eame tirer votre lait. Il vous reste donc le tirage manuel pour g\u00e9rer allaitement et travail.<\/p>\n<p style=\"text-align: justify;\"><a href=\"https:\/\/www.lactissima.com\/a-tire-d-ailes\/?p=1246\" target=\"_blank\">M\u00e9dicaments et allaitement<\/a><\/p>\n<p style=\"text-align: justify;\">Une \u00e9norme majorit\u00e9 de m\u00e9dicaments est compatible avec l&rsquo;allaitement. Malheureusement, vous ne savez pas lesquels sont vraiment incompatibles et il s&rsquo;agit parfois de m\u00e9dicaments en vente libre.<\/p>\n<p style=\"text-align: justify;\"><a href=\"https:\/\/www.lactissima.com\/a-tire-d-ailes\/?p=1235\" target=\"_blank\">Allaitement et travail de nuit<\/a><\/p>\n<p style=\"text-align: justify;\">Si votre enfant fait ses nuits, mais que vous souhaitez qu&rsquo;il n&rsquo;ait que votre lait, vous devrez quand m\u00eame tirer du lait pour que la personne qui s&rsquo;en occupe pendant votre sommeil puisse lui donner. Ou bien vous choisirez de vous faire r\u00e9veiller, de la m\u00eame mani\u00e8re que les mamans qui g\u00e8rent les r\u00e9veils nocturnes. Dans ce cas, attention \u00e0 la fatigue !<\/p>\n<p style=\"text-align: justify;\"><a href=\"https:\/\/www.lactissima.com\/a-tire-d-ailes\/?p=1208\" target=\"_blank\">Aborder son patron<\/a><\/p>\n<p style=\"text-align: justify;\">Il vaut mieux, en r\u00e8gle g\u00e9n\u00e9rale, annoncer \u00e0 votre patron au retour de votre cong\u00e9 maternit\u00e9, que vous allez tirer votre lait  sur votre lieu de travail plut\u00f4t que de demander une permission. Vous lui laisseriez ainsi le pouvoir de refuser. Alors que si vous annoncez votre d\u00e9cision de la fa\u00e7on la plus naturelle, sans laisser la possibilit\u00e9 de refus, vous avez plus de chance que cela se passe mieux.<\/p>\n<p style=\"text-align: justify;\"><a href=\"https:\/\/www.lactissima.com\/a-tire-d-ailes\/?p=1189\" target=\"_blank\">Pourquoi faire appel \u00e0 un consultant en lactation ?<\/a><\/p>\n<p style=\"text-align: justify;\">Le but d&rsquo;une consultation d&rsquo;allaitement va \u00eatre de mettre \u00e0 plat et de r\u00e9pondre \u00e0 toutes les questions que vous vous posez, que vous souhaitiez sevrer ou poursuivre l&rsquo;allaitement. Vous pouvez \u00e9galement prendre un rendez-vous pour pouvoir prendre une d\u00e9cision sur la poursuite ou non de l&rsquo;allaitement. Les informations apport\u00e9es par le consultant en lactation doivent vous permettre de prendre la d\u00e9cision qui vous convient, \u00e0 vous, en toute tranquillit\u00e9.<\/p>\n<p style=\"text-align: justify;\"><a href=\"https:\/\/www.lactissima.com\/a-tire-d-ailes\/?p=1097\" target=\"_blank\">Reprendre le travail quand son b\u00e9b\u00e9 souffre de RGO<\/a><\/p>\n<p style=\"text-align: justify;\">Reprendre le travail lorsque son b\u00e9b\u00e9 souffre de reflux gastro-oesophagien pose un certain nombre de probl\u00e8mes.<\/p>\n<p style=\"text-align: justify;\"><a href=\"https:\/\/www.lactissima.com\/a-tire-d-ailes\/?p=1146\" target=\"_blank\">Comment tirer son lait<\/a><\/p>\n<p style=\"text-align: justify;\">Il faut quelques instants avant de voir le lait commencer \u00e0 couler, c&rsquo;est normal, d\u00e9tendez-vous. Puis un r\u00e9flexe d&rsquo;\u00e9jection du lait se produit et le lait coule plus abondamment. A la fin de ce r\u00e9flexe, la quantit\u00e9 diminue mais si vous persistez, il y a de fortes chances pour qu&rsquo;un deuxi\u00e8me r\u00e9flexe d&rsquo;\u00e9jection se produise. Lorsque plus rien ne coule depuis au moins deux minutes, vous pouvez arr\u00eater.<\/p>\n<p style=\"text-align: justify;\"><a href=\"https:\/\/www.lactissima.com\/a-tire-d-ailes\/?p=1133\" target=\"_blank\">On parle de nous \/ de vous&#8230;<\/a><\/p>\n<p style=\"text-align: justify;\">Aujourd&rsquo;hui, le magazine en ligne ma vie pro publie un article sur l&rsquo;allaitement et le travail pour lequel l&rsquo;auteur m&rsquo;a interrog\u00e9e.<\/p>\n<p style=\"text-align: justify;\"><a href=\"https:\/\/www.lactissima.com\/a-tire-d-ailes\/?p=1115\" target=\"_blank\">Lait de croissance : compl\u00e9ment d&rsquo;information<\/a><\/p>\n<p style=\"text-align: justify;\">Le Coll\u00e8ge National des G\u00e9n\u00e9ralistes Enseignants ne recommande pas la prescription de laits de croissance pour les enfants \u00e2g\u00e9s de 1 \u00e0 3 ans.<\/p>\n<p style=\"text-align: justify;\"><a href=\"https:\/\/www.lactissima.com\/a-tire-d-ailes\/?p=1089\" target=\"_blank\">Anecdotes autour de l&rsquo;allaitement<\/a><\/p>\n<p style=\"text-align: justify;\">A la demande de Clara, je cr\u00e9e aujourd&rsquo;hui une rubrique anecdotes, pour d\u00e9dramatiser un peu ce sujet s\u00e9rieux qu&rsquo;est le retour au travail !<\/p>\n<p style=\"text-align: justify;\">Donc j&rsquo;attends avec impatience toutes vos anecdotes sur l&rsquo;allaitement et la reprise du travail !<\/p>\n<p style=\"text-align: justify;\"><a href=\"https:\/\/www.lactissima.com\/a-tire-d-ailes\/?p=1075\" target=\"_blank\">Quel lait donner au moment du sevrage ?<\/a><\/p>\n<p style=\"text-align: justify;\">Cela d\u00e9pend beaucoup de l&rsquo;\u00e2ge de votre enfant.<\/p>\n<p style=\"text-align: justify;\">* Si votre b\u00e9b\u00e9 a moins de six mois, il ne se nourrit que de lait. S&rsquo;il ne prend plus de lait maternel, il faut le remplacer par une pr\u00e9paration pour nourrisson qui est l&rsquo;aliment le plus adapt\u00e9 pour prendre la suite de votre lait.<\/p>\n<p style=\"text-align: justify;\"><a href=\"https:\/\/www.lactissima.com\/a-tire-d-ailes\/?p=1024\" target=\"_blank\">Assistante maternelle et b\u00e9b\u00e9 allait\u00e9<\/a><\/p>\n<p style=\"text-align: justify;\">Petit \u00e0 petit, l&rsquo;enfant et l&rsquo;assistante maternelle vont apprendre \u00e0 se conna\u00eetre et prendre leurs habitudes et leur rythme. La confiance va s&rsquo;installer et chacun en sortira gagnant.<\/p>\n<p style=\"text-align: justify;\">La patience reste le ma\u00eetre mot.<\/p>\n<p style=\"text-align: justify;\"><a href=\"https:\/\/www.lactissima.com\/a-tire-d-ailes\/?p=949\" target=\"_blank\">Quantit\u00e9 de lait bue par un b\u00e9b\u00e9<\/a><\/p>\n<p style=\"text-align: justify;\">C&rsquo;est une question que se posent beaucoup d&rsquo;entre vous au moment de proposer les premiers biberons \u00e0 leur b\u00e9b\u00e9 : quelle quantit\u00e9 dois-je lui donner ?<\/p>\n<p style=\"text-align: justify;\"><a href=\"https:\/\/www.lactissima.com\/a-tire-d-ailes\/?p=918\" target=\"_blank\">Hygi\u00e8ne et tirage de lait<\/a><\/p>\n<p style=\"text-align: justify;\">Premi\u00e8re chose, la plus \u00e9vidente mais pas toujours la mieux appliqu\u00e9e, se laver les mains.<\/p>\n<p style=\"text-align: justify;\">Deuxi\u00e8me chose, utiliser un mat\u00e9riel propre.<\/p>\n<p><iframe loading=\"lazy\" style=\"&quot;border: none;\" src=\"http:\/\/www.facebook.com\/plugins\/like.php?href=http%3A%2F%2Fwww.lactissima.com%2Fa-tire-d-ailes%2F?page_id=2437\" height=\"80\" width=\"450\" frameborder=\"0\" scrolling=\"no\"><\/iframe><\/p>\n<p><script type=\"text\/javascript\">\/\/ <![CDATA[\nvar gaJsHost = ((\"https:\" == document.location.protocol) ? \"https:\/\/ssl.\" : \"http:\/\/www.\");\ndocument.write(unescape(\"%3Cscript src='\" + gaJsHost + \"google-analytics.com\/ga.js' type='text\/javascript'%3E%3C\/script%3E\"));\n\/\/ ]]><\/script><br \/>\n<script type=\"text\/javascript\">\/\/ <![CDATA[\ntry {\nvar pageTracker = _gat._getTracker(\"UA-9826189-1\");\npageTracker._trackPageview();\n} catch(err) {}\n\/\/ ]]><\/script><\/p>\n","protected":false},"excerpt":{"rendered":"<p>Cette page regroupe tous les articles sur comment g\u00e9rer allaitement et travail publi\u00e9s en 2010 sur le blog A tire d&rsquo;Ailes.<\/p>\n","protected":false},"author":170,"featured_media":1154,"parent":2443,"menu_order":2,"comment_status":"closed","ping_status":"open","template":"","meta":{"_et_pb_use_builder":"","_et_pb_old_content":"","_et_gb_content_width":"","footnotes":""},"class_list":["post-2437","page","type-page","status-publish","has-post-thumbnail","hentry"],"yoast_head":"<!-- This site is optimized with the Yoast SEO plugin v27.4 - https:\/\/yoast.com\/product\/yoast-seo-wordpress\/ -->\n<title>comment g\u00e9rer allaitement et travail<\/title>\n<meta name=\"description\" content=\"Cette page regroupe tous les articles sur comment g\u00e9rer allaitement et travail publi\u00e9s en 2010 sur le blog A tire d&#039;Ailes.\" \/>\n<meta name=\"robots\" content=\"index, follow, max-snippet:-1, max-image-preview:large, max-video-preview:-1\" \/>\n<link rel=\"canonical\" href=\"https:\/\/www.lactissima.com\/a-tire-d-ailes\/liste-des-articles-2\/comment-gerer-allaitement-et-travail\/\" \/>\n<meta property=\"og:locale\" content=\"fr_FR\" \/>\n<meta property=\"og:type\" content=\"article\" \/>\n<meta property=\"og:title\" content=\"comment g\u00e9rer allaitement et travail\" \/>\n<meta property=\"og:description\" content=\"Cette page regroupe tous les articles sur comment g\u00e9rer allaitement et travail publi\u00e9s en 2010 sur le blog A tire d&#039;Ailes.\" \/>\n<meta property=\"og:url\" content=\"https:\/\/www.lactissima.com\/a-tire-d-ailes\/liste-des-articles-2\/comment-gerer-allaitement-et-travail\/\" \/>\n<meta property=\"og:site_name\" content=\"A tire d&#039;Ailes\" \/>\n<meta property=\"article:publisher\" content=\"https:\/\/www.facebook.com\/consultante.en.lactation\" \/>\n<meta property=\"article:modified_time\" content=\"2013-07-15T12:24:45+00:00\" \/>\n<meta property=\"og:image\" content=\"https:\/\/www.lactissima.com\/a-tire-d-ailes\/wp-content\/uploads\/tirer-son-lait2-21.jpg\" \/>\n\t<meta property=\"og:image:width\" content=\"249\" \/>\n\t<meta property=\"og:image:height\" content=\"334\" \/>\n\t<meta property=\"og:image:type\" content=\"image\/jpeg\" \/>\n<meta name=\"twitter:card\" content=\"summary_large_image\" \/>\n<meta name=\"twitter:site\" content=\"@VeroniqueIBCLC\" \/>\n<meta name=\"twitter:label1\" content=\"Dur\u00e9e de lecture estim\u00e9e\" \/>\n\t<meta name=\"twitter:data1\" content=\"11 minutes\" \/>\n<script type=\"application\/ld+json\" class=\"yoast-schema-graph\">{\"@context\":\"https:\\\/\\\/schema.org\",\"@graph\":[{\"@type\":\"WebPage\",\"@id\":\"https:\\\/\\\/www.lactissima.com\\\/a-tire-d-ailes\\\/liste-des-articles-2\\\/comment-gerer-allaitement-et-travail\\\/\",\"url\":\"https:\\\/\\\/www.lactissima.com\\\/a-tire-d-ailes\\\/liste-des-articles-2\\\/comment-gerer-allaitement-et-travail\\\/\",\"name\":\"comment g\u00e9rer allaitement et travail\",\"isPartOf\":{\"@id\":\"https:\\\/\\\/www.lactissima.com\\\/a-tire-d-ailes\\\/#website\"},\"primaryImageOfPage\":{\"@id\":\"https:\\\/\\\/www.lactissima.com\\\/a-tire-d-ailes\\\/liste-des-articles-2\\\/comment-gerer-allaitement-et-travail\\\/#primaryimage\"},\"image\":{\"@id\":\"https:\\\/\\\/www.lactissima.com\\\/a-tire-d-ailes\\\/liste-des-articles-2\\\/comment-gerer-allaitement-et-travail\\\/#primaryimage\"},\"thumbnailUrl\":\"https:\\\/\\\/www.lactissima.com\\\/a-tire-d-ailes\\\/wp-content\\\/uploads\\\/tirer-son-lait2-21.jpg\",\"datePublished\":\"2011-11-05T19:00:29+00:00\",\"dateModified\":\"2013-07-15T12:24:45+00:00\",\"description\":\"Cette page regroupe tous les articles sur comment g\u00e9rer allaitement et travail publi\u00e9s en 2010 sur le blog A tire d'Ailes.\",\"breadcrumb\":{\"@id\":\"https:\\\/\\\/www.lactissima.com\\\/a-tire-d-ailes\\\/liste-des-articles-2\\\/comment-gerer-allaitement-et-travail\\\/#breadcrumb\"},\"inLanguage\":\"fr-FR\",\"potentialAction\":[{\"@type\":\"ReadAction\",\"target\":[\"https:\\\/\\\/www.lactissima.com\\\/a-tire-d-ailes\\\/liste-des-articles-2\\\/comment-gerer-allaitement-et-travail\\\/\"]}]},{\"@type\":\"ImageObject\",\"inLanguage\":\"fr-FR\",\"@id\":\"https:\\\/\\\/www.lactissima.com\\\/a-tire-d-ailes\\\/liste-des-articles-2\\\/comment-gerer-allaitement-et-travail\\\/#primaryimage\",\"url\":\"https:\\\/\\\/www.lactissima.com\\\/a-tire-d-ailes\\\/wp-content\\\/uploads\\\/tirer-son-lait2-21.jpg\",\"contentUrl\":\"https:\\\/\\\/www.lactissima.com\\\/a-tire-d-ailes\\\/wp-content\\\/uploads\\\/tirer-son-lait2-21.jpg\",\"width\":\"249\",\"height\":\"334\",\"caption\":\"g\u00e9rer allaitement et travail\"},{\"@type\":\"BreadcrumbList\",\"@id\":\"https:\\\/\\\/www.lactissima.com\\\/a-tire-d-ailes\\\/liste-des-articles-2\\\/comment-gerer-allaitement-et-travail\\\/#breadcrumb\",\"itemListElement\":[{\"@type\":\"ListItem\",\"position\":1,\"name\":\"Accueil\",\"item\":\"https:\\\/\\\/www.lactissima.com\\\/a-tire-d-ailes\\\/\"},{\"@type\":\"ListItem\",\"position\":2,\"name\":\"Liste des articles\",\"item\":\"https:\\\/\\\/www.lactissima.com\\\/a-tire-d-ailes\\\/liste-des-articles-2\\\/\"},{\"@type\":\"ListItem\",\"position\":3,\"name\":\"2010\"}]},{\"@type\":\"WebSite\",\"@id\":\"https:\\\/\\\/www.lactissima.com\\\/a-tire-d-ailes\\\/#website\",\"url\":\"https:\\\/\\\/www.lactissima.com\\\/a-tire-d-ailes\\\/\",\"name\":\"A tire d&#039;Ailes\",\"description\":\"Le blog des femmes qui allaitent et travaillent.\",\"potentialAction\":[{\"@type\":\"SearchAction\",\"target\":{\"@type\":\"EntryPoint\",\"urlTemplate\":\"https:\\\/\\\/www.lactissima.com\\\/a-tire-d-ailes\\\/?s={search_term_string}\"},\"query-input\":{\"@type\":\"PropertyValueSpecification\",\"valueRequired\":true,\"valueName\":\"search_term_string\"}}],\"inLanguage\":\"fr-FR\"}]}<\/script>\n<!-- \/ Yoast SEO plugin. -->","yoast_head_json":{"title":"comment g\u00e9rer allaitement et travail","description":"Cette page regroupe tous les articles sur comment g\u00e9rer allaitement et travail publi\u00e9s en 2010 sur le blog A tire d'Ailes.","robots":{"index":"index","follow":"follow","max-snippet":"max-snippet:-1","max-image-preview":"max-image-preview:large","max-video-preview":"max-video-preview:-1"},"canonical":"https:\/\/www.lactissima.com\/a-tire-d-ailes\/liste-des-articles-2\/comment-gerer-allaitement-et-travail\/","og_locale":"fr_FR","og_type":"article","og_title":"comment g\u00e9rer allaitement et travail","og_description":"Cette page regroupe tous les articles sur comment g\u00e9rer allaitement et travail publi\u00e9s en 2010 sur le blog A tire d'Ailes.","og_url":"https:\/\/www.lactissima.com\/a-tire-d-ailes\/liste-des-articles-2\/comment-gerer-allaitement-et-travail\/","og_site_name":"A tire d&#039;Ailes","article_publisher":"https:\/\/www.facebook.com\/consultante.en.lactation","article_modified_time":"2013-07-15T12:24:45+00:00","og_image":[{"width":249,"height":334,"url":"https:\/\/www.lactissima.com\/a-tire-d-ailes\/wp-content\/uploads\/tirer-son-lait2-21.jpg","type":"image\/jpeg"}],"twitter_card":"summary_large_image","twitter_site":"@VeroniqueIBCLC","twitter_misc":{"Dur\u00e9e de lecture estim\u00e9e":"11 minutes"},"schema":{"@context":"https:\/\/schema.org","@graph":[{"@type":"WebPage","@id":"https:\/\/www.lactissima.com\/a-tire-d-ailes\/liste-des-articles-2\/comment-gerer-allaitement-et-travail\/","url":"https:\/\/www.lactissima.com\/a-tire-d-ailes\/liste-des-articles-2\/comment-gerer-allaitement-et-travail\/","name":"comment g\u00e9rer allaitement et travail","isPartOf":{"@id":"https:\/\/www.lactissima.com\/a-tire-d-ailes\/#website"},"primaryImageOfPage":{"@id":"https:\/\/www.lactissima.com\/a-tire-d-ailes\/liste-des-articles-2\/comment-gerer-allaitement-et-travail\/#primaryimage"},"image":{"@id":"https:\/\/www.lactissima.com\/a-tire-d-ailes\/liste-des-articles-2\/comment-gerer-allaitement-et-travail\/#primaryimage"},"thumbnailUrl":"https:\/\/www.lactissima.com\/a-tire-d-ailes\/wp-content\/uploads\/tirer-son-lait2-21.jpg","datePublished":"2011-11-05T19:00:29+00:00","dateModified":"2013-07-15T12:24:45+00:00","description":"Cette page regroupe tous les articles sur comment g\u00e9rer allaitement et travail publi\u00e9s en 2010 sur le blog A tire d'Ailes.","breadcrumb":{"@id":"https:\/\/www.lactissima.com\/a-tire-d-ailes\/liste-des-articles-2\/comment-gerer-allaitement-et-travail\/#breadcrumb"},"inLanguage":"fr-FR","potentialAction":[{"@type":"ReadAction","target":["https:\/\/www.lactissima.com\/a-tire-d-ailes\/liste-des-articles-2\/comment-gerer-allaitement-et-travail\/"]}]},{"@type":"ImageObject","inLanguage":"fr-FR","@id":"https:\/\/www.lactissima.com\/a-tire-d-ailes\/liste-des-articles-2\/comment-gerer-allaitement-et-travail\/#primaryimage","url":"https:\/\/www.lactissima.com\/a-tire-d-ailes\/wp-content\/uploads\/tirer-son-lait2-21.jpg","contentUrl":"https:\/\/www.lactissima.com\/a-tire-d-ailes\/wp-content\/uploads\/tirer-son-lait2-21.jpg","width":"249","height":"334","caption":"g\u00e9rer allaitement et travail"},{"@type":"BreadcrumbList","@id":"https:\/\/www.lactissima.com\/a-tire-d-ailes\/liste-des-articles-2\/comment-gerer-allaitement-et-travail\/#breadcrumb","itemListElement":[{"@type":"ListItem","position":1,"name":"Accueil","item":"https:\/\/www.lactissima.com\/a-tire-d-ailes\/"},{"@type":"ListItem","position":2,"name":"Liste des articles","item":"https:\/\/www.lactissima.com\/a-tire-d-ailes\/liste-des-articles-2\/"},{"@type":"ListItem","position":3,"name":"2010"}]},{"@type":"WebSite","@id":"https:\/\/www.lactissima.com\/a-tire-d-ailes\/#website","url":"https:\/\/www.lactissima.com\/a-tire-d-ailes\/","name":"A tire d&#039;Ailes","description":"Le blog des femmes qui allaitent et travaillent.","potentialAction":[{"@type":"SearchAction","target":{"@type":"EntryPoint","urlTemplate":"https:\/\/www.lactissima.com\/a-tire-d-ailes\/?s={search_term_string}"},"query-input":{"@type":"PropertyValueSpecification","valueRequired":true,"valueName":"search_term_string"}}],"inLanguage":"fr-FR"}]}},"_links":{"self":[{"href":"https:\/\/www.lactissima.com\/a-tire-d-ailes\/wp-json\/wp\/v2\/pages\/2437","targetHints":{"allow":["GET"]}}],"collection":[{"href":"https:\/\/www.lactissima.com\/a-tire-d-ailes\/wp-json\/wp\/v2\/pages"}],"about":[{"href":"https:\/\/www.lactissima.com\/a-tire-d-ailes\/wp-json\/wp\/v2\/types\/page"}],"author":[{"embeddable":true,"href":"https:\/\/www.lactissima.com\/a-tire-d-ailes\/wp-json\/wp\/v2\/users\/170"}],"replies":[{"embeddable":true,"href":"https:\/\/www.lactissima.com\/a-tire-d-ailes\/wp-json\/wp\/v2\/comments?post=2437"}],"version-history":[{"count":13,"href":"https:\/\/www.lactissima.com\/a-tire-d-ailes\/wp-json\/wp\/v2\/pages\/2437\/revisions"}],"predecessor-version":[{"id":4147,"href":"https:\/\/www.lactissima.com\/a-tire-d-ailes\/wp-json\/wp\/v2\/pages\/2437\/revisions\/4147"}],"up":[{"embeddable":true,"href":"https:\/\/www.lactissima.com\/a-tire-d-ailes\/wp-json\/wp\/v2\/pages\/2443"}],"wp:featuredmedia":[{"embeddable":true,"href":"https:\/\/www.lactissima.com\/a-tire-d-ailes\/wp-json\/wp\/v2\/media\/1154"}],"wp:attachment":[{"href":"https:\/\/www.lactissima.com\/a-tire-d-ailes\/wp-json\/wp\/v2\/media?parent=2437"}],"curies":[{"name":"wp","href":"https:\/\/api.w.org\/{rel}","templated":true}]}}