{"id":2435,"date":"2011-11-05T21:00:13","date_gmt":"2011-11-05T19:00:13","guid":{"rendered":"https:\/\/www.lactissima.com\/a-tire-d-ailes\/?page_id=2435"},"modified":"2013-07-15T14:13:02","modified_gmt":"2013-07-15T12:13:02","slug":"reprise-du-travail-et-allaitement","status":"publish","type":"page","link":"https:\/\/www.lactissima.com\/a-tire-d-ailes\/liste-des-articles-2\/reprise-du-travail-et-allaitement\/","title":{"rendered":"2009"},"content":{"rendered":"<p style=\"text-align: justify;\"><a href=\"https:\/\/www.lactissima.com\/a-tire-d-ailes\/wp-content\/uploads\/allaitement-Antton.jpg\"><img loading=\"lazy\" decoding=\"async\" class=\"alignright size-medium wp-image-2807\" alt=\"reprise du travail et allaitement\" src=\"https:\/\/www.lactissima.com\/a-tire-d-ailes\/wp-content\/uploads\/allaitement-Antton-300x224.jpg\" width=\"300\" height=\"224\" srcset=\"https:\/\/www.lactissima.com\/a-tire-d-ailes\/wp-content\/uploads\/allaitement-Antton-300x224.jpg 300w, https:\/\/www.lactissima.com\/a-tire-d-ailes\/wp-content\/uploads\/allaitement-Antton.jpg 448w\" sizes=\"(max-width: 300px) 100vw, 300px\" \/><\/a>Voici tous les articles sur <span style=\"color: #333333;\"><a title=\"reprise du travail et allaitement\" href=\"https:\/\/www.lactissima.com\/a-tire-d-ailes\/liste-des-articles-2\/reprise-du-travail-et-allaitement\/\"><span style=\"color: #333333;\">reprise du travail et allaitement<\/span><\/a><\/span> parus en 2009. Si vous ne trouvez pas ce que vous cherchez, n&rsquo;h\u00e9sitez pas \u00e0 utiliser l&rsquo;onglet de recherche.<\/p>\n<p style=\"text-align: justify;\"><a href=\"https:\/\/www.lactissima.com\/a-tire-d-ailes\/?p=911\" target=\"_blank\">Joyeux anniversaire !<\/a><\/p>\n<p style=\"text-align: justify;\">Et oui, ce blog a un an aujourd&rsquo;hui !<\/p>\n<p style=\"text-align: justify;\"><a href=\"https:\/\/www.lactissima.com\/a-tire-d-ailes\/?p=895\" target=\"_blank\">Et les vacances ?<\/a><\/p>\n<p style=\"text-align: justify;\">Vous avez mis en place toute une organisation pour maintenir votre allaitement tout en travaillant et l&rsquo;id\u00e9e de tout remettre en question ne vous enthousiasme pas.<\/p>\n<p style=\"text-align: justify;\"><a href=\"https:\/\/www.lactissima.com\/a-tire-d-ailes\/?p=867\" target=\"_blank\">Appel \u00e0 t\u00e9moignage<\/a><\/p>\n<p style=\"text-align: justify;\">Appel \u00e0 t\u00e9moignage d&rsquo;une \u00e9tudiante qui souhaite mener une \u00e9tude que je trouve particuli\u00e8rement int\u00e9ressante \u00e9tude : Travailler et allaiter : est-ce possible ?<\/p>\n<p style=\"text-align: justify;\"><a href=\"https:\/\/www.lactissima.com\/a-tire-d-ailes\/?p=857\" target=\"_blank\">Rencontre avec S\u00e9gol\u00e8ne Finet, co-fondatrice de Mamanana<\/a><\/p>\n<p style=\"text-align: justify;\">Y a-t-il des \u00c2\u00ab trucs \u00c2\u00bb vestimentaires qui peuvent aider une maman qui tire son lait au travail ?<\/p>\n<p style=\"text-align: justify;\">Il y a deux types de trucs : les trucs pour se sentir bien, et les trucs pour tirer son lait facilement.<\/p>\n<p style=\"text-align: justify;\"><a href=\"https:\/\/www.lactissima.com\/a-tire-d-ailes\/?p=839\" target=\"_blank\">Soigner les mamelons abim\u00e9s<\/a><\/p>\n<p style=\"text-align: justify;\">Il arrive qu&rsquo;un b\u00e9b\u00e9 t\u00e8te mal pendant quelques jours apr\u00e8s avoir commenc\u00e9 le biberon ou qu&rsquo;il perce ses dents et m\u00e2chouille votre mamelon et vous avez mal comme \u00e0 la maternit\u00e9&#8230;<\/p>\n<p style=\"text-align: justify;\"><a href=\"https:\/\/www.lactissima.com\/a-tire-d-ailes\/?p=813\" target=\"_blank\">Parution d&rsquo;un livre sur l&rsquo;allaitement et le travail<\/a><\/p>\n<p style=\"text-align: justify;\">En conclusion, un bon livre \u00e0 proposer aux mamans qui se demandent si elles vont poursuivre l&rsquo;?allaitement \u00e0 la reprise du travail, il peut les aider \u00e0 faire un choix, pas vraiment plus&#8230;<\/p>\n<p style=\"text-align: justify;\"><a href=\"https:\/\/www.lactissima.com\/a-tire-d-ailes\/?p=792\" target=\"_blank\">Rencontre avec l&rsquo;\u00e9quipe du Pr Hartmann, le retour&#8230;<\/a><\/p>\n<p style=\"text-align: justify;\">Je vous avais promis un retour sur le symposium organis\u00e9 par Medela avec l&rsquo;\u00e9quipe du Pr Hartmann, m&rsquo;y voici. Les interventions propos\u00e9es \u00e9taient passionnantes, la conf\u00e9rence de presse \u00e9tait une premi\u00e8re pour moi, j&rsquo;en ai profit\u00e9 pour poser les questions pouvant vous \u00eatre utiles.<\/p>\n<p style=\"text-align: justify;\"><a href=\"https:\/\/www.lactissima.com\/a-tire-d-ailes\/?p=764\" target=\"_blank\">Rencontre avec le Pr Peter Hartmann<\/a><\/p>\n<p style=\"text-align: justify;\">Ce vendredi, je me rends \u00e0 Angers \u00e0 un symposium sur l&rsquo;allaitement et la lactation humaine. L&rsquo;\u00e9quipe du professeur Hartmann est invit\u00e9e et mise \u00e0 l&rsquo;honneur.<\/p>\n<p style=\"text-align: justify;\"><a href=\"https:\/\/www.lactissima.com\/a-tire-d-ailes\/?p=743\" target=\"_blank\">Ce blog est d\u00e9sormais donn\u00e9 comme r\u00e9f\u00e9rence<\/a><\/p>\n<p style=\"text-align: justify;\">Quelle est la ressource indiqu\u00e9e par l&rsquo;ILCA ? Ce blog !!!<\/p>\n<p style=\"text-align: justify;\"><a href=\"https:\/\/www.lactissima.com\/a-tire-d-ailes\/?p=627\" target=\"_blank\">Allaitement et d\u00e9placements professionnels<\/a><\/p>\n<p style=\"text-align: justify;\">Votre patron vous a annonc\u00e9 hier, tout content, que c&rsquo;est vous qui \u00e9tiez choisie pour repr\u00e9senter la soci\u00e9t\u00e9 aupr\u00e8s des nouveaux clients chinois, en Chine, la semaine prochaine pendant trois jours&#8230; Pas de panique, voyons ensemble comment vous y prendre.<\/p>\n<p style=\"text-align: justify;\"><a href=\"https:\/\/www.lactissima.com\/a-tire-d-ailes\/?p=614\" target=\"_blank\">Faut-il anticiper son retour au travail ?<\/a><\/p>\n<p style=\"text-align: justify;\">La plupart des m\u00e8res souhaitent que tout se passe au mieux lors de la reprise du travail. Elles souhaitent alors pr\u00e9parer au maximum pour \u00eatre s\u00fbre que tout se passera bien.<\/p>\n<p style=\"text-align: justify;\"><a href=\"https:\/\/www.lactissima.com\/a-tire-d-ailes\/?p=596\" target=\"_blank\">Comment passer du sein au biberon ?<\/a><\/p>\n<p style=\"text-align: justify;\">Vous avez d\u00e9cid\u00e9 de sevrer votre enfant ou de tirer votre lait, vous reprenez votre travail et votre enfant a moins de six mois, il va devoir se nourrir en votre absence.<\/p>\n<p style=\"text-align: justify;\"><a href=\"https:\/\/www.lactissima.com\/a-tire-d-ailes\/?p=574\" target=\"_blank\">o\u00f9 trouver de l&rsquo;aide ?<\/a><\/p>\n<p style=\"text-align: justify;\">A qui peut-on s&rsquo;adresser pour obtenir de l&rsquo;aide quand on rencontre un probl\u00e8me d&rsquo;allaitement ?<\/p>\n<p style=\"text-align: justify;\">Votre m\u00e9decin, une sage-femme, un consultant en lactation.<\/p>\n<p style=\"text-align: justify;\"><a href=\"https:\/\/www.lactissima.com\/a-tire-d-ailes\/?p=563\" target=\"_blank\">Comment faire pour habituer mon b\u00e9b\u00e9 au biberon ?<\/a><\/p>\n<p style=\"text-align: justify;\">Le plus souvent la maman se dit qu&rsquo;il ne faut pas introduire trop de changements d&rsquo;un coup et donc habituer son b\u00e9b\u00e9 au biberon avant de le laisser en garde. En fait, la situation est rarement aussi simple.<\/p>\n<p style=\"text-align: justify;\"><a href=\"https:\/\/www.lactissima.com\/a-tire-d-ailes\/?p=548\" target=\"_blank\">Comment choisir ses coussinets d&rsquo;allaitement ?<\/a><\/p>\n<p style=\"text-align: justify;\">Je voulais \u00e9crire un billet sur les coussinets et je suis tomb\u00e9e sur l&rsquo;excellent article de S\u00e9gol\u00e8ne sur le sujet sur son blog mamanana.<\/p>\n<p style=\"text-align: justify;\"><a href=\"https:\/\/www.lactissima.com\/a-tire-d-ailes\/?p=519\" target=\"_blank\">Comment transporter son lait ?<\/a><\/p>\n<p style=\"text-align: justify;\">Pour les femmes qui tirent leur lait se pose souvent la question du transport : pour rapporter le lait que l&rsquo;on a tir\u00e9 au travail, pour apporter le lait \u00e0 la cr\u00e8che ou \u00e0 l&rsquo;assistante maternelle&#8230;<\/p>\n<p style=\"text-align: justify;\"><a href=\"https:\/\/www.lactissima.com\/a-tire-d-ailes\/?p=56\" target=\"_blank\">Le point sur les tire-lait<\/a><\/p>\n<p style=\"text-align: justify;\">Quel tire-lait utiliser : manuel ou \u00e9lectrique ? En location ou \u00e0 l&rsquo;achat ? Simple ou double pompage ? Tout d\u00e9pend de vos moyens, de votre utilisation et de vos pr\u00e9f\u00e9rences.<\/p>\n<p style=\"text-align: justify;\"><a href=\"https:\/\/www.lactissima.com\/a-tire-d-ailes\/?p=494\" target=\"_blank\">Et la loi ?<\/a><\/p>\n<p style=\"text-align: justify;\">Chaque salari\u00e9e allaitant son enfant dispose pour ce faire d&rsquo;une heure par jour sur son temps de travail jusqu&rsquo;au premier anniversaire du b\u00e9b\u00e9. Cette heure est divis\u00e9e en deux p\u00e9riodes de trente minutes r\u00e9duites \u00e0 vingt minutes si le local d&rsquo;allaitement est \u00e0 l&rsquo;int\u00e9rieur des locaux destin\u00e9s au travail.<\/p>\n<p style=\"text-align: justify;\">Cette heure n&rsquo;est pas r\u00e9mun\u00e9r\u00e9e, sauf si la convention collective le sp\u00e9cifie.<\/p>\n<p style=\"text-align: justify;\">Une salari\u00e9e peut allaiter son enfant dans l&rsquo;entreprise !<\/p>\n<p style=\"text-align: justify;\">Chaque entreprise de plus de cent salari\u00e9es doit pr\u00e9voir des locaux d\u00e9di\u00e9s \u00e0 l&rsquo;allaitement au sein de l&rsquo;entreprise, dans des conditions d&rsquo;hygi\u00e8ne tr\u00e8s pr\u00e9cises.<\/p>\n<p style=\"text-align: justify;\">Le co\u00fbt de l&rsquo;installation et de l&rsquo;entretien de ces locaux est enti\u00e8rement \u00e0 la charge de l&#8217;employeur.<\/p>\n<p style=\"text-align: justify;\">Les femmes militaires b\u00e9n\u00e9ficient des m\u00eames droits.<\/p>\n<p style=\"text-align: justify;\"><a href=\"https:\/\/www.lactissima.com\/a-tire-d-ailes\/?p=475\" target=\"_blank\">Un \u00c2\u00ab barom\u00e8tre social \u00c2\u00bb des femmes cadres<\/a><\/p>\n<p style=\"text-align: justify;\">Les r\u00e9seaux de femmes cadres se sont regroup\u00e9s et ont souhait\u00e9 mener une enqu\u00eate commune aupr\u00e8s de leurs membres sur le th\u00e8me de l&rsquo;\u00e9galit\u00e9 professionnelle.<\/p>\n<p style=\"text-align: justify;\">Les r\u00e9sultats sont \u00e9difiants.<\/p>\n<p style=\"text-align: justify;\"><a href=\"https:\/\/www.lactissima.com\/a-tire-d-ailes\/?p=463\" target=\"_blank\">L&rsquo;organisation familiale<\/a><\/p>\n<p style=\"text-align: justify;\">Quand on reprend le travail apr\u00e8s la naissance d&rsquo;un enfant, il y a toujours une nouvelle organisation \u00e0 mettre en place.<\/p>\n<p style=\"text-align: justify;\">Quand on poursuit l&rsquo;allaitement, d&rsquo;autres questions se posent : comment stocker le lait maternel, comment informer le mode de garde sur la gestion du lait maternel, comment prendre le temps des t\u00e9t\u00e9es&#8230; ?<\/p>\n<p style=\"text-align: justify;\"><a href=\"https:\/\/www.lactissima.com\/a-tire-d-ailes\/?p=454\" target=\"_blank\">Semaine pour la qualit\u00e9 de vie au travail<\/a><\/p>\n<p style=\"text-align: justify;\">Jeudi a d\u00e9but\u00e9 la semaine pour la qualit\u00e9 de vie au travail qui a lieu du 11 au 19 juin. Cette ann\u00e9e l&rsquo;accent est mis sur le stress au travail.<\/p>\n<p style=\"text-align: justify;\"><a href=\"https:\/\/www.lactissima.com\/a-tire-d-ailes\/?p=427\" target=\"_blank\">Allaiter et travailler : le soutien<\/a><\/p>\n<p style=\"text-align: justify;\">Pour la reprise du travail et allaitement, le soutien est particuli\u00e8rement pr\u00e9cieux. Il permet de tenir le choc dans les moments difficiles.<\/p>\n<p style=\"text-align: justify;\"><a href=\"https:\/\/www.lactissima.com\/a-tire-d-ailes\/?p=415\" target=\"_blank\">Donner son lait autrement&#8230; qu&rsquo;au biberon<\/a><\/p>\n<p style=\"text-align: justify;\">Vous tirez votre lait mais votre b\u00e9b\u00e9 refuse de prendre le biberon&#8230; Je voudrais vous parler de toutes les autres mani\u00e8res de donner son lait \u00e0 son b\u00e9b\u00e9.<\/p>\n<p style=\"text-align: justify;\"><a href=\"https:\/\/www.lactissima.com\/a-tire-d-ailes\/?p=398\" target=\"_blank\">Reprise du travail en allaitement mixte<\/a><\/p>\n<p style=\"text-align: justify;\">\u00c3\u2021a y est, vous reprenez le travail et vous avez choisi de poursuivre l&rsquo;allaitement de votre b\u00e9b\u00e9 ch\u00e9ri. Vous d\u00e9cidez de faire un allaitement mixte : votre b\u00e9b\u00e9 t\u00e9tera \u00e0 volont\u00e9 quand vous serez avec lui et prendra des biberons de lait en poudre en votre absence.<\/p>\n<p style=\"text-align: justify;\"><a href=\"https:\/\/www.lactissima.com\/a-tire-d-ailes\/?p=338\" target=\"_blank\">Modes de garde et allaitement maternel<\/a><\/p>\n<p style=\"text-align: justify;\">Vous avez choisi de poursuivre l&rsquo;allaitement apr\u00e8s la reprise du travail et de tirer votre lait. Maintenant, comment cela va-t-il se passer avec le mode de garde ?<\/p>\n<p style=\"text-align: justify;\">Tout d\u00e9pend \u00e9videmment du mode de garde choisi&#8230;<\/p>\n<p style=\"text-align: justify;\"><a href=\"https:\/\/www.lactissima.com\/a-tire-d-ailes\/?p=322\" target=\"_blank\">Poursuivre l&rsquo;allaitement lorsque l&rsquo;on travaille en ind\u00e9pendant<\/a><\/p>\n<p style=\"text-align: justify;\">En g\u00e9n\u00e9ral, lorsque l&rsquo;on est ind\u00e9pendant, il est n\u00e9cessaire de maintenir sa client\u00e8le et l&rsquo;on reprend son travail t\u00f4t, d&rsquo;o\u00f9 l&rsquo;importance de bien installer sa lactation, en tirant son lait si besoin.<\/p>\n<p style=\"text-align: justify;\"><a href=\"https:\/\/www.lactissima.com\/a-tire-d-ailes\/?p=306\" target=\"_blank\">Et le p\u00e8re ?<\/a><\/p>\n<p style=\"text-align: justify;\">Et le p\u00e8re dans toute cette aventure ?<\/p>\n<p style=\"text-align: justify;\">L&rsquo;exp\u00e9rience m&rsquo;a montr\u00e9 qu&rsquo;il a une place primordiale dans la r\u00e9ussite d&rsquo;un allaitement.<\/p>\n<p style=\"text-align: justify;\"><a href=\"https:\/\/www.lactissima.com\/a-tire-d-ailes\/?p=291\" target=\"_blank\">La conservation du lait maternel<\/a><\/p>\n<p style=\"text-align: justify;\">Reprise du travail et allaitement : si vous avez choisi de tirer votre lait au travail, il va falloir le conserver.<\/p>\n<p style=\"text-align: justify;\">Le lait maternel est un produit tr\u00e8s stable, qui se conserve tr\u00e8s bien.<\/p>\n<p style=\"text-align: justify;\"><a href=\"https:\/\/www.lactissima.com\/a-tire-d-ailes\/?p=278\" target=\"_blank\">Allaiter et travailler, un facteur d&rsquo;\u00e9galit\u00e9 homme-femme<\/a><\/p>\n<p style=\"text-align: justify;\">La poursuite de l&rsquo;allaitement maternel \u00e0 la reprise du travail peut \u00eatre un facteur de d\u00e9veloppement de l&rsquo;\u00e9galit\u00e9 homme-femme, d&rsquo;un point de vue professionnel mais aussi du point de vue du partage des t\u00e2ches domestiques.<\/p>\n<p style=\"text-align: justify;\"><a href=\"https:\/\/www.lactissima.com\/a-tire-d-ailes\/?p=254\" target=\"_blank\">Quand mon b\u00e9b\u00e9 refuse le sein<\/a><\/p>\n<p style=\"text-align: justify;\">Certains b\u00e9b\u00e9s refusent le sein.<\/p>\n<p style=\"text-align: justify;\">Cette situation se rencontre essentiellement dans deux cas de figure : en d\u00e9but d&rsquo;allaitement ou bien apr\u00e8s la reprise du travail.<\/p>\n<p style=\"text-align: justify;\"><a href=\"https:\/\/www.lactissima.com\/a-tire-d-ailes\/?p=234\" target=\"_blank\">Quand mon b\u00e9b\u00e9 refuse le biberon<\/a><\/p>\n<p style=\"text-align: justify;\">Le b\u00e9b\u00e9 refuse de prendre le biberon en bouche, ou bien il accepte mais ne prend que 5 ml de lait, il se recule et pleure, voir hurle.<\/p>\n<p style=\"text-align: justify;\">Toutes les familles sans exception s&rsquo;adaptent \u00e0 la reprise du travail et il suffit souvent de faire confiance \u00e0 la capacit\u00e9 d&rsquo;adaptation du b\u00e9b\u00e9 et de prendre le temps de l&rsquo;\u00e9couter.<\/p>\n<p style=\"text-align: justify;\"><a href=\"https:\/\/www.lactissima.com\/a-tire-d-ailes\/?p=216\" target=\"_blank\">Et le sevrage ?<\/a><\/p>\n<p style=\"text-align: justify;\">Comment arr\u00eater l&rsquo;allaitement : De quel sevrage parle t-on ? Quel est l&rsquo;\u00e2ge de votre b\u00e9b\u00e9 ? Vous voulez un sevrage rapide ou vous avez le temps ? Vous souhaitez conserver certaines t\u00e9t\u00e9es ou bien arr\u00eater totalement l&rsquo;allaitement ?<\/p>\n<p style=\"text-align: justify;\"><a href=\"https:\/\/www.lactissima.com\/a-tire-d-ailes\/?p=205\" target=\"_blank\">L&rsquo;acad\u00e9mie de m\u00e9decine se prononce en faveur de l&rsquo;allaitement<\/a><\/p>\n<p style=\"text-align: justify;\"><a href=\"https:\/\/www.lactissima.com\/a-tire-d-ailes\/?p=183\" target=\"_blank\">Poursuivre l&rsquo;allaitement apr\u00e8s la reprise du travail, vous avez dit fatigant ?<\/a><\/p>\n<p style=\"text-align: justify;\">Vous \u00eates fatigu\u00e9e, c&rsquo;est NORMAL ! Mais ce n&rsquo;est pas forc\u00e9ment la faute de l&rsquo;allaitement.<\/p>\n<p style=\"text-align: justify;\"><a href=\"https:\/\/www.lactissima.com\/a-tire-d-ailes\/?p=177\" target=\"_blank\">Un projet de loi mentionnant l&rsquo;allaitement et le travail<\/a><\/p>\n<p style=\"text-align: justify;\">Amendement au projet de loi Patients, Sant\u00e9, Territoire : au moment de son d\u00e9part en cong\u00e9 de maternit\u00e9, la salari\u00e9e est inform\u00e9e par l&#8217;employeur des dispositions relatives \u00e0 l&rsquo;allaitement maternel.<\/p>\n<p style=\"text-align: justify;\"><a href=\"https:\/\/www.lactissima.com\/a-tire-d-ailes\/?p=45\" target=\"_blank\">Mon b\u00e9b\u00e9 va \u00eatre gard\u00e9 en cr\u00e8che, que se cache-t-il derri\u00e8re cette injonction de sevrage ?<\/a><\/p>\n<p style=\"text-align: justify;\">La cr\u00e8che qui va tr\u00e8s bient\u00f4t s&rsquo;occuper de votre enfant vous a demand\u00e9 de sevrer b\u00e9b\u00e9&#8230; Que se cache-t-il derri\u00e8re cette demande ? Comment s&rsquo;y prendre et quoi dire ?<\/p>\n<p style=\"text-align: justify;\"><a href=\"https:\/\/www.lactissima.com\/a-tire-d-ailes\/?p=34\" target=\"_blank\">Au coeur du sujet : allaiter et travailler<\/a><\/p>\n<p style=\"text-align: justify;\">Si vous souhaitez continuer l&rsquo;allaitement apr\u00e8s la reprise du travail, c&rsquo;est possible et plusieurs possibilit\u00e9s s&rsquo;offrent \u00e0 vous.<\/p>\n","protected":false},"excerpt":{"rendered":"<p>Cette page regroupe tous les articles sur la reprise du travail et allaitement publi\u00e9s en 2009 sur le blog A tire d&rsquo;Ailes.<\/p>\n","protected":false},"author":170,"featured_media":2807,"parent":2443,"menu_order":1,"comment_status":"closed","ping_status":"open","template":"","meta":{"_et_pb_use_builder":"","_et_pb_old_content":"","_et_gb_content_width":"","footnotes":""},"class_list":["post-2435","page","type-page","status-publish","has-post-thumbnail","hentry"],"yoast_head":"<!-- This site is optimized with the Yoast SEO plugin v27.4 - https:\/\/yoast.com\/product\/yoast-seo-wordpress\/ -->\n<title>reprise du travail et allaitement<\/title>\n<meta name=\"description\" content=\"Cette page regroupe tous les articles sur la reprise du travail et allaitement publi\u00e9s en 2009 sur le blog A tire d&#039;Ailes.\" \/>\n<meta name=\"robots\" content=\"index, follow, max-snippet:-1, max-image-preview:large, max-video-preview:-1\" \/>\n<link rel=\"canonical\" href=\"https:\/\/www.lactissima.com\/a-tire-d-ailes\/liste-des-articles-2\/reprise-du-travail-et-allaitement\/\" \/>\n<meta property=\"og:locale\" content=\"fr_FR\" \/>\n<meta property=\"og:type\" content=\"article\" \/>\n<meta property=\"og:title\" content=\"reprise du travail et allaitement\" \/>\n<meta property=\"og:description\" content=\"Cette page regroupe tous les articles sur la reprise du travail et allaitement publi\u00e9s en 2009 sur le blog A tire d&#039;Ailes.\" \/>\n<meta property=\"og:url\" content=\"https:\/\/www.lactissima.com\/a-tire-d-ailes\/liste-des-articles-2\/reprise-du-travail-et-allaitement\/\" \/>\n<meta property=\"og:site_name\" content=\"A tire d&#039;Ailes\" \/>\n<meta property=\"article:publisher\" content=\"https:\/\/www.facebook.com\/consultante.en.lactation\" \/>\n<meta property=\"article:modified_time\" content=\"2013-07-15T12:13:02+00:00\" \/>\n<meta property=\"og:image\" content=\"https:\/\/www.lactissima.com\/a-tire-d-ailes\/wp-content\/uploads\/allaitement-Antton.jpg\" \/>\n\t<meta property=\"og:image:width\" content=\"448\" \/>\n\t<meta property=\"og:image:height\" content=\"336\" \/>\n\t<meta property=\"og:image:type\" content=\"image\/jpeg\" \/>\n<meta name=\"twitter:card\" content=\"summary_large_image\" \/>\n<meta name=\"twitter:site\" content=\"@VeroniqueIBCLC\" \/>\n<meta name=\"twitter:label1\" content=\"Dur\u00e9e de lecture estim\u00e9e\" \/>\n\t<meta name=\"twitter:data1\" content=\"8 minutes\" \/>\n<script type=\"application\/ld+json\" class=\"yoast-schema-graph\">{\"@context\":\"https:\\\/\\\/schema.org\",\"@graph\":[{\"@type\":\"WebPage\",\"@id\":\"https:\\\/\\\/www.lactissima.com\\\/a-tire-d-ailes\\\/liste-des-articles-2\\\/reprise-du-travail-et-allaitement\\\/\",\"url\":\"https:\\\/\\\/www.lactissima.com\\\/a-tire-d-ailes\\\/liste-des-articles-2\\\/reprise-du-travail-et-allaitement\\\/\",\"name\":\"reprise du travail et allaitement\",\"isPartOf\":{\"@id\":\"https:\\\/\\\/www.lactissima.com\\\/a-tire-d-ailes\\\/#website\"},\"primaryImageOfPage\":{\"@id\":\"https:\\\/\\\/www.lactissima.com\\\/a-tire-d-ailes\\\/liste-des-articles-2\\\/reprise-du-travail-et-allaitement\\\/#primaryimage\"},\"image\":{\"@id\":\"https:\\\/\\\/www.lactissima.com\\\/a-tire-d-ailes\\\/liste-des-articles-2\\\/reprise-du-travail-et-allaitement\\\/#primaryimage\"},\"thumbnailUrl\":\"https:\\\/\\\/www.lactissima.com\\\/a-tire-d-ailes\\\/wp-content\\\/uploads\\\/allaitement-Antton.jpg\",\"datePublished\":\"2011-11-05T19:00:13+00:00\",\"dateModified\":\"2013-07-15T12:13:02+00:00\",\"description\":\"Cette page regroupe tous les articles sur la reprise du travail et allaitement publi\u00e9s en 2009 sur le blog A tire d'Ailes.\",\"breadcrumb\":{\"@id\":\"https:\\\/\\\/www.lactissima.com\\\/a-tire-d-ailes\\\/liste-des-articles-2\\\/reprise-du-travail-et-allaitement\\\/#breadcrumb\"},\"inLanguage\":\"fr-FR\",\"potentialAction\":[{\"@type\":\"ReadAction\",\"target\":[\"https:\\\/\\\/www.lactissima.com\\\/a-tire-d-ailes\\\/liste-des-articles-2\\\/reprise-du-travail-et-allaitement\\\/\"]}]},{\"@type\":\"ImageObject\",\"inLanguage\":\"fr-FR\",\"@id\":\"https:\\\/\\\/www.lactissima.com\\\/a-tire-d-ailes\\\/liste-des-articles-2\\\/reprise-du-travail-et-allaitement\\\/#primaryimage\",\"url\":\"https:\\\/\\\/www.lactissima.com\\\/a-tire-d-ailes\\\/wp-content\\\/uploads\\\/allaitement-Antton.jpg\",\"contentUrl\":\"https:\\\/\\\/www.lactissima.com\\\/a-tire-d-ailes\\\/wp-content\\\/uploads\\\/allaitement-Antton.jpg\",\"width\":\"448\",\"height\":\"336\",\"caption\":\"reprise du travail et allaitement\"},{\"@type\":\"BreadcrumbList\",\"@id\":\"https:\\\/\\\/www.lactissima.com\\\/a-tire-d-ailes\\\/liste-des-articles-2\\\/reprise-du-travail-et-allaitement\\\/#breadcrumb\",\"itemListElement\":[{\"@type\":\"ListItem\",\"position\":1,\"name\":\"Accueil\",\"item\":\"https:\\\/\\\/www.lactissima.com\\\/a-tire-d-ailes\\\/\"},{\"@type\":\"ListItem\",\"position\":2,\"name\":\"Liste des articles\",\"item\":\"https:\\\/\\\/www.lactissima.com\\\/a-tire-d-ailes\\\/liste-des-articles-2\\\/\"},{\"@type\":\"ListItem\",\"position\":3,\"name\":\"2009\"}]},{\"@type\":\"WebSite\",\"@id\":\"https:\\\/\\\/www.lactissima.com\\\/a-tire-d-ailes\\\/#website\",\"url\":\"https:\\\/\\\/www.lactissima.com\\\/a-tire-d-ailes\\\/\",\"name\":\"A tire d&#039;Ailes\",\"description\":\"Le blog des femmes qui allaitent et travaillent.\",\"potentialAction\":[{\"@type\":\"SearchAction\",\"target\":{\"@type\":\"EntryPoint\",\"urlTemplate\":\"https:\\\/\\\/www.lactissima.com\\\/a-tire-d-ailes\\\/?s={search_term_string}\"},\"query-input\":{\"@type\":\"PropertyValueSpecification\",\"valueRequired\":true,\"valueName\":\"search_term_string\"}}],\"inLanguage\":\"fr-FR\"}]}<\/script>\n<!-- \/ Yoast SEO plugin. -->","yoast_head_json":{"title":"reprise du travail et allaitement","description":"Cette page regroupe tous les articles sur la reprise du travail et allaitement publi\u00e9s en 2009 sur le blog A tire d'Ailes.","robots":{"index":"index","follow":"follow","max-snippet":"max-snippet:-1","max-image-preview":"max-image-preview:large","max-video-preview":"max-video-preview:-1"},"canonical":"https:\/\/www.lactissima.com\/a-tire-d-ailes\/liste-des-articles-2\/reprise-du-travail-et-allaitement\/","og_locale":"fr_FR","og_type":"article","og_title":"reprise du travail et allaitement","og_description":"Cette page regroupe tous les articles sur la reprise du travail et allaitement publi\u00e9s en 2009 sur le blog A tire d'Ailes.","og_url":"https:\/\/www.lactissima.com\/a-tire-d-ailes\/liste-des-articles-2\/reprise-du-travail-et-allaitement\/","og_site_name":"A tire d&#039;Ailes","article_publisher":"https:\/\/www.facebook.com\/consultante.en.lactation","article_modified_time":"2013-07-15T12:13:02+00:00","og_image":[{"width":448,"height":336,"url":"https:\/\/www.lactissima.com\/a-tire-d-ailes\/wp-content\/uploads\/allaitement-Antton.jpg","type":"image\/jpeg"}],"twitter_card":"summary_large_image","twitter_site":"@VeroniqueIBCLC","twitter_misc":{"Dur\u00e9e de lecture estim\u00e9e":"8 minutes"},"schema":{"@context":"https:\/\/schema.org","@graph":[{"@type":"WebPage","@id":"https:\/\/www.lactissima.com\/a-tire-d-ailes\/liste-des-articles-2\/reprise-du-travail-et-allaitement\/","url":"https:\/\/www.lactissima.com\/a-tire-d-ailes\/liste-des-articles-2\/reprise-du-travail-et-allaitement\/","name":"reprise du travail et allaitement","isPartOf":{"@id":"https:\/\/www.lactissima.com\/a-tire-d-ailes\/#website"},"primaryImageOfPage":{"@id":"https:\/\/www.lactissima.com\/a-tire-d-ailes\/liste-des-articles-2\/reprise-du-travail-et-allaitement\/#primaryimage"},"image":{"@id":"https:\/\/www.lactissima.com\/a-tire-d-ailes\/liste-des-articles-2\/reprise-du-travail-et-allaitement\/#primaryimage"},"thumbnailUrl":"https:\/\/www.lactissima.com\/a-tire-d-ailes\/wp-content\/uploads\/allaitement-Antton.jpg","datePublished":"2011-11-05T19:00:13+00:00","dateModified":"2013-07-15T12:13:02+00:00","description":"Cette page regroupe tous les articles sur la reprise du travail et allaitement publi\u00e9s en 2009 sur le blog A tire d'Ailes.","breadcrumb":{"@id":"https:\/\/www.lactissima.com\/a-tire-d-ailes\/liste-des-articles-2\/reprise-du-travail-et-allaitement\/#breadcrumb"},"inLanguage":"fr-FR","potentialAction":[{"@type":"ReadAction","target":["https:\/\/www.lactissima.com\/a-tire-d-ailes\/liste-des-articles-2\/reprise-du-travail-et-allaitement\/"]}]},{"@type":"ImageObject","inLanguage":"fr-FR","@id":"https:\/\/www.lactissima.com\/a-tire-d-ailes\/liste-des-articles-2\/reprise-du-travail-et-allaitement\/#primaryimage","url":"https:\/\/www.lactissima.com\/a-tire-d-ailes\/wp-content\/uploads\/allaitement-Antton.jpg","contentUrl":"https:\/\/www.lactissima.com\/a-tire-d-ailes\/wp-content\/uploads\/allaitement-Antton.jpg","width":"448","height":"336","caption":"reprise du travail et allaitement"},{"@type":"BreadcrumbList","@id":"https:\/\/www.lactissima.com\/a-tire-d-ailes\/liste-des-articles-2\/reprise-du-travail-et-allaitement\/#breadcrumb","itemListElement":[{"@type":"ListItem","position":1,"name":"Accueil","item":"https:\/\/www.lactissima.com\/a-tire-d-ailes\/"},{"@type":"ListItem","position":2,"name":"Liste des articles","item":"https:\/\/www.lactissima.com\/a-tire-d-ailes\/liste-des-articles-2\/"},{"@type":"ListItem","position":3,"name":"2009"}]},{"@type":"WebSite","@id":"https:\/\/www.lactissima.com\/a-tire-d-ailes\/#website","url":"https:\/\/www.lactissima.com\/a-tire-d-ailes\/","name":"A tire d&#039;Ailes","description":"Le blog des femmes qui allaitent et travaillent.","potentialAction":[{"@type":"SearchAction","target":{"@type":"EntryPoint","urlTemplate":"https:\/\/www.lactissima.com\/a-tire-d-ailes\/?s={search_term_string}"},"query-input":{"@type":"PropertyValueSpecification","valueRequired":true,"valueName":"search_term_string"}}],"inLanguage":"fr-FR"}]}},"_links":{"self":[{"href":"https:\/\/www.lactissima.com\/a-tire-d-ailes\/wp-json\/wp\/v2\/pages\/2435","targetHints":{"allow":["GET"]}}],"collection":[{"href":"https:\/\/www.lactissima.com\/a-tire-d-ailes\/wp-json\/wp\/v2\/pages"}],"about":[{"href":"https:\/\/www.lactissima.com\/a-tire-d-ailes\/wp-json\/wp\/v2\/types\/page"}],"author":[{"embeddable":true,"href":"https:\/\/www.lactissima.com\/a-tire-d-ailes\/wp-json\/wp\/v2\/users\/170"}],"replies":[{"embeddable":true,"href":"https:\/\/www.lactissima.com\/a-tire-d-ailes\/wp-json\/wp\/v2\/comments?post=2435"}],"version-history":[{"count":16,"href":"https:\/\/www.lactissima.com\/a-tire-d-ailes\/wp-json\/wp\/v2\/pages\/2435\/revisions"}],"predecessor-version":[{"id":2787,"href":"https:\/\/www.lactissima.com\/a-tire-d-ailes\/wp-json\/wp\/v2\/pages\/2435\/revisions\/2787"}],"up":[{"embeddable":true,"href":"https:\/\/www.lactissima.com\/a-tire-d-ailes\/wp-json\/wp\/v2\/pages\/2443"}],"wp:featuredmedia":[{"embeddable":true,"href":"https:\/\/www.lactissima.com\/a-tire-d-ailes\/wp-json\/wp\/v2\/media\/2807"}],"wp:attachment":[{"href":"https:\/\/www.lactissima.com\/a-tire-d-ailes\/wp-json\/wp\/v2\/media?parent=2435"}],"curies":[{"name":"wp","href":"https:\/\/api.w.org\/{rel}","templated":true}]}}