{"id":2,"date":"2008-12-29T19:14:20","date_gmt":"2008-12-29T18:14:20","guid":{"rendered":"https:\/\/www.lactissima.com\/a-tire-d-ailes\/?page_id=2"},"modified":"2018-12-18T08:40:59","modified_gmt":"2018-12-18T07:40:59","slug":"blog-allaitement-et-travail","status":"publish","type":"page","link":"https:\/\/www.lactissima.com\/a-tire-d-ailes\/blog-allaitement-et-travail\/","title":{"rendered":"A propos"},"content":{"rendered":"<div class=\"entry\" style=\"text-align: justify;\">\n<p><img loading=\"lazy\" decoding=\"async\" class=\"alignright size-medium wp-image-7949\" src=\"https:\/\/www.lactissima.com\/a-tire-d-ailes\/wp-content\/uploads\/2018\/12\/D75_2880-200x300.jpg\" alt=\"\" width=\"200\" height=\"300\" srcset=\"https:\/\/www.lactissima.com\/a-tire-d-ailes\/wp-content\/uploads\/2018\/12\/D75_2880-200x300.jpg 200w, https:\/\/www.lactissima.com\/a-tire-d-ailes\/wp-content\/uploads\/2018\/12\/D75_2880.jpg 534w\" sizes=\"(max-width: 200px) 100vw, 200px\" \/>Ce <a title=\"blog allaitement et travail\" href=\"https:\/\/www.lactissima.com\/a-tire-d-ailes\/blog-allaitement-et-travail\/\"><span style=\"color: #333333;\">blog allaitement et travail<\/span><\/a> a \u00e9t\u00e9 cr\u00e9\u00e9 par deux consultantes en lactation, Christine Koehler et V\u00e9ronique Darmangeat, fondatrices du cabinet conseil <a title=\"Lactissima\" href=\"https:\/\/www.lactissima.com\/\" target=\"_blank\" rel=\"noopener\">Lactissima<\/a>.<\/p>\n<p style=\"text-align: justify;\">Depuis 2009, c&rsquo;est V\u00e9ronique qui poursuit seule l&rsquo;activit\u00e9 de Lactissima et l&rsquo;\u00e9criture de ce <span style=\"color: #333333;\"><a title=\"blog travail et allaitement\" href=\"https:\/\/www.lactissima.com\/a-tire-d-ailes\" target=\"_blank\" rel=\"noopener\"><span style=\"color: #333333;\">blog travail et allaitement<\/span><\/a><\/span>.<\/p>\n<p style=\"text-align: justify;\">Lactissima propose aux entreprises des actions pour permettre aux femmes de poursuivre l&rsquo;allaitement maternel \u00e0 la reprise du travail. A tire d&rsquo;Ailes a \u00e9t\u00e9 cr\u00e9\u00e9 en parall\u00e8le pour montrer aux entreprises que vous \u00eates concern\u00e9es et int\u00e9ress\u00e9es par ces probl\u00e9matiques.<br \/>\nBien s\u00fbr, ce blog allaitement et travail se veut un outil concret pour vous qui \u00eates dans cette situation de reprendre le travail et d&rsquo;allaiter, que vous souhaitiez sevrer ou poursuivre l&rsquo;allaitement, en exclusif ou en mixte.<\/p>\n<p style=\"text-align: justify;\">Ce blog vous propose ici des articles r\u00e9guliers autour de ce th\u00e8me, mais \u00e9galement sur :<\/p>\n<ul style=\"text-align: justify;\">\n<li>la place de la femme dans la soci\u00e9t\u00e9,<\/li>\n<li>le travail des femmes,<\/li>\n<li>l&rsquo;articulation vie familiale-vie professionnelle,<\/li>\n<li>nourrir son enfant,<\/li>\n<li>les modes de garde,<\/li>\n<li>la place du p\u00e8re.<\/li>\n<li>et bien d&rsquo;autres sujets encore&#8230;<\/li>\n<\/ul>\n<p style=\"text-align: justify;\"><strong><a title=\"Allaiter \u00e0 Paris\" href=\"http:\/\/www.allaiteraparis.com\/\" target=\"_blank\" rel=\"noopener\">V\u00e9ronique<\/a> <\/strong>est consultante en lactation. Elle a cr\u00e9\u00e9 le <span style=\"text-decoration: underline;\"><a href=\"http:\/\/www.allaiteraparis.fr\/\" target=\"_blank\" rel=\"noopener\">Centre allaitement V\u00e9ronique Darmangeat<\/a><\/span> avec lequel elle propose des consultations en cabinet et \u00e0 domicile et de la formation pour les professionnels de sant\u00e9. Elle \u00e9crit \u00e9galement des livres et donne des conf\u00e9rences. Vous pouvez lui \u00e9crire aux adresses suivantes :<\/p>\n<p style=\"text-align: center;\"><a href=\"mailto:contact@allaiteraparis.fr\" target=\"_blank\" rel=\"noopener\">contact@allaiteraparis.fr<\/a> ou <a href=\"mailto:contact@lactisima.com\">contact@lactissima.com<\/a> .<\/p>\n<p style=\"text-align: justify;\">Dans le priv\u00e9, elle est m\u00e8re de deux enfants, aime passer du temps avec eux et doit donc elle aussi concilier vie familiale et vie professionnelle.<\/p>\n<p style=\"text-align: justify;\">Vous trouverez plus d&rsquo;informations sur sa d\u00e9marche dans cet <a title=\"Mon chemin\" href=\"https:\/\/www.lactissima.com\/a-tire-d-ailes\/mon-chemin\/\" target=\"_blank\" rel=\"noopener\">article<\/a> et plus d&rsquo;informations sur V\u00e9ronique Darmangeat dans <a title=\"Tout ce que vous avez toujours voulu savoir \" href=\"https:\/\/www.lactissima.com\/a-tire-d-ailes\/veronique-darmangeat\/\" target=\"_blank\" rel=\"noopener\">celui-ci<\/a> et dans cette <a href=\"http:\/\/www.veronique-darmangeat.fr\/qui-suis-je\/\" target=\"_blank\" rel=\"noopener\">pr\u00e9sentation<\/a>.<\/p>\n<p style=\"text-align: justify;\">L&rsquo;objectif de ce blog est d&rsquo;\u00e9changer avec vous autour de ces th\u00e9matiques, aussi les nombreux commentaires et t\u00e9moignages sont les bienvenus.<\/p>\n<p style=\"text-align: justify;\"><div class='et-box et-shadow'>\n\t\t\t\t\t<div class='et-box-content'>Une consultante en lactation certifi\u00e9e IBCLC est sp\u00e9cialiste de la lactation humaine et de l&rsquo;allaitement maternel.\nElle travaille donc autour de toutes les probl\u00e9matiques li\u00e9es \u00e0 l&rsquo;allaitement, aupr\u00e8s des familles comme aupr\u00e8s des professionnels en proposant des consultations, de la formation, de l&rsquo;accompagnement de structures.<\/div><\/div><\/p>\n<p style=\"text-align: justify;\">A bient\u00f4t pour plus d&rsquo;\u00e9changes.<\/p>\n<\/div>\n<p style=\"text-align: justify;\"><!-- Facebook Badge START --><a style=\"font-family: 'lucida grande',tahoma,verdana,arial,sans-serif; font-size: 11px; font-variant: normal; font-style: normal; font-weight: normal; color: #3b5998; text-decoration: none;\" title=\"V\u00e9ronique Darmangeat\" href=\"http:\/\/fr-fr.facebook.com\/veronique.darmangeat\" target=\"_TOP\">V\u00e9ronique Darmangeat<\/a><br \/>\n<a title=\"V\u00e9ronique Darmangeat\" href=\"https:\/\/www.facebook.com\/consultante.en.lactation\" target=\"_blank\" rel=\"noopener\"><img loading=\"lazy\" decoding=\"async\" style=\"border: 0px;\" src=\"http:\/\/badge.facebook.com\/badge\/1825490084.1679.1140231271.png\" alt=\"\" width=\"120\" height=\"100\" \/><\/a><br \/>\n<!-- Facebook Badge END --><\/p>\n","protected":false},"excerpt":{"rendered":"<p>V\u00e9ronique Darmangeat tient ce blog allaitement et travail pour permettre aux femmes d&rsquo;\u00e9changer sur les th\u00e8mes li\u00e9s \u00e0 l&rsquo;allaitement et la reprise du travail.<\/p>\n","protected":false},"author":170,"featured_media":7949,"parent":0,"menu_order":1,"comment_status":"closed","ping_status":"closed","template":"","meta":{"_et_pb_use_builder":"","_et_pb_old_content":"","_et_gb_content_width":"","footnotes":""},"class_list":["post-2","page","type-page","status-publish","has-post-thumbnail","hentry"],"yoast_head":"<!-- This site is optimized with the Yoast SEO plugin v27.4 - https:\/\/yoast.com\/product\/yoast-seo-wordpress\/ -->\n<title>blog allaitement et travail<\/title>\n<meta name=\"description\" content=\"V\u00e9ronique Darmangeat tient ce blog allaitement et travail pour permettre aux femmes d&#039;\u00e9changer sur les th\u00e8mes li\u00e9s \u00e0 l&#039;allaitement et la reprise du travail.\" \/>\n<meta name=\"robots\" content=\"index, follow, max-snippet:-1, max-image-preview:large, max-video-preview:-1\" \/>\n<link rel=\"canonical\" href=\"https:\/\/www.lactissima.com\/a-tire-d-ailes\/blog-allaitement-et-travail\/\" \/>\n<meta property=\"og:locale\" content=\"fr_FR\" \/>\n<meta property=\"og:type\" content=\"article\" \/>\n<meta property=\"og:title\" content=\"blog allaitement et travail\" \/>\n<meta property=\"og:description\" content=\"V\u00e9ronique Darmangeat tient ce blog allaitement et travail pour permettre aux femmes d&#039;\u00e9changer sur les th\u00e8mes li\u00e9s \u00e0 l&#039;allaitement et la reprise du travail.\" \/>\n<meta property=\"og:url\" content=\"https:\/\/www.lactissima.com\/a-tire-d-ailes\/blog-allaitement-et-travail\/\" \/>\n<meta property=\"og:site_name\" content=\"A tire d&#039;Ailes\" \/>\n<meta property=\"article:publisher\" content=\"https:\/\/www.facebook.com\/consultante.en.lactation\" \/>\n<meta property=\"article:modified_time\" content=\"2018-12-18T07:40:59+00:00\" \/>\n<meta property=\"og:image\" content=\"https:\/\/www.lactissima.com\/a-tire-d-ailes\/wp-content\/uploads\/2018\/12\/D75_2880.jpg\" \/>\n\t<meta property=\"og:image:width\" content=\"534\" \/>\n\t<meta property=\"og:image:height\" content=\"800\" \/>\n\t<meta property=\"og:image:type\" content=\"image\/jpeg\" \/>\n<meta name=\"twitter:card\" content=\"summary_large_image\" \/>\n<meta name=\"twitter:site\" content=\"@VeroniqueIBCLC\" \/>\n<meta name=\"twitter:label1\" content=\"Dur\u00e9e de lecture estim\u00e9e\" \/>\n\t<meta name=\"twitter:data1\" content=\"2 minutes\" \/>\n<script type=\"application\/ld+json\" class=\"yoast-schema-graph\">{\"@context\":\"https:\\\/\\\/schema.org\",\"@graph\":[{\"@type\":\"WebPage\",\"@id\":\"https:\\\/\\\/www.lactissima.com\\\/a-tire-d-ailes\\\/blog-allaitement-et-travail\\\/\",\"url\":\"https:\\\/\\\/www.lactissima.com\\\/a-tire-d-ailes\\\/blog-allaitement-et-travail\\\/\",\"name\":\"blog allaitement et travail\",\"isPartOf\":{\"@id\":\"https:\\\/\\\/www.lactissima.com\\\/a-tire-d-ailes\\\/#website\"},\"primaryImageOfPage\":{\"@id\":\"https:\\\/\\\/www.lactissima.com\\\/a-tire-d-ailes\\\/blog-allaitement-et-travail\\\/#primaryimage\"},\"image\":{\"@id\":\"https:\\\/\\\/www.lactissima.com\\\/a-tire-d-ailes\\\/blog-allaitement-et-travail\\\/#primaryimage\"},\"thumbnailUrl\":\"https:\\\/\\\/www.lactissima.com\\\/a-tire-d-ailes\\\/wp-content\\\/uploads\\\/2018\\\/12\\\/D75_2880.jpg\",\"datePublished\":\"2008-12-29T18:14:20+00:00\",\"dateModified\":\"2018-12-18T07:40:59+00:00\",\"description\":\"V\u00e9ronique Darmangeat tient ce blog allaitement et travail pour permettre aux femmes d'\u00e9changer sur les th\u00e8mes li\u00e9s \u00e0 l'allaitement et la reprise du travail.\",\"breadcrumb\":{\"@id\":\"https:\\\/\\\/www.lactissima.com\\\/a-tire-d-ailes\\\/blog-allaitement-et-travail\\\/#breadcrumb\"},\"inLanguage\":\"fr-FR\",\"potentialAction\":[{\"@type\":\"ReadAction\",\"target\":[\"https:\\\/\\\/www.lactissima.com\\\/a-tire-d-ailes\\\/blog-allaitement-et-travail\\\/\"]}]},{\"@type\":\"ImageObject\",\"inLanguage\":\"fr-FR\",\"@id\":\"https:\\\/\\\/www.lactissima.com\\\/a-tire-d-ailes\\\/blog-allaitement-et-travail\\\/#primaryimage\",\"url\":\"https:\\\/\\\/www.lactissima.com\\\/a-tire-d-ailes\\\/wp-content\\\/uploads\\\/2018\\\/12\\\/D75_2880.jpg\",\"contentUrl\":\"https:\\\/\\\/www.lactissima.com\\\/a-tire-d-ailes\\\/wp-content\\\/uploads\\\/2018\\\/12\\\/D75_2880.jpg\",\"width\":534,\"height\":800},{\"@type\":\"BreadcrumbList\",\"@id\":\"https:\\\/\\\/www.lactissima.com\\\/a-tire-d-ailes\\\/blog-allaitement-et-travail\\\/#breadcrumb\",\"itemListElement\":[{\"@type\":\"ListItem\",\"position\":1,\"name\":\"Accueil\",\"item\":\"https:\\\/\\\/www.lactissima.com\\\/a-tire-d-ailes\\\/\"},{\"@type\":\"ListItem\",\"position\":2,\"name\":\"A propos\"}]},{\"@type\":\"WebSite\",\"@id\":\"https:\\\/\\\/www.lactissima.com\\\/a-tire-d-ailes\\\/#website\",\"url\":\"https:\\\/\\\/www.lactissima.com\\\/a-tire-d-ailes\\\/\",\"name\":\"A tire d&#039;Ailes\",\"description\":\"Le blog des femmes qui allaitent et travaillent.\",\"potentialAction\":[{\"@type\":\"SearchAction\",\"target\":{\"@type\":\"EntryPoint\",\"urlTemplate\":\"https:\\\/\\\/www.lactissima.com\\\/a-tire-d-ailes\\\/?s={search_term_string}\"},\"query-input\":{\"@type\":\"PropertyValueSpecification\",\"valueRequired\":true,\"valueName\":\"search_term_string\"}}],\"inLanguage\":\"fr-FR\"}]}<\/script>\n<!-- \/ Yoast SEO plugin. -->","yoast_head_json":{"title":"blog allaitement et travail","description":"V\u00e9ronique Darmangeat tient ce blog allaitement et travail pour permettre aux femmes d'\u00e9changer sur les th\u00e8mes li\u00e9s \u00e0 l'allaitement et la reprise du travail.","robots":{"index":"index","follow":"follow","max-snippet":"max-snippet:-1","max-image-preview":"max-image-preview:large","max-video-preview":"max-video-preview:-1"},"canonical":"https:\/\/www.lactissima.com\/a-tire-d-ailes\/blog-allaitement-et-travail\/","og_locale":"fr_FR","og_type":"article","og_title":"blog allaitement et travail","og_description":"V\u00e9ronique Darmangeat tient ce blog allaitement et travail pour permettre aux femmes d'\u00e9changer sur les th\u00e8mes li\u00e9s \u00e0 l'allaitement et la reprise du travail.","og_url":"https:\/\/www.lactissima.com\/a-tire-d-ailes\/blog-allaitement-et-travail\/","og_site_name":"A tire d&#039;Ailes","article_publisher":"https:\/\/www.facebook.com\/consultante.en.lactation","article_modified_time":"2018-12-18T07:40:59+00:00","og_image":[{"width":534,"height":800,"url":"https:\/\/www.lactissima.com\/a-tire-d-ailes\/wp-content\/uploads\/2018\/12\/D75_2880.jpg","type":"image\/jpeg"}],"twitter_card":"summary_large_image","twitter_site":"@VeroniqueIBCLC","twitter_misc":{"Dur\u00e9e de lecture estim\u00e9e":"2 minutes"},"schema":{"@context":"https:\/\/schema.org","@graph":[{"@type":"WebPage","@id":"https:\/\/www.lactissima.com\/a-tire-d-ailes\/blog-allaitement-et-travail\/","url":"https:\/\/www.lactissima.com\/a-tire-d-ailes\/blog-allaitement-et-travail\/","name":"blog allaitement et travail","isPartOf":{"@id":"https:\/\/www.lactissima.com\/a-tire-d-ailes\/#website"},"primaryImageOfPage":{"@id":"https:\/\/www.lactissima.com\/a-tire-d-ailes\/blog-allaitement-et-travail\/#primaryimage"},"image":{"@id":"https:\/\/www.lactissima.com\/a-tire-d-ailes\/blog-allaitement-et-travail\/#primaryimage"},"thumbnailUrl":"https:\/\/www.lactissima.com\/a-tire-d-ailes\/wp-content\/uploads\/2018\/12\/D75_2880.jpg","datePublished":"2008-12-29T18:14:20+00:00","dateModified":"2018-12-18T07:40:59+00:00","description":"V\u00e9ronique Darmangeat tient ce blog allaitement et travail pour permettre aux femmes d'\u00e9changer sur les th\u00e8mes li\u00e9s \u00e0 l'allaitement et la reprise du travail.","breadcrumb":{"@id":"https:\/\/www.lactissima.com\/a-tire-d-ailes\/blog-allaitement-et-travail\/#breadcrumb"},"inLanguage":"fr-FR","potentialAction":[{"@type":"ReadAction","target":["https:\/\/www.lactissima.com\/a-tire-d-ailes\/blog-allaitement-et-travail\/"]}]},{"@type":"ImageObject","inLanguage":"fr-FR","@id":"https:\/\/www.lactissima.com\/a-tire-d-ailes\/blog-allaitement-et-travail\/#primaryimage","url":"https:\/\/www.lactissima.com\/a-tire-d-ailes\/wp-content\/uploads\/2018\/12\/D75_2880.jpg","contentUrl":"https:\/\/www.lactissima.com\/a-tire-d-ailes\/wp-content\/uploads\/2018\/12\/D75_2880.jpg","width":534,"height":800},{"@type":"BreadcrumbList","@id":"https:\/\/www.lactissima.com\/a-tire-d-ailes\/blog-allaitement-et-travail\/#breadcrumb","itemListElement":[{"@type":"ListItem","position":1,"name":"Accueil","item":"https:\/\/www.lactissima.com\/a-tire-d-ailes\/"},{"@type":"ListItem","position":2,"name":"A propos"}]},{"@type":"WebSite","@id":"https:\/\/www.lactissima.com\/a-tire-d-ailes\/#website","url":"https:\/\/www.lactissima.com\/a-tire-d-ailes\/","name":"A tire d&#039;Ailes","description":"Le blog des femmes qui allaitent et travaillent.","potentialAction":[{"@type":"SearchAction","target":{"@type":"EntryPoint","urlTemplate":"https:\/\/www.lactissima.com\/a-tire-d-ailes\/?s={search_term_string}"},"query-input":{"@type":"PropertyValueSpecification","valueRequired":true,"valueName":"search_term_string"}}],"inLanguage":"fr-FR"}]}},"_links":{"self":[{"href":"https:\/\/www.lactissima.com\/a-tire-d-ailes\/wp-json\/wp\/v2\/pages\/2","targetHints":{"allow":["GET"]}}],"collection":[{"href":"https:\/\/www.lactissima.com\/a-tire-d-ailes\/wp-json\/wp\/v2\/pages"}],"about":[{"href":"https:\/\/www.lactissima.com\/a-tire-d-ailes\/wp-json\/wp\/v2\/types\/page"}],"author":[{"embeddable":true,"href":"https:\/\/www.lactissima.com\/a-tire-d-ailes\/wp-json\/wp\/v2\/users\/170"}],"replies":[{"embeddable":true,"href":"https:\/\/www.lactissima.com\/a-tire-d-ailes\/wp-json\/wp\/v2\/comments?post=2"}],"version-history":[{"count":58,"href":"https:\/\/www.lactissima.com\/a-tire-d-ailes\/wp-json\/wp\/v2\/pages\/2\/revisions"}],"predecessor-version":[{"id":7950,"href":"https:\/\/www.lactissima.com\/a-tire-d-ailes\/wp-json\/wp\/v2\/pages\/2\/revisions\/7950"}],"wp:featuredmedia":[{"embeddable":true,"href":"https:\/\/www.lactissima.com\/a-tire-d-ailes\/wp-json\/wp\/v2\/media\/7949"}],"wp:attachment":[{"href":"https:\/\/www.lactissima.com\/a-tire-d-ailes\/wp-json\/wp\/v2\/media?parent=2"}],"curies":[{"name":"wp","href":"https:\/\/api.w.org\/{rel}","templated":true}]}}