{"id":1179,"date":"2010-03-17T19:51:01","date_gmt":"2010-03-17T17:51:01","guid":{"rendered":"https:\/\/www.lactissima.com\/a-tire-d-ailes\/?page_id=1179"},"modified":"2020-07-02T10:52:59","modified_gmt":"2020-07-02T08:52:59","slug":"temoignages-travail-et-allaitement","status":"publish","type":"page","link":"https:\/\/www.lactissima.com\/a-tire-d-ailes\/temoignages-travail-et-allaitement\/","title":{"rendered":"T\u00e9moignages"},"content":{"rendered":"<p style=\"text-align: justify;\"><a href=\"https:\/\/www.lactissima.com\/a-tire-d-ailes\/wp-content\/uploads\/2013\/05\/allaitement-V\u00e9rane.jpg\"><img loading=\"lazy\" decoding=\"async\" class=\"alignright size-medium wp-image-3991\" src=\"https:\/\/www.lactissima.com\/a-tire-d-ailes\/wp-content\/uploads\/2013\/05\/allaitement-V\u00e9rane-225x300.jpg\" alt=\"t\u00e9moignages travail et allaitement\" width=\"225\" height=\"300\" srcset=\"https:\/\/www.lactissima.com\/a-tire-d-ailes\/wp-content\/uploads\/2013\/05\/allaitement-V\u00e9rane-225x300.jpg 225w, https:\/\/www.lactissima.com\/a-tire-d-ailes\/wp-content\/uploads\/2013\/05\/allaitement-V\u00e9rane.jpg 270w\" sizes=\"(max-width: 225px) 100vw, 225px\" \/><\/a>Les <span style=\"color: #333333;\"><a title=\"t\u00e9moignage travail et allaitement\" href=\"https:\/\/www.lactissima.com\/a-tire-d-ailes\/temoignages-travail-et-allaitement\/\"><span style=\"color: #333333;\">t\u00e9moignages travail et allaitement<\/span><\/a><\/span> pour d\u00e9couvrir toutes les mani\u00e8res de faire et trouver la v\u00f4tre.<\/p>\n<p><a href=\"https:\/\/www.lactissima.com\/a-tire-d-ailes\/allaiter-et-travailler-le-temoignage-de-mathilde\/\">Allaiter et travailler : le t\u00e9moignage de Mathilde<\/a><\/p>\n<p>Mathilde a tir\u00e9 son lait au travail pour ses deux enfants, parfois m\u00eame en compagnie d&rsquo;une coll\u00e8gue.<\/p>\n<p><a href=\"https:\/\/www.lactissima.com\/a-tire-d-ailes\/?p=8219&amp;preview=true\">Allaiter et travailler : le t\u00e9moignage d\u2019Amandine<\/a><\/p>\n<p>Amandine a poursuivi son allaitement \u00e0 la reprise du travail et a allait\u00e9 sa fille jusqu\u2019\u00e0 ses 4 ans<\/p>\n<p><a href=\"https:\/\/www.lactissima.com\/a-tire-d-ailes\/?p=8212&amp;preview=true\">Allaiter et travailler : le t\u00e9moignage d&rsquo;Alice<\/a><\/p>\n<p>Alice a poursuivi son allaitement \u00e0 la reprise du travail et a allait\u00e9 son fils jusqu&rsquo;\u00e0 ses 3 ans<\/p>\n<p><span style=\"color: #008080;\"><a style=\"color: #008080;\" href=\"https:\/\/www.lactissima.com\/a-tire-d-ailes\/travailler-et-allaiter-le-temoignage-de-amandine\/\" target=\"_blank\" rel=\"noopener noreferrer\">L\u2019allaitement sans a priori : le t\u00e9moignage d\u2019Amandine<\/a><\/span><\/p>\n<p>Amandine \u00e0 poursuivi son allaitement \u00e0 la reprise de son travail et allait\u00e9 sa fille jusqu&rsquo;\u00e0 ses 25 mois.<\/p>\n<p style=\"text-align: justify;\"><a href=\"https:\/\/www.lactissima.com\/a-tire-d-ailes\/travailler-et-allaiter-le-temoignage-de-marion\/\">Chaque allaitement est diff\u00e9rent : le t\u00e9moignage de Marion<\/a><\/p>\n<p style=\"text-align: justify;\">Marion allaite son troisi\u00e8me enfant et se passe en m\u00e9moire les deux premiers.<\/p>\n<p style=\"text-align: justify;\"><a href=\"https:\/\/www.lactissima.com\/a-tire-d-ailes\/allaiter-et-travailler-le-temoignage-de-malika\/\">Allaiter et travailler : le t\u00e9moignage de Malika<\/a><\/p>\n<p style=\"text-align: justify;\">Malika a poursuivi son allaitement \u00e0 la reprise du travail et a allait\u00e9 sa fille jusqu&rsquo;\u00e0 ses 2 ans et demi.<\/p>\n<p><a href=\"https:\/\/www.lactissima.com\/a-tire-d-ailes\/allaiter-et-travailler-le-temoignage-de-carine\/\">Allaiter et travailler: le t\u00e9moignage de Carine<\/a><\/p>\n<p>Carine a tir\u00e9 son lait au travail mais a parfois eu du mal \u00e0 obtenir les quantit\u00e9s souhait\u00e9es.<\/p>\n<p><a href=\"https:\/\/www.lactissima.com\/a-tire-d-ailes\/allaiter-et-travailler-le-temoignage-de-valentine\/\" target=\"_blank\" rel=\"noopener noreferrer\">Allaiter et travailler : le t\u00e9moignage de Valentine<\/a><\/p>\n<p>Valentine est enseignante et a r\u00e9ussi \u00e0 tirer son lait \u00e0 l&rsquo;\u00e9cole pour pouvoir poursuivre un allaitement exclusif.<\/p>\n<p><a href=\"https:\/\/www.lactissima.com\/a-tire-d-ailes\/allaiter-et-travailler-le-temoignage-de-dodie\/\" target=\"_blank\" rel=\"noopener noreferrer\">Allaiter et travailler : le t\u00e9moignage de Dodie<\/a><\/p>\n<p>Dodie n&rsquo;a pas fait les m\u00eames choix \u00e0 la reprise du travail pour chacun de ses enfants&#8230;<\/p>\n<p style=\"text-align: justify;\"><a href=\"https:\/\/www.lactissima.com\/a-tire-d-ailes\/allaiter-et-travailler-le-temoignage-de-cecile-3\/\" target=\"_blank\" rel=\"noopener noreferrer\">Allaiter et travailler : le t\u00e9moignage de C\u00e9cile<\/a><\/p>\n<p style=\"text-align: justify;\">C\u00e9cile a allait\u00e9 ses deux enfants en reprenant le travail tr\u00e8s t\u00f4t pour l&rsquo;ain\u00e9e. Elle a ainsi pu continuer d&rsquo;allaiter autant que ses enfant l&rsquo;ont voulu.<\/p>\n<p><a href=\"https:\/\/www.lactissima.com\/a-tire-d-ailes\/travailler-et-allaiter-le-temoignage-de-delphine\/\" target=\"_blank\" rel=\"noopener noreferrer\">Travailler et allaiter : le t\u00e9moignage de Delphine<\/a><\/p>\n<p>Delphine a tir\u00e9 son lait en toutes circonstances lors de ses d\u00e9placements professionnels y compris en avion et dans les a\u00e9roports.<\/p>\n<p style=\"text-align: justify;\"><a href=\"https:\/\/www.lactissima.com\/a-tire-d-ailes\/voyage-professionnel-sans-bebe-et-poursuite-de-lallaitement-cest-possible\/\" target=\"_blank\" rel=\"noopener noreferrer\">Voyage professionnel sans b\u00e9b\u00e9 et poursuite de l\u2019allaitement, c\u2019est possible !<\/a><\/p>\n<p style=\"text-align: justify;\">Emmanuelle est partie 8 jours en Inde en d\u00e9placement professionnel et a maintenu son allaitement.<\/p>\n<p><a href=\"https:\/\/www.lactissima.com\/a-tire-d-ailes\/le-sevrage-dun-bambin-sonia\/\" target=\"_blank\" rel=\"noopener noreferrer\">Le sevrage d&rsquo;un bambin : Sonia<\/a><\/p>\n<p>Sonia a allait\u00e9 sa fille jusqu&rsquo;\u00e0 plus de 3 ans et l&rsquo;a sevr\u00e9e par \u00e9tapes.<\/p>\n<p><a href=\"https:\/\/www.lactissima.com\/a-tire-d-ailes\/allaiter-et-travailler-le-temoignage-de-florence-3\/\" target=\"_blank\" rel=\"noopener noreferrer\">Allaiter et travailler : le t\u00e9moignage de Florence<\/a><\/p>\n<p>Florence a stock\u00e9 son lait sous forme de gla\u00e7ons&#8230;<\/p>\n<p><a href=\"https:\/\/www.lactissima.com\/a-tire-d-ailes\/allaiter-et-travailler-le-temoignage-de-yacine\/\" target=\"_blank\" rel=\"noopener noreferrer\">Allaiter et travailler : le t\u00e9moignage de Yacine<\/a><\/p>\n<p>Yacine n&rsquo;a tir\u00e9 son lait que \u00e0 la maison et pas sur son lieu de travail et a r\u00e9ussi \u00e0 maintenir son allaitement. Un bel encouragement pour toutes les mamans.<\/p>\n<p><a href=\"https:\/\/www.lactissima.com\/a-tire-d-ailes\/allaiter-et-travailler-le-temoignage-de-celine-2\/\" target=\"_blank\" rel=\"noopener noreferrer\">Allaiter et travailler : le t\u00e9moignage de C\u00e9line<\/a><\/p>\n<p>C\u00e9line est avocate. Elle n&rsquo;a rien demand\u00e9 au travail et a poursuivi son allaitement tout en tirant son lait.<\/p>\n<p><a href=\"https:\/\/www.lactissima.com\/a-tire-d-ailes\/allaiter-et-travailler-le-temoignage-de-sophie-3\/\" target=\"_blank\" rel=\"noopener noreferrer\">Allaiter et travailler : le t\u00e9moignage de Sophie<\/a><\/p>\n<p>Sophie est m\u00e9decin anesth\u00e9siste est a tir\u00e9 son lait au travail.<\/p>\n<p style=\"text-align: justify;\"><a href=\"https:\/\/www.lactissima.com\/a-tire-d-ailes\/allaiter-et-travailler-le-temoignage-de-celine\/\" target=\"_blank\" rel=\"noopener noreferrer\">Allaiter et travailler : le t\u00e9moignage de C\u00e9line<\/a><\/p>\n<p style=\"text-align: justify;\">C\u00e9line a repris le travail en tirant son lait, \u00e0 flux tendu, sans marge de man\u0153uvre. Et gr\u00e2ce \u00e0 son assistante maternelle, \u00e7a a march\u00e9 !<\/p>\n<p style=\"text-align: justify;\"><a href=\"https:\/\/www.lactissima.com\/a-tire-d-ailes\/le-temoignage-daudrey-son-allaitement-et-sa-reprise-du-travail\/\" target=\"_blank\" rel=\"noopener noreferrer\">Le t\u00e9moignage d&rsquo;Audrey : son allaitement&#8230;et sa reprise du travail<\/a><\/p>\n<p style=\"text-align: justify;\">Audrey a d\u00e9marr\u00e9 un allaitement compliqu\u00e9. A la reprise du travail, elle a poursuivi l&rsquo;allaitement, sans tirer son lait.<\/p>\n<p style=\"text-align: justify;\"><a href=\"https:\/\/www.lactissima.com\/a-tire-d-ailes\/le-temoignage-dhelene-son-allaitement-et-sa-reprise-du-travail\/\" target=\"_blank\" rel=\"noopener noreferrer\">Le t\u00e9moignage d&rsquo;H\u00e9l\u00e8ne : son allaitement&#8230;et sa reprise du travail<\/a><\/p>\n<p style=\"text-align: justify;\">H\u00e9l\u00e8ne allaite depuis 10 mois, tout en travaillant et surtout en souffrant d&rsquo;une candidose chronique&#8230;<\/p>\n<p style=\"text-align: justify;\"><a href=\"https:\/\/www.lactissima.com\/a-tire-d-ailes\/lallaitement-de-jumelles-le-temoignage-de-ghislaine\/\" target=\"_blank\" rel=\"noopener noreferrer\">L&rsquo;allaitement de jumelles : le t\u00e9moignage de Ghislaine<\/a><\/p>\n<p style=\"text-align: justify;\">Allaiter des jumeaux est tr\u00e8s prenant. Mais Ghislaine est tr\u00e8s fi\u00e8re de l&rsquo;avoir r\u00e9ussi !<\/p>\n<p style=\"text-align: justify;\"><a href=\"https:\/\/www.lactissima.com\/a-tire-d-ailes\/allaiter-et-travailler-le-temoignage-d-elsa\/\" target=\"_blank\" rel=\"noopener noreferrer\">Allaiter et travailler : le t\u00e9moignage d&rsquo;Elsa<\/a><\/p>\n<p style=\"text-align: justify;\">Elsa s&rsquo;est aper\u00e7ue qu&rsquo;elle n&rsquo;\u00e9tait pas oblig\u00e9e de tirer son lait pour maintenir son allaitement en reprenant le travail.<\/p>\n<p><a href=\"https:\/\/www.lactissima.com\/a-tire-d-ailes\/allaiter-et-travailler-le-temoignage-de-myrtille\/\" target=\"_blank\" rel=\"noopener noreferrer\">Allaiter et travailler : le t\u00e9moignage de Myrtille<\/a><\/p>\n<p>Myrtille a choisi de reprendre le travail aux 10 mois de sa fille et de tirer son lait au travail.<\/p>\n<p><a href=\"https:\/\/www.lactissima.com\/a-tire-d-ailes\/allaiter-et-travailler-le-temoignage-de-sandra\/\" target=\"_blank\" rel=\"noopener noreferrer\">Allaiter et travailler : le t\u00e9moignage de Sandra<\/a><\/p>\n<p>Sandra nous livre son exp\u00e9rience au fil des jours.<\/p>\n<p style=\"text-align: justify;\"><a href=\"https:\/\/www.lactissima.com\/a-tire-d-ailes\/allaiter-travailler-temoignage-de-viviane\/\" target=\"_blank\" rel=\"noopener noreferrer\">Allaiter et travailler : le t\u00e9moignage de Viviane<\/a><\/p>\n<p style=\"text-align: justify;\">Viviane est aide-soignante et poursuivre l&rsquo;allaitement \u00e0 la reprise du travail lui semblait impossible au d\u00e9part&#8230;<\/p>\n<p style=\"text-align: justify;\"><a href=\"https:\/\/www.lactissima.com\/a-tire-d-ailes\/allaiter-et-travailler-le-temoignage-de-noemie\/\" target=\"_blank\" rel=\"noopener noreferrer\">Allaiter et travailler : le t\u00e9moignage de No\u00e9mie<\/a><\/p>\n<p style=\"text-align: justify;\">No\u00e9mie est v\u00e9t\u00e9rinaire et poursuivre l&rsquo;allaitement \u00e0 la reprise du travail a \u00e9t\u00e9 un challenge.<\/p>\n<p style=\"text-align: justify;\"><a href=\"https:\/\/www.lactissima.com\/a-tire-d-ailes\/allaiter-travailler-temoignage-de-virginie-3\/\" target=\"_blank\" rel=\"noopener noreferrer\">Allaiter et travailler : le t\u00e9moignage de Virginie<\/a><\/p>\n<p style=\"text-align: justify;\">Virginie a tir\u00e9 son lait au travail&#8230;mais son b\u00e9b\u00e9 a refus\u00e9 les biberons la journ\u00e9e et compens\u00e9 en t\u00e9tant la nuit.<\/p>\n<p style=\"text-align: justify;\"><a href=\"https:\/\/www.lactissima.com\/a-tire-d-ailes\/allaiter-et-travailler-le-temoignage-de-salima\/\" target=\"_blank\" rel=\"noopener noreferrer\">Allaiter et travailler : le t\u00e9moignage de Salima<\/a><\/p>\n<p style=\"text-align: justify;\">Salima a choisi \u00e0 la fois de tirer son lait \u00e0 la reprise du travail mais aussi d&rsquo;aller allaiter son b\u00e9b\u00e9 \u00e0 la cr\u00e8che le midi.<\/p>\n<p style=\"text-align: justify;\"><a href=\"https:\/\/www.lactissima.com\/a-tire-d-ailes\/allaiter-et-travailler-le-temoignage-demilie-4\/\" target=\"_blank\" rel=\"noopener noreferrer\">Allaiter et travailler : le t\u00e9moignage d&rsquo;Emilie<\/a><\/p>\n<p style=\"text-align: justify;\">Emilie a mis en place un allaitement mixte \u00e0 la reprise du travail tout en tirant son lait sur son lieu de travail.<\/p>\n<p style=\"text-align: justify;\"><a href=\"https:\/\/www.lactissima.com\/a-tire-d-ailes\/allaiter-travailler-temoignage-de-fanny-3\/\" target=\"_blank\" rel=\"noopener noreferrer\">Allaiter et travailler : le t\u00e9moignage de Fanny<\/a><\/p>\n<p style=\"text-align: justify;\">Fanny a b\u00e9n\u00e9fici\u00e9 de coll\u00e8gues de travail encourageantes pour tirer son lait au travail.<\/p>\n<p style=\"text-align: justify;\"><a href=\"https:\/\/www.lactissima.com\/a-tire-d-ailes\/allaiter-et-travailler-le-temoignage-de-marie-catherine\/\" target=\"_blank\" rel=\"noopener noreferrer\">\u00a0Allaiter et travailler : le t\u00e9moignage de Marie-Catherine<\/a><\/p>\n<p style=\"text-align: justify;\">Marie-Catherine a tir\u00e9 son lait au travail pendant un an, pour le plus grand bonheur de sa fille !<\/p>\n<p style=\"text-align: justify;\"><a href=\"https:\/\/www.lactissima.com\/a-tire-d-ailes\/allaiter-travailler-temoignage-de-charlotte\/\" target=\"_blank\" rel=\"noopener noreferrer\">Allaiter et travailler : le t\u00e9moignage de Charlotte<\/a><\/p>\n<p style=\"text-align: justify;\">Charlotte a tir\u00e9 son lait au travail malgr\u00e9 une direction qui lui avait dit non !<\/p>\n<p style=\"text-align: justify;\"><a href=\"https:\/\/www.lactissima.com\/a-tire-d-ailes\/allaiter-travailler-temoignage-daminata\/\" target=\"_blank\" rel=\"noopener noreferrer\">Allaiter et travailler : le t\u00e9moignage d&rsquo;Aminata<\/a><\/p>\n<p style=\"text-align: justify;\">Envers et contre tous, Aminata a tir\u00e9 son lait au travail, dans des conditions difficiles.<\/p>\n<p style=\"text-align: justify;\"><a href=\"https:\/\/www.lactissima.com\/a-tire-d-ailes\/allaiter-travailler-temoignage-demilie-4\/\" target=\"_blank\" rel=\"noopener noreferrer\">Allaiter et travailler : le t\u00e9moignage d&rsquo;Emilie<\/a><\/p>\n<p style=\"text-align: justify;\">Emilie a choisi de reprendre le travail sans stock de lait, sans avoir commenc\u00e9 \u00e0 donner le biberon, juste en tirant son lait pour la cr\u00e8che&#8230;et \u00e7a marche !<\/p>\n<p style=\"text-align: justify;\"><a href=\"https:\/\/www.lactissima.com\/a-tire-d-ailes\/allaiter-travailler-temoignage-dadeline\/\" target=\"_blank\" rel=\"noopener noreferrer\">Allaiter et travailler : le t\u00e9moignage d&rsquo;Adeline<\/a><\/p>\n<p style=\"text-align: justify;\">Adeline a poursuivi l&rsquo;allaitement \u00e0 la reprise du travail mais a d\u00fb changer deux fois de nounou avant de trouver quelqu&rsquo;un qui accepte l&rsquo;allaitement.<\/p>\n<p style=\"text-align: justify;\"><a href=\"https:\/\/www.lactissima.com\/a-tire-d-ailes\/allaiter-travailler-temoignage-de-natalia\/\" target=\"_blank\" rel=\"noopener noreferrer\">Allaiter et travailler : le t\u00e9moignage de Natalia<\/a><\/p>\n<p style=\"text-align: justify;\">La lactation de Natalia s&rsquo;est effondr\u00e9e \u00e0 la reprise du travail et le sevrage a \u00e9t\u00e9 tr\u00e8s douloureux !<\/p>\n<p style=\"text-align: justify;\"><a href=\"https:\/\/www.lactissima.com\/a-tire-d-ailes\/le-refus-du-biberon\/\" target=\"_blank\" rel=\"noopener noreferrer\">Le refus du biberon : le t\u00e9moignage de Narjes<\/a><\/p>\n<p style=\"text-align: justify;\">Lana refusait le biberon et s&rsquo;\u00e9tait braqu\u00e9e. Il a donc fallu lui laisser le temps et lui permettre de l&rsquo;apprivoiser, redonner confiance \u00e0 ses parents.<\/p>\n<p style=\"text-align: justify;\"><a href=\"https:\/\/www.lactissima.com\/a-tire-d-ailes\/allaiter-et-travailler-le-temoignage-destelle-2\/\">Allaiter et travailler : le t\u00e9moignage d&rsquo;Estelle<\/a><\/p>\n<p style=\"text-align: justify;\">Estelle est orthophoniste et a choisi de poursuivre l&rsquo;allaitement \u00e0 la reprise du travail malgr\u00e9 un d\u00e9but chaotique. Elle a tir\u00e9 450 ml par jour au travail.<\/p>\n<p style=\"text-align: justify;\"><a href=\"https:\/\/www.lactissima.com\/a-tire-d-ailes\/allaiter-et-travailler-le-temoignage-de-leslie-2\/\" target=\"_blank\" rel=\"noopener noreferrer\">Allaiter et travailler : le t\u00e9moignage de Leslie<\/a><\/p>\n<p style=\"text-align: justify;\">Leslie est enseignante en maternelle et a r\u00e9ussi \u00e0 tirer son lait au travail pendant plus d&rsquo;un an. Elle vous explique comment elle a fait.<\/p>\n<p style=\"text-align: justify;\"><a href=\"https:\/\/www.lactissima.com\/a-tire-d-ailes\/allaiter-et-travailler-le-temoignage-de-fanny-2\/\">Allaiter et travailler : le t\u00e9moignage de Fanny<\/a><\/p>\n<p style=\"text-align: justify;\">Fanny a choisi de tirer son lait au travail mais cela n&rsquo;a pas toujours \u00e9t\u00e9 facile, que ce soit au travail ou avec la cr\u00e8che.<\/p>\n<p style=\"text-align: justify;\"><a href=\"https:\/\/www.lactissima.com\/a-tire-d-ailes\/refus-biberon-temoignage\/\" target=\"_blank\" rel=\"noopener noreferrer\">Refus du biberon : t\u00e9moignage<\/a><\/p>\n<p style=\"text-align: justify;\">Un excellent t\u00e9moignage d&rsquo;une maman sur le refus du biberon de son b\u00e9b\u00e9.<\/p>\n<p style=\"text-align: justify;\"><a href=\"https:\/\/www.lactissima.com\/a-tire-d-ailes\/allaiter-travailler-temoignage-de-delphine-2\/\" target=\"_blank\" rel=\"noopener noreferrer\">Allaiter et travailler : le t\u00e9moignage de Delphine<\/a><\/p>\n<p style=\"text-align: justify;\">Delphine est infirmi\u00e8re en n\u00e9onatalogie et a choisi de poursuivre l&rsquo;allaitement et de tirer son lait \u00e0 la reprise du travail<\/p>\n<p style=\"text-align: justify;\"><a href=\"https:\/\/www.lactissima.com\/a-tire-d-ailes\/allaiter-travailler-temoignage-de\/\" target=\"_blank\" rel=\"noopener noreferrer\">Allaiter et travailler : le t\u00e9moignage de Sophie<\/a><\/p>\n<p style=\"text-align: justify;\">Sophie est infirmi\u00e8re pu\u00e9ricultrice et \u00e9l\u00e8ve seule son fils. L&rsquo;allaitement est un bon moyen de s&rsquo;occuper au mieux de son enfant. Elle l&rsquo;a donc poursuivi.<\/p>\n<p style=\"text-align: justify;\"><a href=\"https:\/\/www.lactissima.com\/a-tire-d-ailes\/allaiter-et-travailler-le-temoignage-de-marie-2\/\" target=\"_blank\" rel=\"noopener noreferrer\">Allaiter et travailler : le t\u00e9moignage de Marie<\/a><\/p>\n<p style=\"text-align: justify;\">Marie n&rsquo;en a fait qu&rsquo;\u00e0 sa t\u00eate pour concilier allaitement et travail, et \u00e7a lui a bien r\u00e9ussi !<\/p>\n<p style=\"text-align: justify;\"><a href=\"https:\/\/www.lactissima.com\/a-tire-d-ailes\/allaiter-et-travailler-le-temoignage-dorianne\/\">Allaiter et travailler : le t\u00e9moignage d&rsquo;Orianne<\/a><\/p>\n<p style=\"text-align: justify;\">Orianne est sage-femme et s&rsquo;est pr\u00e9par\u00e9 avant la reprise du travail en faisant des stocks de lait. Elle nous livre son t\u00e9moignage en deux partie : avant et apr\u00e8s la reprise du travail.<\/p>\n<p style=\"text-align: justify;\"><a href=\"https:\/\/www.lactissima.com\/a-tire-d-ailes\/le-tire-allaitement-d-annabelle\/\">Le tire-allaitement d&rsquo;Annabelle<\/a><\/p>\n<p style=\"text-align: justify;\">Annabelle a rencontr\u00e9 des difficult\u00e9s d&rsquo;allaitement et a du se r\u00e9soudre \u00e0 faire un tire-allaitement qui s&rsquo;est tr\u00e8s bien pass\u00e9.<\/p>\n<p style=\"text-align: justify;\"><a href=\"https:\/\/www.lactissima.com\/a-tire-d-ailes\/allaiter-travailler-temoignage-delodie\/\">Allaiter et travailler : le t\u00e9moignage d&rsquo;Elodie<\/a><\/p>\n<p style=\"text-align: justify;\">Elodie avait peur du tire-lait mais la naissance pr\u00e9matur\u00e9e de son fils l&rsquo;a familiaris\u00e9e avec et elle a d\u00e9cid\u00e9 de s&rsquo;en resservir \u00e0 la reprise du travail.<\/p>\n<p style=\"text-align: justify;\"><a href=\"https:\/\/www.lactissima.com\/a-tire-d-ailes\/suisse-temoignage-de-petronille\/\">Suisse : le t\u00e9moignage de P\u00e9tronille<\/a><\/p>\n<p style=\"text-align: justify;\">P\u00e9tronille a 4 enfants et a repris le travail en allaitant dans des conditions diff\u00e9rentes pour chaque enfant.<\/p>\n<p style=\"text-align: justify;\"><a href=\"https:\/\/www.lactissima.com\/a-tire-d-ailes\/allaiter-travailler-temoignage-de-sarah\/\">Allaiter et travailler : le t\u00e9moignage de Sarah<\/a><\/p>\n<p style=\"text-align: justify;\">Sarah a allait\u00e9 bien plus longtemps que pr\u00e9vu car la reprise du travail en lib\u00e9ral s&rsquo;est tr\u00e8s bien pass\u00e9e.<\/p>\n<p style=\"text-align: justify;\"><a href=\"https:\/\/www.lactissima.com\/a-tire-d-ailes\/suisse-le-temoignage-de-joseane\/\" target=\"_blank\" rel=\"noopener noreferrer\">Suisse : le t\u00e9moignage de Joseane<\/a><\/p>\n<p style=\"text-align: justify;\">Joseane a repris le travail en Suisse. Pour elle le tire-lait a \u00e9t\u00e9 p\u00e9nible mais elle ne regrette pas de l&rsquo;avoir fait.<\/p>\n<p style=\"text-align: justify;\"><a href=\"https:\/\/www.lactissima.com\/a-tire-d-ailes\/allaiter-travailler-temoignage-de-julie-4\/\">Allaiter et travailler : le t\u00e9moignage de Julie<\/a><\/p>\n<p style=\"text-align: justify;\">Julie a repris le travail en poursuivant l&rsquo;allaitement car son fils L\u00e9o d\u00e9pend compl\u00e8tement du lait maternel. Elle a besoin de vous !<\/p>\n<p style=\"text-align: justify;\"><a href=\"https:\/\/www.lactissima.com\/a-tire-d-ailes\/allaiter-travailler-temoignage-de-camille\/\">Allaiter et travailler : le t\u00e9moignage de Camille<\/a><\/p>\n<p style=\"text-align: justify;\">Camille a repris le travail en poursuivant l&rsquo;allaitement avec un b\u00e9b\u00e9 souffrant d&rsquo;un fort reflux et de diverses allergies.<\/p>\n<p style=\"text-align: justify;\"><a href=\"https:\/\/www.lactissima.com\/a-tire-d-ailes\/suisse-temoignage-de-sarah\/\">Suisse : le t\u00e9moignage de Sarah<\/a><\/p>\n<p style=\"text-align: justify;\">Sarah a b\u00e9n\u00e9fici\u00e9 de l&rsquo;aide de sa responsable RH pour tirer son lait sur son lieu de travail, en Suisse.<\/p>\n<p style=\"text-align: justify;\"><a href=\"https:\/\/www.lactissima.com\/a-tire-d-ailes\/refus-du-biberon-temoignage-de-caroline\/\">Refus du biberon : le t\u00e9moignage de Caroline<\/a><\/p>\n<p style=\"text-align: justify;\">Refus du biberon : cela a \u00e9t\u00e9 le cas de Cl\u00e9mentine jusqu&rsquo;\u00e0 ce que sa maman reprenne le travail et qu&rsquo;elle comprenne l&rsquo;utilit\u00e9 de le prendre.<\/p>\n<p style=\"text-align: justify;\"><a href=\"https:\/\/www.lactissima.com\/a-tire-d-ailes\/le-temoignage-de-stella\/\">Luxembourg : le t\u00e9moignage de Stella<\/a><\/p>\n<p style=\"text-align: justify;\">Stella est grecque et travaille au Luxembourg. Poursuivre l&rsquo;allaitement \u00e9tait son moyen de compenser ses 9 h d&rsquo;absence quotidiennes.<\/p>\n<p style=\"text-align: justify;\"><a href=\"https:\/\/www.lactissima.com\/a-tire-d-ailes\/allaiter-travailler-temoignage-de-marie-cecile\/\" target=\"_blank\" rel=\"noopener noreferrer\">Allaiter et travailler : le t\u00e9moignage de Marie-C\u00e9cile<\/a><\/p>\n<p style=\"text-align: justify;\">Marie-C\u00e9cile est chirurgien visc\u00e9ral. Elle a d\u00e9cid\u00e9 de tirer son lait au travail, malgr\u00e9 les horaires contraignants et un mauvais tire-lait.<\/p>\n<p style=\"text-align: justify;\"><a href=\"https:\/\/www.lactissima.com\/a-tire-d-ailes\/suisse-temoignage-de-sophie\/\" target=\"_blank\" rel=\"noopener noreferrer\">Suisse : le t\u00e9moignage de Sophie<\/a><\/p>\n<p style=\"text-align: justify;\">Sophie est infirmi\u00e8re en p\u00e9diatrie et a du s&rsquo;organiser pour poursuivre l&rsquo;allaitement en travaillant en 12 heures.<\/p>\n<p style=\"text-align: justify;\"><a href=\"https:\/\/www.lactissima.com\/a-tire-d-ailes\/allaiter-et-travailler-le-temoignage-de-justine\/\">Allaiter et travailler : le t\u00e9moignage de Justine<\/a><\/p>\n<p style=\"text-align: justify;\">Justine ne voulait pas allaiter. Finalement, non seulement elle a commenc\u00e9 \u00e0 allaiter mais elle a poursuivi \u00e0 la reprise du travail en tirant son lait.<\/p>\n<p style=\"text-align: justify;\"><a href=\"https:\/\/www.lactissima.com\/a-tire-d-ailes\/suisse-temoignage-dalyson\/\" target=\"_blank\" rel=\"noopener noreferrer\">Suisse : le t\u00e9moignage d&rsquo;Alyson<\/a><\/p>\n<p style=\"text-align: justify;\">Alyson vit en Suisse et a choisi de tirer son lait au travail.<\/p>\n<p style=\"text-align: justify;\"><a href=\"https:\/\/www.lactissima.com\/a-tire-d-ailes\/allaiter-travailler-temoignage-de-leslie-2\/\" target=\"_blank\" rel=\"noopener noreferrer\">Allaiter et travailler : le t\u00e9moignage de Leslie<\/a><\/p>\n<p style=\"text-align: justify;\">Leslie est m\u00e9decin urgentiste, ce qui ne l&rsquo;a pas emp\u00each\u00e9e de tirer son lait au travail et de poursuivre l&rsquo;allaitement de son b\u00e9b\u00e9.<\/p>\n<p style=\"text-align: justify;\"><a href=\"https:\/\/www.lactissima.com\/a-tire-d-ailes\/suisse-temoignage-de-stephanie\/\">Suisse : le t\u00e9moignage de St\u00e9phanie<\/a><\/p>\n<p style=\"text-align: justify;\">St\u00e9phanie a fait le choix de tirer son lait dans son entreprise en Suisse. Elle a du faire face \u00e0 des situations, cocasses, dr\u00f4les ou stressantes&#8230;<\/p>\n<p style=\"text-align: justify;\"><a href=\"https:\/\/www.lactissima.com\/a-tire-d-ailes\/allaiter-et-travailler-le-temoignage-de-marie-helene\/\">Allaiter et travailler : le t\u00e9moignage de Marie-H\u00e9l\u00e8ne<\/a><\/p>\n<p style=\"text-align: justify;\">Marie-H\u00e9l\u00e8ne a fait le choix de l&rsquo;allaitement long avec ses trois enfants, en reprenant le travail \u00e0 chaque fois.<\/p>\n<p style=\"text-align: justify;\"><a href=\"https:\/\/www.lactissima.com\/a-tire-d-ailes\/luxembourg-temoignage-dannabelle\/\">Luxembourg : le t\u00e9moignage d&rsquo;Annabelle<\/a><\/p>\n<p style=\"text-align: justify;\">Annabelle travaille au Luxembourg et a pu b\u00e9n\u00e9ficier de conditions favorables \u00e0 la poursuite de l&rsquo;allaitement \u00e0 la reprise du travail.<\/p>\n<p style=\"text-align: justify;\"><a href=\"https:\/\/www.lactissima.com\/a-tire-d-ailes\/allaiter-et-travailler-le-temoignage-de-fanny\/\">Allaiter et travailler : le t\u00e9moignage de Fanny<\/a><\/p>\n<p style=\"text-align: justify;\">Fanny a tir\u00e9 son lait en reprenant le travail \u00e0 80%. Elle est heureuse d&rsquo;avoir pu poursuivre son allaitement pendant 11 mois.<\/p>\n<p style=\"text-align: justify;\"><a href=\"https:\/\/www.lactissima.com\/a-tire-d-ailes\/suisse-le-temoignage-de-laure\/\">Suisse : le t\u00e9moignage de Laure<\/a><\/p>\n<p style=\"text-align: justify;\">Le t\u00e9moignage de Laure, qui travaille en Suisse et fait un allaitement mixte, par n\u00e9cessit\u00e9 plus que par choix.<\/p>\n<p style=\"text-align: justify;\"><a href=\"https:\/\/www.lactissima.com\/a-tire-d-ailes\/allaiter-et-travailler-le-temoignage-demilie-3\/\">Allaiter et travailler : le t\u00e9moignage d&rsquo;Emilie<\/a><\/p>\n<p style=\"text-align: justify;\">Emilie a rencontr\u00e9 de nombreuses difficult\u00e9s avec son allaitement mais est heureuse d&rsquo;avoir pu conjuguer allaitement et travail.<\/p>\n<p style=\"text-align: justify;\"><a href=\"https:\/\/www.lactissima.com\/a-tire-d-ailes\/allaiter-et-travailler-le-temoignage-dhelene-2\/\">Allaiter et travailler : le t\u00e9moignage d&rsquo;H\u00e9l\u00e8ne<\/a><\/p>\n<p style=\"text-align: justify;\">H\u00e9l\u00e8ne a fait le choix de ne pas faire de stock de lait maternel avant la reprise du travail et de tirer son lait au travail, quitte \u00e0 compl\u00e9ter avec une pr\u00e9paration pour nourrisson en cas de besoin.<\/p>\n<p style=\"text-align: justify;\"><a href=\"https:\/\/www.lactissima.com\/a-tire-d-ailes\/allaiter-et-travailler-le-temoignage-dalexandra\/\">Allaiter et travailler : le t\u00e9moignage d&rsquo;Alexandra<\/a><\/p>\n<p style=\"text-align: justify;\">Alexandra nous explique la poursuite de son allaitement au travail depuis la Belgique.<\/p>\n<p style=\"text-align: justify;\"><a href=\"https:\/\/www.lactissima.com\/a-tire-d-ailes\/allaiter-et-trignage-danne-3\/\">Allaiter et travailler : le t\u00e9moignage d&rsquo;Anne<\/a><\/p>\n<p style=\"text-align: justify;\">Anne a rencontr\u00e9 des difficult\u00e9s pour allaiter et travailler car son b\u00e9b\u00e9 refusait le biberon, avant de finalement l&rsquo;accepter.<\/p>\n<p style=\"text-align: justify;\"><a href=\"https:\/\/www.lactissima.com\/a-tire-d-ailes\/sevrages-le-temoignage-de-soizic\/\">Sevrages : le t\u00e9moignage de Soizic<\/a><\/p>\n<p style=\"text-align: justify;\">Soizic a fait le sevrage de sa fille a\u00een\u00e9e petit \u00e0 petit, en 4 mois.<\/p>\n<p style=\"text-align: justify;\"><a href=\"https:\/\/www.lactissima.com\/a-tire-d-ailes\/allaiter-et-travailler-le-temoignage-de-melodie\/\">Allaiter et travailler : le t\u00e9moignage de M\u00e9lodie<\/a><\/p>\n<p style=\"text-align: justify;\">M\u00e9lodie a conjugu\u00e9 allaitement exclusif, reprise du travail et maladie de la thyro\u00c3\u00afde. Un vrai challenge !<\/p>\n<p style=\"text-align: justify;\"><a href=\"https:\/\/www.lactissima.com\/a-tire-d-ailes\/sevrages-le-temoignage-de-marie\/\">Sevrages : le t\u00e9moignage de Marie<\/a><\/p>\n<p style=\"text-align: justify;\">Marie a choisi un sevrage tout en douceur.<\/p>\n<p style=\"text-align: justify;\"><a href=\"https:\/\/www.lactissima.com\/a-tire-d-ailes\/allaiter-et-travailler-le-temoignage-de-vervaine-2\/\">Allaiter et travailler : le t\u00e9moignage de Vervaine (2)<\/a><\/p>\n<p style=\"text-align: justify;\">Vervaine nous explique de mani\u00e8re tr\u00e8s d\u00e9taill\u00e9e comment elle s&rsquo;est organis\u00e9e pour allaiter et travailler malgr\u00e9 un lieu de travail situ\u00e9 \u00e0 une heure et demi de son domicile.<\/p>\n<p style=\"text-align: justify;\"><a href=\"https:\/\/www.lactissima.com\/a-tire-d-ailes\/sevrages-le-temoignage-de-virginie\/\">Sevrages : le t\u00e9moignage de Virginie<\/a><\/p>\n<p style=\"text-align: justify;\">Virginie a eu un allaitement difficile. Une nuit, elle a craqu\u00e9 et sevr\u00e9 son b\u00e9b\u00e9 imm\u00e9diatement. Ce sevrage n&rsquo;a pas \u00e9t\u00e9 une bonne exp\u00e9rience.<\/p>\n<p style=\"text-align: justify;\"><a href=\"https:\/\/www.lactissima.com\/a-tire-d-ailes\/sevrages-le-temoignage-de-francoise\/\">Sevrages : le t\u00e9moignage de Fran\u00e7oise<\/a><\/p>\n<p style=\"text-align: justify;\">Fran\u00e7oise nous avait parl\u00e9 de ses allaitements, de ses reprises de travail, elle nous parle maintenant de ses sevrages.<\/p>\n<p style=\"text-align: justify;\"><a href=\"https:\/\/www.lactissima.com\/a-tire-d-ailes\/allaitement-le-temoignage-daurelie\/\">Allaitement : le t\u00e9moignage d&rsquo;Aur\u00e9lie<\/a><\/p>\n<p style=\"text-align: justify;\">Aur\u00e9lie a eu une r\u00e9v\u00e9lation en d\u00e9couvrant l&rsquo;allaitement, qu&rsquo;elle a poursuivi lors de la reprise du travail, tr\u00e8s rapidement en allaitement mixte.<\/p>\n<p style=\"text-align: justify;\"><a href=\"https:\/\/www.lactissima.com\/a-tire-d-ailes\/allaitement-travail-et-sevrage-le-temoignage-de-marion\/\">Allaitement, travail et sevrage : le t\u00e9moignage de Marion<\/a><\/p>\n<p style=\"text-align: justify;\">Marion a tirer son lait de mani\u00e8re intensive \u00e0 la reprise du travail puis a choisi un allaitement mixte avant un sevrage : une longue aventure !<\/p>\n<p style=\"text-align: justify;\"><a href=\"https:\/\/www.lactissima.com\/a-tire-d-ailes\/tirer-son-lait-le-temoignage-de-marlene\/\">Tirer son lait : le t\u00e9moignage de Marl\u00e8ne<\/a><\/p>\n<p style=\"text-align: justify;\">Marl\u00e8ne a tir\u00e9 son lait pour son b\u00e9b\u00e9 d\u00e8s la maternit\u00e9 car son b\u00e9b\u00e9 a refus\u00e9 de t\u00e9ter, la reprise du travail a \u00e9t\u00e9 une continuit\u00e9 dans le tirage.<\/p>\n<p style=\"text-align: justify;\"><a href=\"https:\/\/www.lactissima.com\/a-tire-d-ailes\/allaiter-et-travailler-le-temoignage-dhelene\/\">Allaiter et travailler : le t\u00e9moignage d&rsquo;H\u00e9l\u00e8ne<\/a><\/p>\n<p style=\"text-align: justify;\">H\u00e9l\u00e8ne avait fait le plein d&rsquo;informations et un bon stock de lait avant la reprise du travail et pense que c&rsquo;\u00e9tait une bonne chose.<\/p>\n<p style=\"text-align: justify;\"><a href=\"https:\/\/www.lactissima.com\/a-tire-d-ailes\/sevrages-le-temoignage-damelie\/\">Sevrages : le t\u00e9moignage d&rsquo;Am\u00e9lie<\/a><\/p>\n<p style=\"text-align: justify;\">Le sevrage de Lilou n&rsquo;a pas \u00e9t\u00e9 celui souhait\u00e9 par sa m\u00e8re mais elle reste satisfaite de la mani\u00e8re dont \u00e7a s&rsquo;est pass\u00e9.<\/p>\n<p style=\"text-align: justify;\"><a href=\"https:\/\/www.lactissima.com\/a-tire-d-ailes\/allaiter-et-travailler-le-temoignage-de-laetitia\/\">Allaiter et travailler : le t\u00e9moignage de Laetitia<\/a><\/p>\n<p style=\"text-align: justify;\">Laetitia a repris le travail il y a 3 semaines et elle a fait le choix de tirer son lait mais son b\u00e9b\u00e9 a du mal \u00e0 accepter les biberons.<\/p>\n<p style=\"text-align: justify;\"><a href=\"https:\/\/www.lactissima.com\/a-tire-d-ailes\/sevrages-le-temoignage-de-sophie\/\">Sevrages : le t\u00e9moignage de Sophie<\/a><\/p>\n<p style=\"text-align: justify;\">Sophie a commenc\u00e9 \u00e0 penser au sevrage apr\u00e8s la premi\u00e8re ann\u00e9e de son enfant. Elle a \u00e9tal\u00e9 ce sevrage sur quelques mois et cela s&rsquo;est tr\u00e8s bien pass\u00e9.<\/p>\n<p style=\"text-align: justify;\"><a title=\"Allaiter et travailler : le t\u00e9moignage de Lola\" href=\"https:\/\/www.lactissima.com\/a-tire-d-ailes\/allaiter-et-travailler-le-temoignage-de-lola\/\">Allaiter et travailler : le t\u00e9moignage de Lola<\/a><\/p>\n<p style=\"text-align: justify;\">Lola voulait une reprise de travail en allaitement exclusif, elle fait finalement du mixte et en est satisfaite.<\/p>\n<p style=\"text-align: justify;\"><a title=\"Sevrages : le t\u00e9moignage d'Aurore\" href=\"https:\/\/www.lactissima.com\/a-tire-d-ailes\/sevrages-le-temoignage-daurore\/\" target=\"_blank\" rel=\"noopener noreferrer\">Sevrages : le t\u00e9moignage d&rsquo;Aurore<\/a><\/p>\n<p style=\"text-align: justify;\">Aurore a retard\u00e9 le sevrage de sa fille initialement pr\u00e9vu \u00e0 3 mois. Le sevrage s&rsquo;est finalement fait \u00e0 8 mois.<\/p>\n<p style=\"text-align: justify;\"><a title=\"Allaiter et travailler : le t\u00e9moignage de Claire\" href=\"https:\/\/www.lactissima.com\/a-tire-d-ailes\/allaiter-et-travailler-le-temoignage-de-claire-2\/\">Allaiter et travailler : le t\u00e9moignage de Claire<\/a><\/p>\n<p style=\"text-align: justify;\">Claire a repris le travail en tirant son lait et finalement c&rsquo;est un tire-lait manuel qui s&rsquo;est av\u00e9r\u00e9 le plus efficace pour elle.<\/p>\n<p style=\"text-align: justify;\"><a title=\"Sevrages : le t\u00e9moignage de S\u00e9verine\" href=\"https:\/\/www.lactissima.com\/a-tire-d-ailes\/sevrages-le-temoignage-de-severine\/\">Sevrages : le t\u00e9moignage de S\u00e9verine<\/a><\/p>\n<p style=\"text-align: justify;\">S\u00e9verine a choisi de laisser ses enfants se sevrer quand ils l&rsquo;ont choisi, il s&rsquo;agit d&rsquo;un sevrage naturel.<\/p>\n<p style=\"text-align: justify;\"><a title=\"Allaiter et travailler : le t\u00e9moignage d'Estelle\" href=\"https:\/\/www.lactissima.com\/a-tire-d-ailes\/allaiter-et-travailler-le-temoignage-destelle\/\">Allaiter et travailler : le t\u00e9moignage d&rsquo;Estelle<\/a><\/p>\n<p style=\"text-align: justify;\">Estelle est m\u00e9decin g\u00e9n\u00e9raliste. Elle s&rsquo;est battue pour poursuivre l&rsquo;allaitement de son b\u00e9b\u00e9 \u00e0 sa reprise du travail, malgr\u00e9 des conditions difficiles.<\/p>\n<p style=\"text-align: justify;\"><a title=\"Sevrages : le t\u00e9moignage de Jeanne\" href=\"https:\/\/www.lactissima.com\/a-tire-d-ailes\/sevrages-le-temoignage-de-jeanne\/\">Sevrages : le t\u00e9moignage de Jeanne<\/a><\/p>\n<p style=\"text-align: justify;\">Jeanne a rencontr\u00e9 des difficult\u00e9s pour sevrer son fils qui refusait le biberon. Les sevrages ne sont pas toujours simples&#8230;<\/p>\n<p style=\"text-align: justify;\"><a title=\"Allaiter et travailler : le t\u00e9moignage d'Anne\" href=\"https:\/\/www.lactissima.com\/a-tire-d-ailes\/allaiter-et-travailler-le-temoignage-danne-2\/\">Allaiter et travailler : le t\u00e9moignage d&rsquo;Anne<\/a><\/p>\n<p style=\"text-align: justify;\">Anne est m\u00e9decin g\u00e9n\u00e9raliste. Elle a poursuivi l&rsquo;allaitement \u00e0 la reprise du travail pour ses deux enfants selon des modalit\u00e9s variables.<\/p>\n<p style=\"text-align: justify;\"><a title=\"Allaiter et travailler : le t\u00e9moignage de C\u00e9cile\" href=\"https:\/\/www.lactissima.com\/a-tire-d-ailes\/allaiter-et-travailler-le-temoignage-de-cecile-2\/\">Allaiter et travailler : le t\u00e9moignage de C\u00e9cile<\/a><\/p>\n<p style=\"text-align: justify;\">C\u00e9cile travaille \u00e0 son compte. Elle a d&rsquo;abord emmen\u00e9 son b\u00e9b\u00e9 lors de ses RDV puis sa fille est entr\u00e9e en cr\u00e8che et C\u00e9cile a tir\u00e9 son lait.<\/p>\n<p style=\"text-align: justify;\"><a title=\"o\u00f9 tirer son lait au travail par les lectrices\" href=\"https:\/\/www.lactissima.com\/a-tire-d-ailes\/ou-tirer-son-lait-au-travail-par-les-lectrices\/\">o\u00f9 tirer son lait au travail&#8230;par les lectrices<\/a><\/p>\n<p style=\"text-align: justify;\">Les lectrices du blog vous emm\u00e8nent : d\u00e9couvrez o\u00f9 tirer son lait au travail !<\/p>\n<p style=\"text-align: justify;\"><a title=\"Allaiter et travailler : le t\u00e9moignage de Julie\" href=\"https:\/\/www.lactissima.com\/a-tire-d-ailes\/allaiter-et-travailler-le-temoignage-de-julie-3\/\">Allaiter et travailler : le t\u00e9moignage de Julie<\/a><\/p>\n<p style=\"text-align: justify;\">Julie nous fait part de son exp\u00e9rience pour la seconde fois avec un b\u00e9b\u00e9 tr\u00e8s diff\u00e9rent, qui a refus\u00e9 de manger en son absence.<\/p>\n<p style=\"text-align: justify;\"><a title=\"Allaitement et travail : le t\u00e9moignage de Marion\" href=\"https:\/\/www.lactissima.com\/a-tire-d-ailes\/allaitement-travail-temoignage-marion\/\">Allaitement et travail : le t\u00e9moignage de Marion<\/a><\/p>\n<p style=\"text-align: justify;\">Marion a tir\u00e9 son lait au travail. Comme elle se d\u00e9place \u00e0 v\u00e9lo, elle a fait le choix d&rsquo;un petit tire-lait manuel.<\/p>\n<p style=\"text-align: justify;\"><a title=\"Allaitement et travail : le t\u00e9moignage d'Edith\" href=\"https:\/\/www.lactissima.com\/a-tire-d-ailes\/allaitement-travail-temoignage-dedith\/\">Allaitement et travail : le t\u00e9moignage d&rsquo;Edith<\/a><\/p>\n<p style=\"text-align: justify;\">Edith a fait du stock de lait avant de reprendre le travail pour que son fils Tom n&rsquo;ai que du lait maternel en son absence.<\/p>\n<p style=\"text-align: justify;\"><a title=\"Allaitement et travail : le t\u00e9moignage d'Emilie\" href=\"https:\/\/www.lactissima.com\/a-tire-d-ailes\/allaitement-travail-temoignage-demilie\/\">Allaitement et travail : le t\u00e9moignage d&rsquo;Emilie <\/a><\/p>\n<p style=\"text-align: justify;\">Emilie a tir\u00e9 son lait au travail et a b\u00e9n\u00e9fici\u00e9 d&rsquo;un patron hyper-compr\u00e9hensif.<\/p>\n<p style=\"text-align: justify;\"><a title=\"Allaitement et travail : le t\u00e9moignage de Virginie\" href=\"https:\/\/www.lactissima.com\/a-tire-d-ailes\/allaitement-travail-temoignage-virginie\/\">Allaitement et travail : le t\u00e9moignage de Virginie<\/a><\/p>\n<p style=\"text-align: justify;\">Virginie a du se battre pour maintenir l&rsquo;allaitement de sa fille, allergiques aux prot\u00e9ines de lait de vache et souffrant de grave reflux. La reprise du travail n&rsquo;a pas \u00e9t\u00e9 simple.<\/p>\n<p style=\"text-align: justify;\"><a title=\"Allaitement et travail : le t\u00e9moignage d'Elisabeth\" href=\"https:\/\/www.lactissima.com\/a-tire-d-ailes\/allaitement-travail-temoignage-delisabeth\/\">Allaitement et travail : le t\u00e9moignage d&rsquo;Elisabeth<\/a><\/p>\n<p style=\"text-align: justify;\">Elisabeth a trouv\u00e9 une assistante maternelle qui a accept\u00e9 de donner du lait maternel alors qu&rsquo;elle ne l&rsquo;avait jamais fait. Cela a permis \u00e0 Elisabeth de fournir son lait pendant un an \u00e0 son b\u00e9b\u00e9.<\/p>\n<p style=\"text-align: justify;\"><a title=\"Allaitement et travail : le t\u00e9moignage de Val\u00e9rie\" href=\"https:\/\/www.lactissima.com\/a-tire-d-ailes\/allaitement-travail-temoignage-valerie\/\">Allaitement et travail : le t\u00e9moignage de Val\u00e9rie<\/a><\/p>\n<p style=\"text-align: justify;\">Val\u00e9rie a mis toutes les chances de son c\u00f4t\u00e9 pour pouvoir fournir son lait \u00e0 son b\u00e9b\u00e9 en son absence : elle a fait un stock de lait et tir\u00e9 au travail.<\/p>\n<p style=\"text-align: justify;\"><a title=\"Allaitement et travail : le t\u00e9moignage de Soizic\" href=\"https:\/\/www.lactissima.com\/a-tire-d-ailes\/allaitement-travail-temoignage-soizic\/\">Allaitement et travail : le t\u00e9moignage de Soizic<\/a><\/p>\n<p style=\"text-align: justify;\">Soizic a fait le choix de tirer son lait dans le lyc\u00e9e o\u00f9 elle travaille, entre infirmerie et maison, les tirages se sont fait sans trop de probl\u00e8me.<\/p>\n<p style=\"text-align: justify;\"><a title=\"Allaitement et travail : le t\u00e9moignage de Lucie\" href=\"https:\/\/www.lactissima.com\/a-tire-d-ailes\/allaitement-travail-temoignage-lucie\/\">Allaitement et travail : le t\u00e9moignage de Lucie<\/a><\/p>\n<p style=\"text-align: justify;\">Lucie a repris le travail en tirant son lait. Elle a rapidement diversifi\u00e9 l&rsquo;alimentation de sa fille.<\/p>\n<p style=\"text-align: justify;\"><a title=\"Allaitement et travail : le t\u00e9moignage de C\u00e9line\" href=\"https:\/\/www.lactissima.com\/a-tire-d-ailes\/allaitement-travail-temoignage-celine\/\">Allaitement et travail : le t\u00e9moignage de C\u00e9line<\/a><\/p>\n<p style=\"text-align: justify;\">C\u00e9line est m\u00e9decin g\u00e9n\u00e9raliste est a choisi de tirer son lait pour pouvoir poursuivre l&rsquo;allaitement de ses enfants.<\/p>\n<p style=\"text-align: justify;\"><a title=\"Allaitement et travail : le t\u00e9moignage de Fran\u00e7oise\" href=\"https:\/\/www.lactissima.com\/a-tire-d-ailes\/allaitement-travail-le-temoignage-de-francoise\/\">Allaitement et travail : le t\u00e9moignage de Fran\u00e7oise<\/a><\/p>\n<p style=\"text-align: justify;\">Fran\u00e7oise a cr\u00e9\u00e9 sa soci\u00e9t\u00e9 quand elle a d\u00e9but\u00e9 sa grossesse. La poursuite de l&rsquo;allaitement apr\u00e8s la naissance de son troisi\u00e8me enfant a donc \u00e9t\u00e9 sportive.<\/p>\n<p style=\"text-align: justify;\"><a title=\"Relactation : le t\u00e9moignage de Tiphaine\" href=\"https:\/\/www.lactissima.com\/a-tire-d-ailes\/relactation-le-temoignage-de-tiphaine\/\">Relactation : le t\u00e9moignage de Tiphaine<\/a><\/p>\n<p style=\"text-align: justify;\">Tiphaine a lanc\u00e9 une relactation alors qu&rsquo;elle travaillait et que sa fille \u00e9tait sevr\u00e9e depuis 2 mois.<\/p>\n<p style=\"text-align: justify;\"><a title=\"Allaitement et travail : le t\u00e9moignage de Fabienne\" href=\"https:\/\/www.lactissima.com\/a-tire-d-ailes\/allaitement-travail-le-temoignage-de-fabienne\/\">Allaitement et travail : le t\u00e9moignage de Fabienne<\/a><\/p>\n<p style=\"text-align: justify;\">Fabienne a repris le travail il y a 15 jours et nous explique comment elle s&rsquo;organise pour poursuivre l&rsquo;allaitement.<\/p>\n<p style=\"text-align: justify;\"><a title=\"Allaitement et travail : le t\u00e9moignage d'Aline\" href=\"https:\/\/www.lactissima.com\/a-tire-d-ailes\/allaitement-et-travail-le-temoignage-daline\/\">Allaitement et travail : le t\u00e9moignage d&rsquo;Aline<\/a><\/p>\n<p style=\"text-align: justify;\">Aline a choisi de sevrer sa fille pour reprendre le travail et n&rsquo;a gard\u00e9 que deux t\u00e9t\u00e9es, le temps que la lactation s&rsquo;arr\u00eate.<\/p>\n<p style=\"text-align: justify;\"><a title=\"Allaitement et travail : le t\u00e9moignage de St\u00e9phanie\" href=\"https:\/\/www.lactissima.com\/a-tire-d-ailes\/allaitement-et-travail-le-temoignage-de-stephanie\/\">Allaitement et travail : le t\u00e9moignage de St\u00e9phanie<\/a><\/p>\n<p style=\"text-align: justify;\">St\u00e9phanie a fait des r\u00e9serves de lait d\u00e8s le d\u00e9but de son allaitement pour pouvoir nourrir son b\u00e9b\u00e9 exclusivement au lait maternel chez la nounou et pouvoir conjuguer allaitement et travail.<\/p>\n<p style=\"text-align: justify;\"><a title=\"Allaitement et travail : le t\u00e9moignage de Rachel\" href=\"https:\/\/www.lactissima.com\/a-tire-d-ailes\/allaitement-et-travail-le-temoignage-de-rachel\/\">Allaitement et travail : le t\u00e9moignage de Rachel<\/a><\/p>\n<p style=\"text-align: justify;\">Pour concilier allaitement et travail, Rachel a tir\u00e9 son lait avec un tire-lait manuel, sans faire de stock avant la reprise du travail.<\/p>\n<p style=\"text-align: justify;\"><a title=\"Allaitement et travail : le t\u00e9moignage de Sarah\" href=\"https:\/\/www.lactissima.com\/a-tire-d-ailes\/allaitement-travail-temoignage-sarah-2\/\">Allaitement et travail : le t\u00e9moignage de Sarah<\/a><\/p>\n<p style=\"text-align: justify;\">Sarah a d\u00e9test\u00e9 tirer son lait et a donc arr\u00eat\u00e9 quand sa fille a pr\u00e9f\u00e9r\u00e9 les solides aux biberons.<\/p>\n<p style=\"text-align: justify;\"><a title=\"Allaitement et travail : le t\u00e9moignage de Pauline\" href=\"https:\/\/www.lactissima.com\/a-tire-d-ailes\/reprise-du-travail\/\">Allaitement et travail : le t\u00e9moignage de Pauline<\/a><\/p>\n<p style=\"text-align: justify;\">A la reprise du travail, Pauline a tir\u00e9 son lait au travail mais tirait assez peu de lait et fut contente quand est arriv\u00e9e la diversification.<\/p>\n<p style=\"text-align: justify;\"><a href=\"https:\/\/www.lactissima.com\/a-tire-d-ailes\/allaitement-travail-temoignage-sarah\/\">Allaitement et travail : le t\u00e9moignage de Sarah<\/a><\/p>\n<p style=\"text-align: justify;\">Sarah a d\u00e9test\u00e9 tirer son lait au travail, elle l&rsquo;a pourtant fait pendant plusieurs mois.<\/p>\n<p style=\"text-align: justify;\"><a title=\"Allaitement et travail : le t\u00e9moignage d'Am\u00e9lie\" href=\"https:\/\/www.lactissima.com\/a-tire-d-ailes\/allaitement-et-travail-le-temoignage-damelie\/\">Allaitement et travail : le t\u00e9moignage d&rsquo;Am\u00e9lie<\/a><\/p>\n<p style=\"text-align: justify;\">Am\u00e9lie a tir\u00e9 son lait au travail mais n&rsquo;a pas pu constituer de stocks avant de pouvoir concilier allaitement et travail. Elle a donc fonctionn\u00e9 en flux tendus.<\/p>\n<p style=\"text-align: justify;\"><a title=\"Travail et allaitement : le t\u00e9moignage d'Emilie\" href=\"https:\/\/www.lactissima.com\/a-tire-d-ailes\/travail-et-allaitement-le-temoignage-demilie\/\">Travail et allaitement : le t\u00e9moignage d&rsquo;Emilie<\/a><\/p>\n<p style=\"text-align: justify;\">Emilie a r\u00e9ussi \u00e0 concilier travail et allaitement en tirant son lait et en faisant de l&rsquo;allaitement mixte.<\/p>\n<p style=\"text-align: justify;\"><a title=\"Travail et allaitement : le t\u00e9moignage de V\u00e9rane\" href=\"https:\/\/www.lactissima.com\/a-tire-d-ailes\/travail-et-allaitement-le-temoignage-de-verane\/\">Travail et allaitement : le t\u00e9moignage de V\u00e9rane<\/a><\/p>\n<p style=\"text-align: justify;\">V\u00e9rane a pris un cong\u00e9 parental \u00e0 mi-temps pour pouvoir poursuivre l&rsquo;allaitement, elle a \u00e9galement tir\u00e9 son lait. Elle en a m\u00eame donn\u00e9 au lactarium !<\/p>\n<p style=\"text-align: justify;\"><a title=\"Travail et allaitement : le t\u00e9moignage de Celine\" href=\"https:\/\/www.lactissima.com\/a-tire-d-ailes\/travail-et-allaitement-le-temoignage-de-celine-3\/\">Travail et allaitement : le t\u00e9moignage de Celine<\/a><\/p>\n<p style=\"text-align: justify;\">C\u00e9line a repris le travail aux 3 mois de son b\u00e9b\u00e9 et a choisi de tirer son lait au travail. Elle a pu aussi aller donner une t\u00e9t\u00e9e en journ\u00e9e \u00e0 la cr\u00e8che.<\/p>\n<p style=\"text-align: justify;\"><a title=\"Travail et allaitement : le t\u00e9moignage de C\u00e9line\" href=\"https:\/\/www.lactissima.com\/a-tire-d-ailes\/travail-et-allaitement-le-temoignage-de-celine-2\/\">Travail et allaitement : le t\u00e9moignage de C\u00e9line<\/a><\/p>\n<p style=\"text-align: justify;\">C\u00e9line a souhait\u00e9 tirer son lait mais a eu beaucoup de mal. Elle a donc fait un allaitement mixte.<\/p>\n<p style=\"text-align: justify;\"><a title=\"Travail et allaitement : le t\u00e9moignage d'Ang\u00e9lique\" href=\"https:\/\/www.lactissima.com\/a-tire-d-ailes\/travail-et-allaitement-le-temoignage-dangelique\/\">Travail et allaitement : le t\u00e9moignage d&rsquo;Ang\u00e9lique<\/a><\/p>\n<p style=\"text-align: justify;\">Ang\u00e9lique a repris le travail en maintenant un allaitement mixte : une partie de lait tir\u00e9, une partie de lait en poudre.<\/p>\n<p style=\"text-align: justify;\"><a title=\"Travail et allaitement : le t\u00e9moignage d'Elodie\" href=\"https:\/\/www.lactissima.com\/a-tire-d-ailes\/travail-et-allaitement-le-temoignage-delodie\/\">Travail et allaitement : le t\u00e9moignage d&rsquo;Elodie<\/a><\/p>\n<p style=\"text-align: justify;\">Elodie a fait le choix de tirer son lait sur son lieu de travail. Sa sup\u00e9rieure a \u00e9t\u00e9 tr\u00e8s compr\u00e9hensive&#8230;pendant un temps.<\/p>\n<p style=\"text-align: justify;\"><a title=\"Travail et allaitement : le t\u00e9moignage de Fran\u00e7oise\" href=\"https:\/\/www.lactissima.com\/a-tire-d-ailes\/travail-et-allaitement-le-temoignage-de-francoise\/\">Travail et allaitement : le t\u00e9moignage de Fran\u00e7oise<\/a><\/p>\n<p style=\"text-align: justify;\">Fran\u00e7oise a poursuivi l&rsquo;allaitement apr\u00e8s la reprise du travail mais elle a rencontr\u00e9 des difficult\u00e9s.<\/p>\n<p style=\"text-align: justify;\"><a title=\"Travail et allaitement : le t\u00e9moignage de Line\" href=\"https:\/\/www.lactissima.com\/a-tire-d-ailes\/travail-et-allaitement-le-temoignage-de-line\/\">Travail et allaitement : le t\u00e9moignage de Line<\/a><\/p>\n<p style=\"text-align: justify;\">Line a choisi de tirer son lait sur son lieu de travail puis a pris un cong\u00e9 parental avant de reprendre le travail aux neuf mois de son b\u00e9b\u00e9. Celui-ci est toujours allait\u00e9.<\/p>\n<p style=\"text-align: justify;\"><a title=\"Travail et allaitement : le t\u00e9moignage de Perrine\" href=\"https:\/\/www.lactissima.com\/a-tire-d-ailes\/travail-et-allaitement-le-temoignage-de-perrine\/\">Travail et allaitement : le t\u00e9moignage de Perrine<\/a><\/p>\n<p style=\"text-align: justify;\">Perrine est assistante maternelle. Elle a repris le travail et continue \u00e0 allaiter sans troisi\u00e8me enfant, comme elle l&rsquo;a d\u00e9j\u00e0 fait pour les deux a\u00een\u00e9s.<\/p>\n<p style=\"text-align: justify;\"><a title=\"Travail et allaitement : le t\u00e9moignage de C\u00e9line\" href=\"https:\/\/www.lactissima.com\/a-tire-d-ailes\/?p=3394\" target=\"_blank\" rel=\"noopener noreferrer\">Travail et allaitement : le t\u00e9moignage de C\u00e9line.<\/a><\/p>\n<p style=\"text-align: justify;\">C\u00e9line travaille avec des horaires variables et des gardes. Pourtant elle est heureuse de r\u00e9ussir \u00e0 tirer son lait pour son b\u00e9b\u00e9.<\/p>\n<p style=\"text-align: justify;\"><a title=\"Allaiter et travailler : le t\u00e9moignage de Nad\u00e8ge\" href=\"https:\/\/www.lactissima.com\/a-tire-d-ailes\/?p=3325\" target=\"_blank\" rel=\"noopener noreferrer\">Allaiter et travailler : le t\u00e9moignage de Nad\u00e8ge<\/a><\/p>\n<p style=\"text-align: justify;\">Nad\u00e8ge est assistante maternelle et continue \u00e0 allaiter son fils de dix-huit mois tout en gardant trois enfants.<\/p>\n<p style=\"text-align: justify;\"><a title=\"Allaiter et travailler : le t\u00e9moignage d'Emilie\" href=\"https:\/\/www.lactissima.com\/a-tire-d-ailes\/?p=3223\" target=\"_blank\" rel=\"noopener noreferrer\">Allaiter et travailler : le t\u00e9moignage d&rsquo;Emilie<\/a><\/p>\n<p style=\"text-align: justify;\">La nounou du b\u00e9b\u00e9 d&rsquo;Emilie a refus\u00e9 de donner du lait maternel. Mais ce b\u00e9b\u00e9 \u00e9tait allergique aux prot\u00e9ines de lait de vache, probl\u00e8me !<\/p>\n<p style=\"text-align: justify;\"><a title=\"Allaiter et travailler : le t\u00e9moignage d'Anne\" href=\"https:\/\/www.lactissima.com\/a-tire-d-ailes\/?p=3213\" target=\"_blank\" rel=\"noopener noreferrer\">Allaiter et travailler : le t\u00e9moignage d&rsquo;Anne<\/a><\/p>\n<p style=\"text-align: justify;\">Anne a choisi de travailler chez elle pendant un an pour pouvoir tirer son lait plus facilement pour son b\u00e9b\u00e9 gard\u00e9 en cr\u00e8che.<\/p>\n<p style=\"text-align: justify;\"><a title=\"Allaiter et travailler : le t\u00e9moignage de Vervaine\" href=\"https:\/\/www.lactissima.com\/a-tire-d-ailes\/?p=3163\" target=\"_blank\" rel=\"noopener noreferrer\">Allaiter et travailler : le t\u00e9moignage de Vervaine<\/a><\/p>\n<p style=\"text-align: justify;\">Vervaine a d\u00e9cid\u00e9 de tirer son lait gr\u00e2ce \u00e0 une coll\u00e8gue l&rsquo;ayant d\u00e9j\u00e0 fait sur son lieu de travail.<\/p>\n<p style=\"text-align: justify;\"><a title=\"Allaiter et travailler : le t\u00e9moignage d'Anne-Sophie\" href=\"https:\/\/www.lactissima.com\/a-tire-d-ailes\/?p=3151\" target=\"_blank\" rel=\"noopener noreferrer\">Allaiter et travailler : le t\u00e9moignage d&rsquo;Anne-Sophie<\/a><\/p>\n<p style=\"text-align: justify;\">Anne-Sophie allaite son deuxi\u00e8me enfant qui refuse le biberon pendant qu&rsquo;elle est au travail. Heureusement, il se rattrape la nuit !<\/p>\n<p style=\"text-align: justify;\"><a title=\"Allaiter et travailler : le t\u00e9moignage de Julie\" href=\"https:\/\/www.lactissima.com\/a-tire-d-ailes\/?p=3094\" target=\"_blank\" rel=\"noopener noreferrer\">Allaiter et travailler : le t\u00e9moignage de Julie<\/a><\/p>\n<p style=\"text-align: justify;\">Julie ne voulait pas sevrer son b\u00e9b\u00e9. Elle a donc renonc\u00e9 \u00e0 une place en cr\u00e8che qui refusait le lait maternel et c&rsquo;est son mari qui a arr\u00eat\u00e9 de travailler pour s&rsquo;occuper de leur b\u00e9b\u00e9 et lui donner du lait maternel tir\u00e9.<\/p>\n<p style=\"text-align: justify;\"><a title=\"Allaiter et travailler : le t\u00e9moignage de Virginie\" href=\"https:\/\/www.lactissima.com\/a-tire-d-ailes\/?p=3085\" target=\"_blank\" rel=\"noopener noreferrer\">Allaiter et travailler : le t\u00e9moignage de Virginie<\/a><\/p>\n<p style=\"text-align: justify;\">Virginie souhaite allaiter jusqu&rsquo;au sevrage naturel, elle tire donc son lait au travail pour que sa fille le boive chez l&rsquo;assistante maternelle.<\/p>\n<p style=\"text-align: justify;\"><a title=\"Allaiter et travailler : le t\u00e9moignage d'Emilie\" href=\"https:\/\/www.lactissima.com\/a-tire-d-ailes\/?p=3044\" target=\"_blank\" rel=\"noopener noreferrer\">Allaiter et travailler : le t\u00e9moignage d&rsquo;Emilie<\/a><\/p>\n<p style=\"text-align: justify;\">Emilie a r\u00e9ussi son pari : ne jamais donner de lait en poudre \u00e0 son b\u00e9b\u00e9 bien qu&rsquo;elle ait repris le travail lorsqu&rsquo;il avait trois mois. Elle a tir\u00e9 son lait puis lui a propos\u00e9 des laitages.<\/p>\n<p style=\"text-align: justify;\"><a title=\"Allaiter et travailler : le t\u00e9moignage de Solyane\" href=\"https:\/\/www.lactissima.com\/a-tire-d-ailes\/?p=3026\" target=\"_blank\" rel=\"noopener noreferrer\">Allaiter et travailler : le t\u00e9moignage de Solyane<\/a><\/p>\n<p style=\"text-align: justify;\">Solyane allaite toujours son quatri\u00e8me enfant, apr\u00e8s la reprise du travail. Elle est tr\u00e8s motiv\u00e9e et n&rsquo;imagine pas faire autrement que tirer son lait pour son b\u00e9b\u00e9.<\/p>\n<p style=\"text-align: justify;\"><a title=\"Allaiter et travailler : le t\u00e9moignage de Florence\" href=\"https:\/\/www.lactissima.com\/a-tire-d-ailes\/?p=2999\" target=\"_blank\" rel=\"noopener noreferrer\">Allaiter et travailler : le t\u00e9moignage de Florence<\/a><\/p>\n<p style=\"text-align: justify;\">Florence a repris le travail en tirant son lait pour son b\u00e9b\u00e9 de six mois. Elle continue \u00e0 le faire, sa fille a 14 mois et elle referait le m\u00eame choix si cela se pr\u00e9sentait.<\/p>\n<p style=\"text-align: justify;\"><a title=\"Allaiter et travailler : le t\u00e9moignage de Perrine\" href=\"https:\/\/www.lactissima.com\/a-tire-d-ailes\/?p=2986\" target=\"_blank\" rel=\"noopener noreferrer\">Allaiter et travailler : le t\u00e9moignage de Perrine<\/a><\/p>\n<p style=\"text-align: justify;\">Perrine a poursuivi l&rsquo;allaitement apr\u00e8s la reprise du travail pour chacun de ses trois enfants. Elle a appr\u00e9ci\u00e9 de ne pas avoir \u00e0 tirer son lait pendant tr\u00e8s longtemps et referais le m\u00eame choix, sans h\u00e9siter.<\/p>\n<p style=\"text-align: justify;\"><a title=\"Allaiter et travailler : le t\u00e9moignage de July\" href=\"https:\/\/www.lactissima.com\/a-tire-d-ailes\/?p=2944\" target=\"_blank\" rel=\"noopener noreferrer\">Allaiter et travailler : le t\u00e9moignage de July<\/a><\/p>\n<p style=\"text-align: justify;\">July a choisi de faire un stock de lait avant la reprise du travail puis de tirer son lait au travail. Elle est satisfaite de son choix m\u00eame si elle doit utiliser les toilettes pour tirer son lait.<\/p>\n<p style=\"text-align: justify;\"><a title=\"Allaiter et travailler : le t\u00e9moignage de G\u00e9raldine\" href=\"https:\/\/www.lactissima.com\/a-tire-d-ailes\/?p=2929\" target=\"_blank\" rel=\"noopener noreferrer\">Allaiter et travailler : le t\u00e9moignage de G\u00e9raldine<\/a><\/p>\n<p style=\"text-align: justify;\">G\u00e9raldine est ing\u00e9nieur, elle a choisi de tirer son lait au travail. Son b\u00e9b\u00e9 a refus\u00e9 le biberon et cela l&rsquo;a stress\u00e9e au d\u00e9but. Aujourd&rsquo;hui, le sevrage n&rsquo;est pas \u00e0 l&rsquo;ordre du jour.<\/p>\n<p style=\"text-align: justify;\"><a title=\"Allaiter et travailler : le t\u00e9moignage de Fraisouille63\" href=\"https:\/\/www.lactissima.com\/a-tire-d-ailes\/?p=2872\" target=\"_blank\" rel=\"noopener noreferrer\">Allaiter et travailler : le t\u00e9moignage de Fraisouille63 <\/a><\/p>\n<p style=\"text-align: justify;\">Fraisouille a choisi de tirer son lait mais elle a du continuer un peu malgr\u00e9 elle car son fils est allergique au lait de vache. D\u00e9sormais elle aimerait poursuivre l&rsquo;allaitement sans avoir \u00e0 tirer son lait.<\/p>\n<p style=\"text-align: justify;\"><a href=\"https:\/\/www.lactissima.com\/a-tire-d-ailes\/?p=2859\" target=\"_blank\" rel=\"noopener noreferrer\">Allaiter et travailler : le t\u00e9moignage de Nathalie<\/a><\/p>\n<p style=\"text-align: justify;\">Nathalie a choisi de tirer son lait sur son lieu de travail. Elle trouve parfois difficile de concilier vie familiale et vie professionnelle mais ne ferait pas un autre choix.<\/p>\n<p style=\"text-align: justify;\"><a href=\"https:\/\/www.lactissima.com\/a-tire-d-ailes\/?p=2846\" target=\"_blank\" rel=\"noopener noreferrer\">Allaiter et travailler : le t\u00e9moignage de Magali<\/a><\/p>\n<p style=\"text-align: justify;\">Magali est instructeur de vol. Elle a choisi de tirer son lait au travail malgr\u00e9 un environnement masculin. Son fils a 14 mois, il t\u00e8te toujours et s&rsquo;en porte tr\u00e8s bien !<\/p>\n<p style=\"text-align: justify;\"><a title=\"Allaiter et travailler : le t\u00e9moignage de Delphine\" href=\"https:\/\/www.lactissima.com\/a-tire-d-ailes\/?p=2806\" target=\"_blank\" rel=\"noopener noreferrer\">Allaiter et travailler : le t\u00e9moignage de Delphine<\/a><\/p>\n<p style=\"text-align: justify;\">Delphine a d\u00e9cid\u00e9 de poursuivre l&rsquo;allaitement apr\u00e8s la reprise du travail. Pour cela elle a toujours tir\u00e9 son lait, donn\u00e9 \u00e0 son b\u00e9b\u00e9 par la nounou ou le papa. De plus, elle continue \u00e0 donner du lait au lactarium. Elle souhaite poursuivre l&rsquo;allaitement jusqu&rsquo;\u00e0 ce que son b\u00e9b\u00e9 d\u00e9cide d&rsquo;arr\u00eater.<\/p>\n<p style=\"text-align: justify;\"><a href=\"https:\/\/www.lactissima.com\/a-tire-d-ailes\/?p=2543\" target=\"_blank\" rel=\"noopener noreferrer\">Allaiter et travailler : le t\u00e9moignage d&rsquo;Audrey<\/a><\/p>\n<p style=\"text-align: justify;\">Audrey a choisi de tirer son lait lors de sa reprise du travail. Elle est satisfaite de ce choix mais pas de sa s\u00e9paration d&rsquo;avec son b\u00e9b\u00e9 \u00e0 trois mois.<\/p>\n<p style=\"text-align: justify;\"><a title=\"Allaiter et travailler : le t\u00e9moignage de Martine\" href=\"https:\/\/www.lactissima.com\/a-tire-d-ailes\/?p=2519\" target=\"_blank\" rel=\"noopener noreferrer\">Allaiter et travailler : le t\u00e9moignage de Martine<\/a><\/p>\n<p style=\"text-align: justify;\">Martine est enseignante et a tir\u00e9 son lit dans son lyc\u00e9e. Son b\u00e9b\u00e9 n&rsquo;a jamais eu de lait en poudre.<\/p>\n<p style=\"text-align: justify;\"><a title=\"Allaiter et travailler : le t\u00e9moignage de Saveria\" href=\"https:\/\/www.lactissima.com\/a-tire-d-ailes\/?p=2494\" target=\"_blank\" rel=\"noopener noreferrer\">Allaiter et travailler : le t\u00e9moignage de Saveria<\/a><\/p>\n<p style=\"text-align: justify;\">Saveria a eu des difficult\u00e9s pour poursuivre son allaitement quand elle a repris le travail pour son a\u00een\u00e9. Pour son second fils, elle s&rsquo;est organis\u00e9e et parvient \u00e0 concilier travail et allaitement.<\/p>\n<p style=\"text-align: justify;\"><a href=\"https:\/\/www.lactissima.com\/a-tire-d-ailes\/?p=2193\" target=\"_blank\" rel=\"noopener noreferrer\">Allaiter et travailler : le t\u00e9moignage de Leslie<\/a><\/p>\n<p style=\"text-align: justify;\">Leslie a choisi de poursuivre l&rsquo;allaitement \u00e0 la reprise du travail. Elle a r\u00e9ussi \u00e0 tirer son lait gr\u00e2ce au soutien de son mari. Sa fille a choisi de ne plus t\u00e9ter \u00e0 7 mois, cela a \u00e9t\u00e9 dur pour Leslie qui ne s&rsquo;y attendait pas.<\/p>\n<p style=\"text-align: justify;\"><a href=\"https:\/\/www.lactissima.com\/a-tire-d-ailes\/?p=2175\" target=\"_blank\" rel=\"noopener noreferrer\">Allaiter et travailler : le t\u00e9moignage de Ga\u00c3\u00ablle<\/a><\/p>\n<p style=\"text-align: justify;\">Ga\u00c3\u00ablle a choisi de tirer son lait sur son lieu de travail bien qu&rsquo;on lui ai dit que ce n&rsquo;\u00e9tait pas possible. Elle a r\u00e9ussi et son b\u00e9b\u00e9 est toujours allait\u00e9.<\/p>\n<p style=\"text-align: justify;\"><a href=\"https:\/\/www.lactissima.com\/a-tire-d-ailes\/?p=2148\" target=\"_blank\" rel=\"noopener noreferrer\">Allaiter et travailler : le t\u00e9moignage de Marina<\/a><\/p>\n<p style=\"text-align: justify;\">Marina a choisi d&rsquo;amener son b\u00e9b\u00e9 avec elle dans sa boutique pour pouvoir poursuivre l&rsquo;allaitement \u00e0 la reprise du travail.<\/p>\n<p style=\"text-align: justify;\"><a href=\"https:\/\/www.lactissima.com\/a-tire-d-ailes\/?p=2129\" target=\"_blank\" rel=\"noopener noreferrer\">Allaiter et travailler : le t\u00e9moignage de Prune<\/a><\/p>\n<p style=\"text-align: justify;\">Prune a choisi de poursuivre l&rsquo;allaitement \u00e0 la reprise du travail. Sa fille a pr\u00e9sent\u00e9 un refus du biberon et de manger de mani\u00e8re g\u00e9n\u00e9rale en son absence.<\/p>\n<p style=\"text-align: justify;\"><a href=\"https:\/\/www.lactissima.com\/a-tire-d-ailes\/?p=2073\" target=\"_blank\" rel=\"noopener noreferrer\">Allaiter et travailler : le t\u00e9moignage de C\u00e9cile G<\/a><\/p>\n<p style=\"text-align: justify;\">Je ne sais pas si j&rsquo;ai fait les bons choix. Et je ne le saurai sans doute jamais. Il se trouve que j&rsquo;ai l&rsquo;impression que \u00e7a va. Mes enfants n&rsquo;ont pas plus l&rsquo;air traumatis\u00e9s que d&rsquo;autres.<\/p>\n<p style=\"text-align: justify;\"><a href=\"https:\/\/www.lactissima.com\/a-tire-d-ailes\/?p=2060\" target=\"_blank\" rel=\"noopener noreferrer\">Allaiter et travailler : le t\u00e9moignage de Mymy<\/a><\/p>\n<p style=\"text-align: justify;\">Je suis vraiment \u00e9panouie avec mon allaitement et dans la relation que j&rsquo;ai avec mon fils. C&rsquo;est une formidable exp\u00e9rience que j&rsquo;esp\u00e8re poursuivre encore pendant plusieurs mois, et m\u00eame pour le deuxi\u00e8me b\u00e9b\u00e9&#8230;<\/p>\n<p style=\"text-align: justify;\"><a href=\"https:\/\/www.lactissima.com\/a-tire-d-ailes\/?p=2006\" target=\"_blank\" rel=\"noopener noreferrer\">Allaiter et travailler : le t\u00e9moignage de Marie<\/a><\/p>\n<p style=\"text-align: justify;\">Je ferais la m\u00eame chose ! Pouvoir continuer d&rsquo;allaiter mon b\u00e9b\u00e9 est tr\u00e8s important pour moi ! Par contre, je ne proposerais plus de biberon avant le jour de ma reprise ! Les b\u00e9b\u00e9s comprennent tout !<\/p>\n<p style=\"text-align: justify;\"><a href=\"https:\/\/www.lactissima.com\/a-tire-d-ailes\/?p=1972\" target=\"_blank\" rel=\"noopener noreferrer\">Allaiter et travailler : le t\u00e9moignage d&rsquo;Anna<\/a><\/p>\n<p style=\"text-align: justify;\">Je recommencerais sans h\u00e9sitation. La seule chose que je changerais, c&rsquo;est que je ne m&rsquo;angoisserais pas pendant des mois avant, je profiterais vraiment \u00e0 100% du temps avec mon b\u00e9b\u00e9.<\/p>\n<p style=\"text-align: justify;\"><a href=\"https:\/\/www.lactissima.com\/a-tire-d-ailes\/?p=1933\" target=\"_blank\" rel=\"noopener noreferrer\">Allaiter et travailler : le t\u00e9moignage de Claire V<\/a><\/p>\n<p style=\"text-align: justify;\">Pour le prochain, j&rsquo;aurai peut-\u00eatre droit a un cong\u00e9 parental complet \ud83d\ude42<br \/>\nSinon, tout pareil, et avec plaisir !<\/p>\n<p style=\"text-align: justify;\"><a href=\"https:\/\/www.lactissima.com\/a-tire-d-ailes\/?p=1914\" target=\"_blank\" rel=\"noopener noreferrer\">Allaiter et travailler : le t\u00e9moignage de Claire<\/a><\/p>\n<p style=\"text-align: justify;\">Je vais re-tenter la m\u00eame aventure d&rsquo;ici quelques semaines : la famille s&rsquo;est agrandie depuis bient\u00f4t 3 mois avec un petit bonhomme.<\/p>\n<p style=\"text-align: justify;\"><a href=\"https:\/\/www.lactissima.com\/a-tire-d-ailes\/?p=1888\" target=\"_blank\" rel=\"noopener noreferrer\">Allaiter et travailler : le t\u00e9moignage de Vanessa<\/a><\/p>\n<p style=\"text-align: justify;\">Pour moi il \u00e9tait \u00e9vident qu&rsquo;il fallait que je fasse en sorte de pouvoir allaiter mon enfant de mani\u00e8re exclusive jusqu&rsquo;\u00e0 au moins ses 6 mois. Et quand je dis exclusive c&rsquo;est aussi avec l&rsquo;id\u00e9e de \u00c2\u00ab l&rsquo;open-bar \u00c2\u00bb, impliquant que mon enfant soit toujours avec moi. C&rsquo;\u00e9tait pour moi important de savoir que je donnais \u00e0 ma fille la nourriture la mieux adapt\u00e9e.<\/p>\n<p style=\"text-align: justify;\"><a href=\"https:\/\/www.lactissima.com\/a-tire-d-ailes\/?p=1872\" target=\"_blank\" rel=\"noopener noreferrer\">Allaiter et travailler : le t\u00e9moignage de Zo\u00e9<\/a><\/p>\n<p style=\"text-align: justify;\">Ce serait \u00e0 refaire, vous referiez le m\u00eame choix ? Que changeriez-vous ?<br \/>\nJe n&rsquo;ai aucun regret, mes deux filles sont heureuses et en pleine forme, en tant que m\u00e8re, que demander d&rsquo;autre ?<\/p>\n<p style=\"text-align: justify;\"><a href=\"https:\/\/www.lactissima.com\/a-tire-d-ailes\/?p=1757\" target=\"_blank\" rel=\"noopener noreferrer\">Allaiter et travailler : le t\u00e9moignage d&rsquo;Anouck<\/a><\/p>\n<p style=\"text-align: justify;\">L&rsquo;allaitement n&rsquo;est pas pour moi un obstacle ou une contrainte, mais une fa\u00e7on d&rsquo;\u00eatre ensemble, un mode de relation familial, donc si c&rsquo;\u00e9tait \u00e0 refaire &#8230;<\/p>\n<p style=\"text-align: justify;\"><a href=\"https:\/\/www.lactissima.com\/a-tire-d-ailes\/?p=1750\" target=\"_blank\" rel=\"noopener noreferrer\">T\u00e9moignage sur le web<\/a><\/p>\n<p style=\"text-align: justify;\"><a href=\"https:\/\/www.lactissima.com\/a-tire-d-ailes\/?p=1563\" target=\"_blank\" rel=\"noopener noreferrer\">Allaiter et travailler : le t\u00e9moignage d&rsquo;Anne-Laure<\/a><\/p>\n<p style=\"text-align: justify;\">Et les douces rigolades, quand il joue avec mon collier et essaie de le fourrer dans ma bouche, et que je fais mine de manger sa main&#8230; il se marre, le sein dans la bouche, c&rsquo;est d&rsquo;un tendre !<\/p>\n<p style=\"text-align: justify;\"><a href=\"https:\/\/www.lactissima.com\/a-tire-d-ailes\/?p=1552\" target=\"_blank\" rel=\"noopener noreferrer\">Allaiter et travailler : le t\u00e9moignage de Lucie<\/a><\/p>\n<p style=\"text-align: justify;\">Si c&rsquo;\u00e9tait \u00e0 refaire, je referais le m\u00eame choix, mais diff\u00e9remment.<br \/>\nEn effet, je ne connaissais personne ou peu pour m&rsquo;orienter dans mes choix et je n&rsquo;ai pas su demander de l&rsquo;aide \u00e0 ma sage-femme au moment o\u00f9 j&rsquo;ai d\u00e9cid\u00e9 de continuer l&rsquo;allaitement au travail.<\/p>\n<p style=\"text-align: justify;\"><a href=\"https:\/\/www.lactissima.com\/a-tire-d-ailes\/?p=1508\" target=\"_blank\" rel=\"noopener noreferrer\">Allaiter et travailler : le t\u00e9moignage de Sophie<\/a><\/p>\n<p style=\"text-align: justify;\">Si c&rsquo;\u00e9tait \u00e0 refaire, je referais le m\u00eame choix et je ne changerais rien !! Je suis contente d&rsquo;avoir tenu car maintenant qu&rsquo; est venu le temps des vacances, allaiter offre de nombreux avantages : pas de probl\u00e8mes d&rsquo; intendance, tout est pr\u00eat \u00e0 toute heure et quel que soit l&rsquo;endroit, c&rsquo;est aussi un rem\u00e8de aux \u00ab\u00a0petits malheurs\u00a0\u00bb quotidiens.<\/p>\n<p style=\"text-align: justify;\"><a href=\"https:\/\/www.lactissima.com\/a-tire-d-ailes\/?p=1443\" target=\"_blank\" rel=\"noopener noreferrer\">Allaiter et travailler : le t\u00e9moignage de Sandrine<\/a><\/p>\n<p style=\"text-align: justify;\">J&rsquo;ai donc suivi ce s\u00e9minaire avec mon fils de 6 semaines en \u00e9charpe et allait\u00e9. Les 3 jours se sont extr\u00eamement bien pass\u00e9s, mes coll\u00e8gues \u00e9taient ravis d&rsquo;avoir un petit bout de chou \u00e0 c\u00e2liner&#8230;<\/p>\n<p style=\"text-align: justify;\"><a href=\"https:\/\/www.lactissima.com\/a-tire-d-ailes\/?p=1420\" target=\"_blank\" rel=\"noopener noreferrer\">Allaiter et travailler : le t\u00e9moignage d&rsquo;Agn\u00e8s<\/a><\/p>\n<p style=\"text-align: justify;\">Je referais de m\u00eame, quel bonheur de donner du lait appropri\u00e9 \u00e0 notre fille ! En 6 mois, jamais malade ! Quelle relation merveilleuse ! Car l&rsquo;allaitement, c&rsquo;est nourrir, r\u00e9conforter, c\u00e2liner, calmer, endormir ! Et que c&rsquo;est pratique : rien \u00e0 pr\u00e9parer, toujours du lait sur soi !<\/p>\n<p style=\"text-align: justify;\"><a href=\"https:\/\/www.lactissima.com\/a-tire-d-ailes\/?p=1333\" target=\"_blank\" rel=\"noopener noreferrer\">Allaiter et travailler : le t\u00e9moignage d&rsquo;une lectrice<\/a><\/p>\n<p style=\"text-align: justify;\">Aujourd&rsquo;hui plus d&rsquo;allaitement, mais je peux vous assurer que vu comment elle aime se lover contre moi le soir, j&rsquo;ai l&rsquo;intime conviction qu&rsquo;instinctivement elle n&rsquo;?a pas oubli\u00e9 ces merveilleux moments que nous avons pass\u00e9 ensemble&#8230;<\/p>\n<p style=\"text-align: justify;\"><a href=\"https:\/\/www.lactissima.com\/a-tire-d-ailes\/?p=1169\" target=\"_blank\" rel=\"noopener noreferrer\">Allaiter et travailler : le t\u00e9moignage de Karine<\/a><\/p>\n<p style=\"text-align: justify;\">Oui je referais le m\u00eame choix et nous referions le m\u00eame choix avec mon mari !<\/p>\n<p style=\"text-align: justify;\"><a href=\"https:\/\/www.lactissima.com\/a-tire-d-ailes\/?p=1040\" target=\"_blank\" rel=\"noopener noreferrer\">Allaiter et travailler : le t\u00e9moignage de Julie<\/a><\/p>\n<p style=\"text-align: justify;\">Je referais exactement la m\u00eame chose. J&rsquo;aurais finalement aim\u00e9 prendre un cong\u00e9 parental de 6 mois, \u00e7a aurait \u00e9t\u00e9 plus confortable, mais ce n&rsquo;\u00e9tait pas possible financi\u00e8rement, dommage.<\/p>\n<p style=\"text-align: justify;\"><a href=\"https:\/\/www.lactissima.com\/a-tire-d-ailes\/?p=1011\" target=\"_blank\" rel=\"noopener noreferrer\">Allaiter et travailler : le t\u00e9moignage de Sylvie<\/a><\/p>\n<p style=\"text-align: justify;\">Ce serait \u00e0 refaire, vous referiez le m\u00eame choix ? Que changeriez-vous ?<br \/>\nBien s\u00fbr !<br \/>\nJe ne changerais rien je crois&#8230;<br \/>\nEnfin si, je serais encore plus organis\u00e9e dans la gestion des stocks ! Le soir en rentrant, je remplis directement les biberons du lendemain pour la cr\u00e8che et je cong\u00e8le tout de suite le surplus.<\/p>\n<p style=\"text-align: justify;\"><a href=\"https:\/\/www.lactissima.com\/a-tire-d-ailes\/?p=903\" target=\"_blank\" rel=\"noopener noreferrer\">Allaiter et travailler : le t\u00e9moignage de Marianne<\/a><\/p>\n<p style=\"text-align: justify;\">* Ce serait \u00e0 refaire, vous referiez le m\u00eame choix ? Que changeriez-vous ?<\/p>\n<p style=\"text-align: justify;\">OUI mille fois oui!<br \/>\nJe me serais inform\u00e9e avant la naissance sur le nombre de t\u00e9t\u00e9e (\u00e0 la demande est la meilleure r\u00e9ponse) pour \u00e9viter de diminuer \u00e0 4 et baisser ma lactation.J&rsquo;utiliserais un tire lait double pompage o\u00f9 les mains seraient libres (j&rsquo;arrivais pas avec le double pompage).<\/p>\n<p style=\"text-align: justify;\"><a href=\"https:\/\/www.lactissima.com\/a-tire-d-ailes\/?p=885\" target=\"_blank\" rel=\"noopener noreferrer\">Allaiter et travailler : le t\u00e9moignage de Sabine<\/a><\/p>\n<p style=\"text-align: justify;\">\u00c3\u2021a vaut le coup ! Maintenir l&rsquo;allaitement pendant ces quelques mois, permet de continuer ensuite tr\u00e8s longtemps, pour le bonheur de tous.<\/p>\n<p style=\"text-align: justify;\"><a href=\"https:\/\/www.lactissima.com\/a-tire-d-ailes\/?p=873\" target=\"_blank\" rel=\"noopener noreferrer\">Allaiter et travailler : le t\u00e9moignage de C\u00e9cile<\/a><\/p>\n<p style=\"text-align: justify;\">Bien s\u00fbr je referais le m\u00eame choix : allaitement mixte au minimum !<br \/>\nCe qui doit changer, c&rsquo;est la place de l&rsquo;allaitement dans la soci\u00e9t\u00e9 en g\u00e9n\u00e9ral, et dans le monde du travail dans ce cas concret.<\/p>\n<p style=\"text-align: justify;\"><a href=\"https:\/\/www.lactissima.com\/a-tire-d-ailes\/?p=782\" target=\"_blank\" rel=\"noopener noreferrer\">Allaiter et travailler : le t\u00e9moignage de Sophie<\/a><\/p>\n<p style=\"text-align: justify;\">L&rsquo;exp\u00e9rience de mon premier allaitement m&rsquo;a donn\u00e9 des am\u00e9liorations \u00e0 apporter \u00e0 mon deuxi\u00e8me allaitement&#8230; S&rsquo;il devait y avoir un troisi\u00e8me b\u00e9b\u00e9 (oh pas tout de suite !!)&#8230; Je ferais au moins comme pour mon deuxi\u00e8me, mais si possible encore plus longtemps !<\/p>\n<p style=\"text-align: justify;\"><a href=\"https:\/\/www.lactissima.com\/a-tire-d-ailes\/?p=778\" target=\"_blank\" rel=\"noopener noreferrer\">Allaiter et travailler : le t\u00e9moignage d&rsquo;Alexia<\/a><\/p>\n<p style=\"text-align: justify;\">Oui oui et ouiiiiiiiiiii! Si j&rsquo;avais su je me serais pr\u00e9par\u00e9e avant l&rsquo;accouchement en participant \u00e0 des r\u00e9unions avec la leche league par exemple et en lisant des livres sur l&rsquo;allaitement afin d&rsquo;avoir d\u00e8s le d\u00e9part des bons conseils au lieu d&rsquo;\u00e9couter tout et n&rsquo;importe quoi de la part de personnes qui ne s&rsquo;y connaissent pas en mati\u00e8re d&rsquo;allaitement.<\/p>\n<p style=\"text-align: justify;\"><a href=\"https:\/\/www.lactissima.com\/a-tire-d-ailes\/?p=771\" target=\"_blank\" rel=\"noopener noreferrer\">Allaiter et travailler : le t\u00e9moignage de B\u00e9atrice<\/a><\/p>\n<p style=\"text-align: justify;\">Quatre b\u00e9b\u00e9s, quatre situations diff\u00e9rentes, mais toujours ce m\u00eame plaisir \u00e0 allaiter. Je referais les m\u00eames choix sans h\u00e9siter et j&rsquo;esp\u00e8re bien que l&rsquo;allaitement en cours, et qui sera le dernier, durera encore longtemps.<\/p>\n<p style=\"text-align: justify;\"><a href=\"https:\/\/www.lactissima.com\/a-tire-d-ailes\/?p=735\" target=\"_blank\" rel=\"noopener noreferrer\">Allaiter et travailler : le t\u00e9moignage de Virginie<\/a><\/p>\n<p style=\"text-align: justify;\">Je ne changerais rien, je suis actuellement tr\u00e8s satisfaite de mon choix et de l&rsquo;organisation mise en place.<\/p>\n<p style=\"text-align: justify;\"><a href=\"https:\/\/www.lactissima.com\/a-tire-d-ailes\/?p=730\" target=\"_blank\" rel=\"noopener noreferrer\">Allaiter et travailler : le t\u00e9moignage de Sibylle<\/a><\/p>\n<p style=\"text-align: justify;\">Ce serait \u00e0 refaire, vous referiez le m\u00eame choix ? Que changeriez-vous ?<\/p>\n<p style=\"text-align: justify;\">Oui, absolument. Mais je d\u00e9ciderais d\u00e8s le d\u00e9part de faire r\u00e9ellement confiance \u00e0 mon enfant. Beaucoup d&rsquo;inqui\u00e9tudes \u00e9taient infond\u00e9es et quand on a besoin de toute son \u00e9nergie, c&rsquo;est dommage de la d\u00e9penser dans un stress inutile.<\/p>\n<p style=\"text-align: justify;\"><a href=\"https:\/\/www.lactissima.com\/a-tire-d-ailes\/?p=715\" target=\"_blank\" rel=\"noopener noreferrer\">Allaiter et travailler : le t\u00e9moignage de Clara<\/a><\/p>\n<p style=\"text-align: justify;\">Evidemment, si c&rsquo;\u00e9tait \u00e0 refaire, je referais exactement le m\u00eame choix, mais en me stressant moins si possible !<\/p>\n<p style=\"text-align: justify;\"><a href=\"https:\/\/www.lactissima.com\/a-tire-d-ailes\/?p=648\" target=\"_blank\" rel=\"noopener noreferrer\">Allaiter et travailler : le t\u00e9moignage de Florence<\/a><\/p>\n<p style=\"text-align: justify;\">Ce serait \u00e0 refaire, vous referiez le m\u00eame choix ? Que changeriez-vous ?<\/p>\n<p style=\"text-align: justify;\">A 300% je referais le m\u00eame choix ! A d\u00e9faut de pouvoir allaiter sur mon lieu de travail.<\/p>\n","protected":false},"excerpt":{"rendered":"<p>Voici de tr\u00e8s nombreux t\u00e9moignages travail et allaitement avec des fa\u00e7ons de faire tr\u00e8s diff\u00e9rentes pour trouver celle qui vous convient.<\/p>\n","protected":false},"author":170,"featured_media":3991,"parent":0,"menu_order":5,"comment_status":"closed","ping_status":"open","template":"","meta":{"_et_pb_use_builder":"","_et_pb_old_content":"","_et_gb_content_width":"","footnotes":""},"class_list":["post-1179","page","type-page","status-publish","has-post-thumbnail","hentry"],"yoast_head":"<!-- This site is optimized with the Yoast SEO plugin v27.4 - https:\/\/yoast.com\/product\/yoast-seo-wordpress\/ -->\n<title>t\u00e9moignages travail et allaitement<\/title>\n<meta name=\"description\" content=\"Voici de tr\u00e8s nombreux t\u00e9moignages travail et allaitement avec des fa\u00e7ons de faire tr\u00e8s diff\u00e9rentes pour trouver celle qui vous convient.\" \/>\n<meta name=\"robots\" content=\"index, follow, max-snippet:-1, max-image-preview:large, max-video-preview:-1\" \/>\n<link rel=\"canonical\" href=\"https:\/\/www.lactissima.com\/a-tire-d-ailes\/temoignages-travail-et-allaitement\/\" \/>\n<meta property=\"og:locale\" content=\"fr_FR\" \/>\n<meta property=\"og:type\" content=\"article\" \/>\n<meta property=\"og:title\" content=\"t\u00e9moignages travail et allaitement\" \/>\n<meta property=\"og:description\" content=\"Voici de tr\u00e8s nombreux t\u00e9moignages travail et allaitement avec des fa\u00e7ons de faire tr\u00e8s diff\u00e9rentes pour trouver celle qui vous convient.\" \/>\n<meta property=\"og:url\" content=\"https:\/\/www.lactissima.com\/a-tire-d-ailes\/temoignages-travail-et-allaitement\/\" \/>\n<meta property=\"og:site_name\" content=\"A tire d&#039;Ailes\" \/>\n<meta property=\"article:publisher\" content=\"https:\/\/www.facebook.com\/consultante.en.lactation\" \/>\n<meta property=\"article:modified_time\" content=\"2020-07-02T08:52:59+00:00\" \/>\n<meta property=\"og:image\" content=\"https:\/\/www.lactissima.com\/a-tire-d-ailes\/wp-content\/uploads\/2013\/05\/allaitement-V\u00e9rane.jpg\" \/>\n\t<meta property=\"og:image:width\" content=\"270\" \/>\n\t<meta property=\"og:image:height\" content=\"360\" \/>\n\t<meta property=\"og:image:type\" content=\"image\/jpeg\" \/>\n<meta name=\"twitter:card\" content=\"summary_large_image\" \/>\n<meta name=\"twitter:site\" content=\"@VeroniqueIBCLC\" \/>\n<meta name=\"twitter:label1\" content=\"Dur\u00e9e de lecture estim\u00e9e\" \/>\n\t<meta name=\"twitter:data1\" content=\"30 minutes\" \/>\n<script type=\"application\/ld+json\" class=\"yoast-schema-graph\">{\"@context\":\"https:\\\/\\\/schema.org\",\"@graph\":[{\"@type\":\"WebPage\",\"@id\":\"https:\\\/\\\/www.lactissima.com\\\/a-tire-d-ailes\\\/temoignages-travail-et-allaitement\\\/\",\"url\":\"https:\\\/\\\/www.lactissima.com\\\/a-tire-d-ailes\\\/temoignages-travail-et-allaitement\\\/\",\"name\":\"t\u00e9moignages travail et allaitement\",\"isPartOf\":{\"@id\":\"https:\\\/\\\/www.lactissima.com\\\/a-tire-d-ailes\\\/#website\"},\"primaryImageOfPage\":{\"@id\":\"https:\\\/\\\/www.lactissima.com\\\/a-tire-d-ailes\\\/temoignages-travail-et-allaitement\\\/#primaryimage\"},\"image\":{\"@id\":\"https:\\\/\\\/www.lactissima.com\\\/a-tire-d-ailes\\\/temoignages-travail-et-allaitement\\\/#primaryimage\"},\"thumbnailUrl\":\"https:\\\/\\\/www.lactissima.com\\\/a-tire-d-ailes\\\/wp-content\\\/uploads\\\/2013\\\/05\\\/allaitement-V\u00e9rane.jpg\",\"datePublished\":\"2010-03-17T17:51:01+00:00\",\"dateModified\":\"2020-07-02T08:52:59+00:00\",\"description\":\"Voici de tr\u00e8s nombreux t\u00e9moignages travail et allaitement avec des fa\u00e7ons de faire tr\u00e8s diff\u00e9rentes pour trouver celle qui vous convient.\",\"breadcrumb\":{\"@id\":\"https:\\\/\\\/www.lactissima.com\\\/a-tire-d-ailes\\\/temoignages-travail-et-allaitement\\\/#breadcrumb\"},\"inLanguage\":\"fr-FR\",\"potentialAction\":[{\"@type\":\"ReadAction\",\"target\":[\"https:\\\/\\\/www.lactissima.com\\\/a-tire-d-ailes\\\/temoignages-travail-et-allaitement\\\/\"]}]},{\"@type\":\"ImageObject\",\"inLanguage\":\"fr-FR\",\"@id\":\"https:\\\/\\\/www.lactissima.com\\\/a-tire-d-ailes\\\/temoignages-travail-et-allaitement\\\/#primaryimage\",\"url\":\"https:\\\/\\\/www.lactissima.com\\\/a-tire-d-ailes\\\/wp-content\\\/uploads\\\/2013\\\/05\\\/allaitement-V\u00e9rane.jpg\",\"contentUrl\":\"https:\\\/\\\/www.lactissima.com\\\/a-tire-d-ailes\\\/wp-content\\\/uploads\\\/2013\\\/05\\\/allaitement-V\u00e9rane.jpg\",\"width\":270,\"height\":360,\"caption\":\"t\u00e9moignages travail et allaitement\"},{\"@type\":\"BreadcrumbList\",\"@id\":\"https:\\\/\\\/www.lactissima.com\\\/a-tire-d-ailes\\\/temoignages-travail-et-allaitement\\\/#breadcrumb\",\"itemListElement\":[{\"@type\":\"ListItem\",\"position\":1,\"name\":\"Accueil\",\"item\":\"https:\\\/\\\/www.lactissima.com\\\/a-tire-d-ailes\\\/\"},{\"@type\":\"ListItem\",\"position\":2,\"name\":\"T\u00e9moignages\"}]},{\"@type\":\"WebSite\",\"@id\":\"https:\\\/\\\/www.lactissima.com\\\/a-tire-d-ailes\\\/#website\",\"url\":\"https:\\\/\\\/www.lactissima.com\\\/a-tire-d-ailes\\\/\",\"name\":\"A tire d&#039;Ailes\",\"description\":\"Le blog des femmes qui allaitent et travaillent.\",\"potentialAction\":[{\"@type\":\"SearchAction\",\"target\":{\"@type\":\"EntryPoint\",\"urlTemplate\":\"https:\\\/\\\/www.lactissima.com\\\/a-tire-d-ailes\\\/?s={search_term_string}\"},\"query-input\":{\"@type\":\"PropertyValueSpecification\",\"valueRequired\":true,\"valueName\":\"search_term_string\"}}],\"inLanguage\":\"fr-FR\"}]}<\/script>\n<!-- \/ Yoast SEO plugin. -->","yoast_head_json":{"title":"t\u00e9moignages travail et allaitement","description":"Voici de tr\u00e8s nombreux t\u00e9moignages travail et allaitement avec des fa\u00e7ons de faire tr\u00e8s diff\u00e9rentes pour trouver celle qui vous convient.","robots":{"index":"index","follow":"follow","max-snippet":"max-snippet:-1","max-image-preview":"max-image-preview:large","max-video-preview":"max-video-preview:-1"},"canonical":"https:\/\/www.lactissima.com\/a-tire-d-ailes\/temoignages-travail-et-allaitement\/","og_locale":"fr_FR","og_type":"article","og_title":"t\u00e9moignages travail et allaitement","og_description":"Voici de tr\u00e8s nombreux t\u00e9moignages travail et allaitement avec des fa\u00e7ons de faire tr\u00e8s diff\u00e9rentes pour trouver celle qui vous convient.","og_url":"https:\/\/www.lactissima.com\/a-tire-d-ailes\/temoignages-travail-et-allaitement\/","og_site_name":"A tire d&#039;Ailes","article_publisher":"https:\/\/www.facebook.com\/consultante.en.lactation","article_modified_time":"2020-07-02T08:52:59+00:00","og_image":[{"width":270,"height":360,"url":"https:\/\/www.lactissima.com\/a-tire-d-ailes\/wp-content\/uploads\/2013\/05\/allaitement-V\u00e9rane.jpg","type":"image\/jpeg"}],"twitter_card":"summary_large_image","twitter_site":"@VeroniqueIBCLC","twitter_misc":{"Dur\u00e9e de lecture estim\u00e9e":"30 minutes"},"schema":{"@context":"https:\/\/schema.org","@graph":[{"@type":"WebPage","@id":"https:\/\/www.lactissima.com\/a-tire-d-ailes\/temoignages-travail-et-allaitement\/","url":"https:\/\/www.lactissima.com\/a-tire-d-ailes\/temoignages-travail-et-allaitement\/","name":"t\u00e9moignages travail et allaitement","isPartOf":{"@id":"https:\/\/www.lactissima.com\/a-tire-d-ailes\/#website"},"primaryImageOfPage":{"@id":"https:\/\/www.lactissima.com\/a-tire-d-ailes\/temoignages-travail-et-allaitement\/#primaryimage"},"image":{"@id":"https:\/\/www.lactissima.com\/a-tire-d-ailes\/temoignages-travail-et-allaitement\/#primaryimage"},"thumbnailUrl":"https:\/\/www.lactissima.com\/a-tire-d-ailes\/wp-content\/uploads\/2013\/05\/allaitement-V\u00e9rane.jpg","datePublished":"2010-03-17T17:51:01+00:00","dateModified":"2020-07-02T08:52:59+00:00","description":"Voici de tr\u00e8s nombreux t\u00e9moignages travail et allaitement avec des fa\u00e7ons de faire tr\u00e8s diff\u00e9rentes pour trouver celle qui vous convient.","breadcrumb":{"@id":"https:\/\/www.lactissima.com\/a-tire-d-ailes\/temoignages-travail-et-allaitement\/#breadcrumb"},"inLanguage":"fr-FR","potentialAction":[{"@type":"ReadAction","target":["https:\/\/www.lactissima.com\/a-tire-d-ailes\/temoignages-travail-et-allaitement\/"]}]},{"@type":"ImageObject","inLanguage":"fr-FR","@id":"https:\/\/www.lactissima.com\/a-tire-d-ailes\/temoignages-travail-et-allaitement\/#primaryimage","url":"https:\/\/www.lactissima.com\/a-tire-d-ailes\/wp-content\/uploads\/2013\/05\/allaitement-V\u00e9rane.jpg","contentUrl":"https:\/\/www.lactissima.com\/a-tire-d-ailes\/wp-content\/uploads\/2013\/05\/allaitement-V\u00e9rane.jpg","width":270,"height":360,"caption":"t\u00e9moignages travail et allaitement"},{"@type":"BreadcrumbList","@id":"https:\/\/www.lactissima.com\/a-tire-d-ailes\/temoignages-travail-et-allaitement\/#breadcrumb","itemListElement":[{"@type":"ListItem","position":1,"name":"Accueil","item":"https:\/\/www.lactissima.com\/a-tire-d-ailes\/"},{"@type":"ListItem","position":2,"name":"T\u00e9moignages"}]},{"@type":"WebSite","@id":"https:\/\/www.lactissima.com\/a-tire-d-ailes\/#website","url":"https:\/\/www.lactissima.com\/a-tire-d-ailes\/","name":"A tire d&#039;Ailes","description":"Le blog des femmes qui allaitent et travaillent.","potentialAction":[{"@type":"SearchAction","target":{"@type":"EntryPoint","urlTemplate":"https:\/\/www.lactissima.com\/a-tire-d-ailes\/?s={search_term_string}"},"query-input":{"@type":"PropertyValueSpecification","valueRequired":true,"valueName":"search_term_string"}}],"inLanguage":"fr-FR"}]}},"_links":{"self":[{"href":"https:\/\/www.lactissima.com\/a-tire-d-ailes\/wp-json\/wp\/v2\/pages\/1179","targetHints":{"allow":["GET"]}}],"collection":[{"href":"https:\/\/www.lactissima.com\/a-tire-d-ailes\/wp-json\/wp\/v2\/pages"}],"about":[{"href":"https:\/\/www.lactissima.com\/a-tire-d-ailes\/wp-json\/wp\/v2\/types\/page"}],"author":[{"embeddable":true,"href":"https:\/\/www.lactissima.com\/a-tire-d-ailes\/wp-json\/wp\/v2\/users\/170"}],"replies":[{"embeddable":true,"href":"https:\/\/www.lactissima.com\/a-tire-d-ailes\/wp-json\/wp\/v2\/comments?post=1179"}],"version-history":[{"count":213,"href":"https:\/\/www.lactissima.com\/a-tire-d-ailes\/wp-json\/wp\/v2\/pages\/1179\/revisions"}],"predecessor-version":[{"id":8398,"href":"https:\/\/www.lactissima.com\/a-tire-d-ailes\/wp-json\/wp\/v2\/pages\/1179\/revisions\/8398"}],"wp:featuredmedia":[{"embeddable":true,"href":"https:\/\/www.lactissima.com\/a-tire-d-ailes\/wp-json\/wp\/v2\/media\/3991"}],"wp:attachment":[{"href":"https:\/\/www.lactissima.com\/a-tire-d-ailes\/wp-json\/wp\/v2\/media?parent=1179"}],"curies":[{"name":"wp","href":"https:\/\/api.w.org\/{rel}","templated":true}]}}