{"version":"1.0","provider_name":"A tire d&#039;Ailes","provider_url":"https:\/\/www.lactissima.com\/a-tire-d-ailes","author_name":"V\u00e9ronique Darmangeat","author_url":"https:\/\/www.lactissima.com\/a-tire-d-ailes\/author\/ygalouatda\/","title":"P\u00e9riode d'adaptation et allaitement","type":"rich","width":600,"height":338,"html":"<blockquote class=\"wp-embedded-content\" data-secret=\"DKI3vvHH8F\"><a href=\"https:\/\/www.lactissima.com\/a-tire-d-ailes\/periode-dadaptation-et-allaitement\/\">P\u00e9riode d&rsquo;adaptation et allaitement<\/a><\/blockquote><iframe sandbox=\"allow-scripts\" security=\"restricted\" src=\"https:\/\/www.lactissima.com\/a-tire-d-ailes\/periode-dadaptation-et-allaitement\/embed\/#?secret=DKI3vvHH8F\" width=\"600\" height=\"338\" title=\"\u00ab\u00a0P\u00e9riode d&rsquo;adaptation et allaitement\u00a0\u00bb &#8212; A tire d&#039;Ailes\" data-secret=\"DKI3vvHH8F\" frameborder=\"0\" marginwidth=\"0\" marginheight=\"0\" scrolling=\"no\" class=\"wp-embedded-content\"><\/iframe><script type=\"text\/javascript\">\n\/* <![CDATA[ *\/\n\/*! This file is auto-generated *\/\n!function(d,l){\"use strict\";l.querySelector&&d.addEventListener&&\"undefined\"!=typeof URL&&(d.wp=d.wp||{},d.wp.receiveEmbedMessage||(d.wp.receiveEmbedMessage=function(e){var t=e.data;if((t||t.secret||t.message||t.value)&&!\/[^a-zA-Z0-9]\/.test(t.secret)){for(var s,r,n,a=l.querySelectorAll('iframe[data-secret=\"'+t.secret+'\"]'),o=l.querySelectorAll('blockquote[data-secret=\"'+t.secret+'\"]'),c=new RegExp(\"^https?:$\",\"i\"),i=0;i<o.length;i++)o[i].style.display=\"none\";for(i=0;i<a.length;i++)s=a[i],e.source===s.contentWindow&&(s.removeAttribute(\"style\"),\"height\"===t.message?(1e3<(r=parseInt(t.value,10))?r=1e3:~~r<200&&(r=200),s.height=r):\"link\"===t.message&&(r=new URL(s.getAttribute(\"src\")),n=new URL(t.value),c.test(n.protocol))&&n.host===r.host&&l.activeElement===s&&(d.top.location.href=t.value))}},d.addEventListener(\"message\",d.wp.receiveEmbedMessage,!1),l.addEventListener(\"DOMContentLoaded\",function(){for(var e,t,s=l.querySelectorAll(\"iframe.wp-embedded-content\"),r=0;r<s.length;r++)(t=(e=s[r]).getAttribute(\"data-secret\"))||(t=Math.random().toString(36).substring(2,12),e.src+=\"#?secret=\"+t,e.setAttribute(\"data-secret\",t)),e.contentWindow.postMessage({message:\"ready\",secret:t},\"*\")},!1)))}(window,document);\n\/\/# sourceURL=https:\/\/www.lactissima.com\/a-tire-d-ailes\/wp-includes\/js\/wp-embed.min.js\n\/* ]]> *\/\n<\/script>\n","thumbnail_url":"https:\/\/www.lactissima.com\/a-tire-d-ailes\/wp-content\/uploads\/2013\/06\/b\u00e9b\u00e9-allait\u00e9.jpg","thumbnail_width":300,"thumbnail_height":200,"description":"La p\u00e9riode d'adaptation de votre b\u00e9b\u00e9 \u00e0 la cr\u00e8che ou chez l'assistante maternelle n'est pas toujours facile. N'h\u00e9sitez pas \u00e0 prendre votre temps et \u00e0 discuter pour que p\u00e9riode d'adaptation et allaitement se passent au mieux."}